{"id":34920,"date":"2021-03-30T16:51:35","date_gmt":"2021-03-30T15:51:35","guid":{"rendered":"https:\/\/monumentiaperti.org\/it\/?page_id=34920"},"modified":"2023-12-05T17:57:32","modified_gmt":"2023-12-05T16:57:32","slug":"i-convegni-di-imago-mundi","status":"publish","type":"page","link":"https:\/\/monumentiaperti.com\/it\/i-convegni-di-imago-mundi\/","title":{"rendered":"I Convegni di Imago Mundi"},"content":{"rendered":"\t\t<div data-elementor-type=\"wp-page\" data-elementor-id=\"34920\" class=\"elementor elementor-34920\" data-elementor-post-type=\"page\">\n\t\t\t\t<div class=\"elementor-element elementor-element-bc2aa4d e-flex e-con-boxed e-con e-parent\" data-id=\"bc2aa4d\" data-element_type=\"container\" data-e-type=\"container\">\n\t\t\t\t\t<div class=\"e-con-inner\">\n\t\t\t\t<div class=\"elementor-element elementor-element-dade40b elementor-widget elementor-widget-heading\" data-id=\"dade40b\" data-element_type=\"widget\" data-e-type=\"widget\" data-widget_type=\"heading.default\">\n\t\t\t\t<div class=\"elementor-widget-container\">\n\t\t\t\t\t<h1 class=\"elementor-heading-title elementor-size-default\">I CONVEGNI DI IMAGO MUNDI\n\n\n\n\n\n\n\n\n\n\n\n\n<\/h1>\t\t\t\t<\/div>\n\t\t\t\t<\/div>\n\t\t\t\t\t<\/div>\n\t\t\t\t<\/div>\n\t\t<div class=\"elementor-element elementor-element-f8de103 e-flex e-con-boxed e-con e-parent\" data-id=\"f8de103\" data-element_type=\"container\" data-e-type=\"container\">\n\t\t\t\t\t<div class=\"e-con-inner\">\n\t\t\t\t<div class=\"elementor-element elementor-element-c979e6a elementor-widget elementor-widget-text-editor\" data-id=\"c979e6a\" data-element_type=\"widget\" data-e-type=\"widget\" data-widget_type=\"text-editor.default\">\n\t\t\t\t<div class=\"elementor-widget-container\">\n\t\t\t\t\t\t\t\t\t<p>Da diversi anni Imago Mundi ha inserito tra le iniziative\u00a0del progetto nazionale\u00a0<em>Monumenti Aperti<\/em>, la realizzazione di convegni a carattere internazionale sulle buone prassi in ambito culturale e sulle migliori esperienze di valorizzazione del patrimonio culturale in Italia e in Europa. Dall&#8217;esperienza di questi meeting sono stati realizzati &#8220;I Quaderni di Monumenti Aperti&#8221;, in modo da non disperdere nell&#8217;iniziativa di una giornata tutti gli interventi e per valorizzare, creare sinergie e prendere esempio dalle diverse realt\u00e0 nazionali e internazionali del mondo culturale.<\/p>\t\t\t\t\t\t\t\t<\/div>\n\t\t\t\t<\/div>\n\t\t\t\t\t<\/div>\n\t\t\t\t<\/div>\n\t\t<div class=\"elementor-element elementor-element-e57e498 e-flex e-con-boxed e-con e-parent\" data-id=\"e57e498\" data-element_type=\"container\" data-e-type=\"container\">\n\t\t\t\t\t<div class=\"e-con-inner\">\n\t\t<div class=\"elementor-element elementor-element-f585adb e-con-full e-flex e-con e-child\" data-id=\"f585adb\" data-element_type=\"container\" data-e-type=\"container\">\n\t\t\t\t<div class=\"elementor-element elementor-element-92b5ee0 elementor-widget elementor-widget-image\" data-id=\"92b5ee0\" data-element_type=\"widget\" data-e-type=\"widget\" data-widget_type=\"image.default\">\n\t\t\t\t<div class=\"elementor-widget-container\">\n\t\t\t\t\t\t\t\t\t\t\t\t\t\t\t<img decoding=\"async\" src=\"https:\/\/monumentiaperti.org\/it\/wp-content\/uploads\/2018\/02\/convegno880x500-1-1-1-503x286.png\" title=\"\" alt=\"\" loading=\"lazy\" \/>\t\t\t\t\t\t\t\t\t\t\t\t\t\t\t<\/div>\n\t\t\t\t<\/div>\n\t\t\t\t<\/div>\n\t\t<div class=\"elementor-element elementor-element-4f0cd0b e-con-full e-flex e-con e-child\" data-id=\"4f0cd0b\" data-element_type=\"container\" data-e-type=\"container\">\n\t\t\t\t<div class=\"elementor-element elementor-element-ab9b5e5 elementor-widget elementor-widget-text-editor\" data-id=\"ab9b5e5\" data-element_type=\"widget\" data-e-type=\"widget\" data-widget_type=\"text-editor.default\">\n\t\t\t\t<div class=\"elementor-widget-container\">\n\t\t\t\t\t\t\t\t\t<p>Risale al novembre del 2017 il PRIMO meeting internazionale dal titolo\u00a0<strong><em>\u201cPatrimonio Culturale: comunit\u00e0 di storie. Modelli, esperienze e strumenti\u201d<\/em><\/strong>, realizzato in vista della celebrazione dell\u2019Anno Europeo del Patrimonio Culturale, il 2018. In quel primo incontro,\u00a0moderato da<b>\u00a0Stefano Salis<\/b>, responsabile della redazione Commenti e Inchieste del \u201cSole 24 Ore\u201d, ha visto come\u00a0protagonisti\u00a0<strong>Fabrizio Frongia<\/strong>, allora Presidente Associazione Culturale Imago Mundi Onlus \u2013 coordinatore della rete\u00a0<em>Monumenti Aperti,\u00a0<\/em>Sardegna;\u00a0<strong>Annie Reilly<\/strong>, manager\u00a0<em>Heritage Open\u00a0 Days, <\/em>Inghilterra;\u00a0 <strong>Laura Anello<\/strong>, ideatrice e direttrice festival\u00a0<em>Le Vie dei Tesori<\/em>, Sicilia; <strong>Valentina Galloni<\/strong>, responsabile progetto\u00a0<em>I love Beni Culturali<\/em>, Istituto Beni Culturali Regione Emilia Romagna;\u00a0<strong>Antonella Nonnis<\/strong>, coordinatore della rete\u00a0<em>Ecomuseo della Valle dell\u2019Aso<\/em>, Marche;\u00a0<strong>Erminia Sciacchitano<\/strong>,\u00a0Commissione europea \u2013 Direzione generale educazione e cultura,\u00a0Chief scientific advisor Anno europeo del patrimonio culturale 2018;\u00a0<strong>Alessandro Hinna<\/strong>, professore associato di Organizzazione aziendale, Universit\u00e0 Roma Tor Vergata.<\/p>\t\t\t\t\t\t\t\t<\/div>\n\t\t\t\t<\/div>\n\t\t\t\t<\/div>\n\t\t\t\t\t<\/div>\n\t\t\t\t<\/div>\n\t\t<div class=\"elementor-element elementor-element-ad161c5 e-flex e-con-boxed e-con e-parent\" data-id=\"ad161c5\" data-element_type=\"container\" data-e-type=\"container\">\n\t\t\t\t\t<div class=\"e-con-inner\">\n\t\t\t\t<div class=\"elementor-element elementor-element-2c5be12 elementor-widget elementor-widget-text-editor\" data-id=\"2c5be12\" data-element_type=\"widget\" data-e-type=\"widget\" data-widget_type=\"text-editor.default\">\n\t\t\t\t<div class=\"elementor-widget-container\">\n\t\t\t\t\t\t\t\t\t<p>Il focus verteva sulle possibili forme di coordinamento o collaborazione tra le buone prassi e nuove possibili definizioni, indicatori e misurabilit\u00e0 degli impatti sociali che, iniziative come\u00a0<em>Monumenti Aperti<\/em>, generano nel contesto in cui si inseriscono. L\u2019intento fu quello di aprire un dibattito sul ruolo strategico che la valorizzazione del patrimonio culturale ha rispetto all\u2019attivazione di capitale sociale e quali sono i benefici per le comunit\u00e0 partecipanti. Inoltre si intendeva iniziare a sondare le opportunit\u00e0 offerte dall\u2019anno europeo del Patrimonio Culturale e le prospettive nazionali\/europee che una ipotesi di forme possibili di coordinamento tra le esperienze individuate (e disponibili al confronto) potessero avere in chiave di \u201csistema\u201d nella valorizzazione del nostro patrimonio nazionale.<\/p>\t\t\t\t\t\t\t\t<\/div>\n\t\t\t\t<\/div>\n\t\t\t\t\t<\/div>\n\t\t\t\t<\/div>\n\t\t<div class=\"elementor-element elementor-element-04e2bd8 e-flex e-con-boxed e-con e-parent\" data-id=\"04e2bd8\" data-element_type=\"container\" data-e-type=\"container\">\n\t\t\t\t\t<div class=\"e-con-inner\">\n\t\t\t\t<div class=\"elementor-element elementor-element-412d579 elementor-widget elementor-widget-button\" data-id=\"412d579\" data-element_type=\"widget\" data-e-type=\"widget\" data-widget_type=\"button.default\">\n\t\t\t\t<div class=\"elementor-widget-container\">\n\t\t\t\t\t\t\t\t\t<div class=\"elementor-button-wrapper\">\n\t\t\t\t\t<a class=\"elementor-button elementor-button-link elementor-size-sm\" href=\"https:\/\/drive.google.com\/file\/d\/1MZ5HTofyW9aQLAMmi58T6hOkhf2osPiL\/view?usp=sharing\" target=\"_blank\">\n\t\t\t\t\t\t<span class=\"elementor-button-content-wrapper\">\n\t\t\t\t\t\t\t\t\t<span class=\"elementor-button-text\">SCARICA \"I QUADERNI DI MONUMENTI APERTI - VOL. I\"<\/span>\n\t\t\t\t\t<\/span>\n\t\t\t\t\t<\/a>\n\t\t\t\t<\/div>\n\t\t\t\t\t\t\t\t<\/div>\n\t\t\t\t<\/div>\n\t\t\t\t\t<\/div>\n\t\t\t\t<\/div>\n\t\t<div class=\"elementor-element elementor-element-145f273 e-flex e-con-boxed e-con e-parent\" data-id=\"145f273\" data-element_type=\"container\" data-e-type=\"container\">\n\t\t\t\t\t<div class=\"e-con-inner\">\n\t\t<div class=\"elementor-element elementor-element-811f7fa e-con-full e-flex e-con e-child\" data-id=\"811f7fa\" data-element_type=\"container\" data-e-type=\"container\">\n\t\t\t\t<div class=\"elementor-element elementor-element-8713ba8 elementor-widget elementor-widget-text-editor\" data-id=\"8713ba8\" data-element_type=\"widget\" data-e-type=\"widget\" data-widget_type=\"text-editor.default\">\n\t\t\t\t<div class=\"elementor-widget-container\">\n\t\t\t\t\t\t\t\t\t<p>Nel novembre del 2019 \u00e8 stato realizzato il SECONDO convegno dal titolo\u00a0<em><strong>\u201cComunit\u00e0 che innovano: trasformazioni intorno ai beni comuni\u201d\u00a0<\/strong><\/em>in cui, dopo i saluti istituzionali dell\u2019Assessore alla Cultura del Comune di Cagliari, sono intervenuti:\u00a0<strong>Fabrizio Frongia<\/strong>, presidente Imago Mundi, che ha fatto gli onori di casa parlando di come e quanto\u00a0<strong><em>Monumenti Aperti<\/em><\/strong> in questi 23 anni di storia sia in in continua trasformazione e stia cavalcando nuovi processi attraverso le esperienze nazionali; <strong>Giuliano Volpe<\/strong>, archeologo, professore ordinario di archeologia del Dipartimento di Studi Umanistici all\u2019Universit\u00e0 di Foggia, oltre ad aver moderato degnamente l\u2019intero convegno, ha parlato di quanto sia importante la partecipazione della comunit\u00e0 nei processi di presa in carico dei beni comuni.<\/p>\t\t\t\t\t\t\t\t<\/div>\n\t\t\t\t<\/div>\n\t\t\t\t<\/div>\n\t\t<div class=\"elementor-element elementor-element-4247d5a e-con-full e-flex e-con e-child\" data-id=\"4247d5a\" data-element_type=\"container\" data-e-type=\"container\">\n\t\t\t\t<div class=\"elementor-element elementor-element-4f7962f elementor-widget elementor-widget-image\" data-id=\"4f7962f\" data-element_type=\"widget\" data-e-type=\"widget\" data-widget_type=\"image.default\">\n\t\t\t\t<div class=\"elementor-widget-container\">\n\t\t\t\t\t\t\t\t\t\t\t\t\t\t\t<img decoding=\"async\" src=\"https:\/\/monumentiaperti.org\/it\/wp-content\/uploads\/2019\/11\/800X500-convegno-patrimonio-culturale-1-3-400x250.png\" title=\"\" alt=\"\" loading=\"lazy\" \/>\t\t\t\t\t\t\t\t\t\t\t\t\t\t\t<\/div>\n\t\t\t\t<\/div>\n\t\t\t\t<\/div>\n\t\t\t\t\t<\/div>\n\t\t\t\t<\/div>\n\t\t<div class=\"elementor-element elementor-element-7fddd83 e-flex e-con-boxed e-con e-parent\" data-id=\"7fddd83\" data-element_type=\"container\" data-e-type=\"container\">\n\t\t\t\t\t<div class=\"e-con-inner\">\n\t\t\t\t<div class=\"elementor-element elementor-element-4163371 elementor-widget elementor-widget-text-editor\" data-id=\"4163371\" data-element_type=\"widget\" data-e-type=\"widget\" data-widget_type=\"text-editor.default\">\n\t\t\t\t<div class=\"elementor-widget-container\">\n\t\t\t\t\t\t\t\t\t<p><strong>Claudio Gnessi<\/strong>, interaction Designer, formatore, manager culturale e di comunit\u00e0, ha presentato il progetto dell\u2019Ecomuseo Casilino e le diverse narrazioni di comunit\u00e0;\u00a0<strong>Liborio Grizzaffi e Marilena Bagarella<\/strong>, dell\u2019associazione il Germoglio Corleone, hanno presentato il progetto INTUS Corleone, finanziato dal MIUR, attraverso il quale l\u2019Associazione \u201cIl Germoglio\u201d \u00e8 finalmente riuscita a coniugare tre aspetti fondamentali del suo lavoro: educazione alla legalit\u00e0 e ricerca attraverso la valorizzazione dei faldoni del Maxi Processo custoditi a Corleone, promozione culturale di Corleone con il racconto dei suoi personaggi positivi pi\u00f9 importanti attraverso un piano editoriale di dodici storie inserite in altrettanti percorsi turistici lungo le strade e i luoghi pi\u00f9 suggestivi di Corleone, promozione dello sviluppo economico del territorio attraverso la creazione di opportunit\u00e0 di lavoro proprio puntando allo sviluppo del settore turistico;\u00a0<strong>Gaetano balestra e Isabella Di Mauro<\/strong>\u00a0hanno raccontato l\u2019esperienza della cooperativa La Paranza, che gestisce le catacombe di Napoli nel Rione Sanit\u00e0, un esempio di rinascita del quartiere che si \u00e8 trasformato in un vero e proprio progetto comune e in un paradigma di sviluppo;\u00a0<strong>Emilio Casalini<\/strong>, fotoreporter, giornalista e scrittore, \u00e8 intervenuto affrontando l\u2019economia della bellezza tra sviluppo, cura e identit\u00e0.<br \/><br \/>In quel momento storico in cui le nuove generazioni su scala mondiale si stavano battendo per riscrivere le sorti dei beni comuni, in cui la necessit\u00e0 di individuare nuove possibilit\u00e0 di rinascita si incontra con gli entusiasmi di una cittadinanza sempre pi\u00f9 attiva, emerge l\u2019importanza del concetto di patrimonio condiviso. L\u2019incontro si \u00e8 posto l\u2019obiettivo di far dialogare storie di comunit\u00e0 che affidano un ruolo dinamico al proprio patrimonio, rafforzando i valori collettivi e creando nuove opportunit\u00e0: buone prassi d\u2019innovazione sociale intorno ai beni comuni, modelli di partecipazione, occupazione, sviluppo e trasformazioni territoriali.<\/p>\t\t\t\t\t\t\t\t<\/div>\n\t\t\t\t<\/div>\n\t\t\t\t\t<\/div>\n\t\t\t\t<\/div>\n\t\t<div class=\"elementor-element elementor-element-b4d2f34 e-flex e-con-boxed e-con e-parent\" data-id=\"b4d2f34\" data-element_type=\"container\" data-e-type=\"container\">\n\t\t\t\t\t<div class=\"e-con-inner\">\n\t\t\t\t<div class=\"elementor-element elementor-element-eeeb85f elementor-widget elementor-widget-button\" data-id=\"eeeb85f\" data-element_type=\"widget\" data-e-type=\"widget\" data-widget_type=\"button.default\">\n\t\t\t\t<div class=\"elementor-widget-container\">\n\t\t\t\t\t\t\t\t\t<div class=\"elementor-button-wrapper\">\n\t\t\t\t\t<a class=\"elementor-button elementor-button-link elementor-size-sm\" href=\"https:\/\/drive.google.com\/file\/d\/1eYzrIE2Tf0ofSk_w45OB-8LK_kmldp27\/view?usp=sharing\" target=\"_blank\">\n\t\t\t\t\t\t<span class=\"elementor-button-content-wrapper\">\n\t\t\t\t\t\t\t\t\t<span class=\"elementor-button-text\">SCARICA \"I QUADERNI DI MONUMENTI APERTI - VOL. II\"<\/span>\n\t\t\t\t\t<\/span>\n\t\t\t\t\t<\/a>\n\t\t\t\t<\/div>\n\t\t\t\t\t\t\t\t<\/div>\n\t\t\t\t<\/div>\n\t\t\t\t\t<\/div>\n\t\t\t\t<\/div>\n\t\t<div class=\"elementor-element elementor-element-400e902 e-flex e-con-boxed e-con e-parent\" data-id=\"400e902\" data-element_type=\"container\" data-e-type=\"container\">\n\t\t\t\t\t<div class=\"e-con-inner\">\n\t\t<div class=\"elementor-element elementor-element-a84c1d2 e-con-full e-flex e-con e-child\" data-id=\"a84c1d2\" data-element_type=\"container\" data-e-type=\"container\">\n\t\t\t\t<div class=\"elementor-element elementor-element-4a03a0b elementor-widget elementor-widget-image\" data-id=\"4a03a0b\" data-element_type=\"widget\" data-e-type=\"widget\" data-widget_type=\"image.default\">\n\t\t\t\t<div class=\"elementor-widget-container\">\n\t\t\t\t\t\t\t\t\t\t\t\t\t\t\t<img decoding=\"async\" src=\"https:\/\/monumentiaperti.org\/it\/wp-content\/uploads\/2020\/11\/banner-convegno-IMAGO-2020-400x238.png\" title=\"\" alt=\"\" loading=\"lazy\" \/>\t\t\t\t\t\t\t\t\t\t\t\t\t\t\t<\/div>\n\t\t\t\t<\/div>\n\t\t\t\t<\/div>\n\t\t<div class=\"elementor-element elementor-element-8d0d64c e-con-full e-flex e-con e-child\" data-id=\"8d0d64c\" data-element_type=\"container\" data-e-type=\"container\">\n\t\t\t\t<div class=\"elementor-element elementor-element-3c4d0a5 elementor-widget elementor-widget-text-editor\" data-id=\"3c4d0a5\" data-element_type=\"widget\" data-e-type=\"widget\" data-widget_type=\"text-editor.default\">\n\t\t\t\t<div class=\"elementor-widget-container\">\n\t\t\t\t\t\t\t\t\t<p>A dicembre del 2020 \u00e8 stato organizzato il TERZO convegno targato Imago Mundi dal titolo &#8220;<strong><em>Il futuro gi\u00e0 presente \u2013 Impatti, strategie e approcci innovativi per il patrimonio culturale&#8221;<\/em><\/strong><em>.<\/em>\u00a0E&#8217; stato un convegno tutto in digitale, i relatori si sono incontrati nella piattaforma ZOOM per un appuntamento virtuale, moderato da\u00a0<strong>Fabrizio Frongia<\/strong>\u00a0e da\u00a0<strong>Emilio Casalini<\/strong>, giornalista, fotoreporter, scrittore e Direttore Creativo dell\u2019Ecomuseo dei 5 Sensi di Sciacca. Dopo i saluti del neo Presidente di Imago Mundi,\u00a0<strong>Massimiliano Messina<\/strong>, sono intervenuti: la vice Presidente dell&#8217;associazione,\u00a0<strong>Tiziana Sassu\u00a0<\/strong>ed\u00a0<strong>Elisa Cadinu,\u00a0<\/strong>volontaria di Monumenti Aperti, che ci hanno parlato di Monumenti Aperti e hanno approfondito il tema dell\u2019edizione 2020: anticorpi di bellezza \u2013 #memorabiliesperienze; a seguire\u00a0<strong>Claudio Gnessi<\/strong>, Presidente dell\u2019Associazione per l\u2019Ecomuseo Casilino Ad Duas Lauros<em>;\u00a0<\/em><strong>Gaetano Balestra<\/strong>, socio della Cooperativa Sociale ONLUS La Paranza;\u00a0<strong>Fabio Viola<\/strong>, docente universitario, autore di saggi e designer di videogiochi e\u00a0<strong>Maria Giovanna Fara,\u00a0<\/strong>responsabile programmazione e progettazione Fondazione Alghero;\u00a0<strong>Francesco Obino<\/strong>, coordinatore del Museo Oristano \u201c<em>Genesi ed evoluzione del Museo Virtuale della citt\u00e0 di Oristano\u201d<\/em>; per concludere\u00a0<strong>Erminia Sciacchitano<\/strong>, uffici di diretta collaborazione del Ministro per i Beni e le Attivit\u00e0 Culturali e per il Turismo.<\/p>\t\t\t\t\t\t\t\t<\/div>\n\t\t\t\t<\/div>\n\t\t\t\t<\/div>\n\t\t\t\t\t<\/div>\n\t\t\t\t<\/div>\n\t\t<div class=\"elementor-element elementor-element-e4a4fe6 e-flex e-con-boxed e-con e-parent\" data-id=\"e4a4fe6\" data-element_type=\"container\" data-e-type=\"container\">\n\t\t\t\t\t<div class=\"e-con-inner\">\n\t\t\t\t<div class=\"elementor-element elementor-element-c4ec7f9 elementor-widget elementor-widget-text-editor\" data-id=\"c4ec7f9\" data-element_type=\"widget\" data-e-type=\"widget\" data-widget_type=\"text-editor.default\">\n\t\t\t\t<div class=\"elementor-widget-container\">\n\t\t\t\t\t\t\t\t\t<p>Quello che appariva un futuro indefinito \u00e8 gi\u00e0 presente: un\u2019accelerazione al cambiamento si \u00e8 imposta sotto la spinta di una quotidianit\u00e0 inattesa. In questo contesto anche le realt\u00e0 impegnate nella valorizzazione del patrimonio culturale non si sono fermate, hanno cercato di interpretare le evoluzioni, hanno progettato e lanciato iniziative e servizi. Hanno innovato, ognuna a suo modo. E allora ritrovare le reti, alimentarle, rendere questo momento di transizione una buona occasione per dialogare e scambiarsi le buone\u00a0pratiche in atto, \u00e8 un momento per conoscere le nuove direzioni e integrare i tanti futuri possibili.<\/p>\t\t\t\t\t\t\t\t<\/div>\n\t\t\t\t<\/div>\n\t\t\t\t\t<\/div>\n\t\t\t\t<\/div>\n\t\t<div class=\"elementor-element elementor-element-4a78b5d e-flex e-con-boxed e-con e-parent\" data-id=\"4a78b5d\" data-element_type=\"container\" data-e-type=\"container\">\n\t\t\t\t\t<div class=\"e-con-inner\">\n\t\t\t\t<div class=\"elementor-element elementor-element-b987bdc elementor-widget elementor-widget-button\" data-id=\"b987bdc\" data-element_type=\"widget\" data-e-type=\"widget\" data-widget_type=\"button.default\">\n\t\t\t\t<div class=\"elementor-widget-container\">\n\t\t\t\t\t\t\t\t\t<div class=\"elementor-button-wrapper\">\n\t\t\t\t\t<a class=\"elementor-button elementor-button-link elementor-size-sm\" href=\"https:\/\/drive.google.com\/file\/d\/1VXzh6ZExBMeYP9PMz5DMDTDHmyJm6V9t\/view?usp=sharing\" target=\"_blank\">\n\t\t\t\t\t\t<span class=\"elementor-button-content-wrapper\">\n\t\t\t\t\t\t\t\t\t<span class=\"elementor-button-text\">SCARICA \"I QUADERNI DI MONUMENTI APERTI - VOL. III\"<\/span>\n\t\t\t\t\t<\/span>\n\t\t\t\t\t<\/a>\n\t\t\t\t<\/div>\n\t\t\t\t\t\t\t\t<\/div>\n\t\t\t\t<\/div>\n\t\t\t\t\t<\/div>\n\t\t\t\t<\/div>\n\t\t<div class=\"elementor-element elementor-element-6061147 e-flex e-con-boxed e-con e-parent\" data-id=\"6061147\" data-element_type=\"container\" data-e-type=\"container\">\n\t\t\t\t\t<div class=\"e-con-inner\">\n\t\t\t\t<div class=\"elementor-element elementor-element-b2f5973 elementor-widget elementor-widget-text-editor\" data-id=\"b2f5973\" data-element_type=\"widget\" data-e-type=\"widget\" data-widget_type=\"text-editor.default\">\n\t\t\t\t<div class=\"elementor-widget-container\">\n\t\t\t\t\t\t\t\t\t<p>Tutti i convegni sono stati realizzati grazie al contributo della RAS LR n.14\/2006 e del Ministero per i Beni e le Attivit\u00e0 Culturali Legge 17 Ottobre 1996, N. 534.<br \/>Il progetto grafico e l&#8217;impaginazione de &#8220;I Quaderni di Monumenti Aperti&#8221; sono stati realizzati a cura di Denise Maria Paulis per conto di Imago Mundi all&#8217;interno del periodo del Servizio Civile Universale.<\/p>\t\t\t\t\t\t\t\t<\/div>\n\t\t\t\t<\/div>\n\t\t\t\t\t<\/div>\n\t\t\t\t<\/div>\n\t\t<div class=\"elementor-element elementor-element-4199713c elementor-hidden-desktop elementor-hidden-tablet elementor-hidden-mobile e-flex e-con-boxed e-con e-parent\" data-id=\"4199713c\" data-element_type=\"container\" data-e-type=\"container\">\n\t\t\t\t\t<div class=\"e-con-inner\">\n\t\t\t\t<div class=\"elementor-element elementor-element-187cf7b9 elementor-widget elementor-widget-shortcode\" data-id=\"187cf7b9\" data-element_type=\"widget\" data-e-type=\"widget\" data-widget_type=\"shortcode.default\">\n\t\t\t\t<div class=\"elementor-widget-container\">\n\t\t\t\t\t\t\t<div class=\"elementor-shortcode\">[fusion_builder_container type=\"flex\" hundred_percent=\"no\" hundred_percent_height=\"no\" min_height=\"\" hundred_percent_height_scroll=\"no\" align_content=\"stretch\" flex_align_items=\"flex-start\" flex_justify_content=\"flex-start\" flex_column_spacing=\"\" hundred_percent_height_center_content=\"yes\" equal_height_columns=\"no\" container_tag=\"div\" menu_anchor=\"\" hide_on_mobile=\"small-visibility,medium-visibility,large-visibility\" status=\"published\" publish_date=\"\" class=\"\" id=\"\" link_color=\"\" link_hover_color=\"\" border_sizes=\"\" border_sizes_top=\"\" border_sizes_right=\"\" border_sizes_bottom=\"\" border_sizes_left=\"\" border_color=\"\" border_style=\"solid\" spacing_medium=\"\" margin_top_medium=\"\" margin_bottom_medium=\"\" spacing_small=\"\" margin_top_small=\"\" margin_bottom_small=\"\" margin_top=\"\" margin_bottom=\"\" padding_dimensions_medium=\"\" padding_top_medium=\"\" padding_right_medium=\"\" padding_bottom_medium=\"\" padding_left_medium=\"\" padding_dimensions_small=\"\" padding_top_small=\"\" padding_right_small=\"\" padding_bottom_small=\"\" padding_left_small=\"\" padding_top=\"\" padding_right=\"\" padding_bottom=\"\" padding_left=\"\" box_shadow=\"no\" box_shadow_vertical=\"\" box_shadow_horizontal=\"\" box_shadow_blur=\"0\" box_shadow_spread=\"0\" box_shadow_color=\"\" box_shadow_style=\"\" z_index=\"\" overflow=\"\" gradient_start_color=\"\" gradient_end_color=\"\" gradient_start_position=\"0\" gradient_end_position=\"100\" gradient_type=\"linear\" radial_direction=\"center center\" linear_angle=\"180\" background_color=\"\" background_image=\"\" background_position=\"center center\" background_repeat=\"no-repeat\" fade=\"no\" background_parallax=\"none\" enable_mobile=\"no\" parallax_speed=\"0.3\" background_blend_mode=\"none\" video_mp4=\"\" video_webm=\"\" video_ogv=\"\" video_url=\"\" video_aspect_ratio=\"16:9\" video_loop=\"yes\" video_mute=\"yes\" video_preview_image=\"\" absolute=\"off\" absolute_devices=\"small,medium,large\" sticky=\"off\" sticky_devices=\"small-visibility,medium-visibility,large-visibility\" sticky_background_color=\"\" sticky_height=\"\" sticky_offset=\"\" sticky_transition_offset=\"0\" scroll_offset=\"0\" animation_type=\"\" animation_direction=\"left\" animation_speed=\"0.3\" animation_offset=\"\" filter_hue=\"0\" filter_saturation=\"100\" filter_brightness=\"100\" filter_contrast=\"100\" filter_invert=\"0\" filter_sepia=\"0\" filter_opacity=\"100\" filter_blur=\"0\" filter_hue_hover=\"0\" filter_saturation_hover=\"100\" filter_brightness_hover=\"100\" filter_contrast_hover=\"100\" filter_invert_hover=\"0\" filter_sepia_hover=\"0\" filter_opacity_hover=\"100\" filter_blur_hover=\"0\"][fusion_builder_row][fusion_builder_column type=\"1_1\" layout=\"1_1\" align_self=\"auto\" content_layout=\"column\" align_content=\"flex-start\" content_wrap=\"wrap\" spacing=\"\" center_content=\"no\" link=\"\" target=\"_self\" min_height=\"\" hide_on_mobile=\"small-visibility,medium-visibility,large-visibility\" sticky_display=\"normal,sticky\" class=\"\" id=\"\" type_medium=\"\" type_small=\"\" order_medium=\"0\" order_small=\"0\" dimension_spacing_medium=\"\" dimension_spacing_small=\"\" dimension_spacing=\"\" dimension_margin_medium=\"\" dimension_margin_small=\"\" margin_top=\"\" margin_bottom=\"\" padding_medium=\"\" padding_small=\"\" padding_top=\"\" padding_right=\"\" padding_bottom=\"\" padding_left=\"\" hover_type=\"none\" border_sizes=\"\" border_color=\"\" border_style=\"solid\" border_radius=\"\" box_shadow=\"no\" dimension_box_shadow=\"\" box_shadow_blur=\"0\" box_shadow_spread=\"0\" box_shadow_color=\"\" box_shadow_style=\"\" background_type=\"single\" gradient_start_color=\"\" gradient_end_color=\"\" gradient_start_position=\"0\" gradient_end_position=\"100\" gradient_type=\"linear\" radial_direction=\"center center\" linear_angle=\"180\" background_color=\"\" background_image=\"\" background_image_id=\"\" background_position=\"left top\" background_repeat=\"no-repeat\" background_blend_mode=\"none\" animation_type=\"\" animation_direction=\"left\" animation_speed=\"0.3\" animation_offset=\"\" filter_type=\"regular\" filter_hue=\"0\" filter_saturation=\"100\" filter_brightness=\"100\" filter_contrast=\"100\" filter_invert=\"0\" filter_sepia=\"0\" filter_opacity=\"100\" filter_blur=\"0\" filter_hue_hover=\"0\" filter_saturation_hover=\"100\" filter_brightness_hover=\"100\" filter_contrast_hover=\"100\" filter_invert_hover=\"0\" filter_sepia_hover=\"0\" filter_opacity_hover=\"100\" filter_blur_hover=\"0\" last=\"true\" border_position=\"all\" type=\"1_1\" first=\"true\"][fusion_text columns=\"\" column_min_width=\"\" column_spacing=\"\" rule_style=\"default\" rule_size=\"\" rule_color=\"\" content_alignment_medium=\"\" content_alignment_small=\"\" content_alignment=\"\" hide_on_mobile=\"small-visibility,medium-visibility,large-visibility\" sticky_display=\"normal,sticky\" class=\"\" id=\"\" font_size=\"\" fusion_font_family_text_font=\"\" fusion_font_variant_text_font=\"\" line_height=\"\" letter_spacing=\"\" text_color=\"\" animation_type=\"\" animation_direction=\"left\" animation_speed=\"0.3\" animation_offset=\"\"]\r\n\r\nDa diversi anni Imago Mundi ha inserito tra le iniziative\u00a0del progetto nazionale\u00a0<em>Monumenti Aperti<\/em>, la realizzazione di convegni a carattere internazionale sulle buone prassi in ambito culturale e sulle migliori esperienze di valorizzazione del patrimonio culturale in Italia e in Europa. Dall'esperienza di questi meeting sono stati realizzati \"I Quaderni di Monumenti Aperti\", in modo da non disperdere nell'iniziativa di una giornata tutti gli interventi e per valorizzare, creare sinergie e prendere esempio dalle diverse realt\u00e0 nazionali e internazionali del mondo culturale.\r\n\r\n<img fetchpriority=\"high\" decoding=\"async\" class=\" wp-image-14724 alignleft\" src=\"https:\/\/monumentiaperti.org\/it\/wp-content\/uploads\/2018\/02\/convegno880x500-1-1-1-503x286.png\" alt=\"\" width=\"341\" height=\"194\" srcset=\"https:\/\/monumentiaperti.com\/it\/wp-content\/uploads\/2018\/02\/convegno880x500-1-1-1-503x286.png 503w, https:\/\/monumentiaperti.com\/it\/wp-content\/uploads\/2018\/02\/convegno880x500-1-1-1-200x114.png 200w, https:\/\/monumentiaperti.com\/it\/wp-content\/uploads\/2018\/02\/convegno880x500-1-1-1-400x227.png 400w, https:\/\/monumentiaperti.com\/it\/wp-content\/uploads\/2018\/02\/convegno880x500-1-1-1-600x341.png 600w, https:\/\/monumentiaperti.com\/it\/wp-content\/uploads\/2018\/02\/convegno880x500-1-1-1-800x455.png 800w, https:\/\/monumentiaperti.com\/it\/wp-content\/uploads\/2018\/02\/convegno880x500-1-1-1.png 880w\" sizes=\"(max-width: 341px) 100vw, 341px\" \/>Risale al novembre del 2017 il PRIMO meeting internazionale dal titolo <strong><em>\u201cPatrimonio Culturale: comunit\u00e0 di storie. Modelli, esperienze e strumenti\u201d<\/em><\/strong>, realizzato in vista della celebrazione dell\u2019Anno Europeo del Patrimonio Culturale, il 2018. In quel primo incontro,\u00a0moderato da<b>\u00a0Stefano Salis<\/b>, responsabile della redazione Commenti e Inchieste del \u201cSole 24 Ore\u201d, ha visto come\u00a0protagonisti <strong>Fabrizio Frongia<\/strong>, allora Presidente Associazione Culturale Imago Mundi Onlus \u2013 coordinatore della rete <em>Monumenti Aperti,\u00a0<\/em>Sardegna;\u00a0<strong>Annie Reilly<\/strong>, manager\u00a0<em>Heritage Open Days,\u00a0<\/em>Inghilterra;\u00a0<strong>Laura Anello<\/strong>, ideatrice e direttrice festival\u00a0<em>Le Vie dei Tesori<\/em>, Sicilia;\u00a0<strong>Valentina Galloni<\/strong>, responsabile progetto\u00a0<em>I love Beni Culturali<\/em>, Istituto Beni Culturali Regione Emilia Romagna;\u00a0<strong>Antonella Nonnis<\/strong>, coordinatore della rete\u00a0<em>Ecomuseo della Valle dell\u2019Aso<\/em>, Marche;\u00a0<strong>Erminia Sciacchitano<\/strong>,\u00a0Commissione europea \u2013 Direzione generale educazione e cultura,\u00a0Chief scientific advisor Anno europeo del patrimonio culturale 2018;\u00a0<strong>Alessandro Hinna<\/strong>, professore associato di Organizzazione aziendale, Universit\u00e0 Roma Tor Vergata.\r\n\r\nIl focus verteva sulle possibili forme di coordinamento o collaborazione tra le buone prassi e nuove possibili definizioni, indicatori e misurabilit\u00e0 degli impatti sociali che, iniziative come <em>Monumenti Aperti<\/em>, generano nel contesto in cui si inseriscono. L\u2019intento fu quello di aprire un dibattito sul ruolo strategico che la valorizzazione del patrimonio culturale ha rispetto all\u2019attivazione di capitale sociale e quali sono i benefici per le comunit\u00e0 partecipanti.\r\nInoltre si intendeva iniziare a sondare le opportunit\u00e0 offerte dall\u2019anno europeo del Patrimonio Culturale e le prospettive nazionali\/europee che una ipotesi di forme possibili di coordinamento tra le esperienze individuate (e disponibili al confronto) potessero avere in chiave di \u201csistema\u201d nella valorizzazione del nostro patrimonio nazionale.\r\n\r\n<a href=\"https:\/\/drive.google.com\/file\/d\/1MZ5HTofyW9aQLAMmi58T6hOkhf2osPiL\/view?usp=sharing\" target=\"_blank\" rel=\"noopener noreferrer\"><span style=\"color: #0000ff;\"><strong>SCARICA \"I QUADERNI DI MONUMENTI APERTI - VOL. I\"<\/strong><\/span><\/a>\r\n\r\nNel novembre del 2019 \u00e8 stato realizzato il SECONDO convegno dal titolo <em><strong>\u201cComunit\u00e0 che innovano: trasformazioni intorno ai beni comuni\u201d <\/strong><\/em>in <img decoding=\"async\" class=\"alignright wp-image-30570\" src=\"https:\/\/monumentiaperti.org\/it\/wp-content\/uploads\/2019\/11\/800X500-convegno-patrimonio-culturale-1-3-503x314.png\" alt=\"\" width=\"368\" height=\"230\" srcset=\"https:\/\/monumentiaperti.com\/it\/wp-content\/uploads\/2019\/11\/800X500-convegno-patrimonio-culturale-1-3-503x314.png 503w, https:\/\/monumentiaperti.com\/it\/wp-content\/uploads\/2019\/11\/800X500-convegno-patrimonio-culturale-1-3-200x125.png 200w, https:\/\/monumentiaperti.com\/it\/wp-content\/uploads\/2019\/11\/800X500-convegno-patrimonio-culturale-1-3-400x250.png 400w, https:\/\/monumentiaperti.com\/it\/wp-content\/uploads\/2019\/11\/800X500-convegno-patrimonio-culturale-1-3-600x375.png 600w, https:\/\/monumentiaperti.com\/it\/wp-content\/uploads\/2019\/11\/800X500-convegno-patrimonio-culturale-1-3.png 800w\" sizes=\"(max-width: 368px) 100vw, 368px\" \/> cui, dopo i saluti istituzionali dell\u2019Assessore alla Cultura del Comune di Cagliari, sono intervenuti: <strong>Fabrizio Frongia<\/strong>, presidente Imago Mundi, che ha fatto gli onori di casa parlando di come e quanto\u00a0<strong><em>Monumenti Aperti<\/em><\/strong> in questi 23 anni di storia sia in in continua trasformazione e stia cavalcando nuovi processi attraverso le esperienze nazionali; <strong>Giuliano Volpe<\/strong>, archeologo, professore ordinario di archeologia del Dipartimento di Studi Umanistici all\u2019Universit\u00e0 di Foggia, oltre ad aver moderato degnamente l\u2019intero convegno, ha parlato di quanto sia importante la partecipazione della comunit\u00e0 nei processi di presa in carico dei beni comuni; <strong>Claudio Gnessi<\/strong>, interaction Designer, formatore, manager culturale e di comunit\u00e0, ha presentato il progetto dell\u2019Ecomuseo Casilino e le diverse narrazioni di comunit\u00e0; <strong>Liborio Grizzaffi e Marilena Bagarella<\/strong>, dell\u2019associazione il Germoglio Corleone, hanno presentato il progetto INTUS Corleone, finanziato dal MIUR, attraverso il quale l\u2019Associazione \u201cIl Germoglio\u201d \u00e8 finalmente riuscita a coniugare tre aspetti fondamentali del suo lavoro: educazione alla legalit\u00e0 e ricerca attraverso la valorizzazione dei faldoni del Maxi Processo custoditi a Corleone, promozione culturale di Corleone con il racconto dei suoi personaggi positivi pi\u00f9 importanti attraverso un piano editoriale di dodici storie inserite in altrettanti percorsi turistici lungo le strade e i luoghi pi\u00f9 suggestivi di Corleone, promozione dello sviluppo economico del territorio attraverso la creazione di opportunit\u00e0 di lavoro proprio puntando allo sviluppo del settore turistico; <strong>Gaetano balestra e Isabella Di Mauro<\/strong> hanno raccontato l\u2019esperienza della cooperativa La Paranza, che gestisce le catacombe di Napoli nel Rione Sanit\u00e0, un esempio di rinascita del quartiere che si \u00e8 trasformato in un vero e proprio progetto comune e in un paradigma di sviluppo; <strong>Emilio Casalini<\/strong>, fotoreporter, giornalista e scrittore, \u00e8 intervenuto affrontando l\u2019economia della bellezza tra sviluppo, cura e identit\u00e0.\r\n\r\nIn quel momento storico in cui le nuove generazioni su scala mondiale si stavano battendo per riscrivere le sorti dei beni comuni, in cui la necessit\u00e0 di individuare nuove possibilit\u00e0 di rinascita si incontra con gli entusiasmi di una cittadinanza sempre pi\u00f9 attiva, emerge l\u2019importanza del concetto di patrimonio condiviso.\r\nL\u2019incontro si \u00e8 posto l\u2019obiettivo di far dialogare storie di comunit\u00e0 che affidano un ruolo dinamico al proprio patrimonio, rafforzando i valori collettivi e creando nuove opportunit\u00e0: buone prassi d\u2019innovazione sociale intorno ai beni comuni, modelli di partecipazione, occupazione, sviluppo e trasformazioni territoriali.\r\n\r\n<a href=\"https:\/\/drive.google.com\/file\/d\/1eYzrIE2Tf0ofSk_w45OB-8LK_kmldp27\/view?usp=sharing\" target=\"_blank\" rel=\"noopener noreferrer\"><span style=\"color: #0000ff;\"><strong>SCARICA \"I QUADERNI DI MONUMENTI APERTI - VOL. II<em>\"<\/em><\/strong><\/span><\/a>\r\n\r\n<img decoding=\"async\" class=\" wp-image-33709 alignleft\" src=\"https:\/\/monumentiaperti.org\/it\/wp-content\/uploads\/2020\/11\/banner-convegno-IMAGO-2020-503x299.png\" alt=\"\" width=\"358\" height=\"213\" srcset=\"https:\/\/monumentiaperti.com\/it\/wp-content\/uploads\/2020\/11\/banner-convegno-IMAGO-2020-503x299.png 503w, https:\/\/monumentiaperti.com\/it\/wp-content\/uploads\/2020\/11\/banner-convegno-IMAGO-2020-1024x609.png 1024w, https:\/\/monumentiaperti.com\/it\/wp-content\/uploads\/2020\/11\/banner-convegno-IMAGO-2020-1536x913.png 1536w, https:\/\/monumentiaperti.com\/it\/wp-content\/uploads\/2020\/11\/banner-convegno-IMAGO-2020-2048x1218.png 2048w, https:\/\/monumentiaperti.com\/it\/wp-content\/uploads\/2020\/11\/banner-convegno-IMAGO-2020-200x119.png 200w, https:\/\/monumentiaperti.com\/it\/wp-content\/uploads\/2020\/11\/banner-convegno-IMAGO-2020-400x238.png 400w, https:\/\/monumentiaperti.com\/it\/wp-content\/uploads\/2020\/11\/banner-convegno-IMAGO-2020-600x357.png 600w, https:\/\/monumentiaperti.com\/it\/wp-content\/uploads\/2020\/11\/banner-convegno-IMAGO-2020-800x476.png 800w, https:\/\/monumentiaperti.com\/it\/wp-content\/uploads\/2020\/11\/banner-convegno-IMAGO-2020-1200x714.png 1200w\" sizes=\"(max-width: 358px) 100vw, 358px\" \/>A dicembre del 2020 \u00e8 stato organizzato il TERZO convegno targato Imago Mundi dal titolo \"<strong><em>Il futuro gi\u00e0 presente \u2013 Impatti, strategie e approcci innovativi per il patrimonio culturale\"<\/em><\/strong><em>.<\/em> E' stato un convegno tutto in digitale, i relatori si sono incontrati nella piattaforma ZOOM per un appuntamento virtuale, moderato da\u00a0<strong>Fabrizio Frongia<\/strong> e da <strong>Emilio Casalini<\/strong>, giornalista, fotoreporter, scrittore e Direttore Creativo dell\u2019Ecomuseo dei 5 Sensi di Sciacca. Dopo i saluti del neo Presidente di Imago Mundi, <strong>Massimiliano Messina<\/strong>, sono intervenuti: la vice Presidente dell'associazione, <strong>Tiziana Sassu\u00a0<\/strong>ed\u00a0<strong>Elisa Cadinu,\u00a0<\/strong>volontaria di Monumenti Aperti, che ci hanno parlato di Monumenti Aperti e hanno approfondito il tema dell\u2019edizione 2020: anticorpi di bellezza \u2013 #memorabiliesperienze; a seguire <strong>Claudio Gnessi<\/strong>, Presidente dell\u2019Associazione per l\u2019Ecomuseo Casilino Ad Duas Lauros<em>;\u00a0<\/em><strong>Gaetano Balestra<\/strong>, socio della Cooperativa Sociale ONLUS La Paranza;\u00a0<strong>Fabio Viola<\/strong>, docente universitario, autore di saggi e designer di videogiochi e\u00a0<strong>Maria Giovanna Fara,\u00a0<\/strong>responsabile programmazione e progettazione Fondazione Alghero;\u00a0<strong>Francesco Obino<\/strong>, coordinatore del Museo Oristano \u201c<em>Genesi ed evoluzione del Museo Virtuale della citt\u00e0 di Oristano\u201d<\/em>; per concludere <strong>Erminia Sciacchitano<\/strong>, uffici di diretta collaborazione del Ministro per i Beni e le Attivit\u00e0 Culturali e per il Turismo.\r\n\r\nQuello che appariva un futuro indefinito \u00e8 gi\u00e0 presente: un\u2019accelerazione al cambiamento si \u00e8 imposta sotto la spinta di una quotidianit\u00e0 inattesa. In questo contesto anche le realt\u00e0 impegnate nella valorizzazione del patrimonio culturale non si sono fermate, hanno cercato di interpretare le evoluzioni, hanno progettato e lanciato iniziative e servizi. Hanno innovato, ognuna a suo modo. E allora ritrovare le reti, alimentarle, rendere questo momento di transizione una buona occasione per dialogare e scambiarsi le buone\u00a0pratiche in atto, \u00e8 un momento per conoscere le nuove direzioni e integrare i tanti futuri possibili.\r\n\r\n<a href=\"https:\/\/drive.google.com\/file\/d\/1VXzh6ZExBMeYP9PMz5DMDTDHmyJm6V9t\/view?usp=sharing\" target=\"_blank\" rel=\"noopener noreferrer\"><span style=\"color: #0000ff;\"><strong>SCARICA \"I QUADERNI DI MONUMENTI APERTI - VOL. III\"<\/strong><\/span><\/a>\r\n\r\n<strong>Tutti i convegni sono stati realizzati grazie al contributo della RAS LR n.14\/2006 e del Ministero per i Beni e le Attivit\u00e0 Culturali Legge 17 Ottobre 1996, N. 534.<\/strong>\r\n\r\n<strong>Il progetto grafico e l'impaginazione de \"I Quaderni di Monumenti Aperti\" sono stati realizzati a cura di Denise Maria Paulis per conto di Imago Mundi all'interno del periodo del Servizio Civile Universale.<\/strong>\r\n\r\n[\/fusion_text][\/fusion_builder_column][\/fusion_builder_row][\/fusion_builder_container]<\/div>\n\t\t\t\t\t\t<\/div>\n\t\t\t\t<\/div>\n\t\t\t\t\t<\/div>\n\t\t\t\t<\/div>\n\t\t\t\t<\/div>\n\t\t","protected":false},"excerpt":{"rendered":"<p>I CONVEGNI DI IMAGO MUNDI Da diversi anni Imago Mundi ha inserito tra le iniziative\u00a0del progetto nazionale\u00a0Monumenti Aperti, la realizzazione di convegni a carattere internazionale sulle buone prassi in ambito [&hellip;]<\/p>\n","protected":false},"author":2,"featured_media":0,"parent":0,"menu_order":0,"comment_status":"closed","ping_status":"closed","template":"elementor_header_footer","meta":{"footnotes":""},"class_list":["post-34920","page","type-page","status-publish","hentry"],"_links":{"self":[{"href":"https:\/\/monumentiaperti.com\/it\/wp-json\/wp\/v2\/pages\/34920","targetHints":{"allow":["GET"]}}],"collection":[{"href":"https:\/\/monumentiaperti.com\/it\/wp-json\/wp\/v2\/pages"}],"about":[{"href":"https:\/\/monumentiaperti.com\/it\/wp-json\/wp\/v2\/types\/page"}],"author":[{"embeddable":true,"href":"https:\/\/monumentiaperti.com\/it\/wp-json\/wp\/v2\/users\/2"}],"replies":[{"embeddable":true,"href":"https:\/\/monumentiaperti.com\/it\/wp-json\/wp\/v2\/comments?post=34920"}],"version-history":[{"count":3,"href":"https:\/\/monumentiaperti.com\/it\/wp-json\/wp\/v2\/pages\/34920\/revisions"}],"predecessor-version":[{"id":50166,"href":"https:\/\/monumentiaperti.com\/it\/wp-json\/wp\/v2\/pages\/34920\/revisions\/50166"}],"wp:attachment":[{"href":"https:\/\/monumentiaperti.com\/it\/wp-json\/wp\/v2\/media?parent=34920"}],"curies":[{"name":"wp","href":"https:\/\/api.w.org\/{rel}","templated":true}]}}