{"id":47957,"date":"2023-09-29T09:57:06","date_gmt":"2023-09-29T08:57:06","guid":{"rendered":"https:\/\/monumentiaperti.org\/it\/?page_id=47957"},"modified":"2025-04-08T12:28:18","modified_gmt":"2025-04-08T10:28:18","slug":"homepage-2024","status":"publish","type":"page","link":"https:\/\/monumentiaperti.com\/it\/homepage-2024\/","title":{"rendered":"Cos\u2019\u00e8 monumenti aperti"},"content":{"rendered":"\t\t<div data-elementor-type=\"wp-page\" data-elementor-id=\"47957\" class=\"elementor elementor-47957\" data-elementor-post-type=\"page\">\n\t\t\t\t<div class=\"elementor-element elementor-element-1a0f34b e-grid e-con-boxed e-con e-parent\" data-id=\"1a0f34b\" data-element_type=\"container\" data-e-type=\"container\" id=\"riga-video-home\" data-settings=\"{&quot;background_background&quot;:&quot;video&quot;,&quot;background_video_link&quot;:&quot;https:\\\/\\\/monumentiaperti.org\\\/it\\\/wp-content\\\/uploads\\\/2023\\\/11\\\/spot-monumentiaperti.mp4&quot;,&quot;background_play_on_mobile&quot;:&quot;yes&quot;}\">\n\t\t\t\t\t<div class=\"e-con-inner\">\n\t\t<div class=\"elementor-background-video-container\">\n\t\t\t\t\t\t\t<video class=\"elementor-background-video-hosted\" role=\"presentation\" autoplay muted playsinline loop><\/video>\n\t\t\t\t\t<\/div>\t\t\t<\/div>\n\t\t\t\t<\/div>\n\t\t<div class=\"elementor-element elementor-element-4a2d8c2 e-flex e-con-boxed e-con e-parent\" data-id=\"4a2d8c2\" data-element_type=\"container\" data-e-type=\"container\">\n\t\t\t\t\t<div class=\"e-con-inner\">\n\t\t<div class=\"elementor-element elementor-element-b868391 e-con-full e-flex e-con e-child\" data-id=\"b868391\" data-element_type=\"container\" data-e-type=\"container\">\n\t\t\t\t<div class=\"elementor-element elementor-element-0841e46 elementor-hidden-mobile elementor-widget elementor-widget-image\" data-id=\"0841e46\" data-element_type=\"widget\" data-e-type=\"widget\" data-widget_type=\"image.default\">\n\t\t\t\t<div class=\"elementor-widget-container\">\n\t\t\t\t\t\t\t\t\t\t\t\t\t\t\t<img decoding=\"async\" src=\"https:\/\/monumentiaperti.com\/it\/wp-content\/uploads\/2023\/09\/logo-monumentipaerti.jpg\" title=\"logo-monumentipaerti\" alt=\"logo-monumentipaerti\" loading=\"lazy\" \/>\t\t\t\t\t\t\t\t\t\t\t\t\t\t\t<\/div>\n\t\t\t\t<\/div>\n\t\t\t\t<div class=\"elementor-element elementor-element-3957fae elementor-widget elementor-widget-text-editor\" data-id=\"3957fae\" data-element_type=\"widget\" data-e-type=\"widget\" data-widget_type=\"text-editor.default\">\n\t\t\t\t<div class=\"elementor-widget-container\">\n\t\t\t\t\t\t\t\t\t<p><strong>Monumenti Aperti, nata in Sardegna 29 anni fa, \u00e8 una delle pi\u00f9 importanti manifestazioni italiane <\/strong>dedicate alla promozione e valorizzazione dei beni culturali. Dal 2008 riceve la Medaglia di Rappresentanza della Presidenza della Repubblica Italiana.<br \/>L\u2019edizione 2025 si svolge con il patrocinio del Senato della Repubblica, della Camera dei Deputati, del Ministero della Cultura, del Ministero del Turismo, della Regione Sardegna e di Anci Nazionale. Per il quarto anno, gode anche del patrocinio del Parlamento Europeo. Il progetto \u00e8 finanziato dal Ministero del Lavoro e delle Politiche Sociali \u2013 Direzione Generale del Terzo Settore e della Responsabilit\u00e0 Sociale delle Imprese (Avviso n. 2\/2023). In Sardegna, \u00e8 sostenuto dalla collaborazione della Fondazione di Sardegna e di numerose amministrazioni comunali.<\/p><p>Monumenti Aperti \u00e8 oggi un progetto culturale articolato che si \u00e8 evoluto in modello di sviluppo territoriale scalabile, replicabile e di sicuro successo a cui <strong>\u00e8 stato assegnato a giugno 2018 l\u2019importante Premio dell\u2019Unione Europea per il Patrimonio Culturale | Europa Nostra Awards<\/strong> in occasione del primo Vertice Europeo del Patrimonio Culturale proprio nell\u2019anno dedicato al patrimonio culturale.<\/p>\t\t\t\t\t\t\t\t<\/div>\n\t\t\t\t<\/div>\n\t\t\t\t<\/div>\n\t\t<div class=\"elementor-element elementor-element-781d5d2 e-con-full e-flex e-con e-child\" data-id=\"781d5d2\" data-element_type=\"container\" data-e-type=\"container\">\n\t\t\t\t<div class=\"elementor-element elementor-element-f486ba6 elementor-widget elementor-widget-image\" data-id=\"f486ba6\" data-element_type=\"widget\" data-e-type=\"widget\" data-widget_type=\"image.default\">\n\t\t\t\t<div class=\"elementor-widget-container\">\n\t\t\t\t\t\t\t\t\t\t\t\t\t\t\t<img fetchpriority=\"high\" decoding=\"async\" width=\"330\" height=\"400\" src=\"https:\/\/monumentiaperti.com\/it\/wp-content\/uploads\/2025\/03\/330x400_banner-website_MA2025.png\" class=\"attachment-large size-large wp-image-105165\" alt=\"\" \/>\t\t\t\t\t\t\t\t\t\t\t\t\t\t\t<\/div>\n\t\t\t\t<\/div>\n\t\t\t\t<\/div>\n\t\t\t\t\t<\/div>\n\t\t\t\t<\/div>\n\t\t<div class=\"elementor-element elementor-element-7d2a448 e-flex e-con-boxed e-con e-parent\" data-id=\"7d2a448\" data-element_type=\"container\" data-e-type=\"container\" data-settings=\"{&quot;background_background&quot;:&quot;classic&quot;}\">\n\t\t\t\t\t<div class=\"e-con-inner\">\n\t\t\t\t<div class=\"elementor-element elementor-element-5bd6c3e elementor-widget elementor-widget-heading\" data-id=\"5bd6c3e\" data-element_type=\"widget\" data-e-type=\"widget\" data-widget_type=\"heading.default\">\n\t\t\t\t<div class=\"elementor-widget-container\">\n\t\t\t\t\t<h2 class=\"elementor-heading-title elementor-size-default\"> Che cosa \u00e8 Monumenti Aperti<\/h2>\t\t\t\t<\/div>\n\t\t\t\t<\/div>\n\t\t\t\t\t<\/div>\n\t\t\t\t<\/div>\n\t\t<div class=\"elementor-element elementor-element-2561044 e-flex e-con-boxed e-con e-parent\" data-id=\"2561044\" data-element_type=\"container\" data-e-type=\"container\" data-settings=\"{&quot;background_background&quot;:&quot;classic&quot;}\">\n\t\t\t\t\t<div class=\"e-con-inner\">\n\t\t\t\t<div class=\"elementor-element elementor-element-562ab9a elementor-arrows-position-inside elementor-widget elementor-widget-n-carousel\" data-id=\"562ab9a\" data-element_type=\"widget\" data-e-type=\"widget\" data-settings=\"{&quot;carousel_items&quot;:[{&quot;slide_title&quot;:&quot;Slide #1&quot;,&quot;_id&quot;:&quot;1075545&quot;},{&quot;slide_title&quot;:&quot;Slide #1&quot;,&quot;_id&quot;:&quot;a117aaf&quot;},{&quot;slide_title&quot;:&quot;Slide #2&quot;,&quot;_id&quot;:&quot;86a4aea&quot;},{&quot;slide_title&quot;:&quot;Slide #2&quot;,&quot;_id&quot;:&quot;19ee433&quot;},{&quot;slide_title&quot;:&quot;Slide #3&quot;,&quot;_id&quot;:&quot;1dc3651&quot;},{&quot;slide_title&quot;:&quot;Slide #3&quot;,&quot;_id&quot;:&quot;d33e8a9&quot;},{&quot;_id&quot;:&quot;6ef072c&quot;,&quot;slide_title&quot;:&quot;Slide #7&quot;},{&quot;_id&quot;:&quot;93b4919&quot;,&quot;slide_title&quot;:&quot;Slide #8&quot;},{&quot;_id&quot;:&quot;8a20534&quot;,&quot;slide_title&quot;:&quot;Slide #9&quot;},{&quot;_id&quot;:&quot;681729d&quot;,&quot;slide_title&quot;:&quot;Slide #10&quot;}],&quot;slides_to_show&quot;:&quot;2&quot;,&quot;slides_to_show_tablet&quot;:&quot;2&quot;,&quot;slides_to_show_mobile&quot;:&quot;1&quot;,&quot;autoplay&quot;:&quot;yes&quot;,&quot;autoplay_speed&quot;:5000,&quot;pause_on_hover&quot;:&quot;yes&quot;,&quot;pause_on_interaction&quot;:&quot;yes&quot;,&quot;infinite&quot;:&quot;yes&quot;,&quot;speed&quot;:500,&quot;offset_sides&quot;:&quot;none&quot;,&quot;arrows&quot;:&quot;yes&quot;,&quot;image_spacing_custom&quot;:{&quot;unit&quot;:&quot;px&quot;,&quot;size&quot;:10,&quot;sizes&quot;:[]},&quot;image_spacing_custom_tablet&quot;:{&quot;unit&quot;:&quot;px&quot;,&quot;size&quot;:&quot;&quot;,&quot;sizes&quot;:[]},&quot;image_spacing_custom_mobile&quot;:{&quot;unit&quot;:&quot;px&quot;,&quot;size&quot;:&quot;&quot;,&quot;sizes&quot;:[]}}\" data-widget_type=\"nested-carousel.default\">\n\t\t\t\t<div class=\"elementor-widget-container\">\n\t\t\t\t\t\t\t<div class=\"e-n-carousel swiper\" role=\"region\" aria-roledescription=\"carousel\" aria-label=\"Carosello\" dir=\"ltr\">\n\t\t\t<div class=\"swiper-wrapper\" aria-live=\"off\">\n\t\t\t\t\t\t\t\t\t\t<div class=\"swiper-slide\" data-slide=\"1\" role=\"group\" aria-roledescription=\"slide\" aria-label=\"1 di 10\">\n\t\t\t\t\t\t\t<div class=\"elementor-element elementor-element-638ec62 e-flex e-con-boxed e-con e-child\" data-id=\"638ec62\" data-element_type=\"container\" data-e-type=\"container\">\n\t\t\t\t\t<div class=\"e-con-inner\">\n\t\t\t\t<div class=\"elementor-element elementor-element-202b0c2 elementor-widget elementor-widget-text-editor\" data-id=\"202b0c2\" data-element_type=\"widget\" data-e-type=\"widget\" data-widget_type=\"text-editor.default\">\n\t\t\t\t<div class=\"elementor-widget-container\">\n\t\t\t\t\t\t\t\t\t<span style=\"background: #D1212C; padding: 0px; padding-left: 5px; padding-right: 5px; letter-spacing: -0.5px;\"><a style=\"color: #fff;\" href=\"https:\/\/monumentiaperti.org\/it\/monumentiaperti\/storia\/\">STORIA<\/a><\/span><span class=\"link-gallery\"><a href=\"https:\/\/monumentiaperti.org\/it\/monumentiaperti\/storia\/\">vai alla gallery &gt;<\/a><\/span>\t\t\t\t\t\t\t\t<\/div>\n\t\t\t\t<\/div>\n\t\t\t\t<div class=\"elementor-element elementor-element-eea0555 elementor-widget elementor-widget-video\" data-id=\"eea0555\" data-element_type=\"widget\" data-e-type=\"widget\" data-settings=\"{&quot;video_type&quot;:&quot;hosted&quot;,&quot;controls&quot;:&quot;yes&quot;}\" data-widget_type=\"video.default\">\n\t\t\t\t<div class=\"elementor-widget-container\">\n\t\t\t\t\t\t\t<div class=\"e-hosted-video elementor-wrapper elementor-open-inline\">\n\t\t\t\t\t<video class=\"elementor-video\" src=\"https:\/\/monumentiaperti.com\/it\/wp-content\/uploads\/2024\/02\/Massimiliano-Messina_Le-origini-di-Monumenti-Aperti-I-parte.mp4\" controls=\"\" preload=\"metadata\" controlsList=\"nodownload\"><\/video>\n\t\t\t\t<\/div>\n\t\t\t\t\t\t<\/div>\n\t\t\t\t<\/div>\n\t\t\t\t<div class=\"elementor-element elementor-element-8b51608 elementor-widget elementor-widget-text-editor\" data-id=\"8b51608\" data-element_type=\"widget\" data-e-type=\"widget\" data-widget_type=\"text-editor.default\">\n\t\t\t\t<div class=\"elementor-widget-container\">\n\t\t\t\t\t\t\t\t\t<p><strong>Le origini di Monumenti Aperti<\/strong><br \/>Massimiliano Messina &#8211; Presidente ImagoMundi<\/p>\t\t\t\t\t\t\t\t<\/div>\n\t\t\t\t<\/div>\n\t\t\t\t\t<\/div>\n\t\t\t\t<\/div>\n\t\t\t\t\t\t\t\t<\/div>\n\t\t\t\t\t\t\t\t\t\t\t<div class=\"swiper-slide\" data-slide=\"2\" role=\"group\" aria-roledescription=\"slide\" aria-label=\"2 di 10\">\n\t\t\t\t\t\t\t<div class=\"elementor-element elementor-element-92c6c9e e-flex e-con-boxed e-con e-child\" data-id=\"92c6c9e\" data-element_type=\"container\" data-e-type=\"container\">\n\t\t\t\t\t<div class=\"e-con-inner\">\n\t\t\t\t<div class=\"elementor-element elementor-element-25af4e7 elementor-widget elementor-widget-text-editor\" data-id=\"25af4e7\" data-element_type=\"widget\" data-e-type=\"widget\" data-widget_type=\"text-editor.default\">\n\t\t\t\t<div class=\"elementor-widget-container\">\n\t\t\t\t\t\t\t\t\t<span style=\"background: #D1212C; padding: 0px; padding-left: 5px; padding-right: 5px; letter-spacing: -0.5px;\"><a style=\"color: #fff;\" href=\"https:\/\/monumentiaperti.org\/it\/monumentiaperti\/format\/\">FORMAT<\/a><\/span><span class=\"link-gallery\"><a href=\"https:\/\/monumentiaperti.org\/it\/monumentiaperti\/format\/\">vai alla gallery &gt;<\/a><\/span>\t\t\t\t\t\t\t\t<\/div>\n\t\t\t\t<\/div>\n\t\t\t\t<div class=\"elementor-element elementor-element-bdf59a1 elementor-widget elementor-widget-video\" data-id=\"bdf59a1\" data-element_type=\"widget\" data-e-type=\"widget\" data-settings=\"{&quot;video_type&quot;:&quot;hosted&quot;,&quot;controls&quot;:&quot;yes&quot;}\" data-widget_type=\"video.default\">\n\t\t\t\t<div class=\"elementor-widget-container\">\n\t\t\t\t\t\t\t<div class=\"e-hosted-video elementor-wrapper elementor-open-inline\">\n\t\t\t\t\t<video class=\"elementor-video\" src=\"https:\/\/monumentiaperti.com\/it\/wp-content\/uploads\/2024\/02\/Tiziana-Sassu_Cosa-e-il-Format-Monumenti-Aperti.mp4\" controls=\"\" preload=\"metadata\" controlsList=\"nodownload\"><\/video>\n\t\t\t\t<\/div>\n\t\t\t\t\t\t<\/div>\n\t\t\t\t<\/div>\n\t\t\t\t<div class=\"elementor-element elementor-element-07811d3 elementor-widget elementor-widget-text-editor\" data-id=\"07811d3\" data-element_type=\"widget\" data-e-type=\"widget\" data-widget_type=\"text-editor.default\">\n\t\t\t\t<div class=\"elementor-widget-container\">\n\t\t\t\t\t\t\t\t\t<p><b>Che cos&#8217;\u00e8 il Format di Monumenti Aperti<br \/><\/b>Tiziana Sassu &#8211; Vice Presidente ImagoMundi<\/p>\t\t\t\t\t\t\t\t<\/div>\n\t\t\t\t<\/div>\n\t\t\t\t\t<\/div>\n\t\t\t\t<\/div>\n\t\t\t\t\t\t\t\t<\/div>\n\t\t\t\t\t\t\t\t\t\t\t<div class=\"swiper-slide\" data-slide=\"3\" role=\"group\" aria-roledescription=\"slide\" aria-label=\"3 di 10\">\n\t\t\t\t\t\t\t<div class=\"elementor-element elementor-element-f661fe9 e-flex e-con-boxed e-con e-child\" data-id=\"f661fe9\" data-element_type=\"container\" data-e-type=\"container\">\n\t\t\t\t\t<div class=\"e-con-inner\">\n\t\t\t\t<div class=\"elementor-element elementor-element-08a49ff elementor-widget elementor-widget-text-editor\" data-id=\"08a49ff\" data-element_type=\"widget\" data-e-type=\"widget\" data-widget_type=\"text-editor.default\">\n\t\t\t\t<div class=\"elementor-widget-container\">\n\t\t\t\t\t\t\t\t\t<span style=\"background: #D1212C; padding: 0px; padding-left: 5px; padding-right: 5px; letter-spacing: -0.5px;\"><a style=\"color: #fff;\" href=\"https:\/\/monumentiaperti.org\/it\/monumentiaperti\/obiettivi-e-risultati\/\">OBIETTIVI E RISULTATI<\/a><\/span><span class=\"link-gallery\"><a href=\"https:\/\/monumentiaperti.org\/it\/monumentiaperti\/obiettivi-e-risultati\/\">vai alla gallery &gt;<\/a><\/span>\t\t\t\t\t\t\t\t<\/div>\n\t\t\t\t<\/div>\n\t\t\t\t<div class=\"elementor-element elementor-element-4c97ef6 elementor-widget elementor-widget-video\" data-id=\"4c97ef6\" data-element_type=\"widget\" data-e-type=\"widget\" data-settings=\"{&quot;video_type&quot;:&quot;hosted&quot;,&quot;controls&quot;:&quot;yes&quot;}\" data-widget_type=\"video.default\">\n\t\t\t\t<div class=\"elementor-widget-container\">\n\t\t\t\t\t\t\t<div class=\"e-hosted-video elementor-wrapper elementor-open-inline\">\n\t\t\t\t\t<video class=\"elementor-video\" src=\"https:\/\/monumentiaperti.com\/it\/wp-content\/uploads\/2024\/02\/Fabrizio-Frongia_Obiettivi-Iniziali.mp4\" controls=\"\" preload=\"metadata\" controlsList=\"nodownload\"><\/video>\n\t\t\t\t<\/div>\n\t\t\t\t\t\t<\/div>\n\t\t\t\t<\/div>\n\t\t\t\t<div class=\"elementor-element elementor-element-9332fda elementor-widget elementor-widget-text-editor\" data-id=\"9332fda\" data-element_type=\"widget\" data-e-type=\"widget\" data-widget_type=\"text-editor.default\">\n\t\t\t\t<div class=\"elementor-widget-container\">\n\t\t\t\t\t\t\t\t\t<p><b>Obiettivi che hanno dato vita a Monumenti Aperti<br \/><\/b>Fabrizio Frongia &#8211; Fondatore di ImagoMundi<\/p>\t\t\t\t\t\t\t\t<\/div>\n\t\t\t\t<\/div>\n\t\t\t\t\t<\/div>\n\t\t\t\t<\/div>\n\t\t\t\t\t\t\t\t<\/div>\n\t\t\t\t\t\t\t\t\t\t\t<div class=\"swiper-slide\" data-slide=\"4\" role=\"group\" aria-roledescription=\"slide\" aria-label=\"4 di 10\">\n\t\t\t\t\t\t\t<div class=\"elementor-element elementor-element-2fbd73e e-flex e-con-boxed e-con e-child\" data-id=\"2fbd73e\" data-element_type=\"container\" data-e-type=\"container\">\n\t\t\t\t\t<div class=\"e-con-inner\">\n\t\t\t\t<div class=\"elementor-element elementor-element-32365f1 elementor-widget elementor-widget-text-editor\" data-id=\"32365f1\" data-element_type=\"widget\" data-e-type=\"widget\" data-widget_type=\"text-editor.default\">\n\t\t\t\t<div class=\"elementor-widget-container\">\n\t\t\t\t\t\t\t\t\t<span style=\"background: #D1212C; padding: 0px; padding-left: 5px; padding-right: 5px; letter-spacing: -0.5px;\"><a style=\"color: #fff;\" href=\"https:\/\/monumentiaperti.org\/it\/monumentiaperti\/scuola-e-universita\/\">SCUOLA E UNIVERSITA&#8217;<\/a><\/span><span class=\"link-gallery\"><a href=\"https:\/\/monumentiaperti.org\/it\/monumentiaperti\/scuola-e-universita\/\">vai alla gallery &gt;<\/a><\/span>\t\t\t\t\t\t\t\t<\/div>\n\t\t\t\t<\/div>\n\t\t\t\t<div class=\"elementor-element elementor-element-9c53e50 elementor-widget elementor-widget-video\" data-id=\"9c53e50\" data-element_type=\"widget\" data-e-type=\"widget\" data-settings=\"{&quot;video_type&quot;:&quot;hosted&quot;,&quot;controls&quot;:&quot;yes&quot;}\" data-widget_type=\"video.default\">\n\t\t\t\t<div class=\"elementor-widget-container\">\n\t\t\t\t\t\t\t<div class=\"e-hosted-video elementor-wrapper elementor-open-inline\">\n\t\t\t\t\t<video class=\"elementor-video\" src=\"https:\/\/monumentiaperti.com\/it\/wp-content\/uploads\/2024\/02\/Marco-Cabitza_Come-vengono-scelte-le-Scuole.mp4\" controls=\"\" preload=\"metadata\" controlsList=\"nodownload\"><\/video>\n\t\t\t\t<\/div>\n\t\t\t\t\t\t<\/div>\n\t\t\t\t<\/div>\n\t\t\t\t<div class=\"elementor-element elementor-element-0b879b4 elementor-widget elementor-widget-text-editor\" data-id=\"0b879b4\" data-element_type=\"widget\" data-e-type=\"widget\" data-widget_type=\"text-editor.default\">\n\t\t\t\t<div class=\"elementor-widget-container\">\n\t\t\t\t\t\t\t\t\t<p><b>Come vengono scelte le scuole<br \/><\/b>Marco Cabitza &#8211; Resp. servizi educativi di ImagoMundi<\/p>\t\t\t\t\t\t\t\t<\/div>\n\t\t\t\t<\/div>\n\t\t\t\t\t<\/div>\n\t\t\t\t<\/div>\n\t\t\t\t\t\t\t\t<\/div>\n\t\t\t\t\t\t\t\t\t\t\t<div class=\"swiper-slide\" data-slide=\"5\" role=\"group\" aria-roledescription=\"slide\" aria-label=\"5 di 10\">\n\t\t\t\t\t\t\t<div class=\"elementor-element elementor-element-5960df9 e-flex e-con-boxed e-con e-child\" data-id=\"5960df9\" data-element_type=\"container\" data-e-type=\"container\">\n\t\t\t\t\t<div class=\"e-con-inner\">\n\t\t\t\t<div class=\"elementor-element elementor-element-246b06e elementor-widget elementor-widget-text-editor\" data-id=\"246b06e\" data-element_type=\"widget\" data-e-type=\"widget\" data-widget_type=\"text-editor.default\">\n\t\t\t\t<div class=\"elementor-widget-container\">\n\t\t\t\t\t\t\t\t\t<span style=\"background: #D1212C; padding: 0px; padding-left: 5px; padding-right: 5px; letter-spacing: -0.5px;\"><a style=\"color: #fff;\" href=\"https:\/\/monumentiaperti.org\/it\/monumentiaperti\/comuni\/\">COMUNI<\/a><\/span><span class=\"link-gallery\"><a href=\"https:\/\/monumentiaperti.org\/it\/monumentiaperti\/comuni\/\">vai alla gallery &gt;<\/a><\/span>\t\t\t\t\t\t\t\t<\/div>\n\t\t\t\t<\/div>\n\t\t\t\t<div class=\"elementor-element elementor-element-cf4fb96 elementor-widget elementor-widget-video\" data-id=\"cf4fb96\" data-element_type=\"widget\" data-e-type=\"widget\" data-settings=\"{&quot;video_type&quot;:&quot;hosted&quot;,&quot;controls&quot;:&quot;yes&quot;}\" data-widget_type=\"video.default\">\n\t\t\t\t<div class=\"elementor-widget-container\">\n\t\t\t\t\t\t\t<div class=\"e-hosted-video elementor-wrapper elementor-open-inline\">\n\t\t\t\t\t<video class=\"elementor-video\" src=\"https:\/\/monumentiaperti.com\/it\/wp-content\/uploads\/2024\/02\/Massimiliano-Messina_Come-convincere-un-comune.mp4\" controls=\"\" preload=\"metadata\" controlsList=\"nodownload\"><\/video>\n\t\t\t\t<\/div>\n\t\t\t\t\t\t<\/div>\n\t\t\t\t<\/div>\n\t\t\t\t<div class=\"elementor-element elementor-element-8e88c2c elementor-widget elementor-widget-text-editor\" data-id=\"8e88c2c\" data-element_type=\"widget\" data-e-type=\"widget\" data-widget_type=\"text-editor.default\">\n\t\t\t\t<div class=\"elementor-widget-container\">\n\t\t\t\t\t\t\t\t\t<p><b>Perch\u00e9 un comune dovrebbe aderire<\/b><br \/>Massimiliano Messina &#8211; Presidente di ImagoMundi<\/p>\t\t\t\t\t\t\t\t<\/div>\n\t\t\t\t<\/div>\n\t\t\t\t\t<\/div>\n\t\t\t\t<\/div>\n\t\t\t\t\t\t\t\t<\/div>\n\t\t\t\t\t\t\t\t\t\t\t<div class=\"swiper-slide\" data-slide=\"6\" role=\"group\" aria-roledescription=\"slide\" aria-label=\"6 di 10\">\n\t\t\t\t\t\t\t<div class=\"elementor-element elementor-element-1ccf0eb e-flex e-con-boxed e-con e-child\" data-id=\"1ccf0eb\" data-element_type=\"container\" data-e-type=\"container\">\n\t\t\t\t\t<div class=\"e-con-inner\">\n\t\t\t\t<div class=\"elementor-element elementor-element-ff58acd elementor-widget elementor-widget-text-editor\" data-id=\"ff58acd\" data-element_type=\"widget\" data-e-type=\"widget\" data-widget_type=\"text-editor.default\">\n\t\t\t\t<div class=\"elementor-widget-container\">\n\t\t\t\t\t\t\t\t\t<span style=\"background: #D1212C; padding: 0px; padding-left: 5px; padding-right: 5px; letter-spacing: -0.5px;\"><a style=\"color: #fff;\" href=\"https:\/\/monumentiaperti.org\/it\/monumentiaperti\/visitatori\/\">VISITATORI<\/a><\/span><span class=\"link-gallery\"><a href=\"https:\/\/monumentiaperti.org\/it\/monumentiaperti\/visitatori\/\">vai alla gallery &gt;<\/a><\/span>\t\t\t\t\t\t\t\t<\/div>\n\t\t\t\t<\/div>\n\t\t\t\t<div class=\"elementor-element elementor-element-4b3b9f5 elementor-widget elementor-widget-video\" data-id=\"4b3b9f5\" data-element_type=\"widget\" data-e-type=\"widget\" data-settings=\"{&quot;video_type&quot;:&quot;hosted&quot;,&quot;controls&quot;:&quot;yes&quot;}\" data-widget_type=\"video.default\">\n\t\t\t\t<div class=\"elementor-widget-container\">\n\t\t\t\t\t\t\t<div class=\"e-hosted-video elementor-wrapper elementor-open-inline\">\n\t\t\t\t\t<video class=\"elementor-video\" src=\"https:\/\/monumentiaperti.com\/it\/wp-content\/uploads\/2024\/02\/Paolo-Costa_Visitatori-Monumenti-Aperti.mp4\" controls=\"\" preload=\"metadata\" controlsList=\"nodownload\"><\/video>\n\t\t\t\t<\/div>\n\t\t\t\t\t\t<\/div>\n\t\t\t\t<\/div>\n\t\t\t\t<div class=\"elementor-element elementor-element-3380950 elementor-widget elementor-widget-text-editor\" data-id=\"3380950\" data-element_type=\"widget\" data-e-type=\"widget\" data-widget_type=\"text-editor.default\">\n\t\t\t\t<div class=\"elementor-widget-container\">\n\t\t\t\t\t\t\t\t\t<p><b>Le tipologie di visitatori di Monumenti Aperti<br \/><\/b>Paolo Costa &#8211; Eager srl, AppHeart of Sardinia<\/p>\t\t\t\t\t\t\t\t<\/div>\n\t\t\t\t<\/div>\n\t\t\t\t\t<\/div>\n\t\t\t\t<\/div>\n\t\t\t\t\t\t\t\t<\/div>\n\t\t\t\t\t\t\t\t\t\t\t<div class=\"swiper-slide\" data-slide=\"7\" role=\"group\" aria-roledescription=\"slide\" aria-label=\"7 di 10\">\n\t\t\t\t\t\t\t<div class=\"elementor-element elementor-element-e274573 e-flex e-con-boxed e-con e-child\" data-id=\"e274573\" data-element_type=\"container\" data-e-type=\"container\">\n\t\t\t\t\t<div class=\"e-con-inner\">\n\t\t\t\t<div class=\"elementor-element elementor-element-021f43a elementor-widget elementor-widget-text-editor\" data-id=\"021f43a\" data-element_type=\"widget\" data-e-type=\"widget\" data-widget_type=\"text-editor.default\">\n\t\t\t\t<div class=\"elementor-widget-container\">\n\t\t\t\t\t\t\t\t\t<span style=\"background: #D1212C; padding: 0px; padding-left: 5px; padding-right: 5px; letter-spacing: -0.5px;\"><a style=\"color: #fff;\" href=\"https:\/\/monumentiaperti.org\/it\/monumentiaperti\/accessibilita\/\">ACCESSIBILITA&#8217;<\/a><\/span><span class=\"link-gallery\"><a href=\"https:\/\/monumentiaperti.org\/it\/monumentiaperti\/accessibilita\/\">vai alla gallery &gt;<\/a><\/span>\t\t\t\t\t\t\t\t<\/div>\n\t\t\t\t<\/div>\n\t\t\t\t<div class=\"elementor-element elementor-element-54a42d6 elementor-widget elementor-widget-video\" data-id=\"54a42d6\" data-element_type=\"widget\" data-e-type=\"widget\" data-settings=\"{&quot;video_type&quot;:&quot;hosted&quot;,&quot;controls&quot;:&quot;yes&quot;}\" data-widget_type=\"video.default\">\n\t\t\t\t<div class=\"elementor-widget-container\">\n\t\t\t\t\t\t\t<div class=\"e-hosted-video elementor-wrapper elementor-open-inline\">\n\t\t\t\t\t<video class=\"elementor-video\" src=\"https:\/\/monumentiaperti.com\/it\/wp-content\/uploads\/2024\/02\/Francesca-Marrosu_Come-rendere-fruibile-i-monumenti-I-parte.mp4\" controls=\"\" preload=\"metadata\" controlsList=\"nodownload\"><\/video>\n\t\t\t\t<\/div>\n\t\t\t\t\t\t<\/div>\n\t\t\t\t<\/div>\n\t\t\t\t<div class=\"elementor-element elementor-element-d3c0810 elementor-widget elementor-widget-text-editor\" data-id=\"d3c0810\" data-element_type=\"widget\" data-e-type=\"widget\" data-widget_type=\"text-editor.default\">\n\t\t\t\t<div class=\"elementor-widget-container\">\n\t\t\t\t\t\t\t\t\t<p><b>Come rendere fruibili i monumenti ai non vedenti<\/b><em> (1a parte)<\/em><b><br \/><\/b>Francesca Marrosu &#8211; Unione Ciechi, Progetti Speciali<\/p>\t\t\t\t\t\t\t\t<\/div>\n\t\t\t\t<\/div>\n\t\t\t\t\t<\/div>\n\t\t\t\t<\/div>\n\t\t\t\t\t\t\t\t<\/div>\n\t\t\t\t\t\t\t\t\t\t\t<div class=\"swiper-slide\" data-slide=\"8\" role=\"group\" aria-roledescription=\"slide\" aria-label=\"8 di 10\">\n\t\t\t\t\t\t\t<div class=\"elementor-element elementor-element-798e4bf e-flex e-con-boxed e-con e-child\" data-id=\"798e4bf\" data-element_type=\"container\" data-e-type=\"container\">\n\t\t\t\t\t<div class=\"e-con-inner\">\n\t\t\t\t<div class=\"elementor-element elementor-element-5e4280d elementor-widget elementor-widget-text-editor\" data-id=\"5e4280d\" data-element_type=\"widget\" data-e-type=\"widget\" data-widget_type=\"text-editor.default\">\n\t\t\t\t<div class=\"elementor-widget-container\">\n\t\t\t\t\t\t\t\t\t<span style=\"background: #D1212C; padding: 0px; padding-left: 5px; padding-right: 5px; letter-spacing: -0.5px;\"><a style=\"color: #fff;\" href=\"https:\/\/monumentiaperti.org\/it\/monumentiaperti\/in-italia\/\">IN ITALIA<\/a><\/span><span class=\"link-gallery\"><a href=\"https:\/\/monumentiaperti.org\/it\/monumentiaperti\/in-italia\/\">vai alla gallery &gt;<\/a><\/span>\t\t\t\t\t\t\t\t<\/div>\n\t\t\t\t<\/div>\n\t\t\t\t<div class=\"elementor-element elementor-element-0ce8288 elementor-widget elementor-widget-video\" data-id=\"0ce8288\" data-element_type=\"widget\" data-e-type=\"widget\" data-settings=\"{&quot;video_type&quot;:&quot;hosted&quot;,&quot;controls&quot;:&quot;yes&quot;}\" data-widget_type=\"video.default\">\n\t\t\t\t<div class=\"elementor-widget-container\">\n\t\t\t\t\t\t\t<div class=\"e-hosted-video elementor-wrapper elementor-open-inline\">\n\t\t\t\t\t<video class=\"elementor-video\" src=\"https:\/\/monumentiaperti.com\/it\/wp-content\/uploads\/2024\/02\/Massimiliano-Messina_Come-si-estende-dalla-Sardegna-allItalia-I-parte.mp4\" controls=\"\" preload=\"metadata\" controlsList=\"nodownload\"><\/video>\n\t\t\t\t<\/div>\n\t\t\t\t\t\t<\/div>\n\t\t\t\t<\/div>\n\t\t\t\t<div class=\"elementor-element elementor-element-9821039 elementor-widget elementor-widget-text-editor\" data-id=\"9821039\" data-element_type=\"widget\" data-e-type=\"widget\" data-widget_type=\"text-editor.default\">\n\t\t\t\t<div class=\"elementor-widget-container\">\n\t\t\t\t\t\t\t\t\t<p><b>Come si espande Monumenti Aperti dalla Sardegna all&#8217;Italia <\/b><em>(1a parte)<\/em><b><br \/><\/b>Massimiliano Messina &#8211; Presidente di ImagoMundi<\/p>\t\t\t\t\t\t\t\t<\/div>\n\t\t\t\t<\/div>\n\t\t\t\t\t<\/div>\n\t\t\t\t<\/div>\n\t\t\t\t\t\t\t\t<\/div>\n\t\t\t\t\t\t\t\t\t\t\t<div class=\"swiper-slide\" data-slide=\"9\" role=\"group\" aria-roledescription=\"slide\" aria-label=\"9 di 10\">\n\t\t\t\t\t\t\t<div class=\"elementor-element elementor-element-90992e0 e-flex e-con-boxed e-con e-child\" data-id=\"90992e0\" data-element_type=\"container\" data-e-type=\"container\">\n\t\t\t\t\t<div class=\"e-con-inner\">\n\t\t\t\t<div class=\"elementor-element elementor-element-4a17b88 elementor-widget elementor-widget-text-editor\" data-id=\"4a17b88\" data-element_type=\"widget\" data-e-type=\"widget\" data-widget_type=\"text-editor.default\">\n\t\t\t\t<div class=\"elementor-widget-container\">\n\t\t\t\t\t\t\t\t\t<span style=\"background: #D1212C; padding: 0px; padding-left: 5px; padding-right: 5px; letter-spacing: -0.5px;\"><a style=\"color: #fff;\" href=\"https:\/\/monumentiaperti.org\/it\/monumentiaperti\/in-europa\/\">IN EUROPA<\/a><\/span><span class=\"link-gallery\"><a href=\"https:\/\/monumentiaperti.org\/it\/monumentiaperti\/in-europa\/\">vai alla gallery &gt;<\/a><\/span>\t\t\t\t\t\t\t\t<\/div>\n\t\t\t\t<\/div>\n\t\t\t\t<div class=\"elementor-element elementor-element-a129a4f elementor-widget elementor-widget-video\" data-id=\"a129a4f\" data-element_type=\"widget\" data-e-type=\"widget\" data-settings=\"{&quot;video_type&quot;:&quot;hosted&quot;,&quot;controls&quot;:&quot;yes&quot;}\" data-widget_type=\"video.default\">\n\t\t\t\t<div class=\"elementor-widget-container\">\n\t\t\t\t\t\t\t<div class=\"e-hosted-video elementor-wrapper elementor-open-inline\">\n\t\t\t\t\t<video class=\"elementor-video\" src=\"https:\/\/monumentiaperti.com\/it\/wp-content\/uploads\/2024\/02\/Fabrizio-Frongia_Stoccolma.mp4\" controls=\"\" preload=\"metadata\" controlsList=\"nodownload\"><\/video>\n\t\t\t\t<\/div>\n\t\t\t\t\t\t<\/div>\n\t\t\t\t<\/div>\n\t\t\t\t<div class=\"elementor-element elementor-element-ccd6624 elementor-widget elementor-widget-text-editor\" data-id=\"ccd6624\" data-element_type=\"widget\" data-e-type=\"widget\" data-widget_type=\"text-editor.default\">\n\t\t\t\t<div class=\"elementor-widget-container\">\n\t\t\t\t\t\t\t\t\t<p><b>Il progetto Monumenti Aperti a Stoccolma<br \/><\/b>Fabrizio Frongia &#8211; Fondatore di ImagoMundi<\/p>\t\t\t\t\t\t\t\t<\/div>\n\t\t\t\t<\/div>\n\t\t\t\t\t<\/div>\n\t\t\t\t<\/div>\n\t\t\t\t\t\t\t\t<\/div>\n\t\t\t\t\t\t\t\t\t\t\t<div class=\"swiper-slide\" data-slide=\"10\" role=\"group\" aria-roledescription=\"slide\" aria-label=\"10 di 10\">\n\t\t\t\t\t\t\t<div class=\"elementor-element elementor-element-abb1358 e-flex e-con-boxed e-con e-child\" data-id=\"abb1358\" data-element_type=\"container\" data-e-type=\"container\">\n\t\t\t\t\t<div class=\"e-con-inner\">\n\t\t\t\t<div class=\"elementor-element elementor-element-69e01a1 elementor-widget elementor-widget-text-editor\" data-id=\"69e01a1\" data-element_type=\"widget\" data-e-type=\"widget\" data-widget_type=\"text-editor.default\">\n\t\t\t\t<div class=\"elementor-widget-container\">\n\t\t\t\t\t\t\t\t\t<span style=\"background: #D1212C; padding: 0px; padding-left: 5px; padding-right: 5px; letter-spacing: -0.5px;\"><a style=\"color: #fff;\" href=\"https:\/\/monumentiaperti.org\/it\/monumentiaperti\/storie\/\">LE STORIE<\/a><\/span><span class=\"link-gallery\"><a href=\"https:\/\/monumentiaperti.org\/it\/monumentiaperti\/storie\/\">vai alla gallery &gt;<\/a><\/span>\t\t\t\t\t\t\t\t<\/div>\n\t\t\t\t<\/div>\n\t\t\t\t<div class=\"elementor-element elementor-element-844a5e8 elementor-widget elementor-widget-video\" data-id=\"844a5e8\" data-element_type=\"widget\" data-e-type=\"widget\" data-settings=\"{&quot;video_type&quot;:&quot;hosted&quot;,&quot;controls&quot;:&quot;yes&quot;}\" data-widget_type=\"video.default\">\n\t\t\t\t<div class=\"elementor-widget-container\">\n\t\t\t\t\t\t\t<div class=\"e-hosted-video elementor-wrapper elementor-open-inline\">\n\t\t\t\t\t<video class=\"elementor-video\" src=\"https:\/\/monumentiaperti.com\/it\/wp-content\/uploads\/2024\/02\/Emilia-Congiu_Emozioni-Bambini-Monumenti-Aperti.mp4\" controls=\"\" preload=\"metadata\" controlsList=\"nodownload\"><\/video>\n\t\t\t\t<\/div>\n\t\t\t\t\t\t<\/div>\n\t\t\t\t<\/div>\n\t\t\t\t<div class=\"elementor-element elementor-element-a5ac4e9 elementor-widget elementor-widget-text-editor\" data-id=\"a5ac4e9\" data-element_type=\"widget\" data-e-type=\"widget\" data-widget_type=\"text-editor.default\">\n\t\t\t\t<div class=\"elementor-widget-container\">\n\t\t\t\t\t\t\t\t\t<p><b>Le emozioni dei bambini durante l&#8217;esperienza di Monumenti Aperti<br \/><\/b>Emilia Congiu &#8211; Maestra scuola primaria<\/p>\t\t\t\t\t\t\t\t<\/div>\n\t\t\t\t<\/div>\n\t\t\t\t\t<\/div>\n\t\t\t\t<\/div>\n\t\t\t\t\t\t\t\t<\/div>\n\t\t\t\t\t\t\t\t<\/div>\n\t\t<\/div>\n\t\t\t\t\t<div class=\"elementor-swiper-button elementor-swiper-button-prev\" role=\"button\" tabindex=\"0\" aria-label=\"Precedente\">\n\t\t\t\t<svg aria-hidden=\"true\" class=\"e-font-icon-svg e-eicon-chevron-left\" viewBox=\"0 0 1000 1000\" xmlns=\"http:\/\/www.w3.org\/2000\/svg\"><path d=\"M646 125C629 125 613 133 604 142L308 442C296 454 292 471 292 487 292 504 296 521 308 533L604 854C617 867 629 875 646 875 663 875 679 871 692 858 704 846 713 829 713 812 713 796 708 779 692 767L438 487 692 225C700 217 708 204 708 187 708 171 704 154 692 142 675 129 663 125 646 125Z\"><\/path><\/svg>\t\t\t<\/div>\n\t\t\t<div class=\"elementor-swiper-button elementor-swiper-button-next\" role=\"button\" tabindex=\"0\" aria-label=\"Successivo\">\n\t\t\t\t<svg aria-hidden=\"true\" class=\"e-font-icon-svg e-eicon-chevron-right\" viewBox=\"0 0 1000 1000\" xmlns=\"http:\/\/www.w3.org\/2000\/svg\"><path d=\"M696 533C708 521 713 504 713 487 713 471 708 454 696 446L400 146C388 133 375 125 354 125 338 125 325 129 313 142 300 154 292 171 292 187 292 204 296 221 308 233L563 492 304 771C292 783 288 800 288 817 288 833 296 850 308 863 321 871 338 875 354 875 371 875 388 867 400 854L696 533Z\"><\/path><\/svg>\t\t\t<\/div>\n\t\t\t\t\t\t<\/div>\n\t\t\t\t<\/div>\n\t\t\t\t\t<\/div>\n\t\t\t\t<\/div>\n\t\t<div class=\"elementor-element elementor-element-fa7bfe4 e-flex e-con-boxed e-con e-parent\" data-id=\"fa7bfe4\" data-element_type=\"container\" data-e-type=\"container\">\n\t\t\t\t\t<div class=\"e-con-inner\">\n\t\t\t\t<div class=\"elementor-element elementor-element-f26eac6 elementor-widget elementor-widget-heading\" data-id=\"f26eac6\" data-element_type=\"widget\" data-e-type=\"widget\" data-widget_type=\"heading.default\">\n\t\t\t\t<div class=\"elementor-widget-container\">\n\t\t\t\t\t<h2 class=\"elementor-heading-title elementor-size-default\">News<\/h2>\t\t\t\t<\/div>\n\t\t\t\t<\/div>\n\t\t\t\t\t<\/div>\n\t\t\t\t<\/div>\n\t\t<div class=\"elementor-element elementor-element-5a31c28 e-flex e-con-boxed e-con e-parent\" data-id=\"5a31c28\" data-element_type=\"container\" data-e-type=\"container\">\n\t\t\t\t\t<div class=\"e-con-inner\">\n\t\t\t\t<div class=\"elementor-element elementor-element-779ac14 elementor-pagination-type-progressbar elementor-arrows-position-outside elementor-widget elementor-widget-loop-carousel\" data-id=\"779ac14\" data-element_type=\"widget\" data-e-type=\"widget\" data-settings=\"{&quot;template_id&quot;:84514,&quot;pagination&quot;:&quot;progressbar&quot;,&quot;slides_to_show&quot;:&quot;6&quot;,&quot;_skin&quot;:&quot;post&quot;,&quot;slides_to_show_tablet&quot;:&quot;2&quot;,&quot;slides_to_show_mobile&quot;:&quot;1&quot;,&quot;slides_to_scroll&quot;:&quot;1&quot;,&quot;edit_handle_selector&quot;:&quot;.elementor-widget-container&quot;,&quot;autoplay&quot;:&quot;yes&quot;,&quot;autoplay_speed&quot;:5000,&quot;pause_on_hover&quot;:&quot;yes&quot;,&quot;pause_on_interaction&quot;:&quot;yes&quot;,&quot;speed&quot;:500,&quot;arrows&quot;:&quot;yes&quot;,&quot;image_spacing_custom&quot;:{&quot;unit&quot;:&quot;px&quot;,&quot;size&quot;:10,&quot;sizes&quot;:[]},&quot;image_spacing_custom_tablet&quot;:{&quot;unit&quot;:&quot;px&quot;,&quot;size&quot;:&quot;&quot;,&quot;sizes&quot;:[]},&quot;image_spacing_custom_mobile&quot;:{&quot;unit&quot;:&quot;px&quot;,&quot;size&quot;:&quot;&quot;,&quot;sizes&quot;:[]}}\" data-widget_type=\"loop-carousel.post\">\n\t\t\t\t<div class=\"elementor-widget-container\">\n\t\t\t\t\t\t\t<div class=\"swiper elementor-loop-container elementor-grid\" dir=\"ltr\">\n\t\t\t\t<div class=\"swiper-wrapper\" aria-live=\"off\">\n\t\t<style id=\"loop-84514\">.elementor-84514 .elementor-element.elementor-element-f523520{--display:flex;--flex-direction:column;--container-widget-width:100%;--container-widget-height:initial;--container-widget-flex-grow:0;--container-widget-align-self:initial;--flex-wrap-mobile:wrap;--gap:16px 16px;--row-gap:16px;--column-gap:16px;border-style:solid;--border-style:solid;border-width:1px 1px 1px 1px;--border-top-width:1px;--border-right-width:1px;--border-bottom-width:1px;--border-left-width:1px;border-color:var( --e-global-color-15ad50d );--border-color:var( --e-global-color-15ad50d );--padding-top:10px;--padding-bottom:10px;--padding-left:10px;--padding-right:10px;}.elementor-widget-theme-post-featured-image .widget-image-caption{color:var( --e-global-color-text );font-family:var( --e-global-typography-text-font-family ), Sans-serif;font-weight:var( --e-global-typography-text-font-weight );}.elementor-84514 .elementor-element.elementor-element-1fa2840{text-align:center;}.elementor-84514 .elementor-element.elementor-element-1fa2840 img{max-width:100%;height:200px;object-fit:cover;object-position:center center;}.elementor-84514 .elementor-element.elementor-element-5ece6b1{--display:flex;--gap:0px 0px;--row-gap:0px;--column-gap:0px;--padding-top:0px;--padding-bottom:0px;--padding-left:0px;--padding-right:0px;}.elementor-widget-theme-post-title .elementor-heading-title{font-family:var( --e-global-typography-primary-font-family ), Sans-serif;font-weight:var( --e-global-typography-primary-font-weight );color:var( --e-global-color-primary );}.elementor-84514 .elementor-element.elementor-element-a9f2a98 .elementor-heading-title{font-family:\"Open Sans Hebrew\", Sans-serif;font-size:16px;font-weight:400;}.elementor-widget-post-info .elementor-icon-list-item:not(:last-child):after{border-color:var( --e-global-color-text );}.elementor-widget-post-info .elementor-icon-list-icon i{color:var( --e-global-color-primary );}.elementor-widget-post-info .elementor-icon-list-icon svg{fill:var( --e-global-color-primary );}.elementor-widget-post-info .elementor-icon-list-text, .elementor-widget-post-info .elementor-icon-list-text a{color:var( --e-global-color-secondary );}.elementor-widget-post-info .elementor-icon-list-item{font-family:var( --e-global-typography-text-font-family ), Sans-serif;font-weight:var( --e-global-typography-text-font-weight );}.elementor-84514 .elementor-element.elementor-element-e3ece52 .elementor-icon-list-icon{width:14px;}.elementor-84514 .elementor-element.elementor-element-e3ece52 .elementor-icon-list-icon i{font-size:14px;}.elementor-84514 .elementor-element.elementor-element-e3ece52 .elementor-icon-list-icon svg{--e-icon-list-icon-size:14px;}.elementor-84514 .elementor-element.elementor-element-e3ece52 .elementor-icon-list-text, .elementor-84514 .elementor-element.elementor-element-e3ece52 .elementor-icon-list-text a{color:#ADADAD;}.elementor-84514 .elementor-element.elementor-element-e3ece52 .elementor-icon-list-item{font-family:\"Roboto Slab\", Sans-serif;font-size:12px;font-weight:400;}.elementor-widget-heading .elementor-heading-title{font-family:var( --e-global-typography-primary-font-family ), Sans-serif;font-weight:var( --e-global-typography-primary-font-weight );color:var( --e-global-color-primary );}.elementor-84514 .elementor-element.elementor-element-8509131 .elementor-heading-title{font-family:\"Open Sans Hebrew\", Sans-serif;font-weight:500;color:var( --e-global-color-bb880e5 );}<\/style>\t\t<div data-elementor-type=\"loop-item\" data-elementor-id=\"84514\" class=\"elementor elementor-84514 swiper-slide e-loop-item e-loop-item-109528 post-109528 post type-post status-publish format-standard has-post-thumbnail hentry category-news\" data-elementor-post-type=\"elementor_library\" role=\"group\" aria-roledescription=\"slide\" data-custom-edit-handle=\"1\">\n\t\t\t<div class=\"elementor-element elementor-element-f523520 e-flex e-con-boxed e-con e-parent\" data-id=\"f523520\" data-element_type=\"container\" data-e-type=\"container\">\n\t\t\t\t\t<div class=\"e-con-inner\">\n\t\t\t\t<div class=\"elementor-element elementor-element-1fa2840 elementor-widget elementor-widget-theme-post-featured-image elementor-widget-image\" data-id=\"1fa2840\" data-element_type=\"widget\" data-e-type=\"widget\" data-widget_type=\"theme-post-featured-image.default\">\n\t\t\t\t<div class=\"elementor-widget-container\">\n\t\t\t\t\t\t\t\t\t\t\t\t\t\t\t\t<a href=\"https:\/\/monumentiaperti.com\/it\/news\/app-monumenti-aperti\/\">\n\t\t\t\t\t\t\t<img decoding=\"async\" width=\"503\" height=\"503\" src=\"https:\/\/monumentiaperti.com\/it\/wp-content\/uploads\/2023\/11\/cropped-icona-503x503.png\" class=\"attachment-medium size-medium wp-image-49450\" alt=\"\" srcset=\"https:\/\/monumentiaperti.com\/it\/wp-content\/uploads\/2023\/11\/cropped-icona-503x503.png 503w, https:\/\/monumentiaperti.com\/it\/wp-content\/uploads\/2023\/11\/cropped-icona-150x150.png 150w, https:\/\/monumentiaperti.com\/it\/wp-content\/uploads\/2023\/11\/cropped-icona-66x66.png 66w, https:\/\/monumentiaperti.com\/it\/wp-content\/uploads\/2023\/11\/cropped-icona-200x200.png 200w, https:\/\/monumentiaperti.com\/it\/wp-content\/uploads\/2023\/11\/cropped-icona-400x400.png 400w, https:\/\/monumentiaperti.com\/it\/wp-content\/uploads\/2023\/11\/cropped-icona-270x270.png 270w, https:\/\/monumentiaperti.com\/it\/wp-content\/uploads\/2023\/11\/cropped-icona-192x192.png 192w, https:\/\/monumentiaperti.com\/it\/wp-content\/uploads\/2023\/11\/cropped-icona-180x180.png 180w, https:\/\/monumentiaperti.com\/it\/wp-content\/uploads\/2023\/11\/cropped-icona-32x32.png 32w, https:\/\/monumentiaperti.com\/it\/wp-content\/uploads\/2023\/11\/cropped-icona.png 512w\" sizes=\"(max-width: 503px) 100vw, 503px\" \/>\t\t\t\t\t\t\t\t<\/a>\n\t\t\t\t\t\t\t\t\t\t\t\t\t\t\t<\/div>\n\t\t\t\t<\/div>\n\t\t<div class=\"elementor-element elementor-element-5ece6b1 e-flex e-con-boxed e-con e-child\" data-id=\"5ece6b1\" data-element_type=\"container\" data-e-type=\"container\">\n\t\t\t\t\t<div class=\"e-con-inner\">\n\t\t\t\t<div class=\"elementor-element elementor-element-a9f2a98 elementor-widget elementor-widget-theme-post-title elementor-page-title elementor-widget-heading\" data-id=\"a9f2a98\" data-element_type=\"widget\" data-e-type=\"widget\" data-widget_type=\"theme-post-title.default\">\n\t\t\t\t<div class=\"elementor-widget-container\">\n\t\t\t\t\t<h3 class=\"elementor-heading-title elementor-size-default\">Scarica la App di Monumenti Aperti<\/h3>\t\t\t\t<\/div>\n\t\t\t\t<\/div>\n\t\t\t\t<div class=\"elementor-element elementor-element-e3ece52 elementor-widget elementor-widget-post-info\" data-id=\"e3ece52\" data-element_type=\"widget\" data-e-type=\"widget\" data-widget_type=\"post-info.default\">\n\t\t\t\t<div class=\"elementor-widget-container\">\n\t\t\t\t\t\t\t<ul class=\"elementor-inline-items elementor-icon-list-items elementor-post-info\">\n\t\t\t\t\t\t\t\t<li class=\"elementor-icon-list-item elementor-repeater-item-0f76215 elementor-inline-item\" itemprop=\"datePublished\">\n\t\t\t\t\t\t<a href=\"https:\/\/monumentiaperti.com\/it\/2026\/04\/29\/\">\n\t\t\t\t\t\t\t\t\t\t\t\t\t\t<span class=\"elementor-icon-list-text elementor-post-info__item elementor-post-info__item--type-date\">\n\t\t\t\t\t\t\t\t\t\t<time>Aprile 29, 2026<\/time>\t\t\t\t\t<\/span>\n\t\t\t\t\t\t\t\t\t<\/a>\n\t\t\t\t<\/li>\n\t\t\t\t<\/ul>\n\t\t\t\t\t\t<\/div>\n\t\t\t\t<\/div>\n\t\t\t\t\t<\/div>\n\t\t\t\t<\/div>\n\t\t\t\t<div class=\"elementor-element elementor-element-8509131 elementor-widget elementor-widget-heading\" data-id=\"8509131\" data-element_type=\"widget\" data-e-type=\"widget\" data-widget_type=\"heading.default\">\n\t\t\t\t<div class=\"elementor-widget-container\">\n\t\t\t\t\t<div class=\"elementor-heading-title elementor-size-default\"><a href=\"https:\/\/monumentiaperti.com\/it\/news\/app-monumenti-aperti\/\">Leggi Tutto \u00bb<\/a><\/div>\t\t\t\t<\/div>\n\t\t\t\t<\/div>\n\t\t\t\t\t<\/div>\n\t\t\t\t<\/div>\n\t\t\t\t<\/div>\n\t\t\t\t<div data-elementor-type=\"loop-item\" data-elementor-id=\"84514\" class=\"elementor elementor-84514 swiper-slide e-loop-item e-loop-item-111328 post-111328 post type-post status-publish format-standard has-post-thumbnail hentry category-progetti\" data-elementor-post-type=\"elementor_library\" role=\"group\" aria-roledescription=\"slide\" data-custom-edit-handle=\"1\">\n\t\t\t<div class=\"elementor-element elementor-element-f523520 e-flex e-con-boxed e-con e-parent\" data-id=\"f523520\" data-element_type=\"container\" data-e-type=\"container\">\n\t\t\t\t\t<div class=\"e-con-inner\">\n\t\t\t\t<div class=\"elementor-element elementor-element-1fa2840 elementor-widget elementor-widget-theme-post-featured-image elementor-widget-image\" data-id=\"1fa2840\" data-element_type=\"widget\" data-e-type=\"widget\" data-widget_type=\"theme-post-featured-image.default\">\n\t\t\t\t<div class=\"elementor-widget-container\">\n\t\t\t\t\t\t\t\t\t\t\t\t\t\t\t\t<a href=\"https:\/\/monumentiaperti.com\/it\/progetti\/progetto-in-tasca-solo-pezzi-di-casa\/\">\n\t\t\t\t\t\t\t<img decoding=\"async\" width=\"503\" height=\"335\" src=\"https:\/\/monumentiaperti.com\/it\/wp-content\/uploads\/2026\/03\/DSC07700_jole_muacc-503x335.jpg\" class=\"attachment-medium size-medium wp-image-111338\" alt=\"\" srcset=\"https:\/\/monumentiaperti.com\/it\/wp-content\/uploads\/2026\/03\/DSC07700_jole_muacc-503x335.jpg 503w, https:\/\/monumentiaperti.com\/it\/wp-content\/uploads\/2026\/03\/DSC07700_jole_muacc-1024x683.jpg 1024w, https:\/\/monumentiaperti.com\/it\/wp-content\/uploads\/2026\/03\/DSC07700_jole_muacc-1536x1024.jpg 1536w, https:\/\/monumentiaperti.com\/it\/wp-content\/uploads\/2026\/03\/DSC07700_jole_muacc-2048x1365.jpg 2048w\" sizes=\"(max-width: 503px) 100vw, 503px\" \/>\t\t\t\t\t\t\t\t<\/a>\n\t\t\t\t\t\t\t\t\t\t\t\t\t\t\t<\/div>\n\t\t\t\t<\/div>\n\t\t<div class=\"elementor-element elementor-element-5ece6b1 e-flex e-con-boxed e-con e-child\" data-id=\"5ece6b1\" data-element_type=\"container\" data-e-type=\"container\">\n\t\t\t\t\t<div class=\"e-con-inner\">\n\t\t\t\t<div class=\"elementor-element elementor-element-a9f2a98 elementor-widget elementor-widget-theme-post-title elementor-page-title elementor-widget-heading\" data-id=\"a9f2a98\" data-element_type=\"widget\" data-e-type=\"widget\" data-widget_type=\"theme-post-title.default\">\n\t\t\t\t<div class=\"elementor-widget-container\">\n\t\t\t\t\t<h3 class=\"elementor-heading-title elementor-size-default\">Progetto In tasca solo pezzi di casa<\/h3>\t\t\t\t<\/div>\n\t\t\t\t<\/div>\n\t\t\t\t<div class=\"elementor-element elementor-element-e3ece52 elementor-widget elementor-widget-post-info\" data-id=\"e3ece52\" data-element_type=\"widget\" data-e-type=\"widget\" data-widget_type=\"post-info.default\">\n\t\t\t\t<div class=\"elementor-widget-container\">\n\t\t\t\t\t\t\t<ul class=\"elementor-inline-items elementor-icon-list-items elementor-post-info\">\n\t\t\t\t\t\t\t\t<li class=\"elementor-icon-list-item elementor-repeater-item-0f76215 elementor-inline-item\" itemprop=\"datePublished\">\n\t\t\t\t\t\t<a href=\"https:\/\/monumentiaperti.com\/it\/2026\/04\/28\/\">\n\t\t\t\t\t\t\t\t\t\t\t\t\t\t<span class=\"elementor-icon-list-text elementor-post-info__item elementor-post-info__item--type-date\">\n\t\t\t\t\t\t\t\t\t\t<time>Aprile 28, 2026<\/time>\t\t\t\t\t<\/span>\n\t\t\t\t\t\t\t\t\t<\/a>\n\t\t\t\t<\/li>\n\t\t\t\t<\/ul>\n\t\t\t\t\t\t<\/div>\n\t\t\t\t<\/div>\n\t\t\t\t\t<\/div>\n\t\t\t\t<\/div>\n\t\t\t\t<div class=\"elementor-element elementor-element-8509131 elementor-widget elementor-widget-heading\" data-id=\"8509131\" data-element_type=\"widget\" data-e-type=\"widget\" data-widget_type=\"heading.default\">\n\t\t\t\t<div class=\"elementor-widget-container\">\n\t\t\t\t\t<div class=\"elementor-heading-title elementor-size-default\"><a href=\"https:\/\/monumentiaperti.com\/it\/progetti\/progetto-in-tasca-solo-pezzi-di-casa\/\">Leggi Tutto \u00bb<\/a><\/div>\t\t\t\t<\/div>\n\t\t\t\t<\/div>\n\t\t\t\t\t<\/div>\n\t\t\t\t<\/div>\n\t\t\t\t<\/div>\n\t\t\t\t<div data-elementor-type=\"loop-item\" data-elementor-id=\"84514\" class=\"elementor elementor-84514 swiper-slide e-loop-item e-loop-item-111931 post-111931 post type-post status-publish format-standard has-post-thumbnail hentry category-news\" data-elementor-post-type=\"elementor_library\" role=\"group\" aria-roledescription=\"slide\" data-custom-edit-handle=\"1\">\n\t\t\t<div class=\"elementor-element elementor-element-f523520 e-flex e-con-boxed e-con e-parent\" data-id=\"f523520\" data-element_type=\"container\" data-e-type=\"container\">\n\t\t\t\t\t<div class=\"e-con-inner\">\n\t\t\t\t<div class=\"elementor-element elementor-element-1fa2840 elementor-widget elementor-widget-theme-post-featured-image elementor-widget-image\" data-id=\"1fa2840\" data-element_type=\"widget\" data-e-type=\"widget\" data-widget_type=\"theme-post-featured-image.default\">\n\t\t\t\t<div class=\"elementor-widget-container\">\n\t\t\t\t\t\t\t\t\t\t\t\t\t\t\t\t<a href=\"https:\/\/monumentiaperti.com\/it\/news\/a-cagliari-una-trentesima-edizione-da-record-registrate-oltre-115-000-visite\/\">\n\t\t\t\t\t\t\t<img loading=\"lazy\" decoding=\"async\" width=\"429\" height=\"503\" src=\"https:\/\/monumentiaperti.com\/it\/wp-content\/uploads\/2026\/04\/Parco-Nervi-429x503.jpg\" class=\"attachment-medium size-medium wp-image-111932\" alt=\"\" srcset=\"https:\/\/monumentiaperti.com\/it\/wp-content\/uploads\/2026\/04\/Parco-Nervi-429x503.jpg 429w, https:\/\/monumentiaperti.com\/it\/wp-content\/uploads\/2026\/04\/Parco-Nervi-873x1024.jpg 873w, https:\/\/monumentiaperti.com\/it\/wp-content\/uploads\/2026\/04\/Parco-Nervi-1310x1536.jpg 1310w, https:\/\/monumentiaperti.com\/it\/wp-content\/uploads\/2026\/04\/Parco-Nervi-1747x2048.jpg 1747w, https:\/\/monumentiaperti.com\/it\/wp-content\/uploads\/2026\/04\/Parco-Nervi.jpg 2005w\" sizes=\"(max-width: 429px) 100vw, 429px\" \/>\t\t\t\t\t\t\t\t<\/a>\n\t\t\t\t\t\t\t\t\t\t\t\t\t\t\t<\/div>\n\t\t\t\t<\/div>\n\t\t<div class=\"elementor-element elementor-element-5ece6b1 e-flex e-con-boxed e-con e-child\" data-id=\"5ece6b1\" data-element_type=\"container\" data-e-type=\"container\">\n\t\t\t\t\t<div class=\"e-con-inner\">\n\t\t\t\t<div class=\"elementor-element elementor-element-a9f2a98 elementor-widget elementor-widget-theme-post-title elementor-page-title elementor-widget-heading\" data-id=\"a9f2a98\" data-element_type=\"widget\" data-e-type=\"widget\" data-widget_type=\"theme-post-title.default\">\n\t\t\t\t<div class=\"elementor-widget-container\">\n\t\t\t\t\t<h3 class=\"elementor-heading-title elementor-size-default\">A Cagliari una trentesima edizione da record: registrate oltre 115.000 visite<\/h3>\t\t\t\t<\/div>\n\t\t\t\t<\/div>\n\t\t\t\t<div class=\"elementor-element elementor-element-e3ece52 elementor-widget elementor-widget-post-info\" data-id=\"e3ece52\" data-element_type=\"widget\" data-e-type=\"widget\" data-widget_type=\"post-info.default\">\n\t\t\t\t<div class=\"elementor-widget-container\">\n\t\t\t\t\t\t\t<ul class=\"elementor-inline-items elementor-icon-list-items elementor-post-info\">\n\t\t\t\t\t\t\t\t<li class=\"elementor-icon-list-item elementor-repeater-item-0f76215 elementor-inline-item\" itemprop=\"datePublished\">\n\t\t\t\t\t\t<a href=\"https:\/\/monumentiaperti.com\/it\/2026\/04\/19\/\">\n\t\t\t\t\t\t\t\t\t\t\t\t\t\t<span class=\"elementor-icon-list-text elementor-post-info__item elementor-post-info__item--type-date\">\n\t\t\t\t\t\t\t\t\t\t<time>Aprile 19, 2026<\/time>\t\t\t\t\t<\/span>\n\t\t\t\t\t\t\t\t\t<\/a>\n\t\t\t\t<\/li>\n\t\t\t\t<\/ul>\n\t\t\t\t\t\t<\/div>\n\t\t\t\t<\/div>\n\t\t\t\t\t<\/div>\n\t\t\t\t<\/div>\n\t\t\t\t<div class=\"elementor-element elementor-element-8509131 elementor-widget elementor-widget-heading\" data-id=\"8509131\" data-element_type=\"widget\" data-e-type=\"widget\" data-widget_type=\"heading.default\">\n\t\t\t\t<div class=\"elementor-widget-container\">\n\t\t\t\t\t<div class=\"elementor-heading-title elementor-size-default\"><a href=\"https:\/\/monumentiaperti.com\/it\/news\/a-cagliari-una-trentesima-edizione-da-record-registrate-oltre-115-000-visite\/\">Leggi Tutto \u00bb<\/a><\/div>\t\t\t\t<\/div>\n\t\t\t\t<\/div>\n\t\t\t\t\t<\/div>\n\t\t\t\t<\/div>\n\t\t\t\t<\/div>\n\t\t\t\t<div data-elementor-type=\"loop-item\" data-elementor-id=\"84514\" class=\"elementor elementor-84514 swiper-slide e-loop-item e-loop-item-111929 post-111929 post type-post status-publish format-standard has-post-thumbnail hentry category-news\" data-elementor-post-type=\"elementor_library\" role=\"group\" aria-roledescription=\"slide\" data-custom-edit-handle=\"1\">\n\t\t\t<div class=\"elementor-element elementor-element-f523520 e-flex e-con-boxed e-con e-parent\" data-id=\"f523520\" data-element_type=\"container\" data-e-type=\"container\">\n\t\t\t\t\t<div class=\"e-con-inner\">\n\t\t\t\t<div class=\"elementor-element elementor-element-1fa2840 elementor-widget elementor-widget-theme-post-featured-image elementor-widget-image\" data-id=\"1fa2840\" data-element_type=\"widget\" data-e-type=\"widget\" data-widget_type=\"theme-post-featured-image.default\">\n\t\t\t\t<div class=\"elementor-widget-container\">\n\t\t\t\t\t\t\t\t\t\t\t\t\t\t\t\t<a href=\"https:\/\/monumentiaperti.com\/it\/news\/conferenza-stampa-di-presentazione-programma-sardegna\/\">\n\t\t\t\t\t\t\t<img loading=\"lazy\" decoding=\"async\" width=\"503\" height=\"339\" src=\"https:\/\/monumentiaperti.com\/it\/wp-content\/uploads\/2026\/04\/Conferenza-stampa-503x339.jpeg\" class=\"attachment-medium size-medium wp-image-111936\" alt=\"\" srcset=\"https:\/\/monumentiaperti.com\/it\/wp-content\/uploads\/2026\/04\/Conferenza-stampa-503x339.jpeg 503w, https:\/\/monumentiaperti.com\/it\/wp-content\/uploads\/2026\/04\/Conferenza-stampa-1024x689.jpeg 1024w, https:\/\/monumentiaperti.com\/it\/wp-content\/uploads\/2026\/04\/Conferenza-stampa.jpeg 1371w\" sizes=\"(max-width: 503px) 100vw, 503px\" \/>\t\t\t\t\t\t\t\t<\/a>\n\t\t\t\t\t\t\t\t\t\t\t\t\t\t\t<\/div>\n\t\t\t\t<\/div>\n\t\t<div class=\"elementor-element elementor-element-5ece6b1 e-flex e-con-boxed e-con e-child\" data-id=\"5ece6b1\" data-element_type=\"container\" data-e-type=\"container\">\n\t\t\t\t\t<div class=\"e-con-inner\">\n\t\t\t\t<div class=\"elementor-element elementor-element-a9f2a98 elementor-widget elementor-widget-theme-post-title elementor-page-title elementor-widget-heading\" data-id=\"a9f2a98\" data-element_type=\"widget\" data-e-type=\"widget\" data-widget_type=\"theme-post-title.default\">\n\t\t\t\t<div class=\"elementor-widget-container\">\n\t\t\t\t\t<h3 class=\"elementor-heading-title elementor-size-default\">Conferenza stampa di presentazione programma  Sardegna<\/h3>\t\t\t\t<\/div>\n\t\t\t\t<\/div>\n\t\t\t\t<div class=\"elementor-element elementor-element-e3ece52 elementor-widget elementor-widget-post-info\" data-id=\"e3ece52\" data-element_type=\"widget\" data-e-type=\"widget\" data-widget_type=\"post-info.default\">\n\t\t\t\t<div class=\"elementor-widget-container\">\n\t\t\t\t\t\t\t<ul class=\"elementor-inline-items elementor-icon-list-items elementor-post-info\">\n\t\t\t\t\t\t\t\t<li class=\"elementor-icon-list-item elementor-repeater-item-0f76215 elementor-inline-item\" itemprop=\"datePublished\">\n\t\t\t\t\t\t<a href=\"https:\/\/monumentiaperti.com\/it\/2026\/04\/19\/\">\n\t\t\t\t\t\t\t\t\t\t\t\t\t\t<span class=\"elementor-icon-list-text elementor-post-info__item elementor-post-info__item--type-date\">\n\t\t\t\t\t\t\t\t\t\t<time>Aprile 19, 2026<\/time>\t\t\t\t\t<\/span>\n\t\t\t\t\t\t\t\t\t<\/a>\n\t\t\t\t<\/li>\n\t\t\t\t<\/ul>\n\t\t\t\t\t\t<\/div>\n\t\t\t\t<\/div>\n\t\t\t\t\t<\/div>\n\t\t\t\t<\/div>\n\t\t\t\t<div class=\"elementor-element elementor-element-8509131 elementor-widget elementor-widget-heading\" data-id=\"8509131\" data-element_type=\"widget\" data-e-type=\"widget\" data-widget_type=\"heading.default\">\n\t\t\t\t<div class=\"elementor-widget-container\">\n\t\t\t\t\t<div class=\"elementor-heading-title elementor-size-default\"><a href=\"https:\/\/monumentiaperti.com\/it\/news\/conferenza-stampa-di-presentazione-programma-sardegna\/\">Leggi Tutto \u00bb<\/a><\/div>\t\t\t\t<\/div>\n\t\t\t\t<\/div>\n\t\t\t\t\t<\/div>\n\t\t\t\t<\/div>\n\t\t\t\t<\/div>\n\t\t\t\t<div data-elementor-type=\"loop-item\" data-elementor-id=\"84514\" class=\"elementor elementor-84514 swiper-slide e-loop-item e-loop-item-111914 post-111914 post type-post status-publish format-standard has-post-thumbnail hentry category-news\" data-elementor-post-type=\"elementor_library\" role=\"group\" aria-roledescription=\"slide\" data-custom-edit-handle=\"1\">\n\t\t\t<div class=\"elementor-element elementor-element-f523520 e-flex e-con-boxed e-con e-parent\" data-id=\"f523520\" data-element_type=\"container\" data-e-type=\"container\">\n\t\t\t\t\t<div class=\"e-con-inner\">\n\t\t\t\t<div class=\"elementor-element elementor-element-1fa2840 elementor-widget elementor-widget-theme-post-featured-image elementor-widget-image\" data-id=\"1fa2840\" data-element_type=\"widget\" data-e-type=\"widget\" data-widget_type=\"theme-post-featured-image.default\">\n\t\t\t\t<div class=\"elementor-widget-container\">\n\t\t\t\t\t\t\t\t\t\t\t\t\t\t\t\t<a href=\"https:\/\/monumentiaperti.com\/it\/news\/cagliari-orari-direzione-generale-della-protezione-civile\/\">\n\t\t\t\t\t\t\t<img loading=\"lazy\" decoding=\"async\" width=\"503\" height=\"377\" src=\"https:\/\/monumentiaperti.com\/it\/wp-content\/uploads\/2026\/04\/Direzione-Regionale-Protezione-Civile-503x377.jpeg\" class=\"attachment-medium size-medium wp-image-111509\" alt=\"\" srcset=\"https:\/\/monumentiaperti.com\/it\/wp-content\/uploads\/2026\/04\/Direzione-Regionale-Protezione-Civile-503x377.jpeg 503w, https:\/\/monumentiaperti.com\/it\/wp-content\/uploads\/2026\/04\/Direzione-Regionale-Protezione-Civile-1024x768.jpeg 1024w, https:\/\/monumentiaperti.com\/it\/wp-content\/uploads\/2026\/04\/Direzione-Regionale-Protezione-Civile-1536x1152.jpeg 1536w, https:\/\/monumentiaperti.com\/it\/wp-content\/uploads\/2026\/04\/Direzione-Regionale-Protezione-Civile-2048x1536.jpeg 2048w\" sizes=\"(max-width: 503px) 100vw, 503px\" \/>\t\t\t\t\t\t\t\t<\/a>\n\t\t\t\t\t\t\t\t\t\t\t\t\t\t\t<\/div>\n\t\t\t\t<\/div>\n\t\t<div class=\"elementor-element elementor-element-5ece6b1 e-flex e-con-boxed e-con e-child\" data-id=\"5ece6b1\" data-element_type=\"container\" data-e-type=\"container\">\n\t\t\t\t\t<div class=\"e-con-inner\">\n\t\t\t\t<div class=\"elementor-element elementor-element-a9f2a98 elementor-widget elementor-widget-theme-post-title elementor-page-title elementor-widget-heading\" data-id=\"a9f2a98\" data-element_type=\"widget\" data-e-type=\"widget\" data-widget_type=\"theme-post-title.default\">\n\t\t\t\t<div class=\"elementor-widget-container\">\n\t\t\t\t\t<h3 class=\"elementor-heading-title elementor-size-default\">Cagliari &#8211; Orari Direzione Generale della Protezione Civile<\/h3>\t\t\t\t<\/div>\n\t\t\t\t<\/div>\n\t\t\t\t<div class=\"elementor-element elementor-element-e3ece52 elementor-widget elementor-widget-post-info\" data-id=\"e3ece52\" data-element_type=\"widget\" data-e-type=\"widget\" data-widget_type=\"post-info.default\">\n\t\t\t\t<div class=\"elementor-widget-container\">\n\t\t\t\t\t\t\t<ul class=\"elementor-inline-items elementor-icon-list-items elementor-post-info\">\n\t\t\t\t\t\t\t\t<li class=\"elementor-icon-list-item elementor-repeater-item-0f76215 elementor-inline-item\" itemprop=\"datePublished\">\n\t\t\t\t\t\t<a href=\"https:\/\/monumentiaperti.com\/it\/2026\/04\/17\/\">\n\t\t\t\t\t\t\t\t\t\t\t\t\t\t<span class=\"elementor-icon-list-text elementor-post-info__item elementor-post-info__item--type-date\">\n\t\t\t\t\t\t\t\t\t\t<time>Aprile 17, 2026<\/time>\t\t\t\t\t<\/span>\n\t\t\t\t\t\t\t\t\t<\/a>\n\t\t\t\t<\/li>\n\t\t\t\t<\/ul>\n\t\t\t\t\t\t<\/div>\n\t\t\t\t<\/div>\n\t\t\t\t\t<\/div>\n\t\t\t\t<\/div>\n\t\t\t\t<div class=\"elementor-element elementor-element-8509131 elementor-widget elementor-widget-heading\" data-id=\"8509131\" data-element_type=\"widget\" data-e-type=\"widget\" data-widget_type=\"heading.default\">\n\t\t\t\t<div class=\"elementor-widget-container\">\n\t\t\t\t\t<div class=\"elementor-heading-title elementor-size-default\"><a href=\"https:\/\/monumentiaperti.com\/it\/news\/cagliari-orari-direzione-generale-della-protezione-civile\/\">Leggi Tutto \u00bb<\/a><\/div>\t\t\t\t<\/div>\n\t\t\t\t<\/div>\n\t\t\t\t\t<\/div>\n\t\t\t\t<\/div>\n\t\t\t\t<\/div>\n\t\t\t\t<div data-elementor-type=\"loop-item\" data-elementor-id=\"84514\" class=\"elementor elementor-84514 swiper-slide e-loop-item e-loop-item-111717 post-111717 post type-post status-publish format-standard has-post-thumbnail hentry category-news\" data-elementor-post-type=\"elementor_library\" role=\"group\" aria-roledescription=\"slide\" data-custom-edit-handle=\"1\">\n\t\t\t<div class=\"elementor-element elementor-element-f523520 e-flex e-con-boxed e-con e-parent\" data-id=\"f523520\" data-element_type=\"container\" data-e-type=\"container\">\n\t\t\t\t\t<div class=\"e-con-inner\">\n\t\t\t\t<div class=\"elementor-element elementor-element-1fa2840 elementor-widget elementor-widget-theme-post-featured-image elementor-widget-image\" data-id=\"1fa2840\" data-element_type=\"widget\" data-e-type=\"widget\" data-widget_type=\"theme-post-featured-image.default\">\n\t\t\t\t<div class=\"elementor-widget-container\">\n\t\t\t\t\t\t\t\t\t\t\t\t\t\t\t\t<a href=\"https:\/\/monumentiaperti.com\/it\/news\/anteprima-cagliari-monumenti-aperti\/\">\n\t\t\t\t\t\t\t<img loading=\"lazy\" decoding=\"async\" width=\"398\" height=\"503\" src=\"https:\/\/monumentiaperti.com\/it\/wp-content\/uploads\/2026\/04\/Anteprima-Cagliari-398x503.jpeg\" class=\"attachment-medium size-medium wp-image-111719\" alt=\"\" srcset=\"https:\/\/monumentiaperti.com\/it\/wp-content\/uploads\/2026\/04\/Anteprima-Cagliari-398x503.jpeg 398w, https:\/\/monumentiaperti.com\/it\/wp-content\/uploads\/2026\/04\/Anteprima-Cagliari.jpeg 580w\" sizes=\"(max-width: 398px) 100vw, 398px\" \/>\t\t\t\t\t\t\t\t<\/a>\n\t\t\t\t\t\t\t\t\t\t\t\t\t\t\t<\/div>\n\t\t\t\t<\/div>\n\t\t<div class=\"elementor-element elementor-element-5ece6b1 e-flex e-con-boxed e-con e-child\" data-id=\"5ece6b1\" data-element_type=\"container\" data-e-type=\"container\">\n\t\t\t\t\t<div class=\"e-con-inner\">\n\t\t\t\t<div class=\"elementor-element elementor-element-a9f2a98 elementor-widget elementor-widget-theme-post-title elementor-page-title elementor-widget-heading\" data-id=\"a9f2a98\" data-element_type=\"widget\" data-e-type=\"widget\" data-widget_type=\"theme-post-title.default\">\n\t\t\t\t<div class=\"elementor-widget-container\">\n\t\t\t\t\t<h3 class=\"elementor-heading-title elementor-size-default\">Anteprima Cagliari Monumenti Aperti<\/h3>\t\t\t\t<\/div>\n\t\t\t\t<\/div>\n\t\t\t\t<div class=\"elementor-element elementor-element-e3ece52 elementor-widget elementor-widget-post-info\" data-id=\"e3ece52\" data-element_type=\"widget\" data-e-type=\"widget\" data-widget_type=\"post-info.default\">\n\t\t\t\t<div class=\"elementor-widget-container\">\n\t\t\t\t\t\t\t<ul class=\"elementor-inline-items elementor-icon-list-items elementor-post-info\">\n\t\t\t\t\t\t\t\t<li class=\"elementor-icon-list-item elementor-repeater-item-0f76215 elementor-inline-item\" itemprop=\"datePublished\">\n\t\t\t\t\t\t<a href=\"https:\/\/monumentiaperti.com\/it\/2026\/04\/13\/\">\n\t\t\t\t\t\t\t\t\t\t\t\t\t\t<span class=\"elementor-icon-list-text elementor-post-info__item elementor-post-info__item--type-date\">\n\t\t\t\t\t\t\t\t\t\t<time>Aprile 13, 2026<\/time>\t\t\t\t\t<\/span>\n\t\t\t\t\t\t\t\t\t<\/a>\n\t\t\t\t<\/li>\n\t\t\t\t<\/ul>\n\t\t\t\t\t\t<\/div>\n\t\t\t\t<\/div>\n\t\t\t\t\t<\/div>\n\t\t\t\t<\/div>\n\t\t\t\t<div class=\"elementor-element elementor-element-8509131 elementor-widget elementor-widget-heading\" data-id=\"8509131\" data-element_type=\"widget\" data-e-type=\"widget\" data-widget_type=\"heading.default\">\n\t\t\t\t<div class=\"elementor-widget-container\">\n\t\t\t\t\t<div class=\"elementor-heading-title elementor-size-default\"><a href=\"https:\/\/monumentiaperti.com\/it\/news\/anteprima-cagliari-monumenti-aperti\/\">Leggi Tutto \u00bb<\/a><\/div>\t\t\t\t<\/div>\n\t\t\t\t<\/div>\n\t\t\t\t\t<\/div>\n\t\t\t\t<\/div>\n\t\t\t\t<\/div>\n\t\t\t\t<div data-elementor-type=\"loop-item\" data-elementor-id=\"84514\" class=\"elementor elementor-84514 swiper-slide e-loop-item e-loop-item-111676 post-111676 post type-post status-publish format-standard has-post-thumbnail hentry category-news\" data-elementor-post-type=\"elementor_library\" role=\"group\" aria-roledescription=\"slide\" data-custom-edit-handle=\"1\">\n\t\t\t<div class=\"elementor-element elementor-element-f523520 e-flex e-con-boxed e-con e-parent\" data-id=\"f523520\" data-element_type=\"container\" data-e-type=\"container\">\n\t\t\t\t\t<div class=\"e-con-inner\">\n\t\t\t\t<div class=\"elementor-element elementor-element-1fa2840 elementor-widget elementor-widget-theme-post-featured-image elementor-widget-image\" data-id=\"1fa2840\" data-element_type=\"widget\" data-e-type=\"widget\" data-widget_type=\"theme-post-featured-image.default\">\n\t\t\t\t<div class=\"elementor-widget-container\">\n\t\t\t\t\t\t\t\t\t\t\t\t\t\t\t\t<a href=\"https:\/\/monumentiaperti.com\/it\/news\/conferenza-stampa-cagliari-monumenti-aperti-2\/\">\n\t\t\t\t\t\t\t<img loading=\"lazy\" decoding=\"async\" width=\"420\" height=\"503\" src=\"https:\/\/monumentiaperti.com\/it\/wp-content\/uploads\/2026\/04\/Screenshot-2026-04-10-alle-09.30.24-420x503.png\" class=\"attachment-medium size-medium wp-image-111678\" alt=\"\" srcset=\"https:\/\/monumentiaperti.com\/it\/wp-content\/uploads\/2026\/04\/Screenshot-2026-04-10-alle-09.30.24-420x503.png 420w, https:\/\/monumentiaperti.com\/it\/wp-content\/uploads\/2026\/04\/Screenshot-2026-04-10-alle-09.30.24-855x1024.png 855w, https:\/\/monumentiaperti.com\/it\/wp-content\/uploads\/2026\/04\/Screenshot-2026-04-10-alle-09.30.24-1283x1536.png 1283w, https:\/\/monumentiaperti.com\/it\/wp-content\/uploads\/2026\/04\/Screenshot-2026-04-10-alle-09.30.24.png 1584w\" sizes=\"(max-width: 420px) 100vw, 420px\" \/>\t\t\t\t\t\t\t\t<\/a>\n\t\t\t\t\t\t\t\t\t\t\t\t\t\t\t<\/div>\n\t\t\t\t<\/div>\n\t\t<div class=\"elementor-element elementor-element-5ece6b1 e-flex e-con-boxed e-con e-child\" data-id=\"5ece6b1\" data-element_type=\"container\" data-e-type=\"container\">\n\t\t\t\t\t<div class=\"e-con-inner\">\n\t\t\t\t<div class=\"elementor-element elementor-element-a9f2a98 elementor-widget elementor-widget-theme-post-title elementor-page-title elementor-widget-heading\" data-id=\"a9f2a98\" data-element_type=\"widget\" data-e-type=\"widget\" data-widget_type=\"theme-post-title.default\">\n\t\t\t\t<div class=\"elementor-widget-container\">\n\t\t\t\t\t<h3 class=\"elementor-heading-title elementor-size-default\">Conferenza stampa Cagliari Monumenti Aperti<\/h3>\t\t\t\t<\/div>\n\t\t\t\t<\/div>\n\t\t\t\t<div class=\"elementor-element elementor-element-e3ece52 elementor-widget elementor-widget-post-info\" data-id=\"e3ece52\" data-element_type=\"widget\" data-e-type=\"widget\" data-widget_type=\"post-info.default\">\n\t\t\t\t<div class=\"elementor-widget-container\">\n\t\t\t\t\t\t\t<ul class=\"elementor-inline-items elementor-icon-list-items elementor-post-info\">\n\t\t\t\t\t\t\t\t<li class=\"elementor-icon-list-item elementor-repeater-item-0f76215 elementor-inline-item\" itemprop=\"datePublished\">\n\t\t\t\t\t\t<a href=\"https:\/\/monumentiaperti.com\/it\/2026\/04\/10\/\">\n\t\t\t\t\t\t\t\t\t\t\t\t\t\t<span class=\"elementor-icon-list-text elementor-post-info__item elementor-post-info__item--type-date\">\n\t\t\t\t\t\t\t\t\t\t<time>Aprile 10, 2026<\/time>\t\t\t\t\t<\/span>\n\t\t\t\t\t\t\t\t\t<\/a>\n\t\t\t\t<\/li>\n\t\t\t\t<\/ul>\n\t\t\t\t\t\t<\/div>\n\t\t\t\t<\/div>\n\t\t\t\t\t<\/div>\n\t\t\t\t<\/div>\n\t\t\t\t<div class=\"elementor-element elementor-element-8509131 elementor-widget elementor-widget-heading\" data-id=\"8509131\" data-element_type=\"widget\" data-e-type=\"widget\" data-widget_type=\"heading.default\">\n\t\t\t\t<div class=\"elementor-widget-container\">\n\t\t\t\t\t<div class=\"elementor-heading-title elementor-size-default\"><a href=\"https:\/\/monumentiaperti.com\/it\/news\/conferenza-stampa-cagliari-monumenti-aperti-2\/\">Leggi Tutto \u00bb<\/a><\/div>\t\t\t\t<\/div>\n\t\t\t\t<\/div>\n\t\t\t\t\t<\/div>\n\t\t\t\t<\/div>\n\t\t\t\t<\/div>\n\t\t\t\t<div data-elementor-type=\"loop-item\" data-elementor-id=\"84514\" class=\"elementor elementor-84514 swiper-slide e-loop-item e-loop-item-111562 post-111562 post type-post status-publish format-standard has-post-thumbnail hentry category-news\" data-elementor-post-type=\"elementor_library\" role=\"group\" aria-roledescription=\"slide\" data-custom-edit-handle=\"1\">\n\t\t\t<div class=\"elementor-element elementor-element-f523520 e-flex e-con-boxed e-con e-parent\" data-id=\"f523520\" data-element_type=\"container\" data-e-type=\"container\">\n\t\t\t\t\t<div class=\"e-con-inner\">\n\t\t\t\t<div class=\"elementor-element elementor-element-1fa2840 elementor-widget elementor-widget-theme-post-featured-image elementor-widget-image\" data-id=\"1fa2840\" data-element_type=\"widget\" data-e-type=\"widget\" data-widget_type=\"theme-post-featured-image.default\">\n\t\t\t\t<div class=\"elementor-widget-container\">\n\t\t\t\t\t\t\t\t\t\t\t\t\t\t\t\t<a href=\"https:\/\/monumentiaperti.com\/it\/news\/monumenti-in-musica-e-spettacolo-2\/\">\n\t\t\t\t\t\t\t<img loading=\"lazy\" decoding=\"async\" width=\"503\" height=\"335\" src=\"https:\/\/monumentiaperti.com\/it\/wp-content\/uploads\/2026\/04\/monumenti-in-musica-2-503x335.jpg\" class=\"attachment-medium size-medium wp-image-111669\" alt=\"\" srcset=\"https:\/\/monumentiaperti.com\/it\/wp-content\/uploads\/2026\/04\/monumenti-in-musica-2-503x335.jpg 503w, https:\/\/monumentiaperti.com\/it\/wp-content\/uploads\/2026\/04\/monumenti-in-musica-2-1024x682.jpg 1024w, https:\/\/monumentiaperti.com\/it\/wp-content\/uploads\/2026\/04\/monumenti-in-musica-2-1536x1024.jpg 1536w, https:\/\/monumentiaperti.com\/it\/wp-content\/uploads\/2026\/04\/monumenti-in-musica-2.jpg 1772w\" sizes=\"(max-width: 503px) 100vw, 503px\" \/>\t\t\t\t\t\t\t\t<\/a>\n\t\t\t\t\t\t\t\t\t\t\t\t\t\t\t<\/div>\n\t\t\t\t<\/div>\n\t\t<div class=\"elementor-element elementor-element-5ece6b1 e-flex e-con-boxed e-con e-child\" data-id=\"5ece6b1\" data-element_type=\"container\" data-e-type=\"container\">\n\t\t\t\t\t<div class=\"e-con-inner\">\n\t\t\t\t<div class=\"elementor-element elementor-element-a9f2a98 elementor-widget elementor-widget-theme-post-title elementor-page-title elementor-widget-heading\" data-id=\"a9f2a98\" data-element_type=\"widget\" data-e-type=\"widget\" data-widget_type=\"theme-post-title.default\">\n\t\t\t\t<div class=\"elementor-widget-container\">\n\t\t\t\t\t<h3 class=\"elementor-heading-title elementor-size-default\">Monumenti in musica e spettacolo<\/h3>\t\t\t\t<\/div>\n\t\t\t\t<\/div>\n\t\t\t\t<div class=\"elementor-element elementor-element-e3ece52 elementor-widget elementor-widget-post-info\" data-id=\"e3ece52\" data-element_type=\"widget\" data-e-type=\"widget\" data-widget_type=\"post-info.default\">\n\t\t\t\t<div class=\"elementor-widget-container\">\n\t\t\t\t\t\t\t<ul class=\"elementor-inline-items elementor-icon-list-items elementor-post-info\">\n\t\t\t\t\t\t\t\t<li class=\"elementor-icon-list-item elementor-repeater-item-0f76215 elementor-inline-item\" itemprop=\"datePublished\">\n\t\t\t\t\t\t<a href=\"https:\/\/monumentiaperti.com\/it\/2026\/04\/09\/\">\n\t\t\t\t\t\t\t\t\t\t\t\t\t\t<span class=\"elementor-icon-list-text elementor-post-info__item elementor-post-info__item--type-date\">\n\t\t\t\t\t\t\t\t\t\t<time>Aprile 9, 2026<\/time>\t\t\t\t\t<\/span>\n\t\t\t\t\t\t\t\t\t<\/a>\n\t\t\t\t<\/li>\n\t\t\t\t<\/ul>\n\t\t\t\t\t\t<\/div>\n\t\t\t\t<\/div>\n\t\t\t\t\t<\/div>\n\t\t\t\t<\/div>\n\t\t\t\t<div class=\"elementor-element elementor-element-8509131 elementor-widget elementor-widget-heading\" data-id=\"8509131\" data-element_type=\"widget\" data-e-type=\"widget\" data-widget_type=\"heading.default\">\n\t\t\t\t<div class=\"elementor-widget-container\">\n\t\t\t\t\t<div class=\"elementor-heading-title elementor-size-default\"><a href=\"https:\/\/monumentiaperti.com\/it\/news\/monumenti-in-musica-e-spettacolo-2\/\">Leggi Tutto \u00bb<\/a><\/div>\t\t\t\t<\/div>\n\t\t\t\t<\/div>\n\t\t\t\t\t<\/div>\n\t\t\t\t<\/div>\n\t\t\t\t<\/div>\n\t\t\t\t<div data-elementor-type=\"loop-item\" data-elementor-id=\"84514\" class=\"elementor elementor-84514 swiper-slide e-loop-item e-loop-item-111632 post-111632 post type-post status-publish format-standard has-post-thumbnail hentry category-news\" data-elementor-post-type=\"elementor_library\" role=\"group\" aria-roledescription=\"slide\" data-custom-edit-handle=\"1\">\n\t\t\t<div class=\"elementor-element elementor-element-f523520 e-flex e-con-boxed e-con e-parent\" data-id=\"f523520\" data-element_type=\"container\" data-e-type=\"container\">\n\t\t\t\t\t<div class=\"e-con-inner\">\n\t\t\t\t<div class=\"elementor-element elementor-element-1fa2840 elementor-widget elementor-widget-theme-post-featured-image elementor-widget-image\" data-id=\"1fa2840\" data-element_type=\"widget\" data-e-type=\"widget\" data-widget_type=\"theme-post-featured-image.default\">\n\t\t\t\t<div class=\"elementor-widget-container\">\n\t\t\t\t\t\t\t\t\t\t\t\t\t\t\t\t<a href=\"https:\/\/monumentiaperti.com\/it\/news\/il-conservatorio-di-musica-di-cagliari-per-monumenti-aperti-2026\/\">\n\t\t\t\t\t\t\t<img loading=\"lazy\" decoding=\"async\" width=\"405\" height=\"503\" src=\"https:\/\/monumentiaperti.com\/it\/wp-content\/uploads\/2026\/04\/conservatorio-405x503.jpg\" class=\"attachment-medium size-medium wp-image-111667\" alt=\"\" srcset=\"https:\/\/monumentiaperti.com\/it\/wp-content\/uploads\/2026\/04\/conservatorio-405x503.jpg 405w, https:\/\/monumentiaperti.com\/it\/wp-content\/uploads\/2026\/04\/conservatorio-824x1024.jpg 824w, https:\/\/monumentiaperti.com\/it\/wp-content\/uploads\/2026\/04\/conservatorio-1236x1536.jpg 1236w, https:\/\/monumentiaperti.com\/it\/wp-content\/uploads\/2026\/04\/conservatorio-1648x2048.jpg 1648w\" sizes=\"(max-width: 405px) 100vw, 405px\" \/>\t\t\t\t\t\t\t\t<\/a>\n\t\t\t\t\t\t\t\t\t\t\t\t\t\t\t<\/div>\n\t\t\t\t<\/div>\n\t\t<div class=\"elementor-element elementor-element-5ece6b1 e-flex e-con-boxed e-con e-child\" data-id=\"5ece6b1\" data-element_type=\"container\" data-e-type=\"container\">\n\t\t\t\t\t<div class=\"e-con-inner\">\n\t\t\t\t<div class=\"elementor-element elementor-element-a9f2a98 elementor-widget elementor-widget-theme-post-title elementor-page-title elementor-widget-heading\" data-id=\"a9f2a98\" data-element_type=\"widget\" data-e-type=\"widget\" data-widget_type=\"theme-post-title.default\">\n\t\t\t\t<div class=\"elementor-widget-container\">\n\t\t\t\t\t<h3 class=\"elementor-heading-title elementor-size-default\">Il Conservatorio di Musica di Cagliari per Monumenti Aperti 2026<\/h3>\t\t\t\t<\/div>\n\t\t\t\t<\/div>\n\t\t\t\t<div class=\"elementor-element elementor-element-e3ece52 elementor-widget elementor-widget-post-info\" data-id=\"e3ece52\" data-element_type=\"widget\" data-e-type=\"widget\" data-widget_type=\"post-info.default\">\n\t\t\t\t<div class=\"elementor-widget-container\">\n\t\t\t\t\t\t\t<ul class=\"elementor-inline-items elementor-icon-list-items elementor-post-info\">\n\t\t\t\t\t\t\t\t<li class=\"elementor-icon-list-item elementor-repeater-item-0f76215 elementor-inline-item\" itemprop=\"datePublished\">\n\t\t\t\t\t\t<a href=\"https:\/\/monumentiaperti.com\/it\/2026\/04\/09\/\">\n\t\t\t\t\t\t\t\t\t\t\t\t\t\t<span class=\"elementor-icon-list-text elementor-post-info__item elementor-post-info__item--type-date\">\n\t\t\t\t\t\t\t\t\t\t<time>Aprile 9, 2026<\/time>\t\t\t\t\t<\/span>\n\t\t\t\t\t\t\t\t\t<\/a>\n\t\t\t\t<\/li>\n\t\t\t\t<\/ul>\n\t\t\t\t\t\t<\/div>\n\t\t\t\t<\/div>\n\t\t\t\t\t<\/div>\n\t\t\t\t<\/div>\n\t\t\t\t<div class=\"elementor-element elementor-element-8509131 elementor-widget elementor-widget-heading\" data-id=\"8509131\" data-element_type=\"widget\" data-e-type=\"widget\" data-widget_type=\"heading.default\">\n\t\t\t\t<div class=\"elementor-widget-container\">\n\t\t\t\t\t<div class=\"elementor-heading-title elementor-size-default\"><a href=\"https:\/\/monumentiaperti.com\/it\/news\/il-conservatorio-di-musica-di-cagliari-per-monumenti-aperti-2026\/\">Leggi Tutto \u00bb<\/a><\/div>\t\t\t\t<\/div>\n\t\t\t\t<\/div>\n\t\t\t\t\t<\/div>\n\t\t\t\t<\/div>\n\t\t\t\t<\/div>\n\t\t\t\t<div data-elementor-type=\"loop-item\" data-elementor-id=\"84514\" class=\"elementor elementor-84514 swiper-slide e-loop-item e-loop-item-111638 post-111638 post type-post status-publish format-standard has-post-thumbnail hentry category-news\" data-elementor-post-type=\"elementor_library\" role=\"group\" aria-roledescription=\"slide\" data-custom-edit-handle=\"1\">\n\t\t\t<div class=\"elementor-element elementor-element-f523520 e-flex e-con-boxed e-con e-parent\" data-id=\"f523520\" data-element_type=\"container\" data-e-type=\"container\">\n\t\t\t\t\t<div class=\"e-con-inner\">\n\t\t\t\t<div class=\"elementor-element elementor-element-1fa2840 elementor-widget elementor-widget-theme-post-featured-image elementor-widget-image\" data-id=\"1fa2840\" data-element_type=\"widget\" data-e-type=\"widget\" data-widget_type=\"theme-post-featured-image.default\">\n\t\t\t\t<div class=\"elementor-widget-container\">\n\t\t\t\t\t\t\t\t\t\t\t\t\t\t\t\t<a href=\"https:\/\/monumentiaperti.com\/it\/news\/spazio-comune\/\">\n\t\t\t\t\t\t\t<img loading=\"lazy\" decoding=\"async\" width=\"377\" height=\"503\" src=\"https:\/\/monumentiaperti.com\/it\/wp-content\/uploads\/2026\/04\/Exme-verticale-377x503.jpg\" class=\"attachment-medium size-medium wp-image-111663\" alt=\"\" srcset=\"https:\/\/monumentiaperti.com\/it\/wp-content\/uploads\/2026\/04\/Exme-verticale-377x503.jpg 377w, https:\/\/monumentiaperti.com\/it\/wp-content\/uploads\/2026\/04\/Exme-verticale-768x1024.jpg 768w, https:\/\/monumentiaperti.com\/it\/wp-content\/uploads\/2026\/04\/Exme-verticale-1152x1536.jpg 1152w, https:\/\/monumentiaperti.com\/it\/wp-content\/uploads\/2026\/04\/Exme-verticale-1536x2048.jpg 1536w, https:\/\/monumentiaperti.com\/it\/wp-content\/uploads\/2026\/04\/Exme-verticale-scaled.jpg 1920w\" sizes=\"(max-width: 377px) 100vw, 377px\" \/>\t\t\t\t\t\t\t\t<\/a>\n\t\t\t\t\t\t\t\t\t\t\t\t\t\t\t<\/div>\n\t\t\t\t<\/div>\n\t\t<div class=\"elementor-element elementor-element-5ece6b1 e-flex e-con-boxed e-con e-child\" data-id=\"5ece6b1\" data-element_type=\"container\" data-e-type=\"container\">\n\t\t\t\t\t<div class=\"e-con-inner\">\n\t\t\t\t<div class=\"elementor-element elementor-element-a9f2a98 elementor-widget elementor-widget-theme-post-title elementor-page-title elementor-widget-heading\" data-id=\"a9f2a98\" data-element_type=\"widget\" data-e-type=\"widget\" data-widget_type=\"theme-post-title.default\">\n\t\t\t\t<div class=\"elementor-widget-container\">\n\t\t\t\t\t<h3 class=\"elementor-heading-title elementor-size-default\">Spazio comune<\/h3>\t\t\t\t<\/div>\n\t\t\t\t<\/div>\n\t\t\t\t<div class=\"elementor-element elementor-element-e3ece52 elementor-widget elementor-widget-post-info\" data-id=\"e3ece52\" data-element_type=\"widget\" data-e-type=\"widget\" data-widget_type=\"post-info.default\">\n\t\t\t\t<div class=\"elementor-widget-container\">\n\t\t\t\t\t\t\t<ul class=\"elementor-inline-items elementor-icon-list-items elementor-post-info\">\n\t\t\t\t\t\t\t\t<li class=\"elementor-icon-list-item elementor-repeater-item-0f76215 elementor-inline-item\" itemprop=\"datePublished\">\n\t\t\t\t\t\t<a href=\"https:\/\/monumentiaperti.com\/it\/2026\/04\/09\/\">\n\t\t\t\t\t\t\t\t\t\t\t\t\t\t<span class=\"elementor-icon-list-text elementor-post-info__item elementor-post-info__item--type-date\">\n\t\t\t\t\t\t\t\t\t\t<time>Aprile 9, 2026<\/time>\t\t\t\t\t<\/span>\n\t\t\t\t\t\t\t\t\t<\/a>\n\t\t\t\t<\/li>\n\t\t\t\t<\/ul>\n\t\t\t\t\t\t<\/div>\n\t\t\t\t<\/div>\n\t\t\t\t\t<\/div>\n\t\t\t\t<\/div>\n\t\t\t\t<div class=\"elementor-element elementor-element-8509131 elementor-widget elementor-widget-heading\" data-id=\"8509131\" data-element_type=\"widget\" data-e-type=\"widget\" data-widget_type=\"heading.default\">\n\t\t\t\t<div class=\"elementor-widget-container\">\n\t\t\t\t\t<div class=\"elementor-heading-title elementor-size-default\"><a href=\"https:\/\/monumentiaperti.com\/it\/news\/spazio-comune\/\">Leggi Tutto \u00bb<\/a><\/div>\t\t\t\t<\/div>\n\t\t\t\t<\/div>\n\t\t\t\t\t<\/div>\n\t\t\t\t<\/div>\n\t\t\t\t<\/div>\n\t\t\t\t<div data-elementor-type=\"loop-item\" data-elementor-id=\"84514\" class=\"elementor elementor-84514 swiper-slide e-loop-item e-loop-item-111580 post-111580 post type-post status-publish format-standard has-post-thumbnail hentry category-news\" data-elementor-post-type=\"elementor_library\" role=\"group\" aria-roledescription=\"slide\" data-custom-edit-handle=\"1\">\n\t\t\t<div class=\"elementor-element elementor-element-f523520 e-flex e-con-boxed e-con e-parent\" data-id=\"f523520\" data-element_type=\"container\" data-e-type=\"container\">\n\t\t\t\t\t<div class=\"e-con-inner\">\n\t\t\t\t<div class=\"elementor-element elementor-element-1fa2840 elementor-widget elementor-widget-theme-post-featured-image elementor-widget-image\" data-id=\"1fa2840\" data-element_type=\"widget\" data-e-type=\"widget\" data-widget_type=\"theme-post-featured-image.default\">\n\t\t\t\t<div class=\"elementor-widget-container\">\n\t\t\t\t\t\t\t\t\t\t\t\t\t\t\t\t<a href=\"https:\/\/monumentiaperti.com\/it\/news\/open-studios\/\">\n\t\t\t\t\t\t\t<img loading=\"lazy\" decoding=\"async\" width=\"402\" height=\"503\" src=\"https:\/\/monumentiaperti.com\/it\/wp-content\/uploads\/2026\/04\/open-studios-402x503.jpg\" class=\"attachment-medium size-medium wp-image-111658\" alt=\"\" srcset=\"https:\/\/monumentiaperti.com\/it\/wp-content\/uploads\/2026\/04\/open-studios-402x503.jpg 402w, https:\/\/monumentiaperti.com\/it\/wp-content\/uploads\/2026\/04\/open-studios-819x1024.jpg 819w, https:\/\/monumentiaperti.com\/it\/wp-content\/uploads\/2026\/04\/open-studios-1229x1536.jpg 1229w, https:\/\/monumentiaperti.com\/it\/wp-content\/uploads\/2026\/04\/open-studios-1638x2048.jpg 1638w, https:\/\/monumentiaperti.com\/it\/wp-content\/uploads\/2026\/04\/open-studios-scaled.jpg 2048w\" sizes=\"(max-width: 402px) 100vw, 402px\" \/>\t\t\t\t\t\t\t\t<\/a>\n\t\t\t\t\t\t\t\t\t\t\t\t\t\t\t<\/div>\n\t\t\t\t<\/div>\n\t\t<div class=\"elementor-element elementor-element-5ece6b1 e-flex e-con-boxed e-con e-child\" data-id=\"5ece6b1\" data-element_type=\"container\" data-e-type=\"container\">\n\t\t\t\t\t<div class=\"e-con-inner\">\n\t\t\t\t<div class=\"elementor-element elementor-element-a9f2a98 elementor-widget elementor-widget-theme-post-title elementor-page-title elementor-widget-heading\" data-id=\"a9f2a98\" data-element_type=\"widget\" data-e-type=\"widget\" data-widget_type=\"theme-post-title.default\">\n\t\t\t\t<div class=\"elementor-widget-container\">\n\t\t\t\t\t<h3 class=\"elementor-heading-title elementor-size-default\">Open Studios<\/h3>\t\t\t\t<\/div>\n\t\t\t\t<\/div>\n\t\t\t\t<div class=\"elementor-element elementor-element-e3ece52 elementor-widget elementor-widget-post-info\" data-id=\"e3ece52\" data-element_type=\"widget\" data-e-type=\"widget\" data-widget_type=\"post-info.default\">\n\t\t\t\t<div class=\"elementor-widget-container\">\n\t\t\t\t\t\t\t<ul class=\"elementor-inline-items elementor-icon-list-items elementor-post-info\">\n\t\t\t\t\t\t\t\t<li class=\"elementor-icon-list-item elementor-repeater-item-0f76215 elementor-inline-item\" itemprop=\"datePublished\">\n\t\t\t\t\t\t<a href=\"https:\/\/monumentiaperti.com\/it\/2026\/04\/09\/\">\n\t\t\t\t\t\t\t\t\t\t\t\t\t\t<span class=\"elementor-icon-list-text elementor-post-info__item elementor-post-info__item--type-date\">\n\t\t\t\t\t\t\t\t\t\t<time>Aprile 9, 2026<\/time>\t\t\t\t\t<\/span>\n\t\t\t\t\t\t\t\t\t<\/a>\n\t\t\t\t<\/li>\n\t\t\t\t<\/ul>\n\t\t\t\t\t\t<\/div>\n\t\t\t\t<\/div>\n\t\t\t\t\t<\/div>\n\t\t\t\t<\/div>\n\t\t\t\t<div class=\"elementor-element elementor-element-8509131 elementor-widget elementor-widget-heading\" data-id=\"8509131\" data-element_type=\"widget\" data-e-type=\"widget\" data-widget_type=\"heading.default\">\n\t\t\t\t<div class=\"elementor-widget-container\">\n\t\t\t\t\t<div class=\"elementor-heading-title elementor-size-default\"><a href=\"https:\/\/monumentiaperti.com\/it\/news\/open-studios\/\">Leggi Tutto \u00bb<\/a><\/div>\t\t\t\t<\/div>\n\t\t\t\t<\/div>\n\t\t\t\t\t<\/div>\n\t\t\t\t<\/div>\n\t\t\t\t<\/div>\n\t\t\t\t<div data-elementor-type=\"loop-item\" data-elementor-id=\"84514\" class=\"elementor elementor-84514 swiper-slide e-loop-item e-loop-item-111572 post-111572 post type-post status-publish format-standard has-post-thumbnail hentry category-news\" data-elementor-post-type=\"elementor_library\" role=\"group\" aria-roledescription=\"slide\" data-custom-edit-handle=\"1\">\n\t\t\t<div class=\"elementor-element elementor-element-f523520 e-flex e-con-boxed e-con e-parent\" data-id=\"f523520\" data-element_type=\"container\" data-e-type=\"container\">\n\t\t\t\t\t<div class=\"e-con-inner\">\n\t\t\t\t<div class=\"elementor-element elementor-element-1fa2840 elementor-widget elementor-widget-theme-post-featured-image elementor-widget-image\" data-id=\"1fa2840\" data-element_type=\"widget\" data-e-type=\"widget\" data-widget_type=\"theme-post-featured-image.default\">\n\t\t\t\t<div class=\"elementor-widget-container\">\n\t\t\t\t\t\t\t\t\t\t\t\t\t\t\t\t<a href=\"https:\/\/monumentiaperti.com\/it\/news\/iniziative-speciali\/\">\n\t\t\t\t\t\t\t<img loading=\"lazy\" decoding=\"async\" width=\"439\" height=\"503\" src=\"https:\/\/monumentiaperti.com\/it\/wp-content\/uploads\/2026\/04\/Dove-la-citta-finisce-439x503.jpg\" class=\"attachment-medium size-medium wp-image-111655\" alt=\"\" srcset=\"https:\/\/monumentiaperti.com\/it\/wp-content\/uploads\/2026\/04\/Dove-la-citta-finisce-439x503.jpg 439w, https:\/\/monumentiaperti.com\/it\/wp-content\/uploads\/2026\/04\/Dove-la-citta-finisce-893x1024.jpg 893w, https:\/\/monumentiaperti.com\/it\/wp-content\/uploads\/2026\/04\/Dove-la-citta-finisce-1340x1536.jpg 1340w, https:\/\/monumentiaperti.com\/it\/wp-content\/uploads\/2026\/04\/Dove-la-citta-finisce-1787x2048.jpg 1787w\" sizes=\"(max-width: 439px) 100vw, 439px\" \/>\t\t\t\t\t\t\t\t<\/a>\n\t\t\t\t\t\t\t\t\t\t\t\t\t\t\t<\/div>\n\t\t\t\t<\/div>\n\t\t<div class=\"elementor-element elementor-element-5ece6b1 e-flex e-con-boxed e-con e-child\" data-id=\"5ece6b1\" data-element_type=\"container\" data-e-type=\"container\">\n\t\t\t\t\t<div class=\"e-con-inner\">\n\t\t\t\t<div class=\"elementor-element elementor-element-a9f2a98 elementor-widget elementor-widget-theme-post-title elementor-page-title elementor-widget-heading\" data-id=\"a9f2a98\" data-element_type=\"widget\" data-e-type=\"widget\" data-widget_type=\"theme-post-title.default\">\n\t\t\t\t<div class=\"elementor-widget-container\">\n\t\t\t\t\t<h3 class=\"elementor-heading-title elementor-size-default\">Iniziative Speciali<\/h3>\t\t\t\t<\/div>\n\t\t\t\t<\/div>\n\t\t\t\t<div class=\"elementor-element elementor-element-e3ece52 elementor-widget elementor-widget-post-info\" data-id=\"e3ece52\" data-element_type=\"widget\" data-e-type=\"widget\" data-widget_type=\"post-info.default\">\n\t\t\t\t<div class=\"elementor-widget-container\">\n\t\t\t\t\t\t\t<ul class=\"elementor-inline-items elementor-icon-list-items elementor-post-info\">\n\t\t\t\t\t\t\t\t<li class=\"elementor-icon-list-item elementor-repeater-item-0f76215 elementor-inline-item\" itemprop=\"datePublished\">\n\t\t\t\t\t\t<a href=\"https:\/\/monumentiaperti.com\/it\/2026\/04\/09\/\">\n\t\t\t\t\t\t\t\t\t\t\t\t\t\t<span class=\"elementor-icon-list-text elementor-post-info__item elementor-post-info__item--type-date\">\n\t\t\t\t\t\t\t\t\t\t<time>Aprile 9, 2026<\/time>\t\t\t\t\t<\/span>\n\t\t\t\t\t\t\t\t\t<\/a>\n\t\t\t\t<\/li>\n\t\t\t\t<\/ul>\n\t\t\t\t\t\t<\/div>\n\t\t\t\t<\/div>\n\t\t\t\t\t<\/div>\n\t\t\t\t<\/div>\n\t\t\t\t<div class=\"elementor-element elementor-element-8509131 elementor-widget elementor-widget-heading\" data-id=\"8509131\" data-element_type=\"widget\" data-e-type=\"widget\" data-widget_type=\"heading.default\">\n\t\t\t\t<div class=\"elementor-widget-container\">\n\t\t\t\t\t<div class=\"elementor-heading-title elementor-size-default\"><a href=\"https:\/\/monumentiaperti.com\/it\/news\/iniziative-speciali\/\">Leggi Tutto \u00bb<\/a><\/div>\t\t\t\t<\/div>\n\t\t\t\t<\/div>\n\t\t\t\t\t<\/div>\n\t\t\t\t<\/div>\n\t\t\t\t<\/div>\n\t\t\t\t<div data-elementor-type=\"loop-item\" data-elementor-id=\"84514\" class=\"elementor elementor-84514 swiper-slide e-loop-item e-loop-item-111566 post-111566 post type-post status-publish format-standard has-post-thumbnail hentry category-news\" data-elementor-post-type=\"elementor_library\" role=\"group\" aria-roledescription=\"slide\" data-custom-edit-handle=\"1\">\n\t\t\t<div class=\"elementor-element elementor-element-f523520 e-flex e-con-boxed e-con e-parent\" data-id=\"f523520\" data-element_type=\"container\" data-e-type=\"container\">\n\t\t\t\t\t<div class=\"e-con-inner\">\n\t\t\t\t<div class=\"elementor-element elementor-element-1fa2840 elementor-widget elementor-widget-theme-post-featured-image elementor-widget-image\" data-id=\"1fa2840\" data-element_type=\"widget\" data-e-type=\"widget\" data-widget_type=\"theme-post-featured-image.default\">\n\t\t\t\t<div class=\"elementor-widget-container\">\n\t\t\t\t\t\t\t\t\t\t\t\t\t\t\t\t<a href=\"https:\/\/monumentiaperti.com\/it\/news\/mostre\/\">\n\t\t\t\t\t\t\t<img loading=\"lazy\" decoding=\"async\" width=\"503\" height=\"503\" src=\"https:\/\/monumentiaperti.com\/it\/wp-content\/uploads\/2026\/04\/Bartoli-Forges-bis-503x503.jpg\" class=\"attachment-medium size-medium wp-image-111653\" alt=\"\" srcset=\"https:\/\/monumentiaperti.com\/it\/wp-content\/uploads\/2026\/04\/Bartoli-Forges-bis-503x503.jpg 503w, https:\/\/monumentiaperti.com\/it\/wp-content\/uploads\/2026\/04\/Bartoli-Forges-bis-1024x1024.jpg 1024w, https:\/\/monumentiaperti.com\/it\/wp-content\/uploads\/2026\/04\/Bartoli-Forges-bis-150x150.jpg 150w, https:\/\/monumentiaperti.com\/it\/wp-content\/uploads\/2026\/04\/Bartoli-Forges-bis-1536x1536.jpg 1536w, https:\/\/monumentiaperti.com\/it\/wp-content\/uploads\/2026\/04\/Bartoli-Forges-bis.jpg 1772w\" sizes=\"(max-width: 503px) 100vw, 503px\" \/>\t\t\t\t\t\t\t\t<\/a>\n\t\t\t\t\t\t\t\t\t\t\t\t\t\t\t<\/div>\n\t\t\t\t<\/div>\n\t\t<div class=\"elementor-element elementor-element-5ece6b1 e-flex e-con-boxed e-con e-child\" data-id=\"5ece6b1\" data-element_type=\"container\" data-e-type=\"container\">\n\t\t\t\t\t<div class=\"e-con-inner\">\n\t\t\t\t<div class=\"elementor-element elementor-element-a9f2a98 elementor-widget elementor-widget-theme-post-title elementor-page-title elementor-widget-heading\" data-id=\"a9f2a98\" data-element_type=\"widget\" data-e-type=\"widget\" data-widget_type=\"theme-post-title.default\">\n\t\t\t\t<div class=\"elementor-widget-container\">\n\t\t\t\t\t<h3 class=\"elementor-heading-title elementor-size-default\">Mostre<\/h3>\t\t\t\t<\/div>\n\t\t\t\t<\/div>\n\t\t\t\t<div class=\"elementor-element elementor-element-e3ece52 elementor-widget elementor-widget-post-info\" data-id=\"e3ece52\" data-element_type=\"widget\" data-e-type=\"widget\" data-widget_type=\"post-info.default\">\n\t\t\t\t<div class=\"elementor-widget-container\">\n\t\t\t\t\t\t\t<ul class=\"elementor-inline-items elementor-icon-list-items elementor-post-info\">\n\t\t\t\t\t\t\t\t<li class=\"elementor-icon-list-item elementor-repeater-item-0f76215 elementor-inline-item\" itemprop=\"datePublished\">\n\t\t\t\t\t\t<a href=\"https:\/\/monumentiaperti.com\/it\/2026\/04\/09\/\">\n\t\t\t\t\t\t\t\t\t\t\t\t\t\t<span class=\"elementor-icon-list-text elementor-post-info__item elementor-post-info__item--type-date\">\n\t\t\t\t\t\t\t\t\t\t<time>Aprile 9, 2026<\/time>\t\t\t\t\t<\/span>\n\t\t\t\t\t\t\t\t\t<\/a>\n\t\t\t\t<\/li>\n\t\t\t\t<\/ul>\n\t\t\t\t\t\t<\/div>\n\t\t\t\t<\/div>\n\t\t\t\t\t<\/div>\n\t\t\t\t<\/div>\n\t\t\t\t<div class=\"elementor-element elementor-element-8509131 elementor-widget elementor-widget-heading\" data-id=\"8509131\" data-element_type=\"widget\" data-e-type=\"widget\" data-widget_type=\"heading.default\">\n\t\t\t\t<div class=\"elementor-widget-container\">\n\t\t\t\t\t<div class=\"elementor-heading-title elementor-size-default\"><a href=\"https:\/\/monumentiaperti.com\/it\/news\/mostre\/\">Leggi Tutto \u00bb<\/a><\/div>\t\t\t\t<\/div>\n\t\t\t\t<\/div>\n\t\t\t\t\t<\/div>\n\t\t\t\t<\/div>\n\t\t\t\t<\/div>\n\t\t\t\t<div data-elementor-type=\"loop-item\" data-elementor-id=\"84514\" class=\"elementor elementor-84514 swiper-slide e-loop-item e-loop-item-111543 post-111543 post type-post status-publish format-standard has-post-thumbnail hentry category-news\" data-elementor-post-type=\"elementor_library\" role=\"group\" aria-roledescription=\"slide\" data-custom-edit-handle=\"1\">\n\t\t\t<div class=\"elementor-element elementor-element-f523520 e-flex e-con-boxed e-con e-parent\" data-id=\"f523520\" data-element_type=\"container\" data-e-type=\"container\">\n\t\t\t\t\t<div class=\"e-con-inner\">\n\t\t\t\t<div class=\"elementor-element elementor-element-1fa2840 elementor-widget elementor-widget-theme-post-featured-image elementor-widget-image\" data-id=\"1fa2840\" data-element_type=\"widget\" data-e-type=\"widget\" data-widget_type=\"theme-post-featured-image.default\">\n\t\t\t\t<div class=\"elementor-widget-container\">\n\t\t\t\t\t\t\t\t\t\t\t\t\t\t\t\t<a href=\"https:\/\/monumentiaperti.com\/it\/news\/monumenti-aperti-a-tutti\/\">\n\t\t\t\t\t\t\t<img loading=\"lazy\" decoding=\"async\" width=\"402\" height=\"503\" src=\"https:\/\/monumentiaperti.com\/it\/wp-content\/uploads\/2026\/04\/WhatsApp-Image-2026-04-09-at-10.12.07-402x503.jpeg\" class=\"attachment-medium size-medium wp-image-111617\" alt=\"\" srcset=\"https:\/\/monumentiaperti.com\/it\/wp-content\/uploads\/2026\/04\/WhatsApp-Image-2026-04-09-at-10.12.07-402x503.jpeg 402w, https:\/\/monumentiaperti.com\/it\/wp-content\/uploads\/2026\/04\/WhatsApp-Image-2026-04-09-at-10.12.07-819x1024.jpeg 819w, https:\/\/monumentiaperti.com\/it\/wp-content\/uploads\/2026\/04\/WhatsApp-Image-2026-04-09-at-10.12.07.jpeg 1092w\" sizes=\"(max-width: 402px) 100vw, 402px\" \/>\t\t\t\t\t\t\t\t<\/a>\n\t\t\t\t\t\t\t\t\t\t\t\t\t\t\t<\/div>\n\t\t\t\t<\/div>\n\t\t<div class=\"elementor-element elementor-element-5ece6b1 e-flex e-con-boxed e-con e-child\" data-id=\"5ece6b1\" data-element_type=\"container\" data-e-type=\"container\">\n\t\t\t\t\t<div class=\"e-con-inner\">\n\t\t\t\t<div class=\"elementor-element elementor-element-a9f2a98 elementor-widget elementor-widget-theme-post-title elementor-page-title elementor-widget-heading\" data-id=\"a9f2a98\" data-element_type=\"widget\" data-e-type=\"widget\" data-widget_type=\"theme-post-title.default\">\n\t\t\t\t<div class=\"elementor-widget-container\">\n\t\t\t\t\t<h3 class=\"elementor-heading-title elementor-size-default\">Monumenti Aperti a tutti<\/h3>\t\t\t\t<\/div>\n\t\t\t\t<\/div>\n\t\t\t\t<div class=\"elementor-element elementor-element-e3ece52 elementor-widget elementor-widget-post-info\" data-id=\"e3ece52\" data-element_type=\"widget\" data-e-type=\"widget\" data-widget_type=\"post-info.default\">\n\t\t\t\t<div class=\"elementor-widget-container\">\n\t\t\t\t\t\t\t<ul class=\"elementor-inline-items elementor-icon-list-items elementor-post-info\">\n\t\t\t\t\t\t\t\t<li class=\"elementor-icon-list-item elementor-repeater-item-0f76215 elementor-inline-item\" itemprop=\"datePublished\">\n\t\t\t\t\t\t<a href=\"https:\/\/monumentiaperti.com\/it\/2026\/04\/07\/\">\n\t\t\t\t\t\t\t\t\t\t\t\t\t\t<span class=\"elementor-icon-list-text elementor-post-info__item elementor-post-info__item--type-date\">\n\t\t\t\t\t\t\t\t\t\t<time>Aprile 7, 2026<\/time>\t\t\t\t\t<\/span>\n\t\t\t\t\t\t\t\t\t<\/a>\n\t\t\t\t<\/li>\n\t\t\t\t<\/ul>\n\t\t\t\t\t\t<\/div>\n\t\t\t\t<\/div>\n\t\t\t\t\t<\/div>\n\t\t\t\t<\/div>\n\t\t\t\t<div class=\"elementor-element elementor-element-8509131 elementor-widget elementor-widget-heading\" data-id=\"8509131\" data-element_type=\"widget\" data-e-type=\"widget\" data-widget_type=\"heading.default\">\n\t\t\t\t<div class=\"elementor-widget-container\">\n\t\t\t\t\t<div class=\"elementor-heading-title elementor-size-default\"><a href=\"https:\/\/monumentiaperti.com\/it\/news\/monumenti-aperti-a-tutti\/\">Leggi Tutto \u00bb<\/a><\/div>\t\t\t\t<\/div>\n\t\t\t\t<\/div>\n\t\t\t\t\t<\/div>\n\t\t\t\t<\/div>\n\t\t\t\t<\/div>\n\t\t\t\t<div data-elementor-type=\"loop-item\" data-elementor-id=\"84514\" class=\"elementor elementor-84514 swiper-slide e-loop-item e-loop-item-111492 post-111492 post type-post status-publish format-standard has-post-thumbnail hentry category-news\" data-elementor-post-type=\"elementor_library\" role=\"group\" aria-roledescription=\"slide\" data-custom-edit-handle=\"1\">\n\t\t\t<div class=\"elementor-element elementor-element-f523520 e-flex e-con-boxed e-con e-parent\" data-id=\"f523520\" data-element_type=\"container\" data-e-type=\"container\">\n\t\t\t\t\t<div class=\"e-con-inner\">\n\t\t\t\t<div class=\"elementor-element elementor-element-1fa2840 elementor-widget elementor-widget-theme-post-featured-image elementor-widget-image\" data-id=\"1fa2840\" data-element_type=\"widget\" data-e-type=\"widget\" data-widget_type=\"theme-post-featured-image.default\">\n\t\t\t\t<div class=\"elementor-widget-container\">\n\t\t\t\t\t\t\t\t\t\t\t\t\t\t\t\t<a href=\"https:\/\/monumentiaperti.com\/it\/news\/conferenza-stampa-monumenti-aperti-2026\/\">\n\t\t\t\t\t\t\t<img loading=\"lazy\" decoding=\"async\" width=\"503\" height=\"364\" src=\"https:\/\/monumentiaperti.com\/it\/wp-content\/uploads\/2026\/03\/Immagine-campagna-comunicazione-Monumenti-Aperti-2026-503x364.jpg\" class=\"attachment-medium size-medium wp-image-111501\" alt=\"\" srcset=\"https:\/\/monumentiaperti.com\/it\/wp-content\/uploads\/2026\/03\/Immagine-campagna-comunicazione-Monumenti-Aperti-2026-503x364.jpg 503w, https:\/\/monumentiaperti.com\/it\/wp-content\/uploads\/2026\/03\/Immagine-campagna-comunicazione-Monumenti-Aperti-2026-1024x742.jpg 1024w, https:\/\/monumentiaperti.com\/it\/wp-content\/uploads\/2026\/03\/Immagine-campagna-comunicazione-Monumenti-Aperti-2026-1536x1113.jpg 1536w, https:\/\/monumentiaperti.com\/it\/wp-content\/uploads\/2026\/03\/Immagine-campagna-comunicazione-Monumenti-Aperti-2026-2048x1484.jpg 2048w\" sizes=\"(max-width: 503px) 100vw, 503px\" \/>\t\t\t\t\t\t\t\t<\/a>\n\t\t\t\t\t\t\t\t\t\t\t\t\t\t\t<\/div>\n\t\t\t\t<\/div>\n\t\t<div class=\"elementor-element elementor-element-5ece6b1 e-flex e-con-boxed e-con e-child\" data-id=\"5ece6b1\" data-element_type=\"container\" data-e-type=\"container\">\n\t\t\t\t\t<div class=\"e-con-inner\">\n\t\t\t\t<div class=\"elementor-element elementor-element-a9f2a98 elementor-widget elementor-widget-theme-post-title elementor-page-title elementor-widget-heading\" data-id=\"a9f2a98\" data-element_type=\"widget\" data-e-type=\"widget\" data-widget_type=\"theme-post-title.default\">\n\t\t\t\t<div class=\"elementor-widget-container\">\n\t\t\t\t\t<h3 class=\"elementor-heading-title elementor-size-default\">Conferenza stampa Monumenti Aperti 2026<\/h3>\t\t\t\t<\/div>\n\t\t\t\t<\/div>\n\t\t\t\t<div class=\"elementor-element elementor-element-e3ece52 elementor-widget elementor-widget-post-info\" data-id=\"e3ece52\" data-element_type=\"widget\" data-e-type=\"widget\" data-widget_type=\"post-info.default\">\n\t\t\t\t<div class=\"elementor-widget-container\">\n\t\t\t\t\t\t\t<ul class=\"elementor-inline-items elementor-icon-list-items elementor-post-info\">\n\t\t\t\t\t\t\t\t<li class=\"elementor-icon-list-item elementor-repeater-item-0f76215 elementor-inline-item\" itemprop=\"datePublished\">\n\t\t\t\t\t\t<a href=\"https:\/\/monumentiaperti.com\/it\/2026\/03\/31\/\">\n\t\t\t\t\t\t\t\t\t\t\t\t\t\t<span class=\"elementor-icon-list-text elementor-post-info__item elementor-post-info__item--type-date\">\n\t\t\t\t\t\t\t\t\t\t<time>Marzo 31, 2026<\/time>\t\t\t\t\t<\/span>\n\t\t\t\t\t\t\t\t\t<\/a>\n\t\t\t\t<\/li>\n\t\t\t\t<\/ul>\n\t\t\t\t\t\t<\/div>\n\t\t\t\t<\/div>\n\t\t\t\t\t<\/div>\n\t\t\t\t<\/div>\n\t\t\t\t<div class=\"elementor-element elementor-element-8509131 elementor-widget elementor-widget-heading\" data-id=\"8509131\" data-element_type=\"widget\" data-e-type=\"widget\" data-widget_type=\"heading.default\">\n\t\t\t\t<div class=\"elementor-widget-container\">\n\t\t\t\t\t<div class=\"elementor-heading-title elementor-size-default\"><a href=\"https:\/\/monumentiaperti.com\/it\/news\/conferenza-stampa-monumenti-aperti-2026\/\">Leggi Tutto \u00bb<\/a><\/div>\t\t\t\t<\/div>\n\t\t\t\t<\/div>\n\t\t\t\t\t<\/div>\n\t\t\t\t<\/div>\n\t\t\t\t<\/div>\n\t\t\t\t<div data-elementor-type=\"loop-item\" data-elementor-id=\"84514\" class=\"elementor elementor-84514 swiper-slide e-loop-item e-loop-item-110806 post-110806 post type-post status-publish format-standard has-post-thumbnail hentry category-news\" data-elementor-post-type=\"elementor_library\" role=\"group\" aria-roledescription=\"slide\" data-custom-edit-handle=\"1\">\n\t\t\t<div class=\"elementor-element elementor-element-f523520 e-flex e-con-boxed e-con e-parent\" data-id=\"f523520\" data-element_type=\"container\" data-e-type=\"container\">\n\t\t\t\t\t<div class=\"e-con-inner\">\n\t\t\t\t<div class=\"elementor-element elementor-element-1fa2840 elementor-widget elementor-widget-theme-post-featured-image elementor-widget-image\" data-id=\"1fa2840\" data-element_type=\"widget\" data-e-type=\"widget\" data-widget_type=\"theme-post-featured-image.default\">\n\t\t\t\t<div class=\"elementor-widget-container\">\n\t\t\t\t\t\t\t\t\t\t\t\t\t\t\t\t<a href=\"https:\/\/monumentiaperti.com\/it\/news\/evento-finale-spoke-2-cagliari-3-febbraio-2026-lazzaretto-santelia\/\">\n\t\t\t\t\t\t\t<img loading=\"lazy\" decoding=\"async\" width=\"503\" height=\"425\" src=\"https:\/\/monumentiaperti.com\/it\/wp-content\/uploads\/2026\/02\/e.ins-spoke2-503x425.png\" class=\"attachment-medium size-medium wp-image-110813\" alt=\"\" srcset=\"https:\/\/monumentiaperti.com\/it\/wp-content\/uploads\/2026\/02\/e.ins-spoke2-503x425.png 503w, https:\/\/monumentiaperti.com\/it\/wp-content\/uploads\/2026\/02\/e.ins-spoke2.png 748w\" sizes=\"(max-width: 503px) 100vw, 503px\" \/>\t\t\t\t\t\t\t\t<\/a>\n\t\t\t\t\t\t\t\t\t\t\t\t\t\t\t<\/div>\n\t\t\t\t<\/div>\n\t\t<div class=\"elementor-element elementor-element-5ece6b1 e-flex e-con-boxed e-con e-child\" data-id=\"5ece6b1\" data-element_type=\"container\" data-e-type=\"container\">\n\t\t\t\t\t<div class=\"e-con-inner\">\n\t\t\t\t<div class=\"elementor-element elementor-element-a9f2a98 elementor-widget elementor-widget-theme-post-title elementor-page-title elementor-widget-heading\" data-id=\"a9f2a98\" data-element_type=\"widget\" data-e-type=\"widget\" data-widget_type=\"theme-post-title.default\">\n\t\t\t\t<div class=\"elementor-widget-container\">\n\t\t\t\t\t<h3 class=\"elementor-heading-title elementor-size-default\">Evento finale Spoke 2: Cagliari 3 Febbraio 2026 &#8211; Lazzaretto Sant\u2019Elia<\/h3>\t\t\t\t<\/div>\n\t\t\t\t<\/div>\n\t\t\t\t<div class=\"elementor-element elementor-element-e3ece52 elementor-widget elementor-widget-post-info\" data-id=\"e3ece52\" data-element_type=\"widget\" data-e-type=\"widget\" data-widget_type=\"post-info.default\">\n\t\t\t\t<div class=\"elementor-widget-container\">\n\t\t\t\t\t\t\t<ul class=\"elementor-inline-items elementor-icon-list-items elementor-post-info\">\n\t\t\t\t\t\t\t\t<li class=\"elementor-icon-list-item elementor-repeater-item-0f76215 elementor-inline-item\" itemprop=\"datePublished\">\n\t\t\t\t\t\t<a href=\"https:\/\/monumentiaperti.com\/it\/2026\/02\/01\/\">\n\t\t\t\t\t\t\t\t\t\t\t\t\t\t<span class=\"elementor-icon-list-text elementor-post-info__item elementor-post-info__item--type-date\">\n\t\t\t\t\t\t\t\t\t\t<time>Febbraio 1, 2026<\/time>\t\t\t\t\t<\/span>\n\t\t\t\t\t\t\t\t\t<\/a>\n\t\t\t\t<\/li>\n\t\t\t\t<\/ul>\n\t\t\t\t\t\t<\/div>\n\t\t\t\t<\/div>\n\t\t\t\t\t<\/div>\n\t\t\t\t<\/div>\n\t\t\t\t<div class=\"elementor-element elementor-element-8509131 elementor-widget elementor-widget-heading\" data-id=\"8509131\" data-element_type=\"widget\" data-e-type=\"widget\" data-widget_type=\"heading.default\">\n\t\t\t\t<div class=\"elementor-widget-container\">\n\t\t\t\t\t<div class=\"elementor-heading-title elementor-size-default\"><a href=\"https:\/\/monumentiaperti.com\/it\/news\/evento-finale-spoke-2-cagliari-3-febbraio-2026-lazzaretto-santelia\/\">Leggi Tutto \u00bb<\/a><\/div>\t\t\t\t<\/div>\n\t\t\t\t<\/div>\n\t\t\t\t\t<\/div>\n\t\t\t\t<\/div>\n\t\t\t\t<\/div>\n\t\t\t\t<div data-elementor-type=\"loop-item\" data-elementor-id=\"84514\" class=\"elementor elementor-84514 swiper-slide e-loop-item e-loop-item-110798 post-110798 post type-post status-publish format-standard has-post-thumbnail hentry category-news\" data-elementor-post-type=\"elementor_library\" role=\"group\" aria-roledescription=\"slide\" data-custom-edit-handle=\"1\">\n\t\t\t<div class=\"elementor-element elementor-element-f523520 e-flex e-con-boxed e-con e-parent\" data-id=\"f523520\" data-element_type=\"container\" data-e-type=\"container\">\n\t\t\t\t\t<div class=\"e-con-inner\">\n\t\t\t\t<div class=\"elementor-element elementor-element-1fa2840 elementor-widget elementor-widget-theme-post-featured-image elementor-widget-image\" data-id=\"1fa2840\" data-element_type=\"widget\" data-e-type=\"widget\" data-widget_type=\"theme-post-featured-image.default\">\n\t\t\t\t<div class=\"elementor-widget-container\">\n\t\t\t\t\t\t\t\t\t\t\t\t\t\t\t\t<a href=\"https:\/\/monumentiaperti.com\/it\/news\/cagliari-apre-la-trentesima-edizione-di-monumenti-aperti\/\">\n\t\t\t\t\t\t\t<img loading=\"lazy\" decoding=\"async\" width=\"503\" height=\"336\" src=\"https:\/\/monumentiaperti.com\/it\/wp-content\/uploads\/2026\/01\/WhatsApp-Image-2026-01-30-at-12.57.51-503x336.jpeg\" class=\"attachment-medium size-medium wp-image-110799\" alt=\"\" srcset=\"https:\/\/monumentiaperti.com\/it\/wp-content\/uploads\/2026\/01\/WhatsApp-Image-2026-01-30-at-12.57.51-503x336.jpeg 503w, https:\/\/monumentiaperti.com\/it\/wp-content\/uploads\/2026\/01\/WhatsApp-Image-2026-01-30-at-12.57.51-1024x683.jpeg 1024w, https:\/\/monumentiaperti.com\/it\/wp-content\/uploads\/2026\/01\/WhatsApp-Image-2026-01-30-at-12.57.51.jpeg 1280w\" sizes=\"(max-width: 503px) 100vw, 503px\" \/>\t\t\t\t\t\t\t\t<\/a>\n\t\t\t\t\t\t\t\t\t\t\t\t\t\t\t<\/div>\n\t\t\t\t<\/div>\n\t\t<div class=\"elementor-element elementor-element-5ece6b1 e-flex e-con-boxed e-con e-child\" data-id=\"5ece6b1\" data-element_type=\"container\" data-e-type=\"container\">\n\t\t\t\t\t<div class=\"e-con-inner\">\n\t\t\t\t<div class=\"elementor-element elementor-element-a9f2a98 elementor-widget elementor-widget-theme-post-title elementor-page-title elementor-widget-heading\" data-id=\"a9f2a98\" data-element_type=\"widget\" data-e-type=\"widget\" data-widget_type=\"theme-post-title.default\">\n\t\t\t\t<div class=\"elementor-widget-container\">\n\t\t\t\t\t<h3 class=\"elementor-heading-title elementor-size-default\">Cagliari apre la trentesima edizione di  Monumenti Aperti<\/h3>\t\t\t\t<\/div>\n\t\t\t\t<\/div>\n\t\t\t\t<div class=\"elementor-element elementor-element-e3ece52 elementor-widget elementor-widget-post-info\" data-id=\"e3ece52\" data-element_type=\"widget\" data-e-type=\"widget\" data-widget_type=\"post-info.default\">\n\t\t\t\t<div class=\"elementor-widget-container\">\n\t\t\t\t\t\t\t<ul class=\"elementor-inline-items elementor-icon-list-items elementor-post-info\">\n\t\t\t\t\t\t\t\t<li class=\"elementor-icon-list-item elementor-repeater-item-0f76215 elementor-inline-item\" itemprop=\"datePublished\">\n\t\t\t\t\t\t<a href=\"https:\/\/monumentiaperti.com\/it\/2026\/01\/29\/\">\n\t\t\t\t\t\t\t\t\t\t\t\t\t\t<span class=\"elementor-icon-list-text elementor-post-info__item elementor-post-info__item--type-date\">\n\t\t\t\t\t\t\t\t\t\t<time>Gennaio 29, 2026<\/time>\t\t\t\t\t<\/span>\n\t\t\t\t\t\t\t\t\t<\/a>\n\t\t\t\t<\/li>\n\t\t\t\t<\/ul>\n\t\t\t\t\t\t<\/div>\n\t\t\t\t<\/div>\n\t\t\t\t\t<\/div>\n\t\t\t\t<\/div>\n\t\t\t\t<div class=\"elementor-element elementor-element-8509131 elementor-widget elementor-widget-heading\" data-id=\"8509131\" data-element_type=\"widget\" data-e-type=\"widget\" data-widget_type=\"heading.default\">\n\t\t\t\t<div class=\"elementor-widget-container\">\n\t\t\t\t\t<div class=\"elementor-heading-title elementor-size-default\"><a href=\"https:\/\/monumentiaperti.com\/it\/news\/cagliari-apre-la-trentesima-edizione-di-monumenti-aperti\/\">Leggi Tutto \u00bb<\/a><\/div>\t\t\t\t<\/div>\n\t\t\t\t<\/div>\n\t\t\t\t\t<\/div>\n\t\t\t\t<\/div>\n\t\t\t\t<\/div>\n\t\t\t\t<div data-elementor-type=\"loop-item\" data-elementor-id=\"84514\" class=\"elementor elementor-84514 swiper-slide e-loop-item e-loop-item-110779 post-110779 post type-post status-publish format-standard has-post-thumbnail hentry category-news\" data-elementor-post-type=\"elementor_library\" role=\"group\" aria-roledescription=\"slide\" data-custom-edit-handle=\"1\">\n\t\t\t<div class=\"elementor-element elementor-element-f523520 e-flex e-con-boxed e-con e-parent\" data-id=\"f523520\" data-element_type=\"container\" data-e-type=\"container\">\n\t\t\t\t\t<div class=\"e-con-inner\">\n\t\t\t\t<div class=\"elementor-element elementor-element-1fa2840 elementor-widget elementor-widget-theme-post-featured-image elementor-widget-image\" data-id=\"1fa2840\" data-element_type=\"widget\" data-e-type=\"widget\" data-widget_type=\"theme-post-featured-image.default\">\n\t\t\t\t<div class=\"elementor-widget-container\">\n\t\t\t\t\t\t\t\t\t\t\t\t\t\t\t\t<a href=\"https:\/\/monumentiaperti.com\/it\/news\/monumenti-aperti-spazi-per-i-sogni-meeting-conclusivo\/\">\n\t\t\t\t\t\t\t<img loading=\"lazy\" decoding=\"async\" width=\"402\" height=\"503\" src=\"https:\/\/monumentiaperti.com\/it\/wp-content\/uploads\/2025\/12\/1024x1280-Meeting-conclusivo-di-progetto-MA-402x503.jpg\" class=\"attachment-medium size-medium wp-image-110782\" alt=\"\" srcset=\"https:\/\/monumentiaperti.com\/it\/wp-content\/uploads\/2025\/12\/1024x1280-Meeting-conclusivo-di-progetto-MA-402x503.jpg 402w, https:\/\/monumentiaperti.com\/it\/wp-content\/uploads\/2025\/12\/1024x1280-Meeting-conclusivo-di-progetto-MA-819x1024.jpg 819w, https:\/\/monumentiaperti.com\/it\/wp-content\/uploads\/2025\/12\/1024x1280-Meeting-conclusivo-di-progetto-MA.jpg 1024w\" sizes=\"(max-width: 402px) 100vw, 402px\" \/>\t\t\t\t\t\t\t\t<\/a>\n\t\t\t\t\t\t\t\t\t\t\t\t\t\t\t<\/div>\n\t\t\t\t<\/div>\n\t\t<div class=\"elementor-element elementor-element-5ece6b1 e-flex e-con-boxed e-con e-child\" data-id=\"5ece6b1\" data-element_type=\"container\" data-e-type=\"container\">\n\t\t\t\t\t<div class=\"e-con-inner\">\n\t\t\t\t<div class=\"elementor-element elementor-element-a9f2a98 elementor-widget elementor-widget-theme-post-title elementor-page-title elementor-widget-heading\" data-id=\"a9f2a98\" data-element_type=\"widget\" data-e-type=\"widget\" data-widget_type=\"theme-post-title.default\">\n\t\t\t\t<div class=\"elementor-widget-container\">\n\t\t\t\t\t<h3 class=\"elementor-heading-title elementor-size-default\">Monumenti aperti Spazi per i sogni &#8211; Meeting conclusivo<\/h3>\t\t\t\t<\/div>\n\t\t\t\t<\/div>\n\t\t\t\t<div class=\"elementor-element elementor-element-e3ece52 elementor-widget elementor-widget-post-info\" data-id=\"e3ece52\" data-element_type=\"widget\" data-e-type=\"widget\" data-widget_type=\"post-info.default\">\n\t\t\t\t<div class=\"elementor-widget-container\">\n\t\t\t\t\t\t\t<ul class=\"elementor-inline-items elementor-icon-list-items elementor-post-info\">\n\t\t\t\t\t\t\t\t<li class=\"elementor-icon-list-item elementor-repeater-item-0f76215 elementor-inline-item\" itemprop=\"datePublished\">\n\t\t\t\t\t\t<a href=\"https:\/\/monumentiaperti.com\/it\/2025\/12\/11\/\">\n\t\t\t\t\t\t\t\t\t\t\t\t\t\t<span class=\"elementor-icon-list-text elementor-post-info__item elementor-post-info__item--type-date\">\n\t\t\t\t\t\t\t\t\t\t<time>Dicembre 11, 2025<\/time>\t\t\t\t\t<\/span>\n\t\t\t\t\t\t\t\t\t<\/a>\n\t\t\t\t<\/li>\n\t\t\t\t<\/ul>\n\t\t\t\t\t\t<\/div>\n\t\t\t\t<\/div>\n\t\t\t\t\t<\/div>\n\t\t\t\t<\/div>\n\t\t\t\t<div class=\"elementor-element elementor-element-8509131 elementor-widget elementor-widget-heading\" data-id=\"8509131\" data-element_type=\"widget\" data-e-type=\"widget\" data-widget_type=\"heading.default\">\n\t\t\t\t<div class=\"elementor-widget-container\">\n\t\t\t\t\t<div class=\"elementor-heading-title elementor-size-default\"><a href=\"https:\/\/monumentiaperti.com\/it\/news\/monumenti-aperti-spazi-per-i-sogni-meeting-conclusivo\/\">Leggi Tutto \u00bb<\/a><\/div>\t\t\t\t<\/div>\n\t\t\t\t<\/div>\n\t\t\t\t\t<\/div>\n\t\t\t\t<\/div>\n\t\t\t\t<\/div>\n\t\t\t\t<div data-elementor-type=\"loop-item\" data-elementor-id=\"84514\" class=\"elementor elementor-84514 swiper-slide e-loop-item e-loop-item-110771 post-110771 post type-post status-publish format-standard has-post-thumbnail hentry category-news\" data-elementor-post-type=\"elementor_library\" role=\"group\" aria-roledescription=\"slide\" data-custom-edit-handle=\"1\">\n\t\t\t<div class=\"elementor-element elementor-element-f523520 e-flex e-con-boxed e-con e-parent\" data-id=\"f523520\" data-element_type=\"container\" data-e-type=\"container\">\n\t\t\t\t\t<div class=\"e-con-inner\">\n\t\t\t\t<div class=\"elementor-element elementor-element-1fa2840 elementor-widget elementor-widget-theme-post-featured-image elementor-widget-image\" data-id=\"1fa2840\" data-element_type=\"widget\" data-e-type=\"widget\" data-widget_type=\"theme-post-featured-image.default\">\n\t\t\t\t<div class=\"elementor-widget-container\">\n\t\t\t\t\t\t\t\t\t\t\t\t\t\t\t\t<a href=\"https:\/\/monumentiaperti.com\/it\/news\/evento-finale-sardinian-roots-connettere-le-comunita-delle-radici\/\">\n\t\t\t\t\t\t\t<img loading=\"lazy\" decoding=\"async\" width=\"402\" height=\"503\" src=\"https:\/\/monumentiaperti.com\/it\/wp-content\/uploads\/2025\/12\/WhatsApp-Image-2025-12-09-at-10.51.42-402x503.jpeg\" class=\"attachment-medium size-medium wp-image-110772\" alt=\"\" srcset=\"https:\/\/monumentiaperti.com\/it\/wp-content\/uploads\/2025\/12\/WhatsApp-Image-2025-12-09-at-10.51.42-402x503.jpeg 402w, https:\/\/monumentiaperti.com\/it\/wp-content\/uploads\/2025\/12\/WhatsApp-Image-2025-12-09-at-10.51.42-819x1024.jpeg 819w, https:\/\/monumentiaperti.com\/it\/wp-content\/uploads\/2025\/12\/WhatsApp-Image-2025-12-09-at-10.51.42.jpeg 1080w\" sizes=\"(max-width: 402px) 100vw, 402px\" \/>\t\t\t\t\t\t\t\t<\/a>\n\t\t\t\t\t\t\t\t\t\t\t\t\t\t\t<\/div>\n\t\t\t\t<\/div>\n\t\t<div class=\"elementor-element elementor-element-5ece6b1 e-flex e-con-boxed e-con e-child\" data-id=\"5ece6b1\" data-element_type=\"container\" data-e-type=\"container\">\n\t\t\t\t\t<div class=\"e-con-inner\">\n\t\t\t\t<div class=\"elementor-element elementor-element-a9f2a98 elementor-widget elementor-widget-theme-post-title elementor-page-title elementor-widget-heading\" data-id=\"a9f2a98\" data-element_type=\"widget\" data-e-type=\"widget\" data-widget_type=\"theme-post-title.default\">\n\t\t\t\t<div class=\"elementor-widget-container\">\n\t\t\t\t\t<h3 class=\"elementor-heading-title elementor-size-default\">Evento finale Sardinian Roots: Connettere le comunit\u00e0 delle radici<\/h3>\t\t\t\t<\/div>\n\t\t\t\t<\/div>\n\t\t\t\t<div class=\"elementor-element elementor-element-e3ece52 elementor-widget elementor-widget-post-info\" data-id=\"e3ece52\" data-element_type=\"widget\" data-e-type=\"widget\" data-widget_type=\"post-info.default\">\n\t\t\t\t<div class=\"elementor-widget-container\">\n\t\t\t\t\t\t\t<ul class=\"elementor-inline-items elementor-icon-list-items elementor-post-info\">\n\t\t\t\t\t\t\t\t<li class=\"elementor-icon-list-item elementor-repeater-item-0f76215 elementor-inline-item\" itemprop=\"datePublished\">\n\t\t\t\t\t\t<a href=\"https:\/\/monumentiaperti.com\/it\/2025\/12\/09\/\">\n\t\t\t\t\t\t\t\t\t\t\t\t\t\t<span class=\"elementor-icon-list-text elementor-post-info__item elementor-post-info__item--type-date\">\n\t\t\t\t\t\t\t\t\t\t<time>Dicembre 9, 2025<\/time>\t\t\t\t\t<\/span>\n\t\t\t\t\t\t\t\t\t<\/a>\n\t\t\t\t<\/li>\n\t\t\t\t<\/ul>\n\t\t\t\t\t\t<\/div>\n\t\t\t\t<\/div>\n\t\t\t\t\t<\/div>\n\t\t\t\t<\/div>\n\t\t\t\t<div class=\"elementor-element elementor-element-8509131 elementor-widget elementor-widget-heading\" data-id=\"8509131\" data-element_type=\"widget\" data-e-type=\"widget\" data-widget_type=\"heading.default\">\n\t\t\t\t<div class=\"elementor-widget-container\">\n\t\t\t\t\t<div class=\"elementor-heading-title elementor-size-default\"><a href=\"https:\/\/monumentiaperti.com\/it\/news\/evento-finale-sardinian-roots-connettere-le-comunita-delle-radici\/\">Leggi Tutto \u00bb<\/a><\/div>\t\t\t\t<\/div>\n\t\t\t\t<\/div>\n\t\t\t\t\t<\/div>\n\t\t\t\t<\/div>\n\t\t\t\t<\/div>\n\t\t\t\t<div data-elementor-type=\"loop-item\" data-elementor-id=\"84514\" class=\"elementor elementor-84514 swiper-slide e-loop-item e-loop-item-110727 post-110727 post type-post status-publish format-standard has-post-thumbnail hentry category-news\" data-elementor-post-type=\"elementor_library\" role=\"group\" aria-roledescription=\"slide\" data-custom-edit-handle=\"1\">\n\t\t\t<div class=\"elementor-element elementor-element-f523520 e-flex e-con-boxed e-con e-parent\" data-id=\"f523520\" data-element_type=\"container\" data-e-type=\"container\">\n\t\t\t\t\t<div class=\"e-con-inner\">\n\t\t\t\t<div class=\"elementor-element elementor-element-1fa2840 elementor-widget elementor-widget-theme-post-featured-image elementor-widget-image\" data-id=\"1fa2840\" data-element_type=\"widget\" data-e-type=\"widget\" data-widget_type=\"theme-post-featured-image.default\">\n\t\t\t\t<div class=\"elementor-widget-container\">\n\t\t\t\t\t\t\t\t\t\t\t\t\t\t\t\t<a href=\"https:\/\/monumentiaperti.com\/it\/news\/parole-che-creano-2025\/\">\n\t\t\t\t\t\t\t<img loading=\"lazy\" decoding=\"async\" width=\"503\" height=\"283\" src=\"https:\/\/monumentiaperti.com\/it\/wp-content\/uploads\/2025\/11\/Parole-che-creano-Ferrara-503x283.png\" class=\"attachment-medium size-medium wp-image-110732\" alt=\"\" srcset=\"https:\/\/monumentiaperti.com\/it\/wp-content\/uploads\/2025\/11\/Parole-che-creano-Ferrara-503x283.png 503w, https:\/\/monumentiaperti.com\/it\/wp-content\/uploads\/2025\/11\/Parole-che-creano-Ferrara-1024x577.png 1024w, https:\/\/monumentiaperti.com\/it\/wp-content\/uploads\/2025\/11\/Parole-che-creano-Ferrara-1536x865.png 1536w, https:\/\/monumentiaperti.com\/it\/wp-content\/uploads\/2025\/11\/Parole-che-creano-Ferrara-2048x1153.png 2048w\" sizes=\"(max-width: 503px) 100vw, 503px\" \/>\t\t\t\t\t\t\t\t<\/a>\n\t\t\t\t\t\t\t\t\t\t\t\t\t\t\t<\/div>\n\t\t\t\t<\/div>\n\t\t<div class=\"elementor-element elementor-element-5ece6b1 e-flex e-con-boxed e-con e-child\" data-id=\"5ece6b1\" data-element_type=\"container\" data-e-type=\"container\">\n\t\t\t\t\t<div class=\"e-con-inner\">\n\t\t\t\t<div class=\"elementor-element elementor-element-a9f2a98 elementor-widget elementor-widget-theme-post-title elementor-page-title elementor-widget-heading\" data-id=\"a9f2a98\" data-element_type=\"widget\" data-e-type=\"widget\" data-widget_type=\"theme-post-title.default\">\n\t\t\t\t<div class=\"elementor-widget-container\">\n\t\t\t\t\t<h3 class=\"elementor-heading-title elementor-size-default\">Parole che Creano 2025<\/h3>\t\t\t\t<\/div>\n\t\t\t\t<\/div>\n\t\t\t\t<div class=\"elementor-element elementor-element-e3ece52 elementor-widget elementor-widget-post-info\" data-id=\"e3ece52\" data-element_type=\"widget\" data-e-type=\"widget\" data-widget_type=\"post-info.default\">\n\t\t\t\t<div class=\"elementor-widget-container\">\n\t\t\t\t\t\t\t<ul class=\"elementor-inline-items elementor-icon-list-items elementor-post-info\">\n\t\t\t\t\t\t\t\t<li class=\"elementor-icon-list-item elementor-repeater-item-0f76215 elementor-inline-item\" itemprop=\"datePublished\">\n\t\t\t\t\t\t<a href=\"https:\/\/monumentiaperti.com\/it\/2025\/11\/21\/\">\n\t\t\t\t\t\t\t\t\t\t\t\t\t\t<span class=\"elementor-icon-list-text elementor-post-info__item elementor-post-info__item--type-date\">\n\t\t\t\t\t\t\t\t\t\t<time>Novembre 21, 2025<\/time>\t\t\t\t\t<\/span>\n\t\t\t\t\t\t\t\t\t<\/a>\n\t\t\t\t<\/li>\n\t\t\t\t<\/ul>\n\t\t\t\t\t\t<\/div>\n\t\t\t\t<\/div>\n\t\t\t\t\t<\/div>\n\t\t\t\t<\/div>\n\t\t\t\t<div class=\"elementor-element elementor-element-8509131 elementor-widget elementor-widget-heading\" data-id=\"8509131\" data-element_type=\"widget\" data-e-type=\"widget\" data-widget_type=\"heading.default\">\n\t\t\t\t<div class=\"elementor-widget-container\">\n\t\t\t\t\t<div class=\"elementor-heading-title elementor-size-default\"><a href=\"https:\/\/monumentiaperti.com\/it\/news\/parole-che-creano-2025\/\">Leggi Tutto \u00bb<\/a><\/div>\t\t\t\t<\/div>\n\t\t\t\t<\/div>\n\t\t\t\t\t<\/div>\n\t\t\t\t<\/div>\n\t\t\t\t<\/div>\n\t\t\t\t<\/div>\n\t\t<\/div>\n\t\t\t\t\t<div class=\"elementor-swiper-button elementor-swiper-button-prev\" role=\"button\" tabindex=\"0\" aria-label=\"Precedente\">\n\t\t\t\t<svg aria-hidden=\"true\" class=\"e-font-icon-svg e-eicon-chevron-left\" viewBox=\"0 0 1000 1000\" xmlns=\"http:\/\/www.w3.org\/2000\/svg\"><path d=\"M646 125C629 125 613 133 604 142L308 442C296 454 292 471 292 487 292 504 296 521 308 533L604 854C617 867 629 875 646 875 663 875 679 871 692 858 704 846 713 829 713 812 713 796 708 779 692 767L438 487 692 225C700 217 708 204 708 187 708 171 704 154 692 142 675 129 663 125 646 125Z\"><\/path><\/svg>\t\t\t<\/div>\n\t\t\t<div class=\"elementor-swiper-button elementor-swiper-button-next\" role=\"button\" tabindex=\"0\" aria-label=\"Successivo\">\n\t\t\t\t<svg aria-hidden=\"true\" class=\"e-font-icon-svg e-eicon-chevron-right\" viewBox=\"0 0 1000 1000\" xmlns=\"http:\/\/www.w3.org\/2000\/svg\"><path d=\"M696 533C708 521 713 504 713 487 713 471 708 454 696 446L400 146C388 133 375 125 354 125 338 125 325 129 313 142 300 154 292 171 292 187 292 204 296 221 308 233L563 492 304 771C292 783 288 800 288 817 288 833 296 850 308 863 321 871 338 875 354 875 371 875 388 867 400 854L696 533Z\"><\/path><\/svg>\t\t\t<\/div>\n\t\t\t\t\t<div class=\"swiper-pagination\"><\/div>\n\t\t\t\t\t\t<\/div>\n\t\t\t\t<\/div>\n\t\t\t\t\t<\/div>\n\t\t\t\t<\/div>\n\t\t<div class=\"elementor-element elementor-element-bb73286 e-flex e-con-boxed e-con e-parent\" data-id=\"bb73286\" data-element_type=\"container\" data-e-type=\"container\">\n\t\t\t\t\t<div class=\"e-con-inner\">\n\t\t\t\t<div class=\"elementor-element elementor-element-0e1cc10 elementor-widget elementor-widget-heading\" data-id=\"0e1cc10\" data-element_type=\"widget\" data-e-type=\"widget\" data-widget_type=\"heading.default\">\n\t\t\t\t<div class=\"elementor-widget-container\">\n\t\t\t\t\t<h2 class=\"elementor-heading-title elementor-size-default\">Foto racconto<\/h2>\t\t\t\t<\/div>\n\t\t\t\t<\/div>\n\t\t\t\t\t<\/div>\n\t\t\t\t<\/div>\n\t\t<div class=\"elementor-element elementor-element-4adf331 e-flex e-con-boxed e-con e-parent\" data-id=\"4adf331\" data-element_type=\"container\" data-e-type=\"container\">\n\t\t\t\t\t<div class=\"e-con-inner\">\n\t\t\t\t<div class=\"elementor-element elementor-element-f22d797 elementor-arrows-position-inside elementor-widget elementor-widget-image-carousel\" data-id=\"f22d797\" data-element_type=\"widget\" data-e-type=\"widget\" data-settings=\"{&quot;slides_to_show&quot;:&quot;1&quot;,&quot;navigation&quot;:&quot;arrows&quot;,&quot;autoplay&quot;:&quot;yes&quot;,&quot;pause_on_hover&quot;:&quot;yes&quot;,&quot;pause_on_interaction&quot;:&quot;yes&quot;,&quot;autoplay_speed&quot;:5000,&quot;infinite&quot;:&quot;yes&quot;,&quot;effect&quot;:&quot;slide&quot;,&quot;speed&quot;:500}\" data-widget_type=\"image-carousel.default\">\n\t\t\t\t<div class=\"elementor-widget-container\">\n\t\t\t\t\t\t\t<div class=\"elementor-image-carousel-wrapper swiper\" role=\"region\" aria-roledescription=\"carousel\" aria-label=\"Carosello d&#039;immagini\" dir=\"ltr\">\n\t\t\t<div class=\"elementor-image-carousel swiper-wrapper swiper-image-stretch\" aria-live=\"off\">\n\t\t\t\t\t\t\t\t<div class=\"swiper-slide\" role=\"group\" aria-roledescription=\"slide\" aria-label=\"1 di 15\"><figure class=\"swiper-slide-inner\"><img decoding=\"async\" class=\"swiper-slide-image\" src=\"https:\/\/monumentiaperti.com\/it\/wp-content\/uploads\/2023\/12\/Acquedotto-Alessandrino-Roma.jpg\" alt=\"Acquedotto Alessandrino - Roma\" \/><figcaption class=\"elementor-image-carousel-caption\">Acquedotto Alessandrino - Roma<\/figcaption><\/figure><\/div><div class=\"swiper-slide\" role=\"group\" aria-roledescription=\"slide\" aria-label=\"2 di 15\"><figure class=\"swiper-slide-inner\"><img decoding=\"async\" class=\"swiper-slide-image\" src=\"https:\/\/monumentiaperti.com\/it\/wp-content\/uploads\/2023\/12\/Cattedrale-di-Santa-Maria-Assunta-Oristano.jpg\" alt=\"Cattedrale di Santa Maria Assunta - Oristano\" \/><figcaption class=\"elementor-image-carousel-caption\">Cattedrale di Santa Maria Assunta - Oristano<\/figcaption><\/figure><\/div><div class=\"swiper-slide\" role=\"group\" aria-roledescription=\"slide\" aria-label=\"3 di 15\"><figure class=\"swiper-slide-inner\"><img decoding=\"async\" class=\"swiper-slide-image\" src=\"https:\/\/monumentiaperti.com\/it\/wp-content\/uploads\/2023\/12\/Chiesa-di-San-Francesco-Ferrara.jpg\" alt=\"Chiesa di San Francesco - Ferrara\" \/><figcaption class=\"elementor-image-carousel-caption\">Chiesa di San Francesco - Ferrara<\/figcaption><\/figure><\/div><div class=\"swiper-slide\" role=\"group\" aria-roledescription=\"slide\" aria-label=\"4 di 15\"><figure class=\"swiper-slide-inner\"><img decoding=\"async\" class=\"swiper-slide-image\" src=\"https:\/\/monumentiaperti.com\/it\/wp-content\/uploads\/2023\/12\/Cittadella-dei-musei-Cagliari.jpg\" alt=\"Cittadella dei musei - Cagliari\" \/><figcaption class=\"elementor-image-carousel-caption\">Cittadella dei musei - Cagliari<\/figcaption><\/figure><\/div><div class=\"swiper-slide\" role=\"group\" aria-roledescription=\"slide\" aria-label=\"5 di 15\"><figure class=\"swiper-slide-inner\"><img decoding=\"async\" class=\"swiper-slide-image\" src=\"https:\/\/monumentiaperti.com\/it\/wp-content\/uploads\/2023\/12\/EXMA-Cagliari.jpg\" alt=\"EXMA - Cagliari\" \/><figcaption class=\"elementor-image-carousel-caption\">EXMA - Cagliari<\/figcaption><\/figure><\/div><div class=\"swiper-slide\" role=\"group\" aria-roledescription=\"slide\" aria-label=\"6 di 15\"><figure class=\"swiper-slide-inner\"><img decoding=\"async\" class=\"swiper-slide-image\" src=\"https:\/\/monumentiaperti.com\/it\/wp-content\/uploads\/2023\/12\/Fondazione-Pavese-Santo-Stefano-Belbo.jpg\" alt=\"Fondazione Pavese - Santo Stefano Belbo\" \/><figcaption class=\"elementor-image-carousel-caption\">Fondazione Pavese - Santo Stefano Belbo<\/figcaption><\/figure><\/div><div class=\"swiper-slide\" role=\"group\" aria-roledescription=\"slide\" aria-label=\"7 di 15\"><figure class=\"swiper-slide-inner\"><img decoding=\"async\" class=\"swiper-slide-image\" src=\"https:\/\/monumentiaperti.com\/it\/wp-content\/uploads\/2023\/12\/Fornelli-Bitonto.jpg\" alt=\"Fornelli - Bitonto\" \/><figcaption class=\"elementor-image-carousel-caption\">Fornelli - Bitonto<\/figcaption><\/figure><\/div><div class=\"swiper-slide\" role=\"group\" aria-roledescription=\"slide\" aria-label=\"8 di 15\"><figure class=\"swiper-slide-inner\"><img decoding=\"async\" class=\"swiper-slide-image\" src=\"https:\/\/monumentiaperti.com\/it\/wp-content\/uploads\/2023\/12\/Itinerario-Colle-Sant_Elia-Cagliari.jpg\" alt=\"Itinerario Colle Sant&#039;Elia - Cagliari\" \/><figcaption class=\"elementor-image-carousel-caption\">Itinerario Colle Sant'Elia - Cagliari<\/figcaption><\/figure><\/div><div class=\"swiper-slide\" role=\"group\" aria-roledescription=\"slide\" aria-label=\"9 di 15\"><figure class=\"swiper-slide-inner\"><img decoding=\"async\" class=\"swiper-slide-image\" src=\"https:\/\/monumentiaperti.com\/it\/wp-content\/uploads\/2023\/12\/Orto-Botanico-Cagliari.jpg\" alt=\"Orto Botanico - Cagliari\" \/><figcaption class=\"elementor-image-carousel-caption\">Orto Botanico - Cagliari<\/figcaption><\/figure><\/div><div class=\"swiper-slide\" role=\"group\" aria-roledescription=\"slide\" aria-label=\"10 di 15\"><figure class=\"swiper-slide-inner\"><img decoding=\"async\" class=\"swiper-slide-image\" src=\"https:\/\/monumentiaperti.com\/it\/wp-content\/uploads\/2023\/12\/Palazzo-Aeronautica-Ferrara.jpg\" alt=\"Palazzo Aeronautica - Ferrara\" \/><figcaption class=\"elementor-image-carousel-caption\">Palazzo Aeronautica - Ferrara<\/figcaption><\/figure><\/div><div class=\"swiper-slide\" role=\"group\" aria-roledescription=\"slide\" aria-label=\"11 di 15\"><figure class=\"swiper-slide-inner\"><img decoding=\"async\" class=\"swiper-slide-image\" src=\"https:\/\/monumentiaperti.com\/it\/wp-content\/uploads\/2023\/12\/Parco-Nervi-Cagliari.jpg\" alt=\"Parco Nervi - Cagliari\" \/><figcaption class=\"elementor-image-carousel-caption\">Parco Nervi - Cagliari<\/figcaption><\/figure><\/div><div class=\"swiper-slide\" role=\"group\" aria-roledescription=\"slide\" aria-label=\"12 di 15\"><figure class=\"swiper-slide-inner\"><img decoding=\"async\" class=\"swiper-slide-image\" src=\"https:\/\/monumentiaperti.com\/it\/wp-content\/uploads\/2023\/12\/Rifugio-antiaereo-Don-Bosco-Cagliari.jpg\" alt=\"Rifugio antiaereo Don Bosco - Cagliari\" \/><figcaption class=\"elementor-image-carousel-caption\">Rifugio antiaereo Don Bosco - Cagliari<\/figcaption><\/figure><\/div><div class=\"swiper-slide\" role=\"group\" aria-roledescription=\"slide\" aria-label=\"13 di 15\"><figure class=\"swiper-slide-inner\"><img decoding=\"async\" class=\"swiper-slide-image\" src=\"https:\/\/monumentiaperti.com\/it\/wp-content\/uploads\/2023\/12\/Torre-dellelefante-Cagliari.jpg\" alt=\"Torre dell&#039;elefante - Cagliari\" \/><figcaption class=\"elementor-image-carousel-caption\">Torre dell'elefante - Cagliari<\/figcaption><\/figure><\/div><div class=\"swiper-slide\" role=\"group\" aria-roledescription=\"slide\" aria-label=\"14 di 15\"><figure class=\"swiper-slide-inner\"><img decoding=\"async\" class=\"swiper-slide-image\" src=\"https:\/\/monumentiaperti.com\/it\/wp-content\/uploads\/2023\/12\/Torre-Quarta-Regia-Cagliari.jpg\" alt=\"Torre Quarta Regia - Cagliari\" \/><figcaption class=\"elementor-image-carousel-caption\">Torre Quarta Regia - Cagliari<\/figcaption><\/figure><\/div><div class=\"swiper-slide\" role=\"group\" aria-roledescription=\"slide\" aria-label=\"15 di 15\"><figure class=\"swiper-slide-inner\"><img decoding=\"async\" class=\"swiper-slide-image\" src=\"https:\/\/monumentiaperti.com\/it\/wp-content\/uploads\/2023\/12\/Villino-Cocco-Cagliari.jpg\" alt=\"Villino Cocco - Cagliari\" \/><figcaption class=\"elementor-image-carousel-caption\">Villino Cocco - Cagliari<\/figcaption><\/figure><\/div>\t\t\t<\/div>\n\t\t\t\t\t\t\t\t\t\t\t\t<div class=\"elementor-swiper-button elementor-swiper-button-prev\" role=\"button\" tabindex=\"0\">\n\t\t\t\t\t\t<svg aria-hidden=\"true\" class=\"e-font-icon-svg e-eicon-chevron-left\" viewBox=\"0 0 1000 1000\" xmlns=\"http:\/\/www.w3.org\/2000\/svg\"><path d=\"M646 125C629 125 613 133 604 142L308 442C296 454 292 471 292 487 292 504 296 521 308 533L604 854C617 867 629 875 646 875 663 875 679 871 692 858 704 846 713 829 713 812 713 796 708 779 692 767L438 487 692 225C700 217 708 204 708 187 708 171 704 154 692 142 675 129 663 125 646 125Z\"><\/path><\/svg>\t\t\t\t\t<\/div>\n\t\t\t\t\t<div class=\"elementor-swiper-button elementor-swiper-button-next\" role=\"button\" tabindex=\"0\">\n\t\t\t\t\t\t<svg aria-hidden=\"true\" class=\"e-font-icon-svg e-eicon-chevron-right\" viewBox=\"0 0 1000 1000\" xmlns=\"http:\/\/www.w3.org\/2000\/svg\"><path d=\"M696 533C708 521 713 504 713 487 713 471 708 454 696 446L400 146C388 133 375 125 354 125 338 125 325 129 313 142 300 154 292 171 292 187 292 204 296 221 308 233L563 492 304 771C292 783 288 800 288 817 288 833 296 850 308 863 321 871 338 875 354 875 371 875 388 867 400 854L696 533Z\"><\/path><\/svg>\t\t\t\t\t<\/div>\n\t\t\t\t\n\t\t\t\t\t\t\t\t\t<\/div>\n\t\t\t\t\t\t<\/div>\n\t\t\t\t<\/div>\n\t\t\t\t\t<\/div>\n\t\t\t\t<\/div>\n\t\t<div class=\"elementor-element elementor-element-ae3f194 e-flex e-con-boxed e-con e-parent\" data-id=\"ae3f194\" data-element_type=\"container\" data-e-type=\"container\" data-settings=\"{&quot;background_background&quot;:&quot;classic&quot;}\">\n\t\t\t\t\t<div class=\"e-con-inner\">\n\t\t<div class=\"elementor-element elementor-element-ea73c4a e-con-full e-flex e-con e-child\" data-id=\"ea73c4a\" data-element_type=\"container\" data-e-type=\"container\">\n\t\t\t\t<div class=\"elementor-element elementor-element-e3ba7df elementor-widget elementor-widget-html\" data-id=\"e3ba7df\" data-element_type=\"widget\" data-e-type=\"widget\" data-widget_type=\"html.default\">\n\t\t\t\t<div class=\"elementor-widget-container\">\n\t\t\t\t\t<!-- Begin Brevo Form -->\r\n<!-- START - We recommend to place the below code in head tag of your website html  -->\r\n<style>\r\n  @font-face {\r\n    font-display: block;\r\n    font-family: Roboto;\r\n    src: url(https:\/\/assets.brevo.com\/font\/Roboto\/Latin\/normal\/normal\/7529907e9eaf8ebb5220c5f9850e3811.woff2) format(\"woff2\"), url(https:\/\/assets.brevo.com\/font\/Roboto\/Latin\/normal\/normal\/25c678feafdc175a70922a116c9be3e7.woff) format(\"woff\")\r\n  }\r\n\r\n  @font-face {\r\n    font-display: fallback;\r\n    font-family: Roboto;\r\n    font-weight: 600;\r\n    src: url(https:\/\/assets.brevo.com\/font\/Roboto\/Latin\/medium\/normal\/6e9caeeafb1f3491be3e32744bc30440.woff2) format(\"woff2\"), url(https:\/\/assets.brevo.com\/font\/Roboto\/Latin\/medium\/normal\/71501f0d8d5aa95960f6475d5487d4c2.woff) format(\"woff\")\r\n  }\r\n\r\n  @font-face {\r\n    font-display: fallback;\r\n    font-family: Roboto;\r\n    font-weight: 700;\r\n    src: url(https:\/\/assets.brevo.com\/font\/Roboto\/Latin\/bold\/normal\/3ef7cf158f310cf752d5ad08cd0e7e60.woff2) format(\"woff2\"), url(https:\/\/assets.brevo.com\/font\/Roboto\/Latin\/bold\/normal\/ece3a1d82f18b60bcce0211725c476aa.woff) format(\"woff\")\r\n  }\r\n\r\n  #sib-container input:-ms-input-placeholder {\r\n    text-align: left;\r\n    font-family: \"Poppins\", sans-serif;\r\n    color: #c0ccda;\r\n  }\r\n\r\n  #sib-container input::placeholder {\r\n    text-align: left;\r\n    font-family: \"Poppins\", sans-serif;\r\n    color: #c0ccda;\r\n  }\r\n\r\n  #sib-container textarea::placeholder {\r\n    text-align: left;\r\n    font-family: \"Poppins\", sans-serif;\r\n    color: #c0ccda;\r\n  }\r\n<\/style>\r\n<link rel=\"stylesheet\" href=\"https:\/\/sibforms.com\/forms\/end-form\/build\/sib-styles.css\">\r\n<!--  END - We recommend to place the above code in head tag of your website html -->\r\n\r\n<!-- START - We recommend to place the below code where you want the form in your website html  -->\r\n<div class=\"sib-form\" style=\"text-align: center; background-color:#cb2029; padding: 20px 12px 20px\">\r\n  <div id=\"sib-form-container\" class=\"sib-form-container\">\r\n    <div id=\"error-message\" class=\"sib-form-message-panel\" style=\"font-size:16px; text-align:left; font-family:&quot;Helvetica&quot;, sans-serif; color:#661d1d; background-color:#ffeded; border-radius:3px; border-color:#ff4949;max-width:600px;\">\r\n      <div class=\"sib-form-message-panel__text sib-form-message-panel__text--center\">\r\n        <svg viewBox=\"0 0 512 512\" class=\"sib-icon sib-notification__icon\">\r\n          <path d=\"M256 40c118.621 0 216 96.075 216 216 0 119.291-96.61 216-216 216-119.244 0-216-96.562-216-216 0-119.203 96.602-216 216-216m0-32C119.043 8 8 119.083 8 256c0 136.997 111.043 248 248 248s248-111.003 248-248C504 119.083 392.957 8 256 8zm-11.49 120h22.979c6.823 0 12.274 5.682 11.99 12.5l-7 168c-.268 6.428-5.556 11.5-11.99 11.5h-8.979c-6.433 0-11.722-5.073-11.99-11.5l-7-168c-.283-6.818 5.167-12.5 11.99-12.5zM256 340c-15.464 0-28 12.536-28 28s12.536 28 28 28 28-12.536 28-28-12.536-28-28-28z\" \/>\r\n        <\/svg>\r\n        <span class=\"sib-form-message-panel__inner-text\">\r\n                          La tua iscrizione non pu\u00f2 essere convalidata.\r\n                      <\/span>\r\n      <\/div>\r\n    <\/div>\r\n    <div><\/div>\r\n    <div id=\"success-message\" class=\"sib-form-message-panel\" style=\"font-size:16px; text-align:left; font-family:&quot;Helvetica&quot;, sans-serif; color:#085229; background-color:#e7faf0; border-radius:3px; border-color:#13ce66;max-width:540px;\">\r\n      <div class=\"sib-form-message-panel__text sib-form-message-panel__text--center\">\r\n        <svg viewBox=\"0 0 512 512\" class=\"sib-icon sib-notification__icon\">\r\n          <path d=\"M256 8C119.033 8 8 119.033 8 256s111.033 248 248 248 248-111.033 248-248S392.967 8 256 8zm0 464c-118.664 0-216-96.055-216-216 0-118.663 96.055-216 216-216 118.664 0 216 96.055 216 216 0 118.663-96.055 216-216 216zm141.63-274.961L217.15 376.071c-4.705 4.667-12.303 4.637-16.97-.068l-85.878-86.572c-4.667-4.705-4.637-12.303.068-16.97l8.52-8.451c4.705-4.667 12.303-4.637 16.97.068l68.976 69.533 163.441-162.13c4.705-4.667 12.303-4.637 16.97.068l8.451 8.52c4.668 4.705 4.637 12.303-.068 16.97z\" \/>\r\n        <\/svg>\r\n        <span class=\"sib-form-message-panel__inner-text\">\r\n                          La tua iscrizione \u00e8 avvenuta correttamente.\r\n                      <\/span>\r\n      <\/div>\r\n    <\/div>\r\n    <div><\/div>\r\n    <div id=\"sib-container\" class=\"sib-container--large sib-container--horizontal\" style=\"text-align:center; background-color:rgba(203,32,41,1); max-width:600px; border-radius:3px; border-width:1px; border-color:#cb2029; border-style:solid; direction:ltr; padding:0px\">\r\n      <form id=\"sib-form\" method=\"POST\" action=\"https:\/\/1e806a1c.sibforms.com\/serve\/MUIFAOpfoe1-RcEA3ztnXKk2aJ6tI5_0azH2sxUAvdbv0DMWu_KwyDslIydV02ikBDoHc86dMgCrip_WFwbU_EzGuBVD7p2XiiDcWBU_zzT1Qsz5yqAcnEWvZU8syoDm4PAtMpteBJZVqaCY8pIwD4VJZ0kF59oOg_iSWW3F5T_9syJXLIg6kC4SCwfzw9-Vzdqr8kHTLu5vCxvA\" data-type=\"subscription\">\r\n        <div style=\"padding: 0;\">\r\n          <div class=\"sib-form-block\" style=\"font-size:32px; text-align:left; font-weight:500; font-family:&quot;Poppins&quot;, sans-serif; color:#ffffff; background-color:transparent; text-align:left\">\r\n            <p>Newsletter<\/p>\r\n          <\/div>\r\n        <\/div>\r\n        <div style=\"padding: 0; width:75%;\" class=\"riga1-newsletter\">\r\n          <div class=\"sib-input sib-form-block\">\r\n            <div class=\"form__entry entry_block\">\r\n              <div class=\"form__label-row form__label-row--horizontal\">\r\n\r\n                <div class=\"entry__field\">\r\n                  <input class=\"input \" type=\"text\" id=\"EMAIL\" name=\"EMAIL\" autocomplete=\"off\" placeholder=\"EMAIL\" data-required=\"true\" required \/>\r\n                <\/div>\r\n              <\/div>\r\n\r\n              <label class=\"entry__error entry__error--primary\" style=\"font-size:16px; text-align:left; font-family:&quot;Helvetica&quot;, sans-serif; color:#661d1d; background-color:#ffeded; border-radius:3px; border-color:#ff4949;\">\r\n              <\/label>\r\n            <\/div>\r\n          <\/div>\r\n        <\/div>\r\n        <div style=\"padding: 0 0; width:75%;\" class=\"riga2-newsletter\">\r\n          <div class=\"sib-optin sib-form-block\">\r\n            <div class=\"form__entry entry_mcq\">\r\n              <div class=\"form__label-row form__label-row--horizontal\">\r\n                <div class=\"entry__choice\" style=\"\">\r\n                  <label>\r\n                    <input type=\"checkbox\" class=\"input_replaced\" value=\"1\" id=\"OPT_IN\" name=\"OPT_IN\" \/>\r\n                    <span class=\"checkbox checkbox_tick_positive\"\r\n            style=\"margin-left:\"\r\n            ><\/span><span style=\"font-size:14px; text-align:left; font-family:&quot;Poppins&quot;, sans-serif; color:#ffffff; background-color:transparent;\"><p>Autorizzo il trattamento dei dati personali nel CV secondo D. Lgs. 196\/2003 e Regolamento UE 2016\/679<\/p><\/span> <\/label>\r\n                <\/div>\r\n              <\/div>\r\n              <label class=\"entry__error entry__error--primary\" style=\"font-size:16px; text-align:left; font-family:&quot;Helvetica&quot;, sans-serif; color:#661d1d; background-color:#ffeded; border-radius:3px; border-color:#ff4949;\">\r\n              <\/label>\r\n            <\/div>\r\n          <\/div>\r\n        <\/div>\r\n        <div style=\"padding: 0 0; width:24%; float:right; margin-top:-112px;\" class=\"riga1-newsletter\">\r\n          <div class=\"sib-form-block\" style=\"text-align: right\">\r\n            <button class=\"sib-form-block__button sib-form-block__button-with-loader\" style=\"font-size:16px; text-align:right; font-weight:700; font-family:&quot;Poppins&quot;, sans-serif; color:#cb2029; background-color:#ffffff; border-width:0px;\" form=\"sib-form\" type=\"submit\">\r\n              <svg class=\"icon clickable__icon progress-indicator__icon sib-hide-loader-icon\" viewBox=\"0 0 512 512\">\r\n                <path d=\"M460.116 373.846l-20.823-12.022c-5.541-3.199-7.54-10.159-4.663-15.874 30.137-59.886 28.343-131.652-5.386-189.946-33.641-58.394-94.896-95.833-161.827-99.676C261.028 55.961 256 50.751 256 44.352V20.309c0-6.904 5.808-12.337 12.703-11.982 83.556 4.306 160.163 50.864 202.11 123.677 42.063 72.696 44.079 162.316 6.031 236.832-3.14 6.148-10.75 8.461-16.728 5.01z\" \/>\r\n              <\/svg>\r\n              ISCRIVITI\r\n            <\/button>\r\n          <\/div>\r\n        <\/div>\r\n\r\n        <input type=\"text\" name=\"email_address_check\" value=\"\" class=\"input--hidden\">\r\n        <input type=\"hidden\" name=\"locale\" value=\"it\">\r\n      <\/form>\r\n    <\/div>\r\n  <\/div>\r\n<\/div>\r\n<!-- END - We recommend to place the below code where you want the form in your website html  -->\r\n\r\n<!-- START - We recommend to place the below code in footer or bottom of your website html  -->\r\n<script>\r\n  window.REQUIRED_CODE_ERROR_MESSAGE = 'Scegli un prefisso paese';\r\n  window.LOCALE = 'it';\r\n  window.EMAIL_INVALID_MESSAGE = window.SMS_INVALID_MESSAGE = \"Le informazioni fornite non sono valide. Controlla il formato del campo e riprova.\";\r\n\r\n  window.REQUIRED_ERROR_MESSAGE = \"Questo campo \u00e8 obbligatorio. \";\r\n\r\n  window.GENERIC_INVALID_MESSAGE = \"Le informazioni fornite non sono valide. Controlla il formato del campo e riprova.\";\r\n\r\n\r\n\r\n\r\n  window.translation = {\r\n    common: {\r\n      selectedList: '{quantity} lista selezionata',\r\n      selectedLists: '{quantity} liste selezionate'\r\n    }\r\n  };\r\n\r\n  var AUTOHIDE = Boolean(0);\r\n<\/script>\r\n<script defer src=\"https:\/\/sibforms.com\/forms\/end-form\/build\/main.js\"><\/script>\r\n\r\n\r\n<!-- END - We recommend to place the above code in footer or bottom of your website html  -->\r\n<!-- End Brevo Form -->\t\t\t\t<\/div>\n\t\t\t\t<\/div>\n\t\t\t\t<\/div>\n\t\t\t\t\t<\/div>\n\t\t\t\t<\/div>\n\t\t<div class=\"elementor-element elementor-element-152a1e5 e-flex e-con-boxed e-con e-parent\" data-id=\"152a1e5\" data-element_type=\"container\" data-e-type=\"container\">\n\t\t\t\t\t<div class=\"e-con-inner\">\n\t\t\t\t<div class=\"elementor-element elementor-element-ee2b81c elementor-widget elementor-widget-heading\" data-id=\"ee2b81c\" data-element_type=\"widget\" data-e-type=\"widget\" data-widget_type=\"heading.default\">\n\t\t\t\t<div class=\"elementor-widget-container\">\n\t\t\t\t\t<h2 class=\"elementor-heading-title elementor-size-default\">I nostri numeri<\/h2>\t\t\t\t<\/div>\n\t\t\t\t<\/div>\n\t\t\t\t\t<\/div>\n\t\t\t\t<\/div>\n\t\t<div class=\"elementor-element elementor-element-52df4ed e-flex e-con-boxed e-con e-parent\" data-id=\"52df4ed\" data-element_type=\"container\" data-e-type=\"container\">\n\t\t\t\t\t<div class=\"e-con-inner\">\n\t\t<div class=\"elementor-element elementor-element-6fdf1f5 e-con-full e-flex e-con e-child\" data-id=\"6fdf1f5\" data-element_type=\"container\" data-e-type=\"container\">\n\t\t\t\t<div class=\"elementor-element elementor-element-39b1b88 circular-progress-container elementor-widget elementor-widget-html\" data-id=\"39b1b88\" data-element_type=\"widget\" data-e-type=\"widget\" data-settings=\"{&quot;motion_fx_motion_fx_scrolling&quot;:&quot;yes&quot;,&quot;motion_fx_devices&quot;:[&quot;desktop&quot;,&quot;tablet&quot;,&quot;mobile&quot;]}\" data-widget_type=\"html.default\">\n\t\t\t\t<div class=\"elementor-widget-container\">\n\t\t\t\t\t<div data-circular=\"1\" data-circular-value=\"28\">\r\n\t<div class=\"circular-progress\">\r\n\t\t<div class=\"value-container\">0<\/div>\r\n\t<\/div>\r\n<\/div>\r\n\t\t\t\t<\/div>\n\t\t\t\t<\/div>\n\t\t\t\t<div class=\"elementor-element elementor-element-1833bba elementor-widget elementor-widget-text-editor\" data-id=\"1833bba\" data-element_type=\"widget\" data-e-type=\"widget\" data-widget_type=\"text-editor.default\">\n\t\t\t\t<div class=\"elementor-widget-container\">\n\t\t\t\t\t\t\t\t\t<p>EDIZIONI<\/p>\t\t\t\t\t\t\t\t<\/div>\n\t\t\t\t<\/div>\n\t\t\t\t<\/div>\n\t\t<div class=\"elementor-element elementor-element-abcf3b2 e-con-full e-flex e-con e-child\" data-id=\"abcf3b2\" data-element_type=\"container\" data-e-type=\"container\">\n\t\t\t\t<div class=\"elementor-element elementor-element-e510cb3 circular-progress-container elementor-widget elementor-widget-html\" data-id=\"e510cb3\" data-element_type=\"widget\" data-e-type=\"widget\" data-settings=\"{&quot;motion_fx_motion_fx_scrolling&quot;:&quot;yes&quot;,&quot;motion_fx_devices&quot;:[&quot;desktop&quot;,&quot;tablet&quot;,&quot;mobile&quot;]}\" data-widget_type=\"html.default\">\n\t\t\t\t<div class=\"elementor-widget-container\">\n\t\t\t\t\t<div data-circular=\"1\" data-circular-value=\"184\">\r\n\t<div class=\"circular-progress\">\r\n\t\t<div class=\"value-container\">0<\/div>\r\n\t<\/div>\r\n<\/div>\r\n\r\n\t\t\t\t<\/div>\n\t\t\t\t<\/div>\n\t\t\t\t<div class=\"elementor-element elementor-element-b8d2b17 elementor-widget elementor-widget-text-editor\" data-id=\"b8d2b17\" data-element_type=\"widget\" data-e-type=\"widget\" data-widget_type=\"text-editor.default\">\n\t\t\t\t<div class=\"elementor-widget-container\">\n\t\t\t\t\t\t\t\t\t<p>COMUNI CHE <br \/>HANNO ADERITO<\/p>\t\t\t\t\t\t\t\t<\/div>\n\t\t\t\t<\/div>\n\t\t\t\t<\/div>\n\t\t<div class=\"elementor-element elementor-element-d894fe3 e-con-full e-flex e-con e-child\" data-id=\"d894fe3\" data-element_type=\"container\" data-e-type=\"container\">\n\t\t\t\t<div class=\"elementor-element elementor-element-e182ff9 circular-progress-container elementor-widget elementor-widget-html\" data-id=\"e182ff9\" data-element_type=\"widget\" data-e-type=\"widget\" data-settings=\"{&quot;motion_fx_motion_fx_scrolling&quot;:&quot;yes&quot;,&quot;motion_fx_devices&quot;:[&quot;desktop&quot;,&quot;tablet&quot;,&quot;mobile&quot;]}\" data-widget_type=\"html.default\">\n\t\t\t\t<div class=\"elementor-widget-container\">\n\t\t\t\t\t<div data-circular=\"1\" data-circular-value=\"2063\">\r\n\t<div class=\"circular-progress\">\r\n\t\t<div class=\"value-container\">0<\/div>\r\n\t<\/div>\r\n<\/div>\r\n\t\t\t\t<\/div>\n\t\t\t\t<\/div>\n\t\t\t\t<div class=\"elementor-element elementor-element-d77ad7b elementor-widget elementor-widget-text-editor\" data-id=\"d77ad7b\" data-element_type=\"widget\" data-e-type=\"widget\" data-widget_type=\"text-editor.default\">\n\t\t\t\t<div class=\"elementor-widget-container\">\n\t\t\t\t\t\t\t\t\t<p>MONUMENTI<br \/>ADOTTATI<\/p>\t\t\t\t\t\t\t\t<\/div>\n\t\t\t\t<\/div>\n\t\t\t\t<\/div>\n\t\t<div class=\"elementor-element elementor-element-1546ccc e-con-full e-flex e-con e-child\" data-id=\"1546ccc\" data-element_type=\"container\" data-e-type=\"container\">\n\t\t\t\t<div class=\"elementor-element elementor-element-80b1c30 circular-progress-container elementor-widget elementor-widget-html\" data-id=\"80b1c30\" data-element_type=\"widget\" data-e-type=\"widget\" data-settings=\"{&quot;motion_fx_motion_fx_scrolling&quot;:&quot;yes&quot;,&quot;motion_fx_devices&quot;:[&quot;desktop&quot;,&quot;tablet&quot;,&quot;mobile&quot;]}\" data-widget_type=\"html.default\">\n\t\t\t\t<div class=\"elementor-widget-container\">\n\t\t\t\t\t<div data-circular=\"1\" data-circular-value=\"219404\">\r\n\t<div class=\"circular-progress\">\r\n\t\t<div class=\"value-container\">0<\/div>\r\n\t<\/div>\r\n<\/div>\r\n\r\n\t\t\t\t<\/div>\n\t\t\t\t<\/div>\n\t\t\t\t<div class=\"elementor-element elementor-element-fcf0cf5 elementor-widget elementor-widget-text-editor\" data-id=\"fcf0cf5\" data-element_type=\"widget\" data-e-type=\"widget\" data-widget_type=\"text-editor.default\">\n\t\t\t\t<div class=\"elementor-widget-container\">\n\t\t\t\t\t\t\t\t\t<p>VISITATORI<br \/>ULTIMA EDIZIONE<\/p>\t\t\t\t\t\t\t\t<\/div>\n\t\t\t\t<\/div>\n\t\t\t\t<\/div>\n\t\t\t\t\t<\/div>\n\t\t\t\t<\/div>\n\t\t\t\t<\/div>\n\t\t","protected":false},"excerpt":{"rendered":"<p>Monumenti Aperti, nata in Sardegna 29 anni fa, \u00e8 una delle pi\u00f9 importanti manifestazioni italiane dedicate alla promozione e valorizzazione dei beni culturali. Dal 2008 riceve la Medaglia di Rappresentanza [&hellip;]<\/p>\n","protected":false},"author":12,"featured_media":0,"parent":0,"menu_order":0,"comment_status":"closed","ping_status":"closed","template":"elementor_header_footer","meta":{"footnotes":""},"class_list":["post-47957","page","type-page","status-publish","hentry"],"_links":{"self":[{"href":"https:\/\/monumentiaperti.com\/it\/wp-json\/wp\/v2\/pages\/47957","targetHints":{"allow":["GET"]}}],"collection":[{"href":"https:\/\/monumentiaperti.com\/it\/wp-json\/wp\/v2\/pages"}],"about":[{"href":"https:\/\/monumentiaperti.com\/it\/wp-json\/wp\/v2\/types\/page"}],"author":[{"embeddable":true,"href":"https:\/\/monumentiaperti.com\/it\/wp-json\/wp\/v2\/users\/12"}],"replies":[{"embeddable":true,"href":"https:\/\/monumentiaperti.com\/it\/wp-json\/wp\/v2\/comments?post=47957"}],"version-history":[{"count":377,"href":"https:\/\/monumentiaperti.com\/it\/wp-json\/wp\/v2\/pages\/47957\/revisions"}],"predecessor-version":[{"id":106038,"href":"https:\/\/monumentiaperti.com\/it\/wp-json\/wp\/v2\/pages\/47957\/revisions\/106038"}],"wp:attachment":[{"href":"https:\/\/monumentiaperti.com\/it\/wp-json\/wp\/v2\/media?parent=47957"}],"curies":[{"name":"wp","href":"https:\/\/api.w.org\/{rel}","templated":true}]}}