{"id":49984,"date":"2023-12-04T10:18:20","date_gmt":"2023-12-04T09:18:20","guid":{"rendered":"https:\/\/monumentiaperti.org\/it\/?page_id=49984"},"modified":"2025-11-19T12:13:05","modified_gmt":"2025-11-19T10:13:05","slug":"sei-un-comune","status":"publish","type":"page","link":"https:\/\/monumentiaperti.com\/it\/come-partecipare\/sei-un-comune\/","title":{"rendered":"Sei un comune?"},"content":{"rendered":"\t\t<div data-elementor-type=\"wp-page\" data-elementor-id=\"49984\" class=\"elementor elementor-49984\" data-elementor-post-type=\"page\">\n\t\t\t\t<div class=\"elementor-element elementor-element-291b9bfe elementor-hidden-desktop elementor-hidden-tablet elementor-hidden-mobile e-flex e-con-boxed e-con e-parent\" data-id=\"291b9bfe\" data-element_type=\"container\" data-e-type=\"container\">\n\t\t\t\t\t<div class=\"e-con-inner\">\n\t\t\t\t<div class=\"elementor-element elementor-element-229b9184 elementor-widget elementor-widget-shortcode\" data-id=\"229b9184\" data-element_type=\"widget\" data-e-type=\"widget\" data-widget_type=\"shortcode.default\">\n\t\t\t\t<div class=\"elementor-widget-container\">\n\t\t\t\t\t\t\t<div class=\"elementor-shortcode\">[fusion_builder_container hundred_percent=\"yes\" overflow=\"visible\" type=\"flex\"][fusion_builder_row][fusion_builder_column type=\"1_1\" layout=\"1_1\" background_position=\"left top\" background_color=\"\" border_color=\"\" border_style=\"solid\" spacing=\"yes\" background_image=\"\" background_repeat=\"no-repeat\" padding_top=\"\" padding_right=\"\" padding_bottom=\"\" padding_left=\"\" margin_top=\"0px\" margin_bottom=\"0px\" class=\"\" id=\"\" animation_type=\"\" animation_speed=\"0.3\" animation_direction=\"left\" hide_on_mobile=\"no\" center_content=\"no\" min_height=\"none\" align_self=\"flex-start\" border_sizes_undefined=\"\" first=\"true\" last=\"true\" hover_type=\"none\" link=\"\" border_position=\"all\"][fusion_text]<a href=\"http:\/\/monumentiaperti.org\/it\/join-us\/municipalities\/\" target=\"_blank\" rel=\"noopener noreferrer\"><img decoding=\"async\" class=\"alignnone wp-image-5054 size-full\" src=\"http:\/\/monumentiaperti.org\/it\/wp-content\/uploads\/2015\/12\/bandiera-inglese-e1464602023580.jpeg\" width=\"50\" height=\"30\" \/><\/a>[\/fusion_text][fusion_separator style_type=\"none\" top_margin=\"20px\" bottom_margin=\"20px\" sep_color=\"\" border_size=\"\" icon=\"\" icon_circle=\"\" icon_circle_color=\"\" width=\"\" alignment=\"center\" class=\"\" id=\"\" \/][\/fusion_builder_column][fusion_builder_column type=\"3_5\" layout=\"3_5\" last=\"false\" spacing=\"yes\" center_content=\"no\" hide_on_mobile=\"no\" background_color=\"\" background_image=\"\" background_repeat=\"no-repeat\" background_position=\"left top\" hover_type=\"none\" link=\"\" border_position=\"all\" border_color=\"\" border_style=\"\" padding_top=\"\" padding_right=\"\" padding_bottom=\"\" padding_left=\"\" margin_top=\"\" margin_bottom=\"\" animation_type=\"\" animation_direction=\"\" animation_speed=\"0.1\" animation_offset=\"\" class=\"\" id=\"\" border_sizes_top=\"0px\" border_sizes_bottom=\"0px\" border_sizes_left=\"0px\" border_sizes_right=\"0px\" first=\"true\" spacing_right=\"2.4%\" min_height=\"\"][fusion_text columns=\"\" column_min_width=\"\" column_spacing=\"\" rule_style=\"default\" rule_size=\"\" rule_color=\"\" content_alignment_medium=\"\" content_alignment_small=\"\" content_alignment=\"\" hide_on_mobile=\"small-visibility,medium-visibility,large-visibility\" sticky_display=\"normal,sticky\" class=\"\" id=\"\" margin_top=\"\" margin_right=\"\" margin_bottom=\"\" margin_left=\"\" font_size=\"\" fusion_font_family_text_font=\"\" fusion_font_variant_text_font=\"\" line_height=\"\" letter_spacing=\"\" text_color=\"\" animation_type=\"\" animation_direction=\"left\" animation_speed=\"0.3\" animation_offset=\"\"]\r\n\r\nCarissimi Amministratori, desideriamo proporVi l\u2019adesione dei Vostri Comuni a <em><strong>Monumenti Aperti<\/strong><\/em>, e Vi invitiamo a valutare l\u2019opportunit\u00e0 di prevedere un incontro per illustrarVi al meglio le finalit\u00e0 della manifestazione e le modalit\u00e0 per partecipare.\r\n<blockquote><span style=\"color: #000000;\"><strong>Nel ringraziarVi per l\u2019attenzione che vorrete accordarci, confidiamo possiate dare riscontro alla proposta preferibilmente scrivendo una mail all\u2019attenzione della segreteria organizzativa di <em>Monumenti Aperti<\/em> regionale o nazionale oppure contattando il numero 070.6402115. Oppure contattando direttamente la segreteria organizzativa via mail maperti@gmail.com o al numero 3471480572<\/strong><\/span><\/blockquote>\r\nLa formula prevede che nei giorni della manifestazione quanti pi\u00f9 monumenti, in particolare quelli normalmente chiusi o difficilmente accessibili, siano aperti e\u00a0<em>spiegati<\/em>\u00a0al pubblico grazie a visite guidate gratuite condotte da liberi volontari e studenti delle scuole\/associazioni .\r\n\r\nIn misura sempre maggiore\u00a0<em><strong>Monumenti Aperti<\/strong><\/em>\u00a0intende divenire un appuntamento diffuso possibilmente su tutto il territorio regionale e nazionale: un collettivo e straordinario appuntamento con la nostra storia che favorisce il movimento di visitatori all\u2019interno della regione, rappresentando, oltre che una occasione di crescita civile e culturale, un rilevante fattore di attrattiva turistica.\r\n\r\nVorremmo far crescere questa esperienza realizzando un circuito tra diversi comuni del territorio regionale, nazionale\u2026 e non solo!\r\n\r\n[\/fusion_text][fusion_separator style_type=\"none\" hide_on_mobile=\"small-visibility,medium-visibility,large-visibility\" sticky_display=\"normal,sticky\" class=\"\" id=\"\" flex_grow=\"0\" top_margin=\"5px\" bottom_margin=\"5px\" width=\"\" alignment=\"center\" border_size=\"\" sep_color=\"\" icon=\"\" icon_size=\"\" icon_color=\"\" icon_circle=\"\" icon_circle_color=\"\" \/][fusion_accordion type=\"\" inactive_icon=\"\" active_icon=\"\" margin_top=\"\" margin_bottom=\"\" hide_on_mobile=\"small-visibility,medium-visibility,large-visibility\" class=\"\" id=\"\" boxed_mode=\"\" border_size=\"\" border_color=\"\" hue=\"\" saturation=\"\" lightness=\"\" alpha=\"\" background_color=\"\" hover_color=\"\" divider_line=\"\" divider_color=\"\" divider_hover_color=\"\" title_tag=\"h4\" fusion_font_family_title_font=\"\" fusion_font_variant_title_font=\"\" title_font_size=\"\" title_line_height=\"1.43\" title_letter_spacing=\"0px\" title_text_transform=\"\" title_color=\"#333333\" icon_size=\"\" icon_color=\"\" icon_boxed_mode=\"\" icon_box_color=\"\" icon_alignment=\"\" fusion_font_family_content_font=\"\" fusion_font_variant_content_font=\"\" content_font_size=\"\" content_line_height=\"\" content_letter_spacing=\"\" content_text_transform=\"\" content_color=\"#747474\" toggle_hover_accent_color=\"#f44336\" toggle_active_accent_color=\"\"][fusion_toggle title=\"CONTATTI\" open=\"no\" class=\"\" id=\"\" fusion_font_family_title_font=\"\" fusion_font_variant_title_font=\"\" title_font_size=\"\" title_line_height=\"\" title_letter_spacing=\"\" title_text_transform=\"\" title_color=\"#333333\" hue=\"\" saturation=\"\" lightness=\"\" alpha=\"\" fusion_font_family_content_font=\"\" fusion_font_variant_content_font=\"\" content_font_size=\"\" content_line_height=\"\" content_letter_spacing=\"\" content_text_transform=\"\" content_color=\"#747474\"]\r\n<ul>\r\n \t<li class=\"fusion-li-item-content\">Per Monumenti Aperti Regionale:\r\n<a href=\"mailto:info@monumentiaperti.org\">info@monumentiaperti.org\r\n<\/a><a href=\"mailto:gianpaolo.marras@gmail.com\" target=\"_blank\" rel=\"noopener noreferrer\">maperti@gmail.com<\/a>\r\nCel.: 3471480572<\/li>\r\n \t<li class=\"fusion-li-item-content\">Per Monumenti Aperti Nazionale:\r\n<a href=\"mailto:f.spissu@monumentiaperti.org\">f.spissu@monumentiaperti.org<\/a><\/li>\r\n<\/ul>\r\n[\/fusion_toggle][\/fusion_accordion][\/fusion_builder_column][fusion_builder_column type=\"2_5\" layout=\"2_5\" last=\"true\" spacing=\"yes\" center_content=\"no\" hide_on_mobile=\"no\" background_color=\"\" background_image=\"\" background_repeat=\"no-repeat\" background_position=\"left top\" hover_type=\"none\" link=\"\" border_position=\"all\" border_color=\"\" border_style=\"\" padding_top=\"\" padding_right=\"\" padding_bottom=\"\" padding_left=\"\" margin_top=\"\" margin_bottom=\"\" animation_type=\"\" animation_direction=\"\" animation_speed=\"0.1\" animation_offset=\"\" class=\"\" id=\"\" border_sizes_top=\"0px\" border_sizes_bottom=\"0px\" border_sizes_left=\"0px\" border_sizes_right=\"0px\" first=\"false\" spacing_left=\"1.6%\" min_height=\"\"][fusion_imageframe lightbox=\"no\" gallery_id=\"\" lightbox_image=\"\" style_type=\"none\" hover_type=\"none\" bordercolor=\"\" bordersize=\"0px\" borderradius=\"0\" stylecolor=\"\" align=\"none\" link=\"\" linktarget=\"_self\" animation_type=\"0\" animation_direction=\"down\" animation_speed=\"0.1\" animation_offset=\"\" hide_on_mobile=\"no\" class=\"\" id=\"\"] <img decoding=\"async\" src=\"http:\/\/monumentiaperti.org\/it\/wp-content\/uploads\/2016\/01\/foto-ok-x-sito.jpg\" alt=\"\" \/>[\/fusion_imageframe][fusion_separator style_type=\"single solid\" top_margin=\"20\" bottom_margin=\"20\" sep_color=\"\" border_size=\"\" icon=\"\" icon_circle=\"\" icon_circle_color=\"\" width=\"\" alignment=\"center\" class=\"\" id=\"\" \/][fusion_button link=\"https:\/\/drive.google.com\/file\/d\/17Bj-X_96Lr1NNzoUN3UA9yiyRmZqJrWA\/view?usp=share_link\" title=\"\" target=\"_blank\" link_attributes=\"\" alignment_medium=\"\" alignment_small=\"\" alignment=\"\" modal=\"\" hide_on_mobile=\"small-visibility,medium-visibility,large-visibility\" sticky_display=\"normal,sticky\" class=\"\" id=\"\" color=\"default\" button_gradient_top_color=\"\" hue=\"\" saturation=\"\" lightness=\"\" alpha=\"\" button_gradient_bottom_color=\"\" button_gradient_top_color_hover=\"\" button_gradient_bottom_color_hover=\"\" gradient_start_position=\"\" gradient_end_position=\"\" gradient_type=\"\" radial_direction=\"\" linear_angle=\"\" accent_color=\"\" accent_hover_color=\"\" type=\"\" bevel_color=\"\" bevel_color_hover=\"\" border_top=\"\" border_right=\"\" border_bottom=\"\" border_left=\"\" border_radius_top_left=\"\" border_radius_top_right=\"\" border_radius_bottom_right=\"\" border_radius_bottom_left=\"\" border_color=\"\" border_hover_color=\"\" size=\"small\" padding_top=\"\" padding_right=\"\" padding_bottom=\"\" padding_left=\"\" fusion_font_family_button_font=\"\" fusion_font_variant_button_font=\"\" font_size=\"\" line_height=\"\" letter_spacing=\"\" text_transform=\"\" stretch=\"default\" margin_top=\"\" margin_right=\"\" margin_bottom=\"\" margin_left=\"\" icon=\"fa-file-pdf-o fas\" icon_position=\"left\" icon_divider=\"yes\" animation_type=\"\" animation_direction=\"left\" animation_speed=\"1\" animation_offset=\"\"]Lettera ai Comuni - Monumenti Aperti 2023[\/fusion_button][fusion_separator style_type=\"none\" top_margin=\"5px\" bottom_margin=\"5px\" sep_color=\"\" border_size=\"\" icon=\"\" icon_circle=\"\" icon_circle_color=\"\" width=\"\" alignment=\"center\" class=\"\" id=\"\" \/][fusion_button link=\"https:\/\/docs.google.com\/document\/d\/1wAH_jiBs5-rHmFv72DwZpdrNlAeJ0ct5\/edit?usp=share_link&amp;ouid=100177300840595933741&amp;rtpof=true&amp;sd=true\" title=\"\" target=\"_blank\" link_attributes=\"\" alignment_medium=\"\" alignment_small=\"\" alignment=\"\" modal=\"\" hide_on_mobile=\"small-visibility,medium-visibility,large-visibility\" sticky_display=\"normal,sticky\" class=\"\" id=\"\" color=\"default\" button_gradient_top_color=\"\" hue=\"\" saturation=\"\" lightness=\"\" alpha=\"\" button_gradient_bottom_color=\"\" button_gradient_top_color_hover=\"\" button_gradient_bottom_color_hover=\"\" gradient_start_position=\"\" gradient_end_position=\"\" gradient_type=\"\" radial_direction=\"\" linear_angle=\"\" accent_color=\"\" accent_hover_color=\"\" type=\"\" bevel_color=\"\" bevel_color_hover=\"\" border_top=\"\" border_right=\"\" border_bottom=\"\" border_left=\"\" border_radius_top_left=\"\" border_radius_top_right=\"\" border_radius_bottom_right=\"\" border_radius_bottom_left=\"\" border_color=\"\" border_hover_color=\"\" size=\"small\" padding_top=\"\" padding_right=\"\" padding_bottom=\"\" padding_left=\"\" fusion_font_family_button_font=\"\" fusion_font_variant_button_font=\"\" font_size=\"\" line_height=\"\" letter_spacing=\"\" text_transform=\"\" stretch=\"default\" margin_top=\"\" margin_right=\"\" margin_bottom=\"\" margin_left=\"\" icon=\"fa-file-pdf-o fas\" icon_position=\"left\" icon_divider=\"yes\" animation_type=\"\" animation_direction=\"left\" animation_speed=\"1\" animation_offset=\"\"]Bozza delibera - Associazione Imago Mundi[\/fusion_button][fusion_separator style_type=\"none\" top_margin=\"5px\" bottom_margin=\"5px\" sep_color=\"\" border_size=\"\" icon=\"\" icon_circle=\"\" icon_circle_color=\"\" width=\"\" alignment=\"center\" class=\"\" id=\"\" \/][fusion_button link=\"https:\/\/drive.google.com\/file\/d\/1mb25ylTHaUOS9GmjevAeu_xIP7KdNWLs\/view\" text_transform=\"\" title=\"\" target=\"_blank\" link_attributes=\"\" alignment_medium=\"\" alignment_small=\"\" alignment=\"\" modal=\"\" hide_on_mobile=\"small-visibility,medium-visibility,large-visibility\" sticky_display=\"normal,sticky\" class=\"\" id=\"\" color=\"default\" button_gradient_top_color=\"\" button_gradient_bottom_color=\"\" button_gradient_top_color_hover=\"\" button_gradient_bottom_color_hover=\"\" accent_color=\"\" accent_hover_color=\"\" type=\"\" bevel_color=\"\" border_color=\"\" border_hover_color=\"\" size=\"small\" stretch=\"default\" margin_top=\"\" margin_right=\"\" margin_bottom=\"\" margin_left=\"\" icon=\"fa-file-pdf-o fas\" icon_position=\"left\" icon_divider=\"yes\" animation_type=\"\" animation_direction=\"left\" animation_speed=\"1\" animation_offset=\"\"]Linee guida dell'identit\u00e0 visiva e della comunicazione[\/fusion_button][\/fusion_builder_column][\/fusion_builder_row][\/fusion_builder_container]<\/div>\n\t\t\t\t\t\t<\/div>\n\t\t\t\t<\/div>\n\t\t\t\t\t<\/div>\n\t\t\t\t<\/div>\n\t\t<div class=\"elementor-element elementor-element-b397d43 e-flex e-con-boxed e-con e-parent\" data-id=\"b397d43\" data-element_type=\"container\" data-e-type=\"container\">\n\t\t\t\t\t<div class=\"e-con-inner\">\n\t\t<div class=\"elementor-element elementor-element-697c07d e-con-full e-flex e-con e-child\" data-id=\"697c07d\" data-element_type=\"container\" data-e-type=\"container\">\n\t\t\t\t<div class=\"elementor-element elementor-element-4d21d51 elementor-widget elementor-widget-video\" data-id=\"4d21d51\" data-element_type=\"widget\" data-e-type=\"widget\" data-settings=\"{&quot;video_type&quot;:&quot;hosted&quot;,&quot;controls&quot;:&quot;yes&quot;}\" data-widget_type=\"video.default\">\n\t\t\t\t<div class=\"elementor-widget-container\">\n\t\t\t\t\t\t\t<div class=\"e-hosted-video elementor-wrapper elementor-open-inline\">\n\t\t\t\t\t<video class=\"elementor-video\" src=\"https:\/\/monumentiaperti.org\/it\/wp-content\/uploads\/2023\/11\/Massimiliano-Messina_Come-convincere-un-comune.mp4\" controls=\"\" preload=\"metadata\" controlsList=\"nodownload\"><\/video>\n\t\t\t\t<\/div>\n\t\t\t\t\t\t<\/div>\n\t\t\t\t<\/div>\n\t\t\t\t<\/div>\n\t\t<div class=\"elementor-element elementor-element-b2cbf0d e-con-full e-flex e-con e-child\" data-id=\"b2cbf0d\" data-element_type=\"container\" data-e-type=\"container\">\n\t\t\t\t<div class=\"elementor-element elementor-element-0f5d357 elementor-widget elementor-widget-text-editor\" data-id=\"0f5d357\" data-element_type=\"widget\" data-e-type=\"widget\" data-widget_type=\"text-editor.default\">\n\t\t\t\t<div class=\"elementor-widget-container\">\n\t\t\t\t\t\t\t\t\t<p><b>PERCH\u00c8 UN COMUNE DOVREBBE ADERIRE<br \/><\/b>Massimiliano Messina &#8211; Presidente di ImagoMundi<\/p><p>In misura sempre maggiore\u00a0<em><strong>Monumenti Aperti<\/strong><\/em>\u00a0intende divenire un appuntamento diffuso possibilmente su tutto il territorio regionale e nazionale: un collettivo e straordinario appuntamento con la nostra storia che favorisce il movimento di visitatori all\u2019interno della regione, rappresentando, oltre che una occasione di crescita civile e culturale, un rilevante fattore di attrattiva turistica.<\/p><p>Vorremmo far crescere questa esperienza realizzando un circuito tra diversi comuni del territorio regionale, nazionale\u2026 e non solo!<\/p>\t\t\t\t\t\t\t\t<\/div>\n\t\t\t\t<\/div>\n\t\t\t\t<\/div>\n\t\t\t\t\t<\/div>\n\t\t\t\t<\/div>\n\t\t<div class=\"elementor-element elementor-element-f8921ed e-flex e-con-boxed e-con e-parent\" data-id=\"f8921ed\" data-element_type=\"container\" data-e-type=\"container\">\n\t\t\t\t\t<div class=\"e-con-inner\">\n\t\t<div class=\"elementor-element elementor-element-4871af7 e-con-full e-flex e-con e-child\" data-id=\"4871af7\" data-element_type=\"container\" data-e-type=\"container\">\n\t\t\t\t<div class=\"elementor-element elementor-element-8b297da elementor-align-left elementor-widget elementor-widget-button\" data-id=\"8b297da\" data-element_type=\"widget\" data-e-type=\"widget\" data-widget_type=\"button.default\">\n\t\t\t\t<div class=\"elementor-widget-container\">\n\t\t\t\t\t\t\t\t\t<div class=\"elementor-button-wrapper\">\n\t\t\t\t\t<a class=\"elementor-button elementor-button-link elementor-size-lg\" href=\"https:\/\/drive.google.com\/file\/d\/17Bj-X_96Lr1NNzoUN3UA9yiyRmZqJrWA\/view?usp=share_link\" target=\"_blank\">\n\t\t\t\t\t\t<span class=\"elementor-button-content-wrapper\">\n\t\t\t\t\t\t\t\t\t<span class=\"elementor-button-text\">Lettera ai comuni<br>Monumenti Aperti 2023<\/span>\n\t\t\t\t\t<\/span>\n\t\t\t\t\t<\/a>\n\t\t\t\t<\/div>\n\t\t\t\t\t\t\t\t<\/div>\n\t\t\t\t<\/div>\n\t\t\t\t<\/div>\n\t\t<div class=\"elementor-element elementor-element-0c0a517 e-con-full e-flex e-con e-child\" data-id=\"0c0a517\" data-element_type=\"container\" data-e-type=\"container\">\n\t\t\t\t<div class=\"elementor-element elementor-element-6c9ecfc elementor-align-center elementor-widget elementor-widget-button\" data-id=\"6c9ecfc\" data-element_type=\"widget\" data-e-type=\"widget\" data-widget_type=\"button.default\">\n\t\t\t\t<div class=\"elementor-widget-container\">\n\t\t\t\t\t\t\t\t\t<div class=\"elementor-button-wrapper\">\n\t\t\t\t\t<a class=\"elementor-button elementor-button-link elementor-size-lg\" href=\"https:\/\/docs.google.com\/document\/d\/1wAH_jiBs5-rHmFv72DwZpdrNlAeJ0ct5\/edit?usp=share_link&#038;ouid=100177300840595933741&#038;rtpof=true&#038;sd=true\" target=\"_blank\">\n\t\t\t\t\t\t<span class=\"elementor-button-content-wrapper\">\n\t\t\t\t\t\t\t\t\t<span class=\"elementor-button-text\">Bozza delibera <br>Associazione ImagoMundi<\/span>\n\t\t\t\t\t<\/span>\n\t\t\t\t\t<\/a>\n\t\t\t\t<\/div>\n\t\t\t\t\t\t\t\t<\/div>\n\t\t\t\t<\/div>\n\t\t\t\t<\/div>\n\t\t<div class=\"elementor-element elementor-element-9a28dfb e-con-full e-flex e-con e-child\" data-id=\"9a28dfb\" data-element_type=\"container\" data-e-type=\"container\">\n\t\t\t\t<div class=\"elementor-element elementor-element-8c91988 elementor-align-right elementor-widget elementor-widget-button\" data-id=\"8c91988\" data-element_type=\"widget\" data-e-type=\"widget\" data-widget_type=\"button.default\">\n\t\t\t\t<div class=\"elementor-widget-container\">\n\t\t\t\t\t\t\t\t\t<div class=\"elementor-button-wrapper\">\n\t\t\t\t\t<a class=\"elementor-button elementor-button-link elementor-size-lg\" href=\"https:\/\/drive.google.com\/file\/d\/1mb25ylTHaUOS9GmjevAeu_xIP7KdNWLs\/view\" target=\"_blank\">\n\t\t\t\t\t\t<span class=\"elementor-button-content-wrapper\">\n\t\t\t\t\t\t\t\t\t<span class=\"elementor-button-text\">Linee guida dell'identit\u00e0 visiva e della comunicazione<\/span>\n\t\t\t\t\t<\/span>\n\t\t\t\t\t<\/a>\n\t\t\t\t<\/div>\n\t\t\t\t\t\t\t\t<\/div>\n\t\t\t\t<\/div>\n\t\t\t\t<\/div>\n\t\t\t\t\t<\/div>\n\t\t\t\t<\/div>\n\t\t<div class=\"elementor-element elementor-element-f3c7796 e-flex e-con-boxed e-con e-parent\" data-id=\"f3c7796\" data-element_type=\"container\" data-e-type=\"container\">\n\t\t\t\t\t<div class=\"e-con-inner\">\n\t\t\t\t<div class=\"elementor-element elementor-element-ee4148b elementor-widget elementor-widget-text-editor\" data-id=\"ee4148b\" data-element_type=\"widget\" data-e-type=\"widget\" data-widget_type=\"text-editor.default\">\n\t\t\t\t<div class=\"elementor-widget-container\">\n\t\t\t\t\t\t\t\t\t<p>La formula prevede che nei giorni della manifestazione quanti pi\u00f9 monumenti, in particolare quelli normalmente chiusi o difficilmente accessibili, siano aperti e\u00a0<em>spiegati<\/em> al pubblico grazie a visite guidate gratuite condotte da liberi volontari e studenti delle scuole\/associazioni.<\/p><p>Segreteria organizzativa di <em>Monumenti Aperti<\/em> regionale (<a href=\"mailto:info@monumentiaperti.com\" target=\"_blank\" rel=\"noopener\"><span style=\"text-decoration: underline;\">info@monumentiaperti.com<\/span><\/a>,\u00a0 <a href=\"mailto:maperti@gmail.com\" target=\"_blank\" rel=\"noopener\"><span style=\"text-decoration: underline;\">maperti@gmail.com<\/span><\/a>) o nazionale (<span style=\"text-decoration: underline;\"><a href=\"mailto:f.spissu@monumentiaperti.com\" target=\"_blank\" rel=\"noopener\">f.s@monumentiaperti.com<\/a><\/span>)<\/p>\t\t\t\t\t\t\t\t<\/div>\n\t\t\t\t<\/div>\n\t\t\t\t\t<\/div>\n\t\t\t\t<\/div>\n\t\t\t\t<\/div>\n\t\t","protected":false},"excerpt":{"rendered":"<p>[fusion_builder_container hundred_percent=&#8221;yes&#8221; overflow=&#8221;visible&#8221; type=&#8221;flex&#8221;][fusion_builder_row][fusion_builder_column type=&#8221;1_1&#8243; layout=&#8221;1_1&#8243; background_position=&#8221;left top&#8221; background_color=&#8221;&#8221; border_color=&#8221;&#8221; border_style=&#8221;solid&#8221; spacing=&#8221;yes&#8221; background_image=&#8221;&#8221; background_repeat=&#8221;no-repeat&#8221; padding_top=&#8221;&#8221; padding_right=&#8221;&#8221; padding_bottom=&#8221;&#8221; padding_left=&#8221;&#8221; margin_top=&#8221;0px&#8221; margin_bottom=&#8221;0px&#8221; id=&#8221;&#8221; animation_type=&#8221;&#8221; animation_speed=&#8221;0.3&#8243; animation_direction=&#8221;left&#8221; hide_on_mobile=&#8221;no&#8221; center_content=&#8221;no&#8221; min_height=&#8221;none&#8221; align_self=&#8221;flex-start&#8221; border_sizes_undefined=&#8221;&#8221; first=&#8221;true&#8221; [&hellip;]<\/p>\n","protected":false},"author":12,"featured_media":0,"parent":422,"menu_order":0,"comment_status":"closed","ping_status":"closed","template":"","meta":{"footnotes":""},"class_list":["post-49984","page","type-page","status-publish","hentry"],"_links":{"self":[{"href":"https:\/\/monumentiaperti.com\/it\/wp-json\/wp\/v2\/pages\/49984","targetHints":{"allow":["GET"]}}],"collection":[{"href":"https:\/\/monumentiaperti.com\/it\/wp-json\/wp\/v2\/pages"}],"about":[{"href":"https:\/\/monumentiaperti.com\/it\/wp-json\/wp\/v2\/types\/page"}],"author":[{"embeddable":true,"href":"https:\/\/monumentiaperti.com\/it\/wp-json\/wp\/v2\/users\/12"}],"replies":[{"embeddable":true,"href":"https:\/\/monumentiaperti.com\/it\/wp-json\/wp\/v2\/comments?post=49984"}],"version-history":[{"count":25,"href":"https:\/\/monumentiaperti.com\/it\/wp-json\/wp\/v2\/pages\/49984\/revisions"}],"predecessor-version":[{"id":110703,"href":"https:\/\/monumentiaperti.com\/it\/wp-json\/wp\/v2\/pages\/49984\/revisions\/110703"}],"up":[{"embeddable":true,"href":"https:\/\/monumentiaperti.com\/it\/wp-json\/wp\/v2\/pages\/422"}],"wp:attachment":[{"href":"https:\/\/monumentiaperti.com\/it\/wp-json\/wp\/v2\/media?parent=49984"}],"curies":[{"name":"wp","href":"https:\/\/api.w.org\/{rel}","templated":true}]}}