{"id":49990,"date":"2023-12-04T10:52:33","date_gmt":"2023-12-04T09:52:33","guid":{"rendered":"https:\/\/monumentiaperti.org\/it\/?page_id=49990"},"modified":"2025-09-23T09:42:26","modified_gmt":"2025-09-23T07:42:26","slug":"sei-una-scuola","status":"publish","type":"page","link":"https:\/\/monumentiaperti.com\/it\/come-partecipare\/sei-una-scuola\/","title":{"rendered":"Sei una scuola?"},"content":{"rendered":"\t\t<div data-elementor-type=\"wp-page\" data-elementor-id=\"49990\" class=\"elementor elementor-49990\" data-elementor-post-type=\"page\">\n\t\t\t\t<div class=\"elementor-element elementor-element-e108076 e-flex e-con-boxed e-con e-parent\" data-id=\"e108076\" data-element_type=\"container\" data-e-type=\"container\">\n\t\t\t\t\t<div class=\"e-con-inner\">\n\t\t<div class=\"elementor-element elementor-element-f7fc868 e-con-full e-flex e-con e-child\" data-id=\"f7fc868\" data-element_type=\"container\" data-e-type=\"container\">\n\t\t\t\t<div class=\"elementor-element elementor-element-7eae998 elementor-widget elementor-widget-video\" data-id=\"7eae998\" data-element_type=\"widget\" data-e-type=\"widget\" data-settings=\"{&quot;video_type&quot;:&quot;hosted&quot;,&quot;controls&quot;:&quot;yes&quot;}\" data-widget_type=\"video.default\">\n\t\t\t\t<div class=\"elementor-widget-container\">\n\t\t\t\t\t\t\t<div class=\"e-hosted-video elementor-wrapper elementor-open-inline\">\n\t\t\t\t\t<video class=\"elementor-video\" src=\"https:\/\/monumentiaperti.org\/it\/wp-content\/uploads\/2023\/11\/Marco-Cabitza_Come-vengono-scelte-le-Scuole.mp4\" controls=\"\" preload=\"metadata\" controlsList=\"nodownload\"><\/video>\n\t\t\t\t<\/div>\n\t\t\t\t\t\t<\/div>\n\t\t\t\t<\/div>\n\t\t\t\t<\/div>\n\t\t<div class=\"elementor-element elementor-element-038ad02 e-con-full e-flex e-con e-child\" data-id=\"038ad02\" data-element_type=\"container\" data-e-type=\"container\">\n\t\t\t\t<div class=\"elementor-element elementor-element-bb8bd0c elementor-widget elementor-widget-text-editor\" data-id=\"bb8bd0c\" data-element_type=\"widget\" data-e-type=\"widget\" data-widget_type=\"text-editor.default\">\n\t\t\t\t<div class=\"elementor-widget-container\">\n\t\t\t\t\t\t\t\t\t<p><b>COME VENGONO SCELTE LE SCUOLE<br \/><\/b>Marco Cabitza &#8211; Resp. servizi educativi di ImagoMundi<\/p><p><strong><em>Cagliari Monumenti Aperti<\/em><\/strong>, la manifestazione che dal 1997 ininterrottamente vede tutti impegnati a far conoscere Cagliari e le sue bellezze storiche, architettoniche e ambientali \u00e8 un\u2019idea originale che l\u2019Amministrazione comunale ha fatto propria e sostenuto con convinzione e che \u00e8 nata dall\u2019intuizione e dall\u2019impegno dell\u2019associazionismo culturale, delle scuole, di enti pubblici e privati, istituzioni, e premiata da subito da un\u2019imponente partecipazione popolare: un grande successo di numeri, ma soprattutto una grande occasione di crescita civile e culturale, per i volontari e gli studenti impegnati e per i partecipanti-visitatori.<\/p>\t\t\t\t\t\t\t\t<\/div>\n\t\t\t\t<\/div>\n\t\t\t\t<\/div>\n\t\t\t\t\t<\/div>\n\t\t\t\t<\/div>\n\t\t<div class=\"elementor-element elementor-element-d60d2ed e-flex e-con-boxed e-con e-parent\" data-id=\"d60d2ed\" data-element_type=\"container\" data-e-type=\"container\">\n\t\t\t\t\t<div class=\"e-con-inner\">\n\t\t<div class=\"elementor-element elementor-element-95f5149 e-con-full elementor-hidden-desktop elementor-hidden-tablet elementor-hidden-mobile e-flex e-con e-child\" data-id=\"95f5149\" data-element_type=\"container\" data-e-type=\"container\">\n\t\t\t\t<\/div>\n\t\t\t\t\t<\/div>\n\t\t\t\t<\/div>\n\t\t<div class=\"elementor-element elementor-element-0f23de6 e-flex e-con-boxed e-con e-parent\" data-id=\"0f23de6\" data-element_type=\"container\" data-e-type=\"container\">\n\t\t\t\t\t<div class=\"e-con-inner\">\n\t\t\t\t<div class=\"elementor-element elementor-element-e816c5b elementor-widget elementor-widget-text-editor\" data-id=\"e816c5b\" data-element_type=\"widget\" data-e-type=\"widget\" data-widget_type=\"text-editor.default\">\n\t\t\t\t<div class=\"elementor-widget-container\">\n\t\t\t\t\t\t\t\t\t<p>La formula prevede che nei giorni della manifestazione quanti pi\u00f9 monumenti, in particolare quelli normalmente chiusi o difficilmente accessibili, siano aperti e\u00a0<em>illustrati\u00a0<\/em>al pubblico grazie a visite guidate effettuate da volontari e soprattutto da studenti delle scuole. Questa modalit\u00e0 si \u00e8 rivelata vincente e viene riproposta alle Scuole della Citt\u00e0 per l\u2019edizione corrente della manifestazione<\/p><p><strong><em>Monumenti Aperti<\/em><\/strong>\u00a0aiuta le scuole a supportare il percorso formativo degli allievi in ambiti multidisciplinari, a fare del patrimonio monumentale e dell&#8217;ambiente, una parte integrante del lavoro curricolare e offre\u00a0 agli studenti la possibilit\u00e0 di mostrare e offrire il loro impegno all\u2019intera comunit\u00e0 locale.<\/p><p>Allo scopo di definire contenuti e aspetti organizzativi, \u00e8 necessario che le proposte di candidatura relative alla partecipazione di Codesta Scuola alla manifestazione giungano al Comitato Scientifico di\u00a0<strong><em>Monumenti Aperti.<\/em><\/strong><\/p>\t\t\t\t\t\t\t\t<\/div>\n\t\t\t\t<\/div>\n\t\t\t\t\t<\/div>\n\t\t\t\t<\/div>\n\t\t<!-- dce invisible element 1a2c731 --><div class=\"elementor-element elementor-element-88a6144 e-flex e-con-boxed e-con e-parent\" data-id=\"88a6144\" data-element_type=\"container\" data-e-type=\"container\">\n\t\t\t\t\t<div class=\"e-con-inner\">\n\t\t\t\t<div class=\"elementor-element elementor-element-5290052 elementor-widget elementor-widget-text-editor\" data-id=\"5290052\" data-element_type=\"widget\" data-e-type=\"widget\" data-widget_type=\"text-editor.default\">\n\t\t\t\t<div class=\"elementor-widget-container\">\n\t\t\t\t\t\t\t\t\t<p>Per ulteriori informazioni e per inviare la candidatura \u00e8 possibile contattare la Segreteria Organizzativa di <strong><em>Monumenti Aperti<\/em><\/strong> preferibilmente via mail <a href=\"mailto:comuni@monumentiaperti.com\">comuni@monumentiaperti.com<\/a>\u00a0<\/p>\t\t\t\t\t\t\t\t<\/div>\n\t\t\t\t<\/div>\n\t\t\t\t\t<\/div>\n\t\t\t\t<\/div>\n\t\t\t\t<\/div>\n\t\t","protected":false},"excerpt":{"rendered":"<p>https:\/\/monumentiaperti.org\/it\/wp-content\/uploads\/2023\/11\/Marco-Cabitza_Come-vengono-scelte-le-Scuole.mp4 COME VENGONO SCELTE LE SCUOLEMarco Cabitza &#8211; Resp. servizi educativi di ImagoMundi Cagliari Monumenti Aperti, la manifestazione che dal 1997 ininterrottamente vede tutti impegnati a far conoscere Cagliari e [&hellip;]<\/p>\n","protected":false},"author":12,"featured_media":0,"parent":422,"menu_order":0,"comment_status":"closed","ping_status":"closed","template":"","meta":{"footnotes":""},"class_list":["post-49990","page","type-page","status-publish","hentry"],"_links":{"self":[{"href":"https:\/\/monumentiaperti.com\/it\/wp-json\/wp\/v2\/pages\/49990","targetHints":{"allow":["GET"]}}],"collection":[{"href":"https:\/\/monumentiaperti.com\/it\/wp-json\/wp\/v2\/pages"}],"about":[{"href":"https:\/\/monumentiaperti.com\/it\/wp-json\/wp\/v2\/types\/page"}],"author":[{"embeddable":true,"href":"https:\/\/monumentiaperti.com\/it\/wp-json\/wp\/v2\/users\/12"}],"replies":[{"embeddable":true,"href":"https:\/\/monumentiaperti.com\/it\/wp-json\/wp\/v2\/comments?post=49990"}],"version-history":[{"count":31,"href":"https:\/\/monumentiaperti.com\/it\/wp-json\/wp\/v2\/pages\/49990\/revisions"}],"predecessor-version":[{"id":109711,"href":"https:\/\/monumentiaperti.com\/it\/wp-json\/wp\/v2\/pages\/49990\/revisions\/109711"}],"up":[{"embeddable":true,"href":"https:\/\/monumentiaperti.com\/it\/wp-json\/wp\/v2\/pages\/422"}],"wp:attachment":[{"href":"https:\/\/monumentiaperti.com\/it\/wp-json\/wp\/v2\/media?parent=49990"}],"curies":[{"name":"wp","href":"https:\/\/api.w.org\/{rel}","templated":true}]}}