{"id":6487,"date":"2016-06-20T10:59:09","date_gmt":"2016-06-20T09:59:09","guid":{"rendered":"http:\/\/monumentiaperti.org\/it\/?page_id=6487"},"modified":"2025-04-28T12:23:23","modified_gmt":"2025-04-28T10:23:23","slug":"progetti-speciali","status":"publish","type":"page","link":"https:\/\/monumentiaperti.com\/it\/progetti-speciali\/","title":{"rendered":"Progetti speciali"},"content":{"rendered":"\t\t<div data-elementor-type=\"wp-page\" data-elementor-id=\"6487\" class=\"elementor elementor-6487\" data-elementor-post-type=\"page\">\n\t\t\t\t<div class=\"elementor-element elementor-element-31b62328 elementor-hidden-desktop elementor-hidden-tablet elementor-hidden-mobile e-flex e-con-boxed e-con e-parent\" data-id=\"31b62328\" data-element_type=\"container\" data-e-type=\"container\">\n\t\t\t\t\t<div class=\"e-con-inner\">\n\t\t\t\t<div class=\"elementor-element elementor-element-15c3253f elementor-widget elementor-widget-shortcode\" data-id=\"15c3253f\" data-element_type=\"widget\" data-e-type=\"widget\" data-widget_type=\"shortcode.default\">\n\t\t\t\t<div class=\"elementor-widget-container\">\n\t\t\t\t\t\t\t<div class=\"elementor-shortcode\">[fusion_builder_container hundred_percent=\"yes\" overflow=\"visible\"][fusion_builder_row][fusion_builder_column type=\"1_1\" background_position=\"left top\" background_color=\"\" border_size=\"\" border_color=\"\" border_style=\"solid\" spacing=\"yes\" background_image=\"\" background_repeat=\"no-repeat\" padding=\"\" margin_top=\"0px\" margin_bottom=\"0px\" class=\"\" id=\"\" animation_type=\"\" animation_speed=\"0.3\" animation_direction=\"left\" hide_on_mobile=\"no\" center_content=\"no\" min_height=\"none\"][fusion_text]<a href=\"http:\/\/monumentiaperti.org\/it\/special-projects\/\" target=\"_blank\" rel=\"noopener noreferrer\"><img decoding=\"async\" class=\"alignnone wp-image-5054 size-full\" src=\"http:\/\/monumentiaperti.org\/it\/wp-content\/uploads\/2015\/12\/bandiera-inglese-e1464602023580.jpeg\" width=\"50\" height=\"30\" \/><\/a>[\/fusion_text][fusion_separator style_type=\"none\" top_margin=\"20px\" bottom_margin=\"20px\" sep_color=\"\" border_size=\"\" icon=\"\" icon_circle=\"\" icon_circle_color=\"\" width=\"\" alignment=\"center\" class=\"\" id=\"\"\/][\/fusion_builder_column][fusion_builder_column type=\"1_1\" last=\"yes\" spacing=\"yes\" center_content=\"no\" hide_on_mobile=\"no\" background_color=\"\" background_image=\"\" background_repeat=\"no-repeat\" background_position=\"left top\" hover_type=\"none\" link=\"\" border_position=\"all\" border_size=\"0px\" border_color=\"\" border_style=\"\" padding=\"\" margin_top=\"\" margin_bottom=\"\" animation_type=\"\" animation_direction=\"\" animation_speed=\"0.1\" animation_offset=\"\" class=\"\" id=\"\"][fusion_text]Nel susseguirsi delle edizioni di Monumenti Aperti, Imago Mundi Onlus, l\u2019associazione organizzatrice della manifestazione, ha dato vita a diversi progetti speciali ideati e realizzati per <em>Cagliari Monumenti Aperti<\/em> e alcuni di questi progetti sono stati, poi, importati nelle altre realt\u00e0 regionali e del Piemonte.\r\n\r\n<strong><em><a href=\"http:\/\/monumentiaperti.org\/it\/progetti-speciali\/cultura-senza-barriere\/\" target=\"_blank\" rel=\"noopener noreferrer\">Cultura Senza Barriere<\/a><\/em><\/strong> nasce come progetto di sensibilizzazione verso coloro che si trovano in condizioni di svantaggio e disabilit\u00e0 temporanea o permanente. Oltre che a Cagliari, il progetto \u00e8 stato attuato anche in altri comuni, in cui si \u00e8 voluto dare importanza e attenzione a un tema cos\u00ec delicato, spesso ignorato.\r\n\r\nIn quasi tutti i comuni che aderiscono al circuito di Monumenti Aperti viene attivato il progetto di <strong><em><a href=\"http:\/\/monumentiaperti.org\/it\/progetti-speciali\/gusta-la-citta\/\" target=\"_blank\" rel=\"noopener noreferrer\">Gusta la citt\u00e0<\/a><\/em><\/strong>. Tutti gli esercizi di somministrazione di alimenti e bevande vengono invitati a tenere aperta la loro attivit\u00e0 nelle giornate di <em>Monumenti Aperti<\/em>. Il Commercio e la Cultura si uniscono con lo scopo di promuovere il turismo culturale nei negozi e nei ristoranti. Vengono coinvolti in particolar modo i negozi di artigianato e di prodotti tipici locali. Inoltre bar, ristoranti, trattorie, pizzerie, gelaterie offrono men\u00f9 dedicati alla manifestazione.\r\n\r\nDa appena 3 anni, inoltre, l\u2019Associazione ha commissionato anche un progetto speciale di scrittura e narrazione del patrimonio culturale\u00a0<strong><em><a href=\"http:\/\/monumentiaperti.org\/it\/progetti-speciali\/le-parole-della-bellezza\/\" target=\"_blank\" rel=\"noopener noreferrer\">Le parole della bellezza<\/a><\/em><\/strong>, dedicato agli studenti delle scuole primarie e secondarie di primo grado, ideato dallo scrittore \u00a0Luigi Dal Cin.\r\n\r\nIn occasione di <em>Cagliari Monumenti Aperti <\/em>\u00e8 nato il progetto speciale<em> <strong><a href=\"http:\/\/monumentiaperti.org\/it\/progetti-speciali\/i-racconti-di-monumenti-aperti\/\" target=\"_blank\" rel=\"noopener noreferrer\">I Racconti di Monumenti Aperti<\/a><\/strong><\/em>. Vengono coinvolti uno o pi\u00f9 scrittori professionisti, sardi ma non solo, a ognuno dei quali \u00e8 commissionata un\u2019opera originale ispirata a un monumento cittadino fra quelli presenti nella manifestazione. Agli scrittori \u00e8 chiesto di farsi testimoni della citt\u00e0 e di dare ai monumenti identit\u00e0 diverse, trasformandoli in protagonisti anche involontari di nuove storie.\r\n\r\nL\u2019iniziativa collaterale pi\u00f9 longeva \u00e8, per\u00f2, <strong><em><a href=\"http:\/\/monumentiaperti.org\/it\/monumenti-in-musicaspettacolo\/\" target=\"_blank\" rel=\"noopener noreferrer\">Monumenti in Musica&amp;Spettacolo<\/a><\/em><\/strong>, che \u00e8 parte integrante della manifestazione sin dalla prima edizione. Gi\u00e0 nel 1997 in alcuni monumenti aperti in occasione della manifestazione furono organizzati concerti ed esecuzioni musicali d\u2019accompagnamento alla visita del monumento. Negli anni questa formula si \u00e8 intensificata sia nello stesso capoluogo sardo, sia in alcuni comuni dell\u2019isola facenti parte del circuito Monumenti Aperti.[\/fusion_text][\/fusion_builder_column][fusion_builder_column type=\"1_3\" last=\"no\" spacing=\"yes\" center_content=\"no\" hide_on_mobile=\"no\" background_color=\"\" background_image=\"\" background_repeat=\"no-repeat\" background_position=\"left top\" hover_type=\"none\" link=\"\" border_position=\"all\" border_size=\"0px\" border_color=\"\" border_style=\"\" padding=\"\" margin_top=\"\" margin_bottom=\"\" animation_type=\"\" animation_direction=\"\" animation_speed=\"0.1\" animation_offset=\"\" class=\"\" id=\"\"][fusion_button link=\"https:\/\/monumentiaperti.org\/it\/viva-voce\/\" color=\"default\" size=\"\" stretch=\"\" type=\"\" shape=\"\" target=\"_blank\" title=\"\" gradient_colors=\"|\" gradient_hover_colors=\"|\" accent_color=\"\" accent_hover_color=\"\" bevel_color=\"\" border_width=\"\" icon=\"fa-renren\" icon_position=\"left\" icon_divider=\"yes\" modal=\"\" animation_type=\"0\" animation_direction=\"left\" animation_speed=\"1\" animation_offset=\"\" alignment=\"\" class=\"\" id=\"\"]Viva Voce - Racconto corale dei monumenti [\/fusion_button][\/fusion_builder_column][fusion_builder_column type=\"1_3\" last=\"no\" spacing=\"yes\" center_content=\"no\" hide_on_mobile=\"no\" background_color=\"\" background_image=\"\" background_repeat=\"no-repeat\" background_position=\"left top\" hover_type=\"none\" link=\"\" border_position=\"all\" border_size=\"0px\" border_color=\"\" border_style=\"\" padding=\"\" margin_top=\"\" margin_bottom=\"\" animation_type=\"\" animation_direction=\"\" animation_speed=\"0.1\" animation_offset=\"\" class=\"\" id=\"\"][fusion_button link=\"https:\/\/monumentiaperti.org\/it\/progetti-speciali\/cultura-senza-barriere-monumenti-aperti-a-tutti\/\" color=\"default\" size=\"\" stretch=\"\" type=\"\" shape=\"\" target=\"_blank\" title=\"\" gradient_colors=\"|\" gradient_hover_colors=\"|\" accent_color=\"\" accent_hover_color=\"\" bevel_color=\"\" border_width=\"\" icon=\"fa-renren\" icon_position=\"left\" icon_divider=\"yes\" modal=\"\" animation_type=\"0\" animation_direction=\"left\" animation_speed=\"1\" animation_offset=\"\" alignment=\"\" class=\"\" id=\"\"]Cultura senza barriere[\/fusion_button][\/fusion_builder_column][fusion_builder_column type=\"1_3\" last=\"yes\" spacing=\"yes\" center_content=\"no\" hide_on_mobile=\"no\" background_color=\"\" background_image=\"\" background_repeat=\"no-repeat\" background_position=\"left top\" hover_type=\"none\" link=\"\" border_position=\"all\" border_size=\"0px\" border_color=\"\" border_style=\"\" padding=\"\" margin_top=\"\" margin_bottom=\"\" animation_type=\"\" animation_direction=\"\" animation_speed=\"0.1\" animation_offset=\"\" class=\"\" id=\"\"][fusion_button link=\"http:\/\/monumentiaperti.org\/it\/monumenti-in-musicaspettacolo\/\" color=\"default\" size=\"\" stretch=\"\" type=\"\" shape=\"\" target=\"_self\" title=\"\" gradient_colors=\"|\" gradient_hover_colors=\"|\" accent_color=\"\" accent_hover_color=\"\" bevel_color=\"\" border_width=\"\" icon=\"fa-volume-up\" icon_position=\"left\" icon_divider=\"yes\" modal=\"\" animation_type=\"0\" animation_direction=\"left\" animation_speed=\"1\" animation_offset=\"\" alignment=\"\" class=\"\" id=\"\"]Monumenti in Musica&amp;Spettacolo [\/fusion_button][\/fusion_builder_column][fusion_builder_column type=\"1_3\" last=\"no\" spacing=\"yes\" center_content=\"no\" hide_on_mobile=\"no\" background_color=\"\" background_image=\"\" background_repeat=\"no-repeat\" background_position=\"left top\" hover_type=\"none\" link=\"\" border_position=\"all\" border_size=\"0px\" border_color=\"\" border_style=\"\" padding=\"\" margin_top=\"\" margin_bottom=\"\" animation_type=\"\" animation_direction=\"\" animation_speed=\"0.1\" animation_offset=\"\" class=\"\" id=\"\"][fusion_button link=\"http:\/\/monumentiaperti.org\/it\/le-parole-della-bellezza\/\" color=\"default\" size=\"\" stretch=\"\" type=\"\" shape=\"\" target=\"_blank\" title=\"\" gradient_colors=\"|\" gradient_hover_colors=\"|\" accent_color=\"\" accent_hover_color=\"\" bevel_color=\"\" border_width=\"\" icon=\"fa-child\" icon_position=\"left\" icon_divider=\"yes\" modal=\"\" animation_type=\"0\" animation_direction=\"left\" animation_speed=\"1\" animation_offset=\"\" alignment=\"\" class=\"\" id=\"\"]Le parole della bellezza[\/fusion_button][\/fusion_builder_column][fusion_builder_column type=\"1_3\" last=\"no\" spacing=\"yes\" center_content=\"no\" hide_on_mobile=\"no\" background_color=\"\" background_image=\"\" background_repeat=\"no-repeat\" background_position=\"left top\" hover_type=\"none\" link=\"\" border_position=\"all\" border_size=\"0px\" border_color=\"\" border_style=\"\" padding=\"\" margin_top=\"\" margin_bottom=\"\" animation_type=\"\" animation_direction=\"\" animation_speed=\"0.1\" animation_offset=\"\" class=\"\" id=\"\"][fusion_button link=\"http:\/\/monumentiaperti.org\/it\/progetti-speciali\/i-racconti-di-monumenti-aperti\/\" color=\"default\" size=\"\" stretch=\"\" type=\"\" shape=\"\" target=\"_blank\" title=\"\" gradient_colors=\"|\" gradient_hover_colors=\"|\" accent_color=\"\" accent_hover_color=\"\" bevel_color=\"\" border_width=\"\" icon=\"fa-book\" icon_position=\"left\" icon_divider=\"yes\" modal=\"\" animation_type=\"0\" animation_direction=\"left\" animation_speed=\"1\" animation_offset=\"\" alignment=\"\" class=\"\" id=\"\"]I Racconti di Monumenti Aperti[\/fusion_button][\/fusion_builder_column][fusion_builder_column type=\"1_3\" last=\"yes\" spacing=\"yes\" center_content=\"no\" hide_on_mobile=\"no\" background_color=\"\" background_image=\"\" background_repeat=\"no-repeat\" background_position=\"left top\" hover_type=\"none\" link=\"\" border_position=\"all\" border_size=\"0px\" border_color=\"\" border_style=\"\" padding=\"\" margin_top=\"\" margin_bottom=\"\" animation_type=\"\" animation_direction=\"\" animation_speed=\"0.1\" animation_offset=\"\" class=\"\" id=\"\"][fusion_button link=\"http:\/\/monumentiaperti.org\/it\/progetti-speciali\/gusta-la-citta\/\" color=\"default\" size=\"\" stretch=\"\" type=\"\" shape=\"\" target=\"_blank\" title=\"\" gradient_colors=\"|\" gradient_hover_colors=\"|\" accent_color=\"\" accent_hover_color=\"\" bevel_color=\"\" border_width=\"\" icon=\"fa-glass\" icon_position=\"left\" icon_divider=\"yes\" modal=\"\" animation_type=\"0\" animation_direction=\"left\" animation_speed=\"1\" animation_offset=\"\" alignment=\"\" class=\"\" id=\"\"]Gusta la citt\u00e0[\/fusion_button][\/fusion_builder_column][\/fusion_builder_row][\/fusion_builder_container]<\/div>\n\t\t\t\t\t\t<\/div>\n\t\t\t\t<\/div>\n\t\t\t\t\t<\/div>\n\t\t\t\t<\/div>\n\t\t<div class=\"elementor-element elementor-element-ef4b9be e-flex e-con-boxed e-con e-parent\" data-id=\"ef4b9be\" data-element_type=\"container\" data-e-type=\"container\">\n\t\t\t\t\t<div class=\"e-con-inner\">\n\t\t<div class=\"elementor-element elementor-element-70b99e6 e-con-full e-flex e-con e-child\" data-id=\"70b99e6\" data-element_type=\"container\" data-e-type=\"container\">\n\t\t\t\t<div class=\"elementor-element elementor-element-8ac931e elementor-widget elementor-widget-text-editor\" data-id=\"8ac931e\" data-element_type=\"widget\" data-e-type=\"widget\" data-widget_type=\"text-editor.default\">\n\t\t\t\t<div class=\"elementor-widget-container\">\n\t\t\t\t\t\t\t\t\t<p>Nel susseguirsi delle edizioni di Monumenti Aperti, Imago Mundi OdV, l\u2019associazione organizzatrice della manifestazione, ha dato vita a diversi progetti speciali ideati e realizzati per <em>Monumenti Aperti<\/em> e alcuni di questi progetti sono stati, poi, importati nelle altre realt\u00e0 regionali.<br \/><br \/><\/p><p style=\"font-weight: 400;\"><strong>MONUMENTI APERTI E LA SARDEGNA VERSO L\u2019UNESCO<\/strong>. Di rilievo \u00e8 la partnership fra Imago Mundi e l\u2019Associazione \u201cLa Sardegna verso l\u2019Unesco\u201d, che si concretizza in <strong>\u201c<a href=\"https:\/\/monumentiaperti.com\/it\/wp-content\/uploads\/2025\/04\/CARTOLINA_SardegnaUNESCO_MA2025_esec3mm_abb.pdf\">Sentieri nuragici<\/a>\u201d<\/strong>, un affascinante viaggio alla scoperta dei tesori della millenaria civilt\u00e0 nuragica della nostra Isola. L\u2019iniziativa si sviluppa attraverso un ricco calendario di <strong>visite guidate in 30 siti nuragici<\/strong>, distribuiti fra i mesi di <strong>maggio<\/strong>,<strong> giugno e ottobre 2025<\/strong> nell\u2019ambito della manifestazione <strong>Monumenti Aperti<\/strong>. Questi i comuni coinvolti: Alghero, Arbus, Calangianus, Carbonia, Genuri, Golfo Aranci, Gonnosfanadiga, Lunamatrona, Mogoro, Olbia, Oschiri, Ossi, Pabillonis, Padria, Sarroch, Settimo San Pietro, Siddi, Stintino, Tertenia, Tortol\u00ec e Triei.<\/p><p style=\"font-weight: 400;\">Si tratta di un\u2019importante azione di promozione culturale a sostegno della <strong>candidatura dei monumenti della civilt\u00e0 nuragica nella Lista del Patrimonio Mondiale dell\u2019Unesco<\/strong>. Un progetto ambizioso, promosso dall\u2019associazione \u201cLa Sardegna verso l\u2019Unesco\u201d con il sostegno attivo di numerosi Comuni sardi aderenti, che ha gi\u00e0 dato vita a un\u2019intensa attivit\u00e0 di sensibilizzazione e divulgazione: mostre, incontri nelle scuole, momenti di confronto con le comunit\u00e0 locali, tutti pensati per coinvolgere i cittadini e gli attori del territorio in un percorso di riscoperta e valorizzazione dell\u2019antica civilt\u00e0 sarda.<\/p><p><strong><em><a href=\"https:\/\/monumentiaperti.org\/it\/progetti-speciali\/cultura-senza-barriere\/\" target=\"_blank\" rel=\"noopener noreferrer\">Cultura Senza Barriere<\/a><\/em><\/strong>\u00a0nasce come progetto di sensibilizzazione verso coloro che si trovano in condizioni di svantaggio e disabilit\u00e0 temporanea o permanente. Oltre che a Cagliari, il progetto \u00e8 stato attuato anche in altri comuni, in cui si \u00e8 voluto dare importanza e attenzione a un tema cos\u00ec delicato, spesso ignorato.<\/p><p>In quasi tutti i comuni che aderiscono al circuito di Monumenti Aperti viene attivato il progetto di\u00a0<strong><em><a href=\"https:\/\/monumentiaperti.org\/it\/progetti-speciali\/gusta-la-citta\/\" target=\"_blank\" rel=\"noopener noreferrer\">Gusta la citt\u00e0<\/a><\/em><\/strong>. Tutti gli esercizi di somministrazione di alimenti e bevande vengono invitati a tenere aperta la loro attivit\u00e0 nelle giornate di\u00a0<em>Monumenti Aperti<\/em>. Il Commercio e la Cultura si uniscono con lo scopo di promuovere il turismo culturale nei negozi e nei ristoranti. Vengono coinvolti in particolar modo i negozi di artigianato e di prodotti tipici locali. Inoltre bar, ristoranti, trattorie, pizzerie, gelaterie offrono men\u00f9 dedicati alla manifestazione.<\/p><p>Da appena 3 anni, inoltre, l\u2019Associazione ha commissionato anche un progetto speciale di scrittura e narrazione del patrimonio culturale\u00a0<strong><em><a href=\"https:\/\/monumentiaperti.org\/it\/progetti-speciali\/le-parole-della-bellezza\/\" target=\"_blank\" rel=\"noopener noreferrer\">Le parole della bellezza<\/a><\/em><\/strong>, dedicato agli studenti delle scuole primarie e secondarie di primo grado, ideato dallo scrittore \u00a0Luigi Dal Cin.<\/p><p>In occasione di\u00a0<em>Cagliari Monumenti Aperti\u00a0<\/em>\u00e8 nato il progetto speciale<em>\u00a0<strong><a href=\"https:\/\/monumentiaperti.org\/it\/progetti-speciali\/i-racconti-di-monumenti-aperti\/\" target=\"_blank\" rel=\"noopener noreferrer\">I Racconti di Monumenti Aperti<\/a><\/strong><\/em>. Vengono coinvolti uno o pi\u00f9 scrittori professionisti, sardi ma non solo, a ognuno dei quali \u00e8 commissionata un\u2019opera originale ispirata a un monumento cittadino fra quelli presenti nella manifestazione. Agli scrittori \u00e8 chiesto di farsi testimoni della citt\u00e0 e di dare ai monumenti identit\u00e0 diverse, trasformandoli in protagonisti anche involontari di nuove storie.<\/p><p>L\u2019iniziativa collaterale pi\u00f9 longeva \u00e8, per\u00f2,\u00a0<strong><em><a href=\"https:\/\/monumentiaperti.org\/it\/monumenti-in-musicaspettacolo\/\" target=\"_blank\" rel=\"noopener noreferrer\">Monumenti in Musica&amp;Spettacolo<\/a><\/em><\/strong>, che \u00e8 parte integrante della manifestazione sin dalla prima edizione. Gi\u00e0 nel 1997 in alcuni monumenti aperti in occasione della manifestazione furono organizzati concerti ed esecuzioni musicali d\u2019accompagnamento alla visita del monumento. Negli anni questa formula si \u00e8 intensificata sia nello stesso capoluogo sardo, sia in alcuni comuni dell\u2019isola facenti parte del circuito Monumenti Aperti.<\/p>\t\t\t\t\t\t\t\t<\/div>\n\t\t\t\t<\/div>\n\t\t\t\t<\/div>\n\t\t<div class=\"elementor-element elementor-element-ac861c2 e-con-full e-flex e-con e-child\" data-id=\"ac861c2\" data-element_type=\"container\" data-e-type=\"container\">\n\t\t\t\t<div class=\"elementor-element elementor-element-c07cacc elementor-button-info elementor-align-left elementor-widget elementor-widget-button\" data-id=\"c07cacc\" data-element_type=\"widget\" data-e-type=\"widget\" data-widget_type=\"button.default\">\n\t\t\t\t<div class=\"elementor-widget-container\">\n\t\t\t\t\t\t\t\t\t<div class=\"elementor-button-wrapper\">\n\t\t\t\t\t<a class=\"elementor-button elementor-button-link elementor-size-sm\" href=\"https:\/\/monumentiaperti.com\/it\/wp-content\/uploads\/2025\/04\/CARTOLINA_SardegnaUNESCO_MA2025_esec3mm_abb.pdf\">\n\t\t\t\t\t\t<span class=\"elementor-button-content-wrapper\">\n\t\t\t\t\t\t\t\t\t<span class=\"elementor-button-text\">Sentieri Nuragici<\/span>\n\t\t\t\t\t<\/span>\n\t\t\t\t\t<\/a>\n\t\t\t\t<\/div>\n\t\t\t\t\t\t\t\t<\/div>\n\t\t\t\t<\/div>\n\t\t\t\t<div class=\"elementor-element elementor-element-43a371c elementor-button-info elementor-align-left elementor-widget elementor-widget-button\" data-id=\"43a371c\" data-element_type=\"widget\" data-e-type=\"widget\" data-widget_type=\"button.default\">\n\t\t\t\t<div class=\"elementor-widget-container\">\n\t\t\t\t\t\t\t\t\t<div class=\"elementor-button-wrapper\">\n\t\t\t\t\t<a class=\"elementor-button elementor-button-link elementor-size-sm\" href=\"https:\/\/monumentiaperti.org\/it\/viva-voce\/\">\n\t\t\t\t\t\t<span class=\"elementor-button-content-wrapper\">\n\t\t\t\t\t\t\t\t\t<span class=\"elementor-button-text\">Viva Voce - racconto corale dei monumenti<\/span>\n\t\t\t\t\t<\/span>\n\t\t\t\t\t<\/a>\n\t\t\t\t<\/div>\n\t\t\t\t\t\t\t\t<\/div>\n\t\t\t\t<\/div>\n\t\t\t\t<div class=\"elementor-element elementor-element-08ef5ab elementor-button-info elementor-align-left elementor-widget elementor-widget-button\" data-id=\"08ef5ab\" data-element_type=\"widget\" data-e-type=\"widget\" data-widget_type=\"button.default\">\n\t\t\t\t<div class=\"elementor-widget-container\">\n\t\t\t\t\t\t\t\t\t<div class=\"elementor-button-wrapper\">\n\t\t\t\t\t<a class=\"elementor-button elementor-button-link elementor-size-sm\" href=\"https:\/\/monumentiaperti.org\/it\/progetti-speciali\/cultura-senza-barriere-monumenti-aperti-a-tutti\/\">\n\t\t\t\t\t\t<span class=\"elementor-button-content-wrapper\">\n\t\t\t\t\t\t\t\t\t<span class=\"elementor-button-text\">Cultura senza barriere<\/span>\n\t\t\t\t\t<\/span>\n\t\t\t\t\t<\/a>\n\t\t\t\t<\/div>\n\t\t\t\t\t\t\t\t<\/div>\n\t\t\t\t<\/div>\n\t\t\t\t<div class=\"elementor-element elementor-element-e3cdb48 elementor-button-info elementor-align-left elementor-widget elementor-widget-button\" data-id=\"e3cdb48\" data-element_type=\"widget\" data-e-type=\"widget\" data-widget_type=\"button.default\">\n\t\t\t\t<div class=\"elementor-widget-container\">\n\t\t\t\t\t\t\t\t\t<div class=\"elementor-button-wrapper\">\n\t\t\t\t\t<a class=\"elementor-button elementor-button-link elementor-size-sm\" href=\"https:\/\/monumentiaperti.org\/it\/progetti-speciali\/gusta-la-citta\/\">\n\t\t\t\t\t\t<span class=\"elementor-button-content-wrapper\">\n\t\t\t\t\t\t\t\t\t<span class=\"elementor-button-text\">Gusta la citt\u00e0<\/span>\n\t\t\t\t\t<\/span>\n\t\t\t\t\t<\/a>\n\t\t\t\t<\/div>\n\t\t\t\t\t\t\t\t<\/div>\n\t\t\t\t<\/div>\n\t\t\t\t<div class=\"elementor-element elementor-element-7f6ab5e elementor-button-info elementor-align-left elementor-widget elementor-widget-button\" data-id=\"7f6ab5e\" data-element_type=\"widget\" data-e-type=\"widget\" data-widget_type=\"button.default\">\n\t\t\t\t<div class=\"elementor-widget-container\">\n\t\t\t\t\t\t\t\t\t<div class=\"elementor-button-wrapper\">\n\t\t\t\t\t<a class=\"elementor-button elementor-button-link elementor-size-sm\" href=\"https:\/\/monumentiaperti.com\/it\/progetti-speciali\/le-parole-della-bellezza\/\">\n\t\t\t\t\t\t<span class=\"elementor-button-content-wrapper\">\n\t\t\t\t\t\t\t\t\t<span class=\"elementor-button-text\">Le parole della bellezza<\/span>\n\t\t\t\t\t<\/span>\n\t\t\t\t\t<\/a>\n\t\t\t\t<\/div>\n\t\t\t\t\t\t\t\t<\/div>\n\t\t\t\t<\/div>\n\t\t\t\t<div class=\"elementor-element elementor-element-97b285f elementor-button-info elementor-align-left elementor-widget elementor-widget-button\" data-id=\"97b285f\" data-element_type=\"widget\" data-e-type=\"widget\" data-widget_type=\"button.default\">\n\t\t\t\t<div class=\"elementor-widget-container\">\n\t\t\t\t\t\t\t\t\t<div class=\"elementor-button-wrapper\">\n\t\t\t\t\t<a class=\"elementor-button elementor-button-link elementor-size-sm\" href=\"https:\/\/monumentiaperti.com\/it\/progetti-speciali\/i-racconti-di-monumenti-aperti\/\">\n\t\t\t\t\t\t<span class=\"elementor-button-content-wrapper\">\n\t\t\t\t\t\t\t\t\t<span class=\"elementor-button-text\">I racconti di Monumenti Aperti<\/span>\n\t\t\t\t\t<\/span>\n\t\t\t\t\t<\/a>\n\t\t\t\t<\/div>\n\t\t\t\t\t\t\t\t<\/div>\n\t\t\t\t<\/div>\n\t\t\t\t<div class=\"elementor-element elementor-element-d81f7e6 elementor-button-info elementor-align-left elementor-widget elementor-widget-button\" data-id=\"d81f7e6\" data-element_type=\"widget\" data-e-type=\"widget\" data-widget_type=\"button.default\">\n\t\t\t\t<div class=\"elementor-widget-container\">\n\t\t\t\t\t\t\t\t\t<div class=\"elementor-button-wrapper\">\n\t\t\t\t\t<a class=\"elementor-button elementor-button-link elementor-size-sm\" href=\"https:\/\/monumentiaperti.com\/it\/progetti-speciali\/monumenti-in-musicaspettacolo\/\">\n\t\t\t\t\t\t<span class=\"elementor-button-content-wrapper\">\n\t\t\t\t\t\t\t\t\t<span class=\"elementor-button-text\">Monumenti in musica &amp; spettacolo<\/span>\n\t\t\t\t\t<\/span>\n\t\t\t\t\t<\/a>\n\t\t\t\t<\/div>\n\t\t\t\t\t\t\t\t<\/div>\n\t\t\t\t<\/div>\n\t\t\t\t<\/div>\n\t\t\t\t\t<\/div>\n\t\t\t\t<\/div>\n\t\t\t\t<\/div>\n\t\t","protected":false},"excerpt":{"rendered":"<p>[fusion_builder_container hundred_percent=&#8221;yes&#8221; overflow=&#8221;visible&#8221;][fusion_builder_row][fusion_builder_column type=&#8221;1_1&#8243; background_position=&#8221;left top&#8221; background_color=&#8221;&#8221; border_size=&#8221;&#8221; border_color=&#8221;&#8221; border_style=&#8221;solid&#8221; spacing=&#8221;yes&#8221; background_image=&#8221;&#8221; background_repeat=&#8221;no-repeat&#8221; padding=&#8221;&#8221; margin_top=&#8221;0px&#8221; margin_bottom=&#8221;0px&#8221; id=&#8221;&#8221; animation_type=&#8221;&#8221; animation_speed=&#8221;0.3&#8243; animation_direction=&#8221;left&#8221; hide_on_mobile=&#8221;no&#8221; center_content=&#8221;no&#8221; min_height=&#8221;none&#8221;][fusion_text][\/fusion_text][fusion_separator style_type=&#8221;none&#8221; top_margin=&#8221;20px&#8221; bottom_margin=&#8221;20px&#8221; sep_color=&#8221;&#8221; border_size=&#8221;&#8221; icon=&#8221;&#8221; icon_circle=&#8221;&#8221; [&hellip;]<\/p>\n","protected":false},"author":2,"featured_media":0,"parent":0,"menu_order":0,"comment_status":"closed","ping_status":"closed","template":"","meta":{"footnotes":""},"class_list":["post-6487","page","type-page","status-publish","hentry"],"_links":{"self":[{"href":"https:\/\/monumentiaperti.com\/it\/wp-json\/wp\/v2\/pages\/6487","targetHints":{"allow":["GET"]}}],"collection":[{"href":"https:\/\/monumentiaperti.com\/it\/wp-json\/wp\/v2\/pages"}],"about":[{"href":"https:\/\/monumentiaperti.com\/it\/wp-json\/wp\/v2\/types\/page"}],"author":[{"embeddable":true,"href":"https:\/\/monumentiaperti.com\/it\/wp-json\/wp\/v2\/users\/2"}],"replies":[{"embeddable":true,"href":"https:\/\/monumentiaperti.com\/it\/wp-json\/wp\/v2\/comments?post=6487"}],"version-history":[{"count":21,"href":"https:\/\/monumentiaperti.com\/it\/wp-json\/wp\/v2\/pages\/6487\/revisions"}],"predecessor-version":[{"id":107052,"href":"https:\/\/monumentiaperti.com\/it\/wp-json\/wp\/v2\/pages\/6487\/revisions\/107052"}],"wp:attachment":[{"href":"https:\/\/monumentiaperti.com\/it\/wp-json\/wp\/v2\/media?parent=6487"}],"curies":[{"name":"wp","href":"https:\/\/api.w.org\/{rel}","templated":true}]}}