{"id":8053,"date":"2017-04-20T10:15:36","date_gmt":"2017-04-20T09:15:36","guid":{"rendered":"http:\/\/monumentiaperti.org\/it\/?page_id=8053"},"modified":"2023-12-05T19:19:37","modified_gmt":"2023-12-05T18:19:37","slug":"studi-ricerche-2017-2023","status":"publish","type":"page","link":"https:\/\/monumentiaperti.com\/it\/studi-ricerche-2017-2023\/","title":{"rendered":"Studi &#038; Ricerche 2017-2023"},"content":{"rendered":"\t\t<div data-elementor-type=\"wp-page\" data-elementor-id=\"8053\" class=\"elementor elementor-8053\" data-elementor-post-type=\"page\">\n\t\t\t\t<div class=\"elementor-element elementor-element-f12ae6b e-flex e-con-boxed e-con e-parent\" data-id=\"f12ae6b\" data-element_type=\"container\" data-e-type=\"container\">\n\t\t\t\t\t<div class=\"e-con-inner\">\n\t\t\t\t<div class=\"elementor-element elementor-element-9ed8fa5 elementor-widget elementor-widget-heading\" data-id=\"9ed8fa5\" data-element_type=\"widget\" data-e-type=\"widget\" data-widget_type=\"heading.default\">\n\t\t\t\t<div class=\"elementor-widget-container\">\n\t\t\t\t\t<h1 class=\"elementor-heading-title elementor-size-default\">STUDI E RICERCHE 2017 - 2023<\/h1>\t\t\t\t<\/div>\n\t\t\t\t<\/div>\n\t\t\t\t\t<\/div>\n\t\t\t\t<\/div>\n\t\t<div class=\"elementor-element elementor-element-c9deb61 e-flex e-con-boxed e-con e-parent\" data-id=\"c9deb61\" data-element_type=\"container\" data-e-type=\"container\">\n\t\t\t\t\t<div class=\"e-con-inner\">\n\t\t<div class=\"elementor-element elementor-element-9ef99f9 e-con-full e-flex e-con e-child\" data-id=\"9ef99f9\" data-element_type=\"container\" data-e-type=\"container\">\n\t\t\t\t<div class=\"elementor-element elementor-element-d0c8e65 elementor-widget elementor-widget-image\" data-id=\"d0c8e65\" data-element_type=\"widget\" data-e-type=\"widget\" data-widget_type=\"image.default\">\n\t\t\t\t<div class=\"elementor-widget-container\">\n\t\t\t\t\t\t\t\t\t\t\t\t\t\t\t<img decoding=\"async\" src=\"https:\/\/monumentiaperti.org\/it\/wp-content\/uploads\/2016\/03\/map10-archiviostoricocomunale_cv0621.jpg\" title=\"\" alt=\"\" loading=\"lazy\" \/>\t\t\t\t\t\t\t\t\t\t\t\t\t\t\t<\/div>\n\t\t\t\t<\/div>\n\t\t\t\t<\/div>\n\t\t<div class=\"elementor-element elementor-element-7f492a5 e-con-full e-flex e-con e-child\" data-id=\"7f492a5\" data-element_type=\"container\" data-e-type=\"container\">\n\t\t\t\t<div class=\"elementor-element elementor-element-fd24c63 elementor-widget elementor-widget-text-editor\" data-id=\"fd24c63\" data-element_type=\"widget\" data-e-type=\"widget\" data-widget_type=\"text-editor.default\">\n\t\t\t\t<div class=\"elementor-widget-container\">\n\t\t\t\t\t\t\t\t\t<p>Una storia lunga pi\u00f9 di vent&#8217;anni. Dal 1997<em>\u00a0Monumenti Aperti\u00a0<\/em>ha fatto passi da gigante: dagli esordi, quando la manifestazione era una realt\u00e0 localizzata al capoluogo sardo,\u00a0<em>Monumenti Aperti<\/em>\u00a0\u00e8 diventato un marchio riconosciuto in tutta l&#8217;isola, in quanto ad oggi sono pi\u00f9 di 120 i comuni sardi che sono entrati a far parte del circuito della manifestazione almeno una volta; da tre anni la manifestazione \u00e8 sbarcata anche sulla terra ferma in alcuni comuni piemontesi e quest&#8217;anno anche il Comune di Ferrara entra a far parte per la prima volta della rete della XXI edizione.<\/p><p>C&#8217;\u00e8 tanto da dire, c&#8217;\u00e8 tanto da scrivere, c&#8217;\u00e8 tanto da analizzare e c&#8217;\u00e8 tanto da chiedersi a riguardo. Molti studenti universitari, docenti e studiosi, si sono appassionati e interessati alla storia di\u00a0<em>Monumenti Aperti<\/em>\u00a0e per questo sono nate molte tesi e sono stati realizzati molti studi.<\/p>\t\t\t\t\t\t\t\t<\/div>\n\t\t\t\t<\/div>\n\t\t\t\t<\/div>\n\t\t\t\t\t<\/div>\n\t\t\t\t<\/div>\n\t\t<div class=\"elementor-element elementor-element-7f7a257 e-flex e-con-boxed e-con e-parent\" data-id=\"7f7a257\" data-element_type=\"container\" data-e-type=\"container\">\n\t\t\t\t\t<div class=\"e-con-inner\">\n\t\t<div class=\"elementor-element elementor-element-2da8e15 e-con-full e-flex e-con e-child\" data-id=\"2da8e15\" data-element_type=\"container\" data-e-type=\"container\">\n\t\t\t\t<div class=\"elementor-element elementor-element-22a9195 elementor-widget elementor-widget-text-editor\" data-id=\"22a9195\" data-element_type=\"widget\" data-e-type=\"widget\" data-widget_type=\"text-editor.default\">\n\t\t\t\t<div class=\"elementor-widget-container\">\n\t\t\t\t\t\t\t\t\t<p>Qualche anno fa \u00e8 stato fatto un&#8217;analisi di riguardo sull&#8217;iniziativa &#8220;Monumenti aperti a tutti &#8211; cultura senza barriere&#8221;, il cui obiettivo \u00e8 quello di rendere i monumenti accessibili ai cittadini con disabilit\u00e0 temporanee e permanenti.<br \/><br \/><span style=\"text-decoration: underline;\"><strong><a href=\"https:\/\/monumentiaperti.org\/it\/wp-content\/uploads\/2017\/04\/ACCESSIBLE-TOURISM-DEVELOPMENT_03.10.2016-A-GOOD-PUBLIC-PRIVATE-PARTNERSHIPS-PRACTICE_01.10.2016-1.pdf\" target=\"_blank\" rel=\"noopener noreferrer\">GESTIONE DELLE ESPERIENZE PER LA PROGETTAZIONE DI SVILUPPO SOSTENIBILE E ACCESSIBILE DEL TURISMO: UNA BUONA PRATICA DI PARTNERSHIP PUBBLICO-PRIVATO\u00a0<\/a><br \/><br \/><\/strong><\/span>I risultati dovrebbero contribuire al dibattito sui potenziali contributi del turismo e dell&#8217;esperienza culturale suggerendo come utilizzare correttamente la cultura per sfidare il cambiamento sociale. Questo studio presenta un caso di successo sardo degno di essere replicato e emulato ovunque e rappresenta un esempio importante della governance pubblica-privata. Questo lavoro propone semplici ma importanti proposte alle organizzazioni di destinazione che vogliono implementare processi di sviluppo sostenibili, accessibili e inclusivi. Tuttavia, la ricerca \u00e8 in grado di catturare solo parzialmente la complessit\u00e0 del problema e non \u00e8 applicabile a ogni realt\u00e0.<\/p>\t\t\t\t\t\t\t\t<\/div>\n\t\t\t\t<\/div>\n\t\t\t\t<\/div>\n\t\t<div class=\"elementor-element elementor-element-1efb229 e-con-full e-flex e-con e-child\" data-id=\"1efb229\" data-element_type=\"container\" data-e-type=\"container\">\n\t\t\t\t<div class=\"elementor-element elementor-element-ddaa25c elementor-widget elementor-widget-image\" data-id=\"ddaa25c\" data-element_type=\"widget\" data-e-type=\"widget\" data-widget_type=\"image.default\">\n\t\t\t\t<div class=\"elementor-widget-container\">\n\t\t\t\t\t\t\t\t\t\t\t\t\t\t\t<img decoding=\"async\" src=\"https:\/\/monumentiaperti.org\/it\/wp-content\/uploads\/2016\/05\/Foto-cultura-senza-barriere-503x335.jpg\" title=\"\" alt=\"\" loading=\"lazy\" \/>\t\t\t\t\t\t\t\t\t\t\t\t\t\t\t<\/div>\n\t\t\t\t<\/div>\n\t\t\t\t<\/div>\n\t\t\t\t\t<\/div>\n\t\t\t\t<\/div>\n\t\t<div class=\"elementor-element elementor-element-70009d5 e-flex e-con-boxed e-con e-parent\" data-id=\"70009d5\" data-element_type=\"container\" data-e-type=\"container\">\n\t\t\t\t\t<div class=\"e-con-inner\">\n\t\t\t\t<div class=\"elementor-element elementor-element-940afc8 elementor-widget elementor-widget-text-editor\" data-id=\"940afc8\" data-element_type=\"widget\" data-e-type=\"widget\" data-widget_type=\"text-editor.default\">\n\t\t\t\t<div class=\"elementor-widget-container\">\n\t\t\t\t\t\t\t\t\t<p><strong>Continuano a parlare di noi, del progetto Monumenti Aperti, considerato una buona pratica di valorizzazione del Patrimonio Culturale locale.<\/strong><\/p>\t\t\t\t\t\t\t\t<\/div>\n\t\t\t\t<\/div>\n\t\t\t\t\t<\/div>\n\t\t\t\t<\/div>\n\t\t<div class=\"elementor-element elementor-element-96a002f e-flex e-con-boxed e-con e-parent\" data-id=\"96a002f\" data-element_type=\"container\" data-e-type=\"container\">\n\t\t\t\t\t<div class=\"e-con-inner\">\n\t\t<div class=\"elementor-element elementor-element-4c37ac9 e-con-full e-flex e-con e-child\" data-id=\"4c37ac9\" data-element_type=\"container\" data-e-type=\"container\">\n\t\t\t\t<div class=\"elementor-element elementor-element-52394c1 elementor-widget elementor-widget-button\" data-id=\"52394c1\" data-element_type=\"widget\" data-e-type=\"widget\" data-widget_type=\"button.default\">\n\t\t\t\t<div class=\"elementor-widget-container\">\n\t\t\t\t\t\t\t\t\t<div class=\"elementor-button-wrapper\">\n\t\t\t\t\t<a class=\"elementor-button elementor-button-link elementor-size-sm\" href=\"https:\/\/drive.google.com\/file\/d\/1XUUUof9FcQBQg4kvh-CDVeFPMOGxnbws\/view?usp=share_link\">\n\t\t\t\t\t\t<span class=\"elementor-button-content-wrapper\">\n\t\t\t\t\t\t\t\t\t<span class=\"elementor-button-text\">Benessere patrimoniale e culturale<\/span>\n\t\t\t\t\t<\/span>\n\t\t\t\t\t<\/a>\n\t\t\t\t<\/div>\n\t\t\t\t\t\t\t\t<\/div>\n\t\t\t\t<\/div>\n\t\t\t\t<div class=\"elementor-element elementor-element-2806df9 elementor-widget elementor-widget-text-editor\" data-id=\"2806df9\" data-element_type=\"widget\" data-e-type=\"widget\" data-widget_type=\"text-editor.default\">\n\t\t\t\t<div class=\"elementor-widget-container\">\n\t\t\t\t\t\t\t\t\t<p>Edited by Thea Messina, Stefano Russo, Giuseppe Sanfratello and Giovanna Santaera Questo volume \u00e8 stato pubblicato col contributo del corso di Dottorato in Scienze per il Patrimonio e la Produzione Culturale del Dipartimento di Scienze Umanistiche, Universit\u00e0 degli Studi di Catania.<\/p>\t\t\t\t\t\t\t\t<\/div>\n\t\t\t\t<\/div>\n\t\t\t\t<\/div>\n\t\t<div class=\"elementor-element elementor-element-45e1dd3 e-con-full e-flex e-con e-child\" data-id=\"45e1dd3\" data-element_type=\"container\" data-e-type=\"container\">\n\t\t\t\t<div class=\"elementor-element elementor-element-3a1f423 elementor-widget elementor-widget-button\" data-id=\"3a1f423\" data-element_type=\"widget\" data-e-type=\"widget\" data-widget_type=\"button.default\">\n\t\t\t\t<div class=\"elementor-widget-container\">\n\t\t\t\t\t\t\t\t\t<div class=\"elementor-button-wrapper\">\n\t\t\t\t\t<a class=\"elementor-button elementor-button-link elementor-size-sm\" href=\"https:\/\/drive.google.com\/file\/d\/1eFn-wMiFA_MJazId21EeVh3eHXivF3qV\/view?usp=share_link\">\n\t\t\t\t\t\t<span class=\"elementor-button-content-wrapper\">\n\t\t\t\t\t\t\t\t\t<span class=\"elementor-button-text\">Archeostorie - Journal of public archeology<\/span>\n\t\t\t\t\t<\/span>\n\t\t\t\t\t<\/a>\n\t\t\t\t<\/div>\n\t\t\t\t\t\t\t\t<\/div>\n\t\t\t\t<\/div>\n\t\t\t\t<div class=\"elementor-element elementor-element-1baaee3 elementor-widget elementor-widget-text-editor\" data-id=\"1baaee3\" data-element_type=\"widget\" data-e-type=\"widget\" data-widget_type=\"text-editor.default\">\n\t\t\t\t<div class=\"elementor-widget-container\">\n\t\t\t\t\t\t\t\t\t<p><em>University of Cagliari as a Heritage Community. A case of \u2018multivocal nudge\u2019 for sharing heritage in times of social distancing\u00a0<\/em>Di Mattia Sanna Montanelli, Martina D\u2019Asaro, Antonio Giorri &#8211; University of Cagliari<\/p>\t\t\t\t\t\t\t\t<\/div>\n\t\t\t\t<\/div>\n\t\t\t\t<\/div>\n\t\t\t\t\t<\/div>\n\t\t\t\t<\/div>\n\t\t<div class=\"elementor-element elementor-element-fefa87b e-flex e-con-boxed e-con e-parent\" data-id=\"fefa87b\" data-element_type=\"container\" data-e-type=\"container\">\n\t\t\t\t\t<div class=\"e-con-inner\">\n\t\t\t\t<div class=\"elementor-element elementor-element-1fcab2c elementor-widget elementor-widget-heading\" data-id=\"1fcab2c\" data-element_type=\"widget\" data-e-type=\"widget\" data-widget_type=\"heading.default\">\n\t\t\t\t<div class=\"elementor-widget-container\">\n\t\t\t\t\t<h2 class=\"elementor-heading-title elementor-size-default\">Studi e ricerche borsisti  2017 - 2021<\/h2>\t\t\t\t<\/div>\n\t\t\t\t<\/div>\n\t\t\t\t\t<\/div>\n\t\t\t\t<\/div>\n\t\t<div class=\"elementor-element elementor-element-bbec121 e-flex e-con-boxed e-con e-parent\" data-id=\"bbec121\" data-element_type=\"container\" data-e-type=\"container\">\n\t\t\t\t\t<div class=\"e-con-inner\">\n\t\t<div class=\"elementor-element elementor-element-bf44023 e-con-full e-flex e-con e-child\" data-id=\"bf44023\" data-element_type=\"container\" data-e-type=\"container\" data-settings=\"{&quot;background_background&quot;:&quot;classic&quot;}\">\n\t\t\t\t<div class=\"elementor-element elementor-element-a34ac93 elementor-widget elementor-widget-text-editor\" data-id=\"a34ac93\" data-element_type=\"widget\" data-e-type=\"widget\" data-widget_type=\"text-editor.default\">\n\t\t\t\t<div class=\"elementor-widget-container\">\n\t\t\t\t\t\t\t\t\t<div class=\"heading icon-left\"><h2 class=\"content-box-heading fusion-responsive-typography-calculated\"><span style=\"color: #333333;\"><strong>Alberto Schirru<\/strong>, (<span style=\"text-decoration: underline;\"><a style=\"color: #333333; text-decoration: underline;\" href=\"https:\/\/drive.google.com\/file\/d\/17y_YBKpJymhJhjJ72ub8fEt5Y_64nX5m\/view?usp=sharing\" target=\"_blank\" rel=\"noopener noreferrer\">Visualizza\/scarica il CV<\/a><\/span>)<\/span><\/h2><\/div><div class=\"content-container\"><h3 class=\"p1 fusion-responsive-typography-calculated\" data-fontsize=\"16\" data-lineheight=\"24px\"><span style=\"color: #333333;\"><strong><span class=\"s1\"><i>MuralArt: proposta di un\u2019app per la valorizzazione del muralismo in Sardegna.<\/i><\/span><\/strong><\/span><\/h3><p class=\"p1 fusion-responsive-typography-calculated\" data-fontsize=\"16\" data-lineheight=\"24px\"><span style=\"color: #333333;\"><span class=\"s1\">Sotto la supervisione del Prof. Fabio Pinna del Dipartimento di Storia, Beni Culturali e Territorio dell\u2019Universit\u00e0 degli Studi di Cagliari, lo studente Alberto Schirru ha voluto proporre nella sua tesi, uno strumento di comunicazione dei contenuti e delle chiavi di lettura di opere d\u2019arte lontane da contesti museali istituzionali e da esperti del settore. Cos\u00ec ha ipotizzato l\u2019idea del progetto \u201cMuralArt\u201d una proposta che ha come obbiettivo una migliore comunicazione tra opera d\u2019arte e fruitore, presentandosi come una vera e propria guida turistica digitale, che d\u00e0 voce narrante all\u2019artista. Lo scopo del progetto non \u00e8 soltanto la valorizzazione del territorio e l\u2019incentivazione del turismo, ma anche la tutela e la salvaguardia dei murales.<\/span><\/span><\/p><p class=\"p1\"><span style=\"color: #333333;\"><a style=\"color: #333333;\" href=\"https:\/\/drive.google.com\/file\/d\/1RrALaVreVpMoBJMusFHXSRWcaj85VEwJ\/view?usp=sharing\" target=\"_blank\" rel=\"noopener noreferrer\"><strong><span style=\"text-decoration: underline;\">SCARICA L&#8217;ABSTRACT\u00a0<\/span><\/strong><\/a><\/span><br \/><span style=\"text-decoration: underline; color: #333333;\"><a style=\"color: #333333; text-decoration: underline;\" href=\"https:\/\/drive.google.com\/file\/d\/1ZgFje-G0U5L9UexzizhrgmJ5CW9Gdj-N\/view?usp=sharing\" target=\"_blank\" rel=\"noopener noreferrer\"><strong>SCARICA LA TESI<\/strong><\/a><\/span><\/p><\/div>\t\t\t\t\t\t\t\t<\/div>\n\t\t\t\t<\/div>\n\t\t\t\t<\/div>\n\t\t<div class=\"elementor-element elementor-element-25e26e4 e-con-full e-flex e-con e-child\" data-id=\"25e26e4\" data-element_type=\"container\" data-e-type=\"container\" data-settings=\"{&quot;background_background&quot;:&quot;classic&quot;}\">\n\t\t\t\t<div class=\"elementor-element elementor-element-aefb52d elementor-widget elementor-widget-text-editor\" data-id=\"aefb52d\" data-element_type=\"widget\" data-e-type=\"widget\" data-widget_type=\"text-editor.default\">\n\t\t\t\t<div class=\"elementor-widget-container\">\n\t\t\t\t\t\t\t\t\t<div class=\"heading icon-left\"><h2 class=\"content-box-heading fusion-responsive-typography-calculated\"><span style=\"color: #333333;\"><strong>Eleonora Marraccini<\/strong>, <a style=\"font-size: 16px; color: #333333;\" href=\"https:\/\/drive.google.com\/file\/d\/1lKJuo0kM0M2WP7EQKPG027-dl9BDbfok\/view?usp=sharing\" target=\"_blank\" rel=\"noopener noreferrer\">(<span style=\"text-decoration: underline;\">Visualizza\/scarica il CV<\/span>)\u00a0<\/a><\/span><\/h2><h3 class=\"content-box-heading fusion-responsive-typography-calculated\"><span style=\"color: #333333;\"><i style=\"font-size: 16px;\"><strong>I meccanismi del valore collettivo co-creato dagli attori economici e sociali di Monumenti Aperti per il rafforzamento del capitale sociale delle comunit\u00e0 coinvolte<\/strong><\/i><\/span><\/h3><p class=\"content-box-heading fusion-responsive-typography-calculated\"><span style=\"color: #333333;\">Sotto la supervisione della Prof.ssa Rita Cannas della Facolt\u00e0 di Scienze Economiche, Giuridiche e Politiche, Dipartimento di Scienze Economiche e Aziendali dell\u2019Universit\u00e0 degli Studi di Cagliari, la studentessa Eleonora Marraccini si \u00e8 concentrata sull\u2019evento Monumenti Aperti che \u00e8 diventato nel tempo un\u2019occasione di lavoro e di crescita umana e professionale per tutti gli attori coinvolti.<\/span><\/p><p><span style=\"text-decoration: underline; color: #333333;\"><a style=\"color: #333333; text-decoration: underline;\" href=\"https:\/\/drive.google.com\/file\/d\/1aAFYSBzR_ooWrfvEl_XMDuifCmkDlFG0\/view?usp=sharing\" target=\"_blank\" rel=\"noopener noreferrer\"><strong>SCARICA IL DOCUMENTO\u00a0<\/strong><\/a><\/span><\/p><p><span style=\"color: #333333;\">La studentessa ha proseguito il lavoro sviluppando una tesi magistrale dal titolo:<span style=\"text-decoration: underline;\">\u00a0<a style=\"color: #333333; text-decoration: underline;\" href=\"https:\/\/drive.google.com\/file\/d\/1L4_QMUSsCOktiBJVId8uImNHNsJAuYMb\/view?usp=sharing\" target=\"_blank\" rel=\"noopener noreferrer\"><em><strong>Il talento nei processi di co-creazione del valore. Il caso di Imago Mundi Onlus<\/strong><\/em><\/a><\/span><\/span><\/p><\/div>\t\t\t\t\t\t\t\t<\/div>\n\t\t\t\t<\/div>\n\t\t\t\t<\/div>\n\t\t\t\t\t<\/div>\n\t\t\t\t<\/div>\n\t\t<div class=\"elementor-element elementor-element-4f987a1 e-flex e-con-boxed e-con e-parent\" data-id=\"4f987a1\" data-element_type=\"container\" data-e-type=\"container\">\n\t\t\t\t\t<div class=\"e-con-inner\">\n\t\t<div class=\"elementor-element elementor-element-ec89a61 e-con-full e-flex e-con e-child\" data-id=\"ec89a61\" data-element_type=\"container\" data-e-type=\"container\" data-settings=\"{&quot;background_background&quot;:&quot;classic&quot;}\">\n\t\t\t\t<div class=\"elementor-element elementor-element-54ba1be elementor-widget elementor-widget-text-editor\" data-id=\"54ba1be\" data-element_type=\"widget\" data-e-type=\"widget\" data-widget_type=\"text-editor.default\">\n\t\t\t\t<div class=\"elementor-widget-container\">\n\t\t\t\t\t\t\t\t\t<div class=\"heading icon-left\"><div class=\"heading icon-left\"><h2 class=\"content-box-heading fusion-responsive-typography-calculated\"><span style=\"color: #333333;\"><strong>Laura Dore<\/strong>, <a style=\"color: #333333;\" href=\"https:\/\/drive.google.com\/file\/d\/1w2YhsUsZGkif-DuaW85erhmyIsn8cMto\/view?usp=sharing\" target=\"_blank\" rel=\"noopener noreferrer\">(<span style=\"text-decoration: underline;\">Visualizza\/scarica il CV<\/span>)<\/a><\/span><\/h2><\/div><\/div><div class=\"content-container\"><h3 class=\"fusion-responsive-typography-calculated\" data-fontsize=\"16\" data-lineheight=\"24px\"><span style=\"color: #333333;\"><em><strong>Studio del paesaggio storico e culturale della Foresta del Marganai<\/strong><\/em><\/span><\/h3><p class=\"p1 fusion-responsive-typography-calculated\" data-fontsize=\"16\" data-lineheight=\"24px\"><span style=\"color: #333333;\">Questo \u00e8 il titolo dello studio sviluppato con la supervisione della Prof.ssa Raffaella Lovreglio del Dipartimento di Agraria dell\u2019Universit\u00e0 degli Studi di Sassari<i>.<\/i>\u00a0I recenti interventi di ripristino di utilizzazione a ceduo di leccio del Marganai rappresentano un caso di studio emblematico, in cui si mettono a confronto la sostenibilit\u00e0 ambientale della pianificazione forestale demaniale, e la sostenibilit\u00e0 culturale e paesaggistica. L\u2019obiettivo generale dello studio \u00e8 stato quello di fornire un quadro conoscitivo considerando i cambiamenti del paesaggio con l\u2019esigenza di produzione legnosa, il contesto storico, la sensibilit\u00e0 socio-economica e la multifunzionalit\u00e0 del bosco. Oggi come non mai, la gestione del territorio ed in particolare dei sistemi forestali deve tenere conto delle connessioni che esistono fra le componenti ecologiche, sociali e culturali a scale multiple.<\/span><\/p><span style=\"text-decoration: underline;\"><span style=\"color: #333333;\"><a style=\"color: #333333;\" href=\"https:\/\/drive.google.com\/file\/d\/1G6VVruNDQ9oxT33su-U-kvvOsmd171h7\/view?usp=sharing\" target=\"_blank\" rel=\"noopener noreferrer\"><strong>SCARICA IL DOCUMENTO<\/strong><\/a><\/span><\/span><\/div>\t\t\t\t\t\t\t\t<\/div>\n\t\t\t\t<\/div>\n\t\t\t\t<\/div>\n\t\t<div class=\"elementor-element elementor-element-dc5de2c e-con-full e-flex e-con e-child\" data-id=\"dc5de2c\" data-element_type=\"container\" data-e-type=\"container\" data-settings=\"{&quot;background_background&quot;:&quot;classic&quot;}\">\n\t\t\t\t<div class=\"elementor-element elementor-element-c8490c8 elementor-widget elementor-widget-text-editor\" data-id=\"c8490c8\" data-element_type=\"widget\" data-e-type=\"widget\" data-widget_type=\"text-editor.default\">\n\t\t\t\t<div class=\"elementor-widget-container\">\n\t\t\t\t\t\t\t\t\t<div class=\"heading icon-left\"><h2 class=\"content-box-heading fusion-responsive-typography-calculated\"><span style=\"color: #333333;\"><strong>Moreno Frau<\/strong>, <a style=\"color: #333333;\" href=\"https:\/\/drive.google.com\/file\/d\/1pz6En86z3xkR_p3hpDHWKGAtnMlSSlOI\/view?usp=sharing\" target=\"_blank\" rel=\"noopener noreferrer\">(<span style=\"text-decoration: underline;\">Visualizza\/scarica il CV<\/span>)<\/a><\/span><\/h2><h3 class=\"p1 fusion-responsive-typography-calculated\" data-fontsize=\"16\" data-lineheight=\"24px\"><span style=\"color: #333333;\"><em><strong>Measuring co-creation value in a territorial context: The Case of Monumenti Aperti<\/strong><\/em><\/span><\/h3><p class=\"content-box-heading fusion-responsive-typography-calculated\"><span style=\"color: #333333;\">Questo \u00e8 il titolo dello studio sviluppato con la supervisione della Prof.ssa Francesca Cabiddu della Facolt\u00e0 di Scienze Economiche e Aziendali dell\u2019Universit\u00e0 degli Studi di Cagliari<i>.\u00a0<\/i>La ricerca, basandosi sui presupposti teorici alla base della Service Dominant logic, dopo un\u2019analisi sistematica della letteratura sui modelli di misurazione della co-creazione del valore, definisce uno specifico modello da applicare nell\u2019ambito del governo dei Beni culturali di un territorio. Il modello \u00e8 stato testato sul caso Monumenti Aperti.<\/span><\/p><p><span style=\"text-decoration: underline; color: #333333;\"><a style=\"color: #333333; text-decoration: underline;\" href=\"https:\/\/monumentiaperti.org\/it\/wp-content\/uploads\/2017\/04\/Progetto-di-ricerca_Monumenti-Aperti_Moreno-Frau_Versione-finale.pdf\" target=\"_blank\" rel=\"noopener noreferrer\"><strong>SCARICA IL DOCUMENTO<\/strong><\/a><\/span><\/p><\/div>\t\t\t\t\t\t\t\t<\/div>\n\t\t\t\t<\/div>\n\t\t\t\t<\/div>\n\t\t\t\t\t<\/div>\n\t\t\t\t<\/div>\n\t\t<div class=\"elementor-element elementor-element-168b6b9 e-flex e-con-boxed e-con e-parent\" data-id=\"168b6b9\" data-element_type=\"container\" data-e-type=\"container\">\n\t\t\t\t\t<div class=\"e-con-inner\">\n\t\t<div class=\"elementor-element elementor-element-efe07c9 e-con-full e-flex e-con e-child\" data-id=\"efe07c9\" data-element_type=\"container\" data-e-type=\"container\" data-settings=\"{&quot;background_background&quot;:&quot;classic&quot;}\">\n\t\t\t\t<div class=\"elementor-element elementor-element-aeb7cea elementor-widget elementor-widget-text-editor\" data-id=\"aeb7cea\" data-element_type=\"widget\" data-e-type=\"widget\" data-widget_type=\"text-editor.default\">\n\t\t\t\t<div class=\"elementor-widget-container\">\n\t\t\t\t\t\t\t\t\t<div class=\"heading icon-left\"><div class=\"heading icon-left\"><h2 class=\"content-box-heading fusion-responsive-typography-calculated\"><span style=\"color: #333333;\"><strong>Michela Cordeddu<\/strong>, <a style=\"color: #333333;\" href=\"https:\/\/drive.google.com\/file\/d\/1fnStS9ZVcs4K5SmdBt9tx3GbRd7PD49M\/view?usp=sharing\" target=\"_blank\" rel=\"noopener noreferrer\">(<span style=\"text-decoration: underline;\">Visualizza\/scarica il CV<\/span>)<\/a><\/span><\/h2><\/div><\/div><div class=\"content-container\"><h3 class=\"m_-7929054606614737621m_8637123301874460361gmail-p1 fusion-responsive-typography-calculated\" data-fontsize=\"16\" data-lineheight=\"24px\"><span style=\"color: #333333;\"><em><strong>Valutazione dell\u2019impatto economico della Manifestazione Monumenti Aperti<\/strong><\/em><\/span><\/h3><p class=\"p1 fusion-responsive-typography-calculated\" data-fontsize=\"16\" data-lineheight=\"24px\"><span style=\"color: #333333;\">\u00c8 questo il titolo dell\u2019attivit\u00e0 di ricerca sviluppata con la supervisione del Prof. Stefano Usai, Presidente della Facolt\u00e0 di Scienze Economiche, Giuridiche e Politiche, Dipartimento di Scienze Economiche e Aziendali dell\u2019Universit\u00e0 degli Studi di Cagliari.<\/span><\/p><span style=\"text-decoration: underline; color: #333333;\"><a style=\"color: #333333; text-decoration: underline;\" href=\"https:\/\/drive.google.com\/file\/d\/13fnzoCK_4h1qNM_dHDuKkZ_f80tsxB4t\/view?usp=sharing\" target=\"_blank\" rel=\"noopener noreferrer\"><strong>SCARICA IL DOCUMENTO<\/strong><\/a><\/span><\/div>\t\t\t\t\t\t\t\t<\/div>\n\t\t\t\t<\/div>\n\t\t\t\t<\/div>\n\t\t<div class=\"elementor-element elementor-element-b10c39e e-con-full e-flex e-con e-child\" data-id=\"b10c39e\" data-element_type=\"container\" data-e-type=\"container\" data-settings=\"{&quot;background_background&quot;:&quot;classic&quot;}\">\n\t\t\t\t<div class=\"elementor-element elementor-element-32011e5 elementor-widget elementor-widget-text-editor\" data-id=\"32011e5\" data-element_type=\"widget\" data-e-type=\"widget\" data-widget_type=\"text-editor.default\">\n\t\t\t\t<div class=\"elementor-widget-container\">\n\t\t\t\t\t\t\t\t\t<div class=\"heading icon-left\"><h2 class=\"content-box-heading fusion-responsive-typography-calculated\"><span style=\"color: #333333;\"><strong>Gloria Finotto<\/strong>, <a style=\"color: #333333;\" href=\"https:\/\/drive.google.com\/file\/d\/1T1Y6AV8_WN-A8qUSsdjqgaKiiPh-dE3L\/view?usp=sharing\" target=\"_blank\" rel=\"noopener noreferrer\">(<span style=\"text-decoration: underline;\">Visualizza\/Scarica il CV<\/span>)<\/a><\/span><\/h2><p class=\"content-box-heading fusion-responsive-typography-calculated\"><span style=\"color: #333333;\">Con la supervisione della Prof.ssa Olga Denti del Dipartimento di Filologia, Letteratura e Linguistica Inglese dell\u2019Universit\u00e0 degli Studi di Cagliari, ha contribuito alla traduzione delle parti generali del sito istituzionale\u00a0<a style=\"color: #333333;\" href=\"http:\/\/www.monumentiaperti.org\/\"><span class=\"s2\">www.monumentiaperti.org<\/span><\/a>\u00a0e alla traduzione delle schede scientifiche dei monumenti in lingua inglese, curando il contenuto dei testi e adattandone le caratteristiche linguistiche ai diversi mezzi di comunicazione utilizzati.<\/span><\/p><p><span style=\"text-decoration: underline; color: #333333;\"><a style=\"color: #333333; text-decoration: underline;\" href=\"https:\/\/drive.google.com\/file\/d\/1q9HJ53fmu3zuWExY7BeU1Lx4QSlTnAIL\/view?usp=sharing\" target=\"_blank\" rel=\"noopener noreferrer\"><strong>SCARICA L&#8217;ABSTRACT<\/strong><\/a><\/span><\/p><\/div>\t\t\t\t\t\t\t\t<\/div>\n\t\t\t\t<\/div>\n\t\t\t\t<\/div>\n\t\t\t\t\t<\/div>\n\t\t\t\t<\/div>\n\t\t<div class=\"elementor-element elementor-element-4f7edf0 e-flex e-con-boxed e-con e-parent\" data-id=\"4f7edf0\" data-element_type=\"container\" data-e-type=\"container\">\n\t\t\t\t\t<div class=\"e-con-inner\">\n\t\t<div class=\"elementor-element elementor-element-0ba7e48 e-con-full e-flex e-con e-child\" data-id=\"0ba7e48\" data-element_type=\"container\" data-e-type=\"container\" data-settings=\"{&quot;background_background&quot;:&quot;classic&quot;}\">\n\t\t\t\t<div class=\"elementor-element elementor-element-032cdc8 elementor-widget elementor-widget-text-editor\" data-id=\"032cdc8\" data-element_type=\"widget\" data-e-type=\"widget\" data-widget_type=\"text-editor.default\">\n\t\t\t\t<div class=\"elementor-widget-container\">\n\t\t\t\t\t\t\t\t\t<div class=\"heading icon-left\"><div class=\"heading icon-left\"><h2 class=\"content-box-heading fusion-responsive-typography-calculated\"><span style=\"color: #333333;\"><strong>Giulia Casu<\/strong>, <a style=\"color: #333333;\" href=\"https:\/\/drive.google.com\/file\/d\/1SUrPevl9O3hO3e-JpxtmDPMmShap9uyZ\/view?usp=sharing\" target=\"_blank\" rel=\"noopener noreferrer\">(<span style=\"text-decoration: underline;\">Visualizza\/scarica il CV<\/span>)<\/a><\/span><\/h2><\/div><\/div><div class=\"content-container\"><p class=\"p1 fusion-responsive-typography-calculated\" data-fontsize=\"16\" data-lineheight=\"24px\"><span style=\"color: #333333;\">Con la supervisione del Prof.ssa Antioco Floris, del dipartimento di Scienze Umanistiche, Dipartimento di Scienze della Comunicazione dell\u2019Universit\u00e0 degli Studi di Cagliari, ha sviluppato un\u2019azione sperimentale per applicare le competenze acquisite nel percorso di studio ai fini di una nuova campagna di crowdfunding.<\/span><\/p><p class=\"p1\"><span style=\"text-decoration: underline; color: #333333;\"><a style=\"color: #333333; text-decoration: underline;\" href=\"https:\/\/drive.google.com\/file\/d\/1adZho2AmZqPPyum0A-6E7Or2Om1BQBL4\/view?usp=sharing\" target=\"_blank\" rel=\"noopener noreferrer\"><strong>SCARICA IL DOCUMENTO\u00a0<\/strong><\/a><br \/><br \/><\/span><span style=\"text-decoration: underline; color: #333333;\"><a style=\"color: #333333; text-decoration: underline;\" href=\"https:\/\/youtu.be\/lINylx0wNFc\" target=\"_blank\" rel=\"noopener noreferrer\"><strong>GUARDA LO SPOT MONUMENTI APERTI 2017<\/strong><\/a><\/span><\/p><\/div>\t\t\t\t\t\t\t\t<\/div>\n\t\t\t\t<\/div>\n\t\t\t\t<\/div>\n\t\t<div class=\"elementor-element elementor-element-d24577b e-con-full e-flex e-con e-child\" data-id=\"d24577b\" data-element_type=\"container\" data-e-type=\"container\" data-settings=\"{&quot;background_background&quot;:&quot;classic&quot;}\">\n\t\t\t\t<div class=\"elementor-element elementor-element-7d584d5 elementor-widget elementor-widget-text-editor\" data-id=\"7d584d5\" data-element_type=\"widget\" data-e-type=\"widget\" data-widget_type=\"text-editor.default\">\n\t\t\t\t<div class=\"elementor-widget-container\">\n\t\t\t\t\t\t\t\t\t<div class=\"heading icon-left\"><h2 class=\"content-box-heading fusion-responsive-typography-calculated\"><span style=\"color: #333333;\"><strong>Giacomo Dess\u00ec<\/strong>, <a style=\"color: #333333;\" href=\"https:\/\/drive.google.com\/file\/d\/11wZSkRaqGisRz-aJhFMzGY1iJyQVZk1q\/view?usp=sharing\" target=\"_blank\" rel=\"noopener noreferrer\">(<span style=\"text-decoration: underline;\">Visualizza\/scarica il CV<\/span>)<\/a><\/span><\/h2><p class=\"content-box-heading fusion-responsive-typography-calculated\"><span style=\"color: #333333;\">Con la supervisione della Prof.ssa Simona Campus del dipartimento di Storia, Beni culturali e Territorio dell\u2019Universit\u00e0 degli Studi di Cagliari, ha sviluppato una ricerca contribuendo alla definizione delle modalit\u00e0 di valorizzazione e promozione del patrimonio culturale materiale e immateriale presente in Sardegna mediante la stesura di schede sintetiche relative agli aspetti identitari come contaminazione culturale.<\/span><\/p><p><span style=\"text-decoration: underline; color: #333333;\"><a style=\"color: #333333; text-decoration: underline;\" href=\"https:\/\/monumentiaperti.org\/it\/wp-content\/uploads\/2017\/04\/Ricerca-di-Giacomo-Dessi%CC%80.pdf\" target=\"_blank\" rel=\"noopener noreferrer\"><strong>SCARICA IL DOCUMENTO<\/strong><\/a><\/span><\/p><\/div>\t\t\t\t\t\t\t\t<\/div>\n\t\t\t\t<\/div>\n\t\t\t\t<\/div>\n\t\t\t\t\t<\/div>\n\t\t\t\t<\/div>\n\t\t<div class=\"elementor-element elementor-element-5872f809 elementor-hidden-desktop elementor-hidden-tablet elementor-hidden-mobile e-flex e-con-boxed e-con e-parent\" data-id=\"5872f809\" data-element_type=\"container\" data-e-type=\"container\">\n\t\t\t\t\t<div class=\"e-con-inner\">\n\t\t\t\t<div class=\"elementor-element elementor-element-3a5a574b elementor-widget elementor-widget-shortcode\" data-id=\"3a5a574b\" data-element_type=\"widget\" data-e-type=\"widget\" data-widget_type=\"shortcode.default\">\n\t\t\t\t<div class=\"elementor-widget-container\">\n\t\t\t\t\t\t\t<div class=\"elementor-shortcode\">[fusion_builder_container hundred_percent=\"yes\" overflow=\"visible\" type=\"flex\"][fusion_builder_row][fusion_builder_column type=\"1_1\" layout=\"1_1\" last=\"true\" spacing=\"yes\" center_content=\"no\" hide_on_mobile=\"no\" background_color=\"\" background_image=\"\" background_repeat=\"no-repeat\" background_position=\"left top\" hover_type=\"none\" link=\"\" border_position=\"all\" border_color=\"\" border_style=\"\" padding_top=\"\" padding_right=\"\" padding_bottom=\"\" padding_left=\"\" margin_top=\"\" margin_bottom=\"\" animation_type=\"\" animation_direction=\"\" animation_speed=\"0.1\" animation_offset=\"\" class=\"\" id=\"\" border_sizes_top=\"0px\" border_sizes_bottom=\"0px\" border_sizes_left=\"0px\" border_sizes_right=\"0px\" first=\"true\" min_height=\"\"][fusion_text]\r\n<p style=\"text-align: right;\"><a href=\"http:\/\/monumentiaperti.org\/it\/estudios-e-investigacion\/\" target=\"_blank\" rel=\"noopener noreferrer\"><img decoding=\"async\" class=\"alignnone wp-image-20076 size-full\" src=\"http:\/\/monumentiaperti.org\/it\/wp-content\/uploads\/2016\/01\/bandiera-spagnola.png\" width=\"50\" height=\"30\" \/><\/a><\/p>\r\n[\/fusion_text][\/fusion_builder_column][fusion_builder_column type=\"1_1\" layout=\"1_1\" background_position=\"left top\" background_color=\"\" border_color=\"\" border_style=\"solid\" spacing=\"yes\" background_image=\"\" background_repeat=\"no-repeat\" padding_top=\"\" padding_right=\"\" padding_bottom=\"\" padding_left=\"\" margin_top=\"0px\" margin_bottom=\"0px\" class=\"\" id=\"\" animation_type=\"\" animation_speed=\"0.3\" animation_direction=\"left\" hide_on_mobile=\"no\" center_content=\"no\" min_height=\"none\" align_self=\"flex-start\" border_sizes_undefined=\"\" first=\"true\" last=\"true\" hover_type=\"none\" link=\"\" border_position=\"all\"][fusion_separator style_type=\"none\" top_margin=\"10px\" bottom_margin=\"10px\" sep_color=\"\" border_size=\"\" icon=\"\" icon_circle=\"\" icon_circle_color=\"\" width=\"\" alignment=\"center\" class=\"\" id=\"\" \/][\/fusion_builder_column][fusion_builder_column type=\"2_3\" layout=\"2_3\" last=\"false\" spacing=\"yes\" center_content=\"no\" hide_on_mobile=\"no\" background_color=\"\" background_image=\"\" background_repeat=\"no-repeat\" background_position=\"left top\" hover_type=\"none\" link=\"\" border_position=\"all\" border_color=\"\" border_style=\"\" padding_top=\"\" padding_right=\"\" padding_bottom=\"\" padding_left=\"\" margin_top=\"\" margin_bottom=\"\" animation_type=\"\" animation_direction=\"\" animation_speed=\"0.1\" animation_offset=\"\" class=\"\" id=\"\" border_sizes_top=\"0px\" border_sizes_bottom=\"0px\" border_sizes_left=\"0px\" border_sizes_right=\"0px\" first=\"true\" spacing_right=\"2.6666666666666665%\" min_height=\"\"][fusion_text]Una storia lunga pi\u00f9 di vent'anni.\r\nDal 1997<em> Monumenti Aperti <\/em>ha fatto passi da gigante: dagli esordi, quando la manifestazione era una realt\u00e0 localizzata al capoluogo sardo, <em>Monumenti Aperti<\/em> \u00e8 diventato un marchio riconosciuto in tutta l'isola, in quanto ad oggi sono pi\u00f9 di 120 i comuni sardi che sono entrati a far parte del circuito della manifestazione almeno una volta; da tre anni la manifestazione \u00e8 sbarcata anche sulla terra ferma in alcuni comuni piemontesi e quest'anno anche il Comune di Ferrara entra a far parte per la prima volta della rete della XXI edizione.\r\n\r\nC'\u00e8 tanto da dire, c'\u00e8 tanto da scrivere, c'\u00e8 tanto da analizzare e c'\u00e8 tanto da chiedersi a riguardo. Molti studenti universitari, docenti e studiosi, si sono appassionati e interessati alla storia di <em>Monumenti Aperti<\/em> e per questo sono nate molte tesi e sono stati realizzati molti studi.\r\n<h3><\/h3>\r\n[\/fusion_text][\/fusion_builder_column][fusion_builder_column type=\"1_3\" layout=\"1_3\" last=\"true\" spacing=\"yes\" center_content=\"no\" hide_on_mobile=\"no\" background_color=\"\" background_image=\"\" background_repeat=\"no-repeat\" background_position=\"left top\" hover_type=\"none\" link=\"\" border_position=\"all\" border_color=\"\" border_style=\"\" padding_top=\"\" padding_right=\"\" padding_bottom=\"\" padding_left=\"\" margin_top=\"\" margin_bottom=\"\" animation_type=\"\" animation_direction=\"\" animation_speed=\"0.1\" animation_offset=\"\" class=\"\" id=\"\" border_sizes_top=\"0px\" border_sizes_bottom=\"0px\" border_sizes_left=\"0px\" border_sizes_right=\"0px\" first=\"false\" spacing_left=\"1.3333333333333333%\" min_height=\"\"][fusion_imageframe lightbox=\"no\" gallery_id=\"\" lightbox_image=\"\" style_type=\"none\" hover_type=\"none\" bordercolor=\"\" bordersize=\"0px\" borderradius=\"0\" stylecolor=\"\" align=\"none\" link=\"\" linktarget=\"_self\" animation_type=\"0\" animation_direction=\"down\" animation_speed=\"0.1\" animation_offset=\"\" hide_on_mobile=\"no\" class=\"\" id=\"\"] <img decoding=\"async\" src=\"http:\/\/monumentiaperti.org\/it\/wp-content\/uploads\/2016\/03\/map10-archiviostoricocomunale_cv0621.jpg\" alt=\"\" \/>[\/fusion_imageframe][\/fusion_builder_column][fusion_builder_column type=\"1_1\" layout=\"1_1\" last=\"true\" spacing=\"yes\" center_content=\"no\" hide_on_mobile=\"no\" background_color=\"\" background_image=\"\" background_repeat=\"no-repeat\" background_position=\"left top\" hover_type=\"none\" link=\"\" border_position=\"all\" border_color=\"\" border_style=\"\" padding_top=\"\" padding_right=\"\" padding_bottom=\"\" padding_left=\"\" margin_top=\"\" margin_bottom=\"\" animation_type=\"\" animation_direction=\"\" animation_speed=\"0.1\" animation_offset=\"\" class=\"\" id=\"\" border_sizes_top=\"0px\" border_sizes_bottom=\"0px\" border_sizes_left=\"0px\" border_sizes_right=\"0px\" first=\"true\" min_height=\"\"][fusion_text]<img decoding=\"async\" class=\"size-thumbnail wp-image-4690 alignleft\" src=\"http:\/\/monumentiaperti.org\/it\/wp-content\/uploads\/2016\/05\/Foto-cultura-senza-barriere-150x150.jpg\" alt=\"\" width=\"150\" height=\"150\" srcset=\"https:\/\/monumentiaperti.com\/it\/wp-content\/uploads\/2016\/05\/Foto-cultura-senza-barriere-150x150.jpg 150w, https:\/\/monumentiaperti.com\/it\/wp-content\/uploads\/2016\/05\/Foto-cultura-senza-barriere-66x66.jpg 66w\" sizes=\"(max-width: 150px) 100vw, 150px\" \/>Qualche anno fa \u00e8 stato fatto un'analisi di riguardo sull'iniziativa \"Monumenti aperti a tutti - cultura senza barriere\", il cui obiettivo \u00e8 quello di rendere i monumenti accessibili ai cittadini con disabilit\u00e0 temporanee e permanenti.\r\n\r\n<span style=\"color: #333399;\"><strong><a style=\"color: #333399;\" href=\"http:\/\/monumentiaperti.org\/it\/wp-content\/uploads\/2017\/04\/ACCESSIBLE-TOURISM-DEVELOPMENT_03.10.2016-A-GOOD-PUBLIC-PRIVATE-PARTNERSHIPS-PRACTICE_01.10.2016-1.pdf\" target=\"_blank\" rel=\"noopener noreferrer\">GESTIONE DELLE ESPERIENZE PER LA PROGETTAZIONE DI SVILUPPO SOSTENIBILE E ACCESSIBILE DEL TURISMO: UNA BUONA PRATICA DI PARTNERSHIP PUBBLICO-PRIVATO<\/a><\/strong><\/span>\r\n\r\nI risultati dovrebbero contribuire al dibattito sui potenziali contributi del turismo e dell'esperienza culturale suggerendo come utilizzare correttamente la cultura per sfidare il cambiamento sociale.\r\nQuesto studio presenta un caso di successo sardo degno di essere replicato e emulato ovunque e rappresenta un esempio importante della governance pubblica-privata. Questo lavoro propone semplici ma importanti proposte alle organizzazioni di destinazione che vogliono implementare processi di sviluppo sostenibili, accessibili e inclusivi. Tuttavia, la ricerca \u00e8 in grado di catturare solo parzialmente la complessit\u00e0 del problema e non \u00e8 applicabile a ogni realt\u00e0.\r\n<h3><\/h3>\r\n[\/fusion_text][\/fusion_builder_column][fusion_builder_column type=\"1_1\" layout=\"1_1\" last=\"true\" spacing=\"yes\" center_content=\"no\" hide_on_mobile=\"no\" background_color=\"\" background_image=\"\" background_repeat=\"no-repeat\" background_position=\"left top\" hover_type=\"none\" link=\"\" border_position=\"all\" border_color=\"\" border_style=\"\" padding_top=\"\" padding_right=\"\" padding_bottom=\"\" padding_left=\"\" margin_top=\"\" margin_bottom=\"\" animation_type=\"\" animation_direction=\"\" animation_speed=\"0.1\" animation_offset=\"\" class=\"\" id=\"\" border_sizes_top=\"0px\" border_sizes_bottom=\"0px\" border_sizes_left=\"0px\" border_sizes_right=\"0px\" first=\"true\" min_height=\"\"][fusion_text columns=\"\" column_min_width=\"\" column_spacing=\"\" rule_style=\"\" rule_size=\"\" rule_color=\"\" hue=\"\" saturation=\"\" lightness=\"\" alpha=\"\" content_alignment_medium=\"\" content_alignment_small=\"\" content_alignment=\"\" hide_on_mobile=\"small-visibility,medium-visibility,large-visibility\" sticky_display=\"normal,sticky\" class=\"\" id=\"\" margin_top=\"\" margin_right=\"\" margin_bottom=\"\" margin_left=\"\" fusion_font_family_text_font=\"\" fusion_font_variant_text_font=\"\" font_size=\"\" line_height=\"\" letter_spacing=\"\" text_transform=\"\" text_color=\"\" animation_type=\"\" animation_direction=\"left\" animation_speed=\"0.3\" animation_offset=\"\"]\r\n<h3>Continuano a parlare di noi, del progetto Monumenti Aperti, considerato una buona pratica di valorizzazione del Patrimonio Culturale locale.<\/h3>\r\n<h3><\/h3>\r\n[\/fusion_text][\/fusion_builder_column][fusion_builder_column type=\"1_2\" layout=\"1_1\" last=\"true\" spacing=\"yes\" center_content=\"no\" hide_on_mobile=\"no\" background_color=\"\" background_image=\"\" background_repeat=\"no-repeat\" background_position=\"left top\" hover_type=\"none\" link=\"\" border_position=\"all\" border_color=\"\" border_style=\"\" padding_top=\"\" padding_right=\"\" padding_bottom=\"\" padding_left=\"\" margin_top=\"\" margin_bottom=\"\" animation_type=\"\" animation_direction=\"\" animation_speed=\"0.1\" animation_offset=\"\" class=\"\" id=\"\" border_sizes_top=\"0px\" border_sizes_bottom=\"0px\" border_sizes_left=\"0px\" border_sizes_right=\"0px\" first=\"true\" min_height=\"\"][fusion_button link=\"https:\/\/drive.google.com\/file\/d\/1XUUUof9FcQBQg4kvh-CDVeFPMOGxnbws\/view?usp=share_link\" title=\"\" target=\"_self\" link_attributes=\"\" alignment_medium=\"\" alignment_small=\"\" alignment=\"\" modal=\"\" hide_on_mobile=\"small-visibility,medium-visibility,large-visibility\" sticky_display=\"normal,sticky\" class=\"\" id=\"\" color=\"default\" button_gradient_top_color=\"\" hue=\"\" saturation=\"\" lightness=\"\" alpha=\"\" button_gradient_bottom_color=\"\" button_gradient_top_color_hover=\"\" button_gradient_bottom_color_hover=\"\" gradient_start_position=\"\" gradient_end_position=\"\" gradient_type=\"\" radial_direction=\"\" linear_angle=\"180\" accent_color=\"\" accent_hover_color=\"\" type=\"\" bevel_color=\"\" bevel_color_hover=\"\" border_top=\"\" border_right=\"\" border_bottom=\"\" border_left=\"\" border_radius_top_left=\"\" border_radius_top_right=\"\" border_radius_bottom_right=\"\" border_radius_bottom_left=\"\" border_color=\"\" border_hover_color=\"\" size=\"\" padding_top=\"\" padding_right=\"\" padding_bottom=\"\" padding_left=\"\" fusion_font_family_button_font=\"\" fusion_font_variant_button_font=\"\" font_size=\"\" line_height=\"\" letter_spacing=\"\" text_transform=\"\" stretch=\"default\" margin_top=\"\" margin_right=\"\" margin_bottom=\"\" margin_left=\"\" icon=\"\" icon_position=\"left\" icon_divider=\"no\" animation_type=\"\" animation_direction=\"left\" animation_speed=\"0.3\" animation_offset=\"\"]Bennessere e Patrimonio culturale[\/fusion_button][fusion_separator style_type=\"none\" hide_on_mobile=\"small-visibility,medium-visibility,large-visibility\" sticky_display=\"normal,sticky\" class=\"\" id=\"\" flex_grow=\"0\" top_margin=\"5px\" bottom_margin=\"5px\" width=\"\" alignment=\"center\" border_size=\"\" sep_color=\"\" hue=\"\" saturation=\"\" lightness=\"\" alpha=\"\" icon=\"\" icon_size=\"\" icon_color=\"\" icon_circle=\"\" icon_circle_color=\"\" \/][fusion_content_boxes layout=\"icon-with-title\" columns=\"1\" link_type=\"\" button_span=\"\" link_area=\"\" link_target=\"\" icon_align=\"left\" animation_type=\"\" animation_direction=\"left\" animation_speed=\"0.3\" animation_delay=\"\" animation_offset=\"\" hide_on_mobile=\"small-visibility,medium-visibility,large-visibility\" class=\"\" id=\"\" title_size=\"\" heading_size=\"2\" title_color=\"\" hue=\"\" saturation=\"\" lightness=\"\" alpha=\"\" body_color=\"\" backgroundcolor=\"#e5e5e5\" icon=\"\" iconflip=\"\" iconrotate=\"\" iconspin=\"no\" iconcolor=\"\" icon_circle=\"\" icon_circle_radius=\"\" circlecolor=\"\" circlebordersize=\"\" circlebordercolor=\"\" outercirclebordersize=\"\" outercirclebordercolor=\"\" icon_size=\"\" icon_hover_type=\"\" hover_accent_color=\"\" image=\"\" image_id=\"\" image_max_width=\"\" margin_top=\"\" margin_bottom=\"\"][fusion_content_box title=\"\" backgroundcolor=\"\" hue=\"\" saturation=\"\" lightness=\"\" alpha=\"\" icon=\"\" iconflip=\"\" iconrotate=\"\" iconspin=\"\" iconcolor=\"\" circlecolor=\"\" circlebordersize=\"\" circlebordercolor=\"\" outercirclebordersize=\"\" outercirclebordercolor=\"\" image=\"\" image_id=\"\" image_max_width=\"\" link=\"\" linktext=\"Read More\" link_target=\"\" animation_type=\"\" animation_direction=\"left\" animation_speed=\"0.3\" animation_offset=\"\"]\r\n\r\nEdited by Thea Messina, Stefano Russo, Giuseppe Sanfratello and Giovanna Santaera\r\nQuesto volume \u00e8 stato pubblicato col contributo del corso di Dottorato in Scienze per il Patrimonio e la Produzione Culturale del Dipartimento di Scienze Umanistiche, Universit\u00e0 degli Studi di Catania.\r\n\r\n[\/fusion_content_box][\/fusion_content_boxes][\/fusion_builder_column][fusion_builder_column type=\"1_2\" layout=\"1_1\" last=\"true\" spacing=\"yes\" center_content=\"no\" hide_on_mobile=\"no\" background_color=\"\" background_image=\"\" background_repeat=\"no-repeat\" background_position=\"left top\" hover_type=\"none\" link=\"\" border_position=\"all\" border_color=\"\" border_style=\"\" padding_top=\"\" padding_right=\"\" padding_bottom=\"\" padding_left=\"\" margin_top=\"\" margin_bottom=\"\" animation_type=\"\" animation_direction=\"\" animation_speed=\"0.1\" animation_offset=\"\" class=\"\" id=\"\" border_sizes_top=\"0px\" border_sizes_bottom=\"0px\" border_sizes_left=\"0px\" border_sizes_right=\"0px\" first=\"true\" min_height=\"\"][fusion_button link=\"https:\/\/drive.google.com\/file\/d\/1eFn-wMiFA_MJazId21EeVh3eHXivF3qV\/view?usp=share_link\" title=\"\" target=\"_self\" link_attributes=\"\" alignment_medium=\"\" alignment_small=\"\" alignment=\"\" modal=\"\" hide_on_mobile=\"small-visibility,medium-visibility,large-visibility\" sticky_display=\"normal,sticky\" class=\"\" id=\"\" color=\"default\" button_gradient_top_color=\"\" hue=\"\" saturation=\"\" lightness=\"\" alpha=\"\" button_gradient_bottom_color=\"\" button_gradient_top_color_hover=\"\" button_gradient_bottom_color_hover=\"\" gradient_start_position=\"\" gradient_end_position=\"\" gradient_type=\"\" radial_direction=\"\" linear_angle=\"180\" accent_color=\"\" accent_hover_color=\"\" type=\"\" bevel_color=\"\" bevel_color_hover=\"\" border_top=\"\" border_right=\"\" border_bottom=\"\" border_left=\"\" border_radius_top_left=\"\" border_radius_top_right=\"\" border_radius_bottom_right=\"\" border_radius_bottom_left=\"\" border_color=\"\" border_hover_color=\"\" size=\"\" padding_top=\"\" padding_right=\"\" padding_bottom=\"\" padding_left=\"\" fusion_font_family_button_font=\"\" fusion_font_variant_button_font=\"\" font_size=\"\" line_height=\"\" letter_spacing=\"\" text_transform=\"\" stretch=\"default\" margin_top=\"\" margin_right=\"\" margin_bottom=\"\" margin_left=\"\" icon=\"\" icon_position=\"left\" icon_divider=\"no\" animation_type=\"\" animation_direction=\"left\" animation_speed=\"0.3\" animation_offset=\"\"]Archeostorie - Journal of public archeology[\/fusion_button][fusion_separator style_type=\"none\" hide_on_mobile=\"small-visibility,medium-visibility,large-visibility\" sticky_display=\"normal,sticky\" class=\"\" id=\"\" flex_grow=\"0\" top_margin=\"5px\" bottom_margin=\"5px\" width=\"\" alignment=\"center\" border_size=\"\" sep_color=\"\" hue=\"\" saturation=\"\" lightness=\"\" alpha=\"\" icon=\"\" icon_size=\"\" icon_color=\"\" icon_circle=\"\" icon_circle_color=\"\" \/][fusion_content_boxes layout=\"icon-with-title\" columns=\"1\" link_type=\"\" button_span=\"\" link_area=\"\" link_target=\"\" icon_align=\"left\" animation_type=\"\" animation_direction=\"left\" animation_speed=\"0.3\" animation_delay=\"\" animation_offset=\"\" hide_on_mobile=\"small-visibility,medium-visibility,large-visibility\" class=\"\" id=\"\" title_size=\"\" heading_size=\"2\" title_color=\"\" hue=\"\" saturation=\"\" lightness=\"\" alpha=\"\" body_color=\"\" backgroundcolor=\"#e5e5e5\" icon=\"\" iconflip=\"\" iconrotate=\"\" iconspin=\"no\" iconcolor=\"\" icon_circle=\"\" icon_circle_radius=\"\" circlecolor=\"\" circlebordersize=\"\" circlebordercolor=\"\" outercirclebordersize=\"\" outercirclebordercolor=\"\" icon_size=\"\" icon_hover_type=\"\" hover_accent_color=\"\" image=\"\" image_id=\"\" image_max_width=\"\" margin_top=\"\" margin_bottom=\"\"][fusion_content_box title=\"\" backgroundcolor=\"\" hue=\"\" saturation=\"\" lightness=\"\" alpha=\"\" icon=\"\" iconflip=\"\" iconrotate=\"\" iconspin=\"\" iconcolor=\"\" circlecolor=\"\" circlebordersize=\"\" circlebordercolor=\"\" outercirclebordersize=\"\" outercirclebordercolor=\"\" image=\"\" image_id=\"\" image_max_width=\"\" link=\"\" linktext=\"Read More\" link_target=\"\" animation_type=\"\" animation_direction=\"left\" animation_speed=\"0.3\" animation_offset=\"\"]\r\n<p style=\"text-align: left;\"><em>University of Cagliari as a Heritage Community. A case of \u2018multivocal nudge\u2019 for sharing heritage in times of social distancing\r\n<\/em>Di Mattia Sanna Montanelli, Martina D\u2019Asaro, Antonio Giorri - University of Cagliari<\/p>\r\n[\/fusion_content_box][\/fusion_content_boxes][\/fusion_builder_column][fusion_builder_column type=\"1_1\" layout=\"1_1\" last=\"true\" spacing=\"yes\" center_content=\"no\" hide_on_mobile=\"no\" background_color=\"\" background_image=\"\" background_repeat=\"no-repeat\" background_position=\"left top\" hover_type=\"none\" link=\"\" border_position=\"all\" border_color=\"\" border_style=\"\" padding_top=\"\" padding_right=\"\" padding_bottom=\"\" padding_left=\"\" margin_top=\"\" margin_bottom=\"\" animation_type=\"\" animation_direction=\"\" animation_speed=\"0.1\" animation_offset=\"\" class=\"\" id=\"\" border_sizes_top=\"0px\" border_sizes_bottom=\"0px\" border_sizes_left=\"0px\" border_sizes_right=\"0px\" first=\"true\" min_height=\"\"][fusion_text columns=\"\" column_min_width=\"\" column_spacing=\"\" rule_style=\"default\" rule_size=\"\" rule_color=\"\" content_alignment_medium=\"\" content_alignment_small=\"\" content_alignment=\"\" hide_on_mobile=\"small-visibility,medium-visibility,large-visibility\" sticky_display=\"normal,sticky\" class=\"\" id=\"\" margin_top=\"\" margin_right=\"\" margin_bottom=\"\" margin_left=\"\" font_size=\"\" fusion_font_family_text_font=\"\" fusion_font_variant_text_font=\"\" line_height=\"\" letter_spacing=\"\" text_color=\"\" animation_type=\"\" animation_direction=\"left\" animation_speed=\"0.3\" animation_offset=\"\"]\r\n<h3><strong>Studi e Ricerche - Borsisti 2017-2021<\/strong><\/h3>\r\nNell'ambito del progetto di ricerca finanziato alla Onlus Imago Mundi dalla Regione Autonoma della Sardegna, Assessorato dei Beni Culturali - Bando 2017 ex L.R. n.14 del 20.09.2006, art. 20 e 21 comma 1, lett. r) 8 studenti universitari hanno ricevuto una borsa di studio,\u00a0<span class=\"s1\">a titolo oneroso, per l\u2019attivit\u00e0 di ricerca sulla storia, sulla tradizione, sulla lingua e sulla cultura della Sardegna:<\/span>\r\n\r\n[\/fusion_text][fusion_content_boxes settings_lvl=\"child\" layout=\"icon-with-title\" columns=\"4\" icon_align=\"left\" title_size=\"\" title_color=\"\" body_color=\"\" backgroundcolor=\"#e8e8e8\" icon_circle=\"\" icon_circle_radius=\"\" iconcolor=\"\" circlecolor=\"\" circlebordercolor=\"\" circlebordersize=\"\" outercirclebordercolor=\"\" outercirclebordersize=\"\" icon_size=\"\" icon_hover_type=\"\" hover_accent_color=\"\" link_type=\"\" link_area=\"\" link_target=\"\" animation_delay=\"\" animation_offset=\"\" animation_type=\"0\" animation_direction=\"left\" animation_speed=\"0.1\" margin_top=\"\" margin_bottom=\"\" class=\"\" id=\"\"][fusion_content_box title=\"Alberto Schirru\" icon=\"\" backgroundcolor=\"\" iconcolor=\"\" circlecolor=\"\" circlebordercolor=\"\" circlebordersize=\"\" outercirclebordercolor=\"\" outercirclebordersize=\"\" iconrotate=\"\" iconspin=\"no\" image=\"\" image_max_width=\"35\" image_height=\"35\" link=\"\" linktext=\"\" link_target=\"_self\" animation_type=\"\" animation_direction=\"\" animation_speed=\"\"]\r\n<p class=\"p1\"><span style=\"color: #ff0000;\"><strong>(<a style=\"color: #ff0000;\" href=\"https:\/\/drive.google.com\/file\/d\/17y_YBKpJymhJhjJ72ub8fEt5Y_64nX5m\/view?usp=sharing\" target=\"_blank\" rel=\"noopener noreferrer\">Visualizza\/scarica il CV<\/a>)<\/strong><\/span><\/p>\r\n\r\n<h3 class=\"p1\"><strong><span class=\"s1\"><i>MuralArt: proposta di un\u2019app per la valorizzazione del muralismo in Sardegna.<\/i><\/span><\/strong><\/h3>\r\n<p class=\"p1\"><span class=\"s1\">Sotto la supervisione del Prof. Fabio Pinna del Dipartimento di Storia, Beni Culturali e Territorio dell\u2019Universit\u00e0 degli Studi di Cagliari, lo studente Alberto Schirru ha voluto proporre nella sua tesi, uno strumento di comunicazione dei contenuti e delle chiavi di lettura di opere d\u2019arte lontane da contesti museali istituzionali e da esperti del settore. Cos\u00ec ha ipotizzato l\u2019idea del progetto \u201cMuralArt\u201d una proposta che ha come obbiettivo una migliore comunicazione tra opera d\u2019arte e fruitore, presentandosi come una vera e propria guida turistica digitale, che d\u00e0 voce narrante all\u2019artista. Lo scopo del progetto non \u00e8 soltanto la valorizzazione del territorio e l\u2019incentivazione del turismo, ma anche la tutela e la salvaguardia dei murales.<\/span><\/p>\r\n<p class=\"p1\"><span style=\"color: #333399;\"><a style=\"color: #333399;\" href=\"https:\/\/drive.google.com\/file\/d\/1RrALaVreVpMoBJMusFHXSRWcaj85VEwJ\/view?usp=sharing\" target=\"_blank\" rel=\"noopener noreferrer\"><strong>SCARICA L'ABSTRACT<\/strong><\/a><\/span><\/p>\r\n<a href=\"https:\/\/drive.google.com\/file\/d\/1ZgFje-G0U5L9UexzizhrgmJ5CW9Gdj-N\/view?usp=sharing\" target=\"_blank\" rel=\"noopener noreferrer\"><span style=\"color: #333399;\"><strong>SCARICA LA TESI<\/strong><\/span><\/a>[\/fusion_content_box][fusion_content_box title=\"Eleonora Marraccini\" icon=\"\" backgroundcolor=\"\" iconcolor=\"\" circlecolor=\"\" circlebordercolor=\"\" circlebordersize=\"\" outercirclebordercolor=\"\" outercirclebordersize=\"\" iconrotate=\"\" iconspin=\"no\" image=\"\" image_max_width=\"35\" image_height=\"35\" link=\"\" linktext=\"\" link_target=\"_self\" animation_type=\"\" animation_direction=\"\" animation_speed=\"\"]\r\n<p class=\"p1\"><a href=\"https:\/\/drive.google.com\/file\/d\/1lKJuo0kM0M2WP7EQKPG027-dl9BDbfok\/view?usp=sharing\" target=\"_blank\" rel=\"noopener noreferrer\"><span style=\"color: #ff0000;\"><strong>(Visualizza\/scarica il CV)<\/strong><\/span><\/a><\/p>\r\n<p class=\"p1\"><span class=\"s1\"><i><span style=\"color: #000000;\"><strong>I meccanismi del valore collettivo co-creato dagli attori economici e sociali di Monumenti Aperti per il rafforzamento del capitale sociale delle comunit\u00e0 coinvolte<\/strong><\/span><\/i><\/span><\/p>\r\n<span class=\"s1\">Sotto la supervisione della Prof.ssa Rita Cannas della Facolt\u00e0 di Scienze Economiche, Giuridiche e Politiche, Dipartimento di Scienze Economiche e Aziendali dell\u2019Universit\u00e0 degli Studi di Cagliari, la studentessa Eleonora Marraccini si \u00e8 concentrata sull\u2019evento Monumenti Aperti che \u00e8 diventato nel tempo un\u2019occasione di lavoro e di crescita umana e professionale per tutti gli attori coinvolti.<\/span>\r\n<p class=\"p1\"><span style=\"color: #333399;\"><a style=\"color: #333399;\" href=\"https:\/\/drive.google.com\/file\/d\/1aAFYSBzR_ooWrfvEl_XMDuifCmkDlFG0\/view?usp=sharing\" target=\"_blank\" rel=\"noopener noreferrer\"><strong>SCARICA IL DOCUMENTO<\/strong><\/a><\/span><\/p>\r\nLa studentessa ha proseguito il lavoro sviluppando una tesi magistrale dal titolo:\r\n\r\n<a href=\"https:\/\/drive.google.com\/file\/d\/1L4_QMUSsCOktiBJVId8uImNHNsJAuYMb\/view?usp=sharing\" target=\"_blank\" rel=\"noopener noreferrer\"><span style=\"color: #333399;\"><em><strong>Il talento nei processi di co-creazione del valore. Il caso di Imago Mundi Onlus<\/strong><\/em><\/span><\/a>[\/fusion_content_box][fusion_content_box title=\"Laura Dore\" icon=\"\" backgroundcolor=\"\" iconcolor=\"\" circlecolor=\"\" circlebordercolor=\"\" circlebordersize=\"\" outercirclebordercolor=\"\" outercirclebordersize=\"\" iconrotate=\"\" iconspin=\"no\" image=\"\" image_max_width=\"35\" image_height=\"35\" link=\"\" linktext=\"\" link_target=\"_self\" animation_type=\"\" animation_direction=\"\" animation_speed=\"\"]\r\n<p class=\"p1\"><a href=\"https:\/\/drive.google.com\/file\/d\/1w2YhsUsZGkif-DuaW85erhmyIsn8cMto\/view?usp=sharing\" target=\"_blank\" rel=\"noopener noreferrer\"><span style=\"color: #ff0000;\"><strong>(Visualizza\/scarica il CV)<\/strong><\/span><\/a><\/p>\r\n\r\n<div class=\"page\" title=\"Page 1\">\r\n<div class=\"layoutArea\">\r\n<div class=\"column\">\r\n<h3><em><span style=\"color: #000000;\"><strong>Studio del paesaggio storico e culturale della Foresta del Marganai<\/strong><\/span><\/em><\/h3>\r\n<\/div>\r\n<\/div>\r\n<\/div>\r\n<p class=\"p1\"><span class=\"s1\">Questo \u00e8 il titolo dello studio sviluppato con la supervisione della Prof.ssa Raffaella Lovreglio del Dipartimento di Agraria dell\u2019Universit\u00e0 degli Studi di Sassari<i>.<\/i> I recenti interventi di ripristino di utilizzazione a ceduo di leccio del Marganai rappresentano un caso di studio emblematico, in cui si mettono a confronto la sostenibilit\u00e0 ambientale della pianificazione forestale demaniale, e la sostenibilit\u00e0 culturale e paesaggistica. L\u2019obiettivo generale dello studio \u00e8 stato quello di fornire un quadro conoscitivo considerando i cambiamenti del paesaggio con l\u2019esigenza di produzione legnosa, il contesto storico, la sensibilit\u00e0 socio-economica e la multifunzionalit\u00e0 del bosco. Oggi come non mai, la gestione del territorio ed in particolare dei sistemi forestali deve tenere conto delle connessioni che esistono fra le componenti ecologiche, sociali e culturali a scale multiple.<\/span><\/p>\r\n<p class=\"p1\"><a href=\"https:\/\/drive.google.com\/file\/d\/1G6VVruNDQ9oxT33su-U-kvvOsmd171h7\/view?usp=sharing\" target=\"_blank\" rel=\"noopener noreferrer\"><span style=\"color: #333399;\"><strong>SCARICA IL DOCUMENTO<\/strong><\/span><\/a><\/p>\r\n[\/fusion_content_box][fusion_content_box title=\"Moreno Frau\" icon=\"\" backgroundcolor=\"\" iconcolor=\"\" circlecolor=\"\" circlebordercolor=\"\" circlebordersize=\"\" outercirclebordercolor=\"\" outercirclebordersize=\"\" iconrotate=\"\" iconspin=\"no\" image=\"\" image_max_width=\"35\" image_height=\"35\" link=\"\" linktext=\"\" link_target=\"_self\" animation_type=\"\" animation_direction=\"\" animation_speed=\"\"]\r\n<p class=\"p1\"><a href=\"https:\/\/drive.google.com\/file\/d\/1pz6En86z3xkR_p3hpDHWKGAtnMlSSlOI\/view?usp=sharing\" target=\"_blank\" rel=\"noopener noreferrer\"><span style=\"color: #ff0000;\"><strong>(Visualizza\/scarica il CV)<\/strong><\/span><\/a><\/p>\r\n\r\n<h3 class=\"p1\"><em><strong>Measuring co-creation value in a territorial context: The Case of Monumenti Aperti<\/strong><\/em><\/h3>\r\n<p class=\"p1\"><span class=\"s1\">Questo \u00e8 il titolo dello studio sviluppato con la supervisione della Prof.ssa Francesca Cabiddu della Facolt\u00e0 di Scienze Economiche e Aziendali dell\u2019Universit\u00e0 degli Studi di Cagliari<i>. <\/i>La ricerca, basandosi sui presupposti teorici alla base della Service Dominant logic, dopo un\u2019analisi sistematica della letteratura sui modelli di misurazione della co-creazione del valore, definisce uno specifico modello da applicare nell\u2019ambito del governo dei Beni culturali di un territorio. Il modello \u00e8 stato testato sul caso Monumenti Aperti.<\/span><\/p>\r\n<p class=\"p1\"><a href=\"http:\/\/monumentiaperti.org\/it\/wp-content\/uploads\/2017\/04\/Progetto-di-ricerca_Monumenti-Aperti_Moreno-Frau_Versione-finale.pdf\" target=\"_blank\" rel=\"noopener noreferrer\"><span style=\"color: #333399;\"><strong>SCARICA IL DOCUMENTO<\/strong><\/span><\/a><\/p>\r\n[\/fusion_content_box][\/fusion_content_boxes][fusion_content_boxes settings_lvl=\"child\" layout=\"icon-with-title\" columns=\"4\" icon_align=\"left\" title_size=\"\" title_color=\"\" body_color=\"\" backgroundcolor=\"#e8e8e8\" icon_circle=\"\" icon_circle_radius=\"\" iconcolor=\"\" circlecolor=\"\" circlebordercolor=\"\" circlebordersize=\"\" outercirclebordercolor=\"\" outercirclebordersize=\"\" icon_size=\"\" icon_hover_type=\"\" hover_accent_color=\"\" link_type=\"\" link_area=\"\" link_target=\"\" animation_delay=\"\" animation_offset=\"\" animation_type=\"0\" animation_direction=\"left\" animation_speed=\"0.1\" margin_top=\"\" margin_bottom=\"\" class=\"\" id=\"\"][fusion_content_box title=\"Michela Cordeddu\" icon=\"\" backgroundcolor=\"\" iconcolor=\"\" circlecolor=\"\" circlebordercolor=\"\" circlebordersize=\"\" outercirclebordercolor=\"\" outercirclebordersize=\"\" iconrotate=\"\" iconspin=\"no\" image=\"\" image_max_width=\"35\" image_height=\"35\" link=\"\" linktext=\"\" link_target=\"_self\" animation_type=\"\" animation_direction=\"\" animation_speed=\"\"]\r\n<p class=\"m_-7929054606614737621m_8637123301874460361gmail-p1\"><a href=\"https:\/\/drive.google.com\/file\/d\/1fnStS9ZVcs4K5SmdBt9tx3GbRd7PD49M\/view?usp=sharing\" target=\"_blank\" rel=\"noopener noreferrer\"><span style=\"color: #ff0000;\"><strong>(Visualizza\/scarica il CV)<\/strong><\/span><\/a><\/p>\r\n\r\n<h3 class=\"m_-7929054606614737621m_8637123301874460361gmail-p1\"><em><strong>Valutazione dell\u2019impatto economico della Manifestazione Monumenti Aperti<\/strong><\/em><\/h3>\r\n<p class=\"p1\">\u00c8 questo il titolo dell\u2019attivit\u00e0 di ricerca sviluppata con la supervisione del Prof. Stefano Usai, Presidente della Facolt\u00e0 di Scienze Economiche, Giuridiche e Politiche, Dipartimento di Scienze Economiche e Aziendali dell\u2019Universit\u00e0 degli Studi di Cagliari.<\/p>\r\n<p class=\"p1\"><a href=\"https:\/\/drive.google.com\/file\/d\/13fnzoCK_4h1qNM_dHDuKkZ_f80tsxB4t\/view?usp=sharing\" target=\"_blank\" rel=\"noopener noreferrer\"><span style=\"color: #333399;\"><strong>SCARICA IL DOCUMENTO<\/strong><\/span><\/a><\/p>\r\n[\/fusion_content_box][fusion_content_box title=\"Gloria Finotto\" icon=\"\" backgroundcolor=\"\" iconcolor=\"\" circlecolor=\"\" circlebordercolor=\"\" circlebordersize=\"\" outercirclebordercolor=\"\" outercirclebordersize=\"\" iconrotate=\"\" iconspin=\"no\" image=\"\" image_max_width=\"35\" image_height=\"35\" link=\"\" linktext=\"\" link_target=\"_self\" animation_type=\"\" animation_direction=\"\" animation_speed=\"\"]\r\n<p class=\"p1\"><a href=\"https:\/\/drive.google.com\/file\/d\/1T1Y6AV8_WN-A8qUSsdjqgaKiiPh-dE3L\/view?usp=sharing\" target=\"_blank\" rel=\"noopener noreferrer\"><span style=\"color: #ff0000;\"><strong>(Visualizza\/Scarica il CV)<\/strong><\/span><\/a><\/p>\r\n<p class=\"p1\"><span class=\"s1\">Con la supervisione della Prof.ssa Olga Denti del Dipartimento di Filologia, Letteratura e Linguistica Inglese dell\u2019Universit\u00e0 degli Studi di Cagliari, ha contribuito alla traduzione delle parti generali del sito istituzionale <a href=\"http:\/\/www.monumentiaperti.org\"><span class=\"s2\"><span style=\"color: #333399;\">www.monumentiaperti.org<\/span><\/span><\/a> e alla traduzione delle schede scientifiche dei monumenti in lingua inglese, curando il contenuto dei testi e adattandone le caratteristiche linguistiche ai diversi mezzi di comunicazione utilizzati.<\/span><\/p>\r\n<a href=\"https:\/\/drive.google.com\/file\/d\/1q9HJ53fmu3zuWExY7BeU1Lx4QSlTnAIL\/view?usp=sharing\" target=\"_blank\" rel=\"noopener noreferrer\"><span style=\"color: #333399;\"><strong>SCARICA L'ABSTRACT<\/strong><\/span><\/a>[\/fusion_content_box][fusion_content_box title=\"Giulia Casu\" icon=\"\" backgroundcolor=\"\" iconcolor=\"\" circlecolor=\"\" circlebordercolor=\"\" circlebordersize=\"\" outercirclebordercolor=\"\" outercirclebordersize=\"\" iconrotate=\"\" iconspin=\"no\" image=\"\" image_max_width=\"35\" image_height=\"35\" link=\"\" linktext=\"\" link_target=\"_self\" animation_type=\"\" animation_direction=\"\" animation_speed=\"\"]\r\n<p class=\"p1\"><a href=\"https:\/\/drive.google.com\/file\/d\/1SUrPevl9O3hO3e-JpxtmDPMmShap9uyZ\/view?usp=sharing\" target=\"_blank\" rel=\"noopener noreferrer\"><span style=\"color: #ff0000;\"><strong>(Visualizza\/scarica il CV)<\/strong><\/span><\/a><\/p>\r\n<p class=\"p1\">Con la supervisione del Prof.ssa Antioco Floris, del dipartimento di Scienze Umanistiche, Dipartimento di Scienze della Comunicazione dell\u2019Universit\u00e0 degli Studi di Cagliari, ha sviluppato un\u2019azione sperimentale per applicare le competenze acquisite nel percorso di studio ai fini di una nuova campagna di crowdfunding.<\/p>\r\n<p class=\"p1\"><span style=\"color: #333399;\"><a style=\"color: #333399;\" href=\"https:\/\/drive.google.com\/file\/d\/1adZho2AmZqPPyum0A-6E7Or2Om1BQBL4\/view?usp=sharing\" target=\"_blank\" rel=\"noopener noreferrer\"><strong>SCARICA IL DOCUMENTO<\/strong><\/a><\/span><\/p>\r\n<p class=\"p1\"><span style=\"color: #333399;\"><a style=\"color: #333399;\" href=\"https:\/\/youtu.be\/lINylx0wNFc\" target=\"_blank\" rel=\"noopener noreferrer\"><strong>GUARDA LO SPOT MONUMENTI APERTI 2017<\/strong><\/a><\/span><\/p>\r\n[\/fusion_content_box][fusion_content_box title=\"Giacomo Dess\u00ec\" icon=\"\" backgroundcolor=\"\" iconcolor=\"\" circlecolor=\"\" circlebordercolor=\"\" circlebordersize=\"\" outercirclebordercolor=\"\" outercirclebordersize=\"\" iconrotate=\"\" iconspin=\"no\" image=\"\" image_max_width=\"35\" image_height=\"35\" link=\"\" linktext=\"\" link_target=\"_self\" animation_type=\"\" animation_direction=\"\" animation_speed=\"\"]\r\n<p class=\"p1\"><a href=\"https:\/\/drive.google.com\/file\/d\/11wZSkRaqGisRz-aJhFMzGY1iJyQVZk1q\/view?usp=sharing\" target=\"_blank\" rel=\"noopener noreferrer\"><span style=\"color: #ff0000;\"><strong>(Visualizza\/scarica il CV)<\/strong><\/span><\/a><\/p>\r\n<p class=\"p1\"><span class=\"s1\">Con la supervisione della Prof.ssa Simona Campus del dipartimento di Storia, Beni culturali e Territorio dell\u2019Universit\u00e0 degli Studi di Cagliari, ha sviluppato una ricerca contribuendo alla definizione delle modalit\u00e0 di valorizzazione e promozione del patrimonio culturale materiale e immateriale presente in Sardegna mediante la stesura di schede sintetiche relative agli aspetti identitari come contaminazione culturale.<\/span><\/p>\r\n<p class=\"p1\"><span style=\"color: #333399;\"><a style=\"color: #333399;\" href=\"http:\/\/monumentiaperti.org\/it\/wp-content\/uploads\/2017\/04\/Ricerca-di-Giacomo-Dessi\u0300.pdf\" target=\"_blank\" rel=\"noopener noreferrer\"><strong>SCARICA IL DOCUMENTO<\/strong><\/a><\/span><\/p>\r\n[\/fusion_content_box][\/fusion_content_boxes][\/fusion_builder_column][\/fusion_builder_row][\/fusion_builder_container]<\/div>\n\t\t\t\t\t\t<\/div>\n\t\t\t\t<\/div>\n\t\t\t\t\t<\/div>\n\t\t\t\t<\/div>\n\t\t\t\t<\/div>\n\t\t","protected":false},"excerpt":{"rendered":"<p>STUDI E RICERCHE 2017 &#8211; 2023 Una storia lunga pi\u00f9 di vent&#8217;anni. Dal 1997\u00a0Monumenti Aperti\u00a0ha fatto passi da gigante: dagli esordi, quando la manifestazione era una realt\u00e0 localizzata al capoluogo [&hellip;]<\/p>\n","protected":false},"author":2,"featured_media":0,"parent":0,"menu_order":0,"comment_status":"closed","ping_status":"closed","template":"elementor_header_footer","meta":{"footnotes":""},"class_list":["post-8053","page","type-page","status-publish","hentry"],"_links":{"self":[{"href":"https:\/\/monumentiaperti.com\/it\/wp-json\/wp\/v2\/pages\/8053","targetHints":{"allow":["GET"]}}],"collection":[{"href":"https:\/\/monumentiaperti.com\/it\/wp-json\/wp\/v2\/pages"}],"about":[{"href":"https:\/\/monumentiaperti.com\/it\/wp-json\/wp\/v2\/types\/page"}],"author":[{"embeddable":true,"href":"https:\/\/monumentiaperti.com\/it\/wp-json\/wp\/v2\/users\/2"}],"replies":[{"embeddable":true,"href":"https:\/\/monumentiaperti.com\/it\/wp-json\/wp\/v2\/comments?post=8053"}],"version-history":[{"count":6,"href":"https:\/\/monumentiaperti.com\/it\/wp-json\/wp\/v2\/pages\/8053\/revisions"}],"predecessor-version":[{"id":50170,"href":"https:\/\/monumentiaperti.com\/it\/wp-json\/wp\/v2\/pages\/8053\/revisions\/50170"}],"wp:attachment":[{"href":"https:\/\/monumentiaperti.com\/it\/wp-json\/wp\/v2\/media?parent=8053"}],"curies":[{"name":"wp","href":"https:\/\/api.w.org\/{rel}","templated":true}]}}