{"id":8158,"date":"2016-06-20T11:07:49","date_gmt":"2016-06-20T10:07:49","guid":{"rendered":"http:\/\/monumentiaperti.org\/it\/?page_id=8158"},"modified":"2023-12-05T11:20:16","modified_gmt":"2023-12-05T10:20:16","slug":"cultura-senza-barriere-monumenti-aperti-a-tutti","status":"publish","type":"page","link":"https:\/\/monumentiaperti.com\/it\/progetti-speciali\/cultura-senza-barriere-monumenti-aperti-a-tutti\/","title":{"rendered":"Cultura senza barriere &#8211; Monumenti Aperti a tutti"},"content":{"rendered":"\t\t<div data-elementor-type=\"wp-page\" data-elementor-id=\"8158\" class=\"elementor elementor-8158\" data-elementor-post-type=\"page\">\n\t\t\t\t<div class=\"elementor-element elementor-element-692dbfec elementor-hidden-desktop elementor-hidden-tablet elementor-hidden-mobile e-flex e-con-boxed e-con e-parent\" data-id=\"692dbfec\" data-element_type=\"container\" data-e-type=\"container\">\n\t\t\t\t\t<div class=\"e-con-inner\">\n\t\t\t\t<div class=\"elementor-element elementor-element-23821855 elementor-widget elementor-widget-shortcode\" data-id=\"23821855\" data-element_type=\"widget\" data-e-type=\"widget\" data-widget_type=\"shortcode.default\">\n\t\t\t\t<div class=\"elementor-widget-container\">\n\t\t\t\t\t\t\t<div class=\"elementor-shortcode\">[fusion_builder_container hundred_percent=\"yes\" overflow=\"visible\"][fusion_builder_row][fusion_builder_column type=\"1_1\" background_position=\"left top\" background_color=\"\" border_size=\"\" border_color=\"\" border_style=\"solid\" spacing=\"yes\" background_image=\"\" background_repeat=\"no-repeat\" padding=\"\" margin_top=\"0px\" margin_bottom=\"0px\" class=\"\" id=\"\" animation_type=\"\" animation_speed=\"0.3\" animation_direction=\"left\" hide_on_mobile=\"no\" center_content=\"no\" min_height=\"none\"][fusion_text]<a href=\"http:\/\/monumentiaperti.org\/it\/progetti-speciali\/culture-with-no-barriers-monumenti-aperti-to-all\/\" target=\"_blank\" rel=\"noopener noreferrer\"><img decoding=\"async\" class=\"alignnone wp-image-5054 size-full\" src=\"http:\/\/monumentiaperti.org\/it\/wp-content\/uploads\/2015\/12\/bandiera-inglese-e1464602023580.jpeg\" width=\"50\" height=\"30\" \/><\/a>[\/fusion_text][fusion_separator style_type=\"none\" top_margin=\"20px\" bottom_margin=\"20px\" sep_color=\"\" border_size=\"\" icon=\"\" icon_circle=\"\" icon_circle_color=\"\" width=\"\" alignment=\"center\" class=\"\" id=\"\"\/][\/fusion_builder_column][fusion_builder_column type=\"1_1\" last=\"yes\" spacing=\"yes\" center_content=\"no\" hide_on_mobile=\"no\" background_color=\"\" background_image=\"\" background_repeat=\"no-repeat\" background_position=\"left top\" hover_type=\"none\" link=\"\" border_position=\"all\" border_size=\"0px\" border_color=\"\" border_style=\"\" padding=\"\" margin_top=\"\" margin_bottom=\"\" animation_type=\"\" animation_direction=\"\" animation_speed=\"0.1\" animation_offset=\"\" class=\"\" id=\"\"][fusion_text]L\u2019Associazione Culturale Imago Mundi Onlus, coordinatore regionale della rete <span style=\"color: #000000;\"><em><strong>Monumenti Aperti<\/strong><\/em><\/span>, promuove la cittadinanza attiva e l\u2019inclusione sociale, in particolare attraverso lo scambio di esperienze e buone pratiche, per creare nella societ\u00e0 condizioni favorevoli allo sviluppo del volontariato e della coscienza civica attraverso i beni culturali.\r\n\r\n<span style=\"color: #000000;\"><strong>Cultura senza barriere - Monumenti Aperti a tutti<\/strong> <\/span>\u00e8 un\u2019iniziativa nata nel 2003 in seno a <span style=\"color: #000000;\"><em><strong>Monumenti Aperti<\/strong><\/em><\/span> nella citt\u00e0 di Cagliari che oggi estende i suoi servizi agli altri comuni aderenti alla rete della manifestazione. L\u2019obiettivo \u00e8 quello di facilitare l\u2019accessibilit\u00e0 ai monumenti a coloro che si trovano in condizioni di svantaggio e disabilit\u00e0 temporanea o permanente, con servizi di visita guidata rivolti a non udenti, percorsi tattili e testi in braille per non vedenti, mostre, accessi facilitati per i disabili motori, servizi di mobilit\u00e0 dedicati. Inoltre, con l\u2019obiettivo di promuovere processi attraverso i quali quanti vivono nella citt\u00e0 possano migliorare la propria capacit\u00e0 di adattarsi ad ambienti pi\u00f9 complessi dove coesistono identit\u00e0 culturali e credenze diverse. In particolare la nostra organizzazione si pone lo scopo di promuovere processi attraverso i quali quanti vivono nella nostra citt\u00e0 possano migliorare la propria capacit\u00e0 di adattarsi ad ambienti pi\u00f9 complessi dove coesistono identit\u00e0 culturali diverse e nuove. Vorremo che il concetto di barriera culturale venisse superato anche coinvolgendo i nuovi cittadini che rappresentano le diverse etnie presenti in citt\u00e0, per arricchire la manifestazione con una visione sempre pi\u00f9 allargata di saperi.\r\n\r\n<img fetchpriority=\"high\" decoding=\"async\" class=\"alignleft wp-image-4690 size-medium\" src=\"http:\/\/monumentiaperti.org\/it\/wp-content\/uploads\/2016\/05\/Foto-cultura-senza-barriere-503x335.jpg\" width=\"503\" height=\"335\" srcset=\"https:\/\/monumentiaperti.com\/it\/wp-content\/uploads\/2016\/05\/Foto-cultura-senza-barriere-503x335.jpg 503w, https:\/\/monumentiaperti.com\/it\/wp-content\/uploads\/2016\/05\/Foto-cultura-senza-barriere.jpg 1024w\" sizes=\"(max-width: 503px) 100vw, 503px\" \/>Partendo dal presupposto che siamo e saremo una societ\u00e0 sempre pi\u00f9 diversificata per provenienza, lingua, cultura e religione, e che proprio questo mix, a cui contribuisce l\u2019immigrazione, potr\u00e0\u00a0 sempre pi\u00f9 essere una risorsa per la nostra societ\u00e0, anche <span style=\"color: #000000;\"><em><strong>Monumenti Aperti<\/strong><\/em><\/span>, riconoscendo e favorendo una comunit\u00e0 sempre pi\u00f9 interculturale, condivide con la Regione l\u2019intenzione di migliorare le politiche per l\u2019integrazione dei cittadini stranieri. L\u2019esperienza maturata in questi anni ci conferma che questo processo non avviene spontaneamente e che l\u2019esito non \u00e8 scontato. Servono, infatti, politiche di governo capaci di orientare una visione di medio periodo, di dare solide garanzie in tema di parit\u00e0 di trattamento e di promuovere percorsi inclusivi a livello locale tra nuovi e vecchi residenti. Il contributo alla ricchezza regionale (PIL) della componente straniera \u00e8 oramai attorno al 16% del totale e dunque la sfida\u00a0 per uscire dalla crisi economica la dobbiamo pensare e trovare insieme, puntando sulla qualit\u00e0\u00a0 e sull\u2019innovazione e sapendo che \u00e8 l\u2019insieme della nostra comunit\u00e0 chiamata a mettersi in\u00a0 gioco. Si pone quindi la necessit\u00e0 di attuare adeguate politiche di integrazione che assicurino agli immigrati opportunit\u00e0 di accesso uguali a quelle dei residenti, innanzitutto attraverso l\u2019appartenenza al sistema di connessioni, alle reti in cui si organizza la citt\u00e0 ed il territorio: la rete dell\u2019amministrazione pubblica (i servizi), del lavoro, della rappresentanza cittadinanza, fino al rafforzamento di quelle reti informali di comunit\u00e0 e familiari. L\u2019esclusione da queste reti, in effetti, \u00e8 prioritario ancor pi\u00f9 che non disporre di una casa o di un lavoro. Per\u00a0 favorire l\u2019accesso e la fruizione alle reti diventa cruciale, quindi, l\u2019intermediazione linguistica e culturale, le campagne di informazione e gli sportelli ad hoc.\r\n\r\nTutto questo ogni anno si attiva grazie alla preziosa collaborazione di tante associazioni di volontariato insieme ad istituzioni ed enti pubblici e privati che con grande generosit\u00e0 concorrono alla realizzazione di questa importante esperienza che rende ogni anno pi\u00f9 democratica la conoscenza del nostro patrimonio culturale. Anche quest\u2019anno in tutte le schede dei monumenti presenti nella guida sono segnalate con apposita simbologia le tipologie di accessibilit\u00e0 raggiunte.\r\n\r\nNegli anni in occasione di <span style=\"color: #000000;\"><em><strong>Monumenti Aperti<\/strong><\/em><\/span> nell\u2019ambito del progetto \u201c<strong><span style=\"color: #000000;\">Cultura senza barriere - Monumenti Aperti a tutti<\/span>\u201d<\/strong> \u00e8 stato dato un prezioso contributo da diverse Istituzioni Pubbliche e Associazioni:\r\n<ul>\r\n \t<li>Universit\u00e0 di Cagliari Direzione Relazioni ed Attivit\u00e0 Internazionali<\/li>\r\n \t<li>Provincia di Cagliari Ass. alle Politiche Sociali, Centro di accoglienza attiva per i cittadini stranieri e Servizio di Mediazione linguistico culturale<\/li>\r\n \t<li>Associazione Interculturale Nur<\/li>\r\n \t<li>Associazione Erasmus Cagliari<\/li>\r\n \t<li>Quisqueya<\/li>\r\n \t<li>C.I.F. Associazione Culturale Italia-Francia<\/li>\r\n \t<li>C.I.T. - Cagliari Onlus (Associazione Culturale Italo-Tedesca)<\/li>\r\n \t<li>Aidos Sardegna<\/li>\r\n \t<li>Barvinok<\/li>\r\n \t<li>Alliance Francaise<\/li>\r\n<\/ul>\r\n<h3><a href=\"https:\/\/monumentiaperti.org\/it\/comuni-della-xxiii-edizione\/cagliari\/cultura-senza-barriere\/\" target=\"_blank\" rel=\"noopener noreferrer\"><span style=\"color: #333399;\"><strong>VAI ALLE INIZIATIVE DI CAGLIARI MONUMENTI APERTI 2019<\/strong><\/span><\/a><\/h3>\r\n[\/fusion_text][\/fusion_builder_column][\/fusion_builder_row][\/fusion_builder_container]<\/div>\n\t\t\t\t\t\t<\/div>\n\t\t\t\t<\/div>\n\t\t\t\t\t<\/div>\n\t\t\t\t<\/div>\n\t\t<div class=\"elementor-element elementor-element-db017a1 e-flex e-con-boxed e-con e-parent\" data-id=\"db017a1\" data-element_type=\"container\" data-e-type=\"container\">\n\t\t\t\t\t<div class=\"e-con-inner\">\n\t\t<div class=\"elementor-element elementor-element-95faf63 e-con-full e-flex e-con e-child\" data-id=\"95faf63\" data-element_type=\"container\" data-e-type=\"container\">\n\t\t\t\t<div class=\"elementor-element elementor-element-83c7e66 elementor-widget elementor-widget-image\" data-id=\"83c7e66\" data-element_type=\"widget\" data-e-type=\"widget\" data-widget_type=\"image.default\">\n\t\t\t\t<div class=\"elementor-widget-container\">\n\t\t\t\t\t\t\t\t\t\t\t\t\t\t\t<img decoding=\"async\" src=\"https:\/\/monumentiaperti.org\/it\/wp-content\/uploads\/2016\/05\/Foto-cultura-senza-barriere-503x335.jpg\" title=\"\" alt=\"\" loading=\"lazy\" \/>\t\t\t\t\t\t\t\t\t\t\t\t\t\t\t<\/div>\n\t\t\t\t<\/div>\n\t\t\t\t<\/div>\n\t\t<div class=\"elementor-element elementor-element-b7ff5ff e-con-full e-flex e-con e-child\" data-id=\"b7ff5ff\" data-element_type=\"container\" data-e-type=\"container\">\n\t\t\t\t<div class=\"elementor-element elementor-element-3829ad8 elementor-widget elementor-widget-text-editor\" data-id=\"3829ad8\" data-element_type=\"widget\" data-e-type=\"widget\" data-widget_type=\"text-editor.default\">\n\t\t\t\t<div class=\"elementor-widget-container\">\n\t\t\t\t\t\t\t\t\t<p><strong>Cultura senza barriere &#8211; Monumenti Aperti a tutti<\/strong>\u00a0\u00e8 un\u2019iniziativa nata nel 2003 in seno a\u00a0<em><strong>Monumenti Aperti<\/strong><\/em>\u00a0nella citt\u00e0 di Cagliari che oggi estende i suoi servizi agli altri comuni aderenti alla rete della manifestazione. L\u2019obiettivo \u00e8 quello di facilitare l\u2019accessibilit\u00e0 ai monumenti a coloro che si trovano in condizioni di svantaggio e disabilit\u00e0 temporanea o permanente, con servizi di visita guidata rivolti a non udenti, percorsi tattili e testi in braille per non vedenti, mostre, accessi facilitati per i disabili motori, servizi di mobilit\u00e0 dedicati. Inoltre, con l\u2019obiettivo di promuovere processi attraverso i quali quanti vivono nella citt\u00e0 possano migliorare la propria capacit\u00e0 di adattarsi ad ambienti pi\u00f9 complessi dove coesistono identit\u00e0 culturali e credenze diverse.<br \/><br \/>In particolare la nostra organizzazione si pone lo scopo di promuovere processi attraverso i quali quanti vivono nella nostra citt\u00e0 possano migliorare la propria capacit\u00e0 di adattarsi ad ambienti pi\u00f9 complessi dove coesistono identit\u00e0 culturali diverse e nuove. Vorremo che il concetto di barriera culturale venisse superato anche coinvolgendo i nuovi cittadini che rappresentano le diverse etnie presenti in citt\u00e0, per arricchire la manifestazione con una visione sempre pi\u00f9 allargata di saperi.<\/p>\t\t\t\t\t\t\t\t<\/div>\n\t\t\t\t<\/div>\n\t\t\t\t<\/div>\n\t\t\t\t\t<\/div>\n\t\t\t\t<\/div>\n\t\t<div class=\"elementor-element elementor-element-222a5f9 e-flex e-con-boxed e-con e-parent\" data-id=\"222a5f9\" data-element_type=\"container\" data-e-type=\"container\">\n\t\t\t\t\t<div class=\"e-con-inner\">\n\t\t\t\t<div class=\"elementor-element elementor-element-2bd362f elementor-widget elementor-widget-text-editor\" data-id=\"2bd362f\" data-element_type=\"widget\" data-e-type=\"widget\" data-widget_type=\"text-editor.default\">\n\t\t\t\t<div class=\"elementor-widget-container\">\n\t\t\t\t\t\t\t\t\t<p>Partendo dal presupposto che siamo e saremo una societ\u00e0 sempre pi\u00f9 diversificata per provenienza, lingua, cultura e religione, e che proprio questo mix, a cui contribuisce l\u2019immigrazione, potr\u00e0\u00a0 sempre pi\u00f9 essere una risorsa per la nostra societ\u00e0, anche\u00a0<em><strong>Monumenti Aperti<\/strong><\/em>, riconoscendo e favorendo una comunit\u00e0 sempre pi\u00f9 interculturale, condivide con la Regione l\u2019intenzione di migliorare le politiche per l\u2019integrazione dei cittadini stranieri. L\u2019esperienza maturata in questi anni ci conferma che questo processo non avviene spontaneamente e che l\u2019esito non \u00e8 scontato. Servono, infatti, politiche di governo capaci di orientare una visione di medio periodo, di dare solide garanzie in tema di parit\u00e0 di trattamento e di promuovere percorsi inclusivi a livello locale tra nuovi e vecchi residenti. Il contributo alla ricchezza regionale (PIL) della componente straniera \u00e8 oramai attorno al 16% del totale e dunque la sfida\u00a0 per uscire dalla crisi economica la dobbiamo pensare e trovare insieme, puntando sulla qualit\u00e0\u00a0 e sull\u2019innovazione e sapendo che \u00e8 l\u2019insieme della nostra comunit\u00e0 chiamata a mettersi in\u00a0 gioco. Si pone quindi la necessit\u00e0 di attuare adeguate politiche di integrazione che assicurino agli immigrati opportunit\u00e0 di accesso uguali a quelle dei residenti, innanzitutto attraverso l\u2019appartenenza al sistema di connessioni, alle reti in cui si organizza la citt\u00e0 ed il territorio: la rete dell\u2019amministrazione pubblica (i servizi), del lavoro, della rappresentanza cittadinanza, fino al rafforzamento di quelle reti informali di comunit\u00e0 e familiari. L\u2019esclusione da queste reti, in effetti, \u00e8 prioritario ancor pi\u00f9 che non disporre di una casa o di un lavoro. Per\u00a0 favorire l\u2019accesso e la fruizione alle reti diventa cruciale, quindi, l\u2019intermediazione linguistica e culturale, le campagne di informazione e gli sportelli ad hoc.<\/p><p>Tutto questo ogni anno si attiva grazie alla preziosa collaborazione di tante associazioni di volontariato insieme ad istituzioni ed enti pubblici e privati che con grande generosit\u00e0 concorrono alla realizzazione di questa importante esperienza che rende ogni anno pi\u00f9 democratica la conoscenza del nostro patrimonio culturale. Anche quest\u2019anno in tutte le schede dei monumenti presenti nella guida sono segnalate con apposita simbologia le tipologie di accessibilit\u00e0 raggiunte.<\/p><p>Negli anni in occasione di\u00a0<em><strong>Monumenti Aperti<\/strong><\/em>\u00a0nell\u2019ambito del progetto \u201c<strong>Cultura senza barriere &#8211; Monumenti Aperti a tutti\u201d<\/strong>\u00a0\u00e8 stato dato un prezioso contributo da diverse Istituzioni Pubbliche e Associazioni:<\/p><ul><li>Universit\u00e0 di Cagliari Direzione Relazioni ed Attivit\u00e0 Internazionali<\/li><li>Provincia di Cagliari Ass. alle Politiche Sociali, Centro di accoglienza attiva per i cittadini stranieri e Servizio di Mediazione linguistico culturale<\/li><li>Associazione Interculturale Nur<\/li><li>Associazione Erasmus Cagliari<\/li><li>Quisqueya<\/li><li>C.I.F. Associazione Culturale Italia-Francia<\/li><li>C.I.T. &#8211; Cagliari Onlus (Associazione Culturale Italo-Tedesca)<\/li><li>Aidos Sardegna<\/li><li>Barvinok<\/li><li>Alliance Francaise<\/li><\/ul>\t\t\t\t\t\t\t\t<\/div>\n\t\t\t\t<\/div>\n\t\t\t\t\t<\/div>\n\t\t\t\t<\/div>\n\t\t\t\t<\/div>\n\t\t","protected":false},"excerpt":{"rendered":"<p>[fusion_builder_container hundred_percent=&#8221;yes&#8221; overflow=&#8221;visible&#8221;][fusion_builder_row][fusion_builder_column type=&#8221;1_1&#8243; background_position=&#8221;left top&#8221; background_color=&#8221;&#8221; border_size=&#8221;&#8221; border_color=&#8221;&#8221; border_style=&#8221;solid&#8221; spacing=&#8221;yes&#8221; background_image=&#8221;&#8221; background_repeat=&#8221;no-repeat&#8221; padding=&#8221;&#8221; margin_top=&#8221;0px&#8221; margin_bottom=&#8221;0px&#8221; id=&#8221;&#8221; animation_type=&#8221;&#8221; animation_speed=&#8221;0.3&#8243; animation_direction=&#8221;left&#8221; hide_on_mobile=&#8221;no&#8221; center_content=&#8221;no&#8221; min_height=&#8221;none&#8221;][fusion_text][\/fusion_text][fusion_separator style_type=&#8221;none&#8221; top_margin=&#8221;20px&#8221; bottom_margin=&#8221;20px&#8221; sep_color=&#8221;&#8221; border_size=&#8221;&#8221; icon=&#8221;&#8221; icon_circle=&#8221;&#8221; [&hellip;]<\/p>\n","protected":false},"author":2,"featured_media":0,"parent":6487,"menu_order":0,"comment_status":"closed","ping_status":"closed","template":"","meta":{"footnotes":""},"class_list":["post-8158","page","type-page","status-publish","hentry"],"_links":{"self":[{"href":"https:\/\/monumentiaperti.com\/it\/wp-json\/wp\/v2\/pages\/8158","targetHints":{"allow":["GET"]}}],"collection":[{"href":"https:\/\/monumentiaperti.com\/it\/wp-json\/wp\/v2\/pages"}],"about":[{"href":"https:\/\/monumentiaperti.com\/it\/wp-json\/wp\/v2\/types\/page"}],"author":[{"embeddable":true,"href":"https:\/\/monumentiaperti.com\/it\/wp-json\/wp\/v2\/users\/2"}],"replies":[{"embeddable":true,"href":"https:\/\/monumentiaperti.com\/it\/wp-json\/wp\/v2\/comments?post=8158"}],"version-history":[{"count":3,"href":"https:\/\/monumentiaperti.com\/it\/wp-json\/wp\/v2\/pages\/8158\/revisions"}],"predecessor-version":[{"id":50062,"href":"https:\/\/monumentiaperti.com\/it\/wp-json\/wp\/v2\/pages\/8158\/revisions\/50062"}],"up":[{"embeddable":true,"href":"https:\/\/monumentiaperti.com\/it\/wp-json\/wp\/v2\/pages\/6487"}],"wp:attachment":[{"href":"https:\/\/monumentiaperti.com\/it\/wp-json\/wp\/v2\/media?parent=8158"}],"curies":[{"name":"wp","href":"https:\/\/api.w.org\/{rel}","templated":true}]}}